{"id":5478,"date":"2026-03-13T22:24:57","date_gmt":"2026-03-13T21:24:57","guid":{"rendered":"https:\/\/myagencyinside.com\/maquettes\/gestion-retraite\/?page_id=5478"},"modified":"2026-04-02T17:09:54","modified_gmt":"2026-04-02T15:09:54","slug":"particuliers-2","status":"publish","type":"page","link":"https:\/\/myagencyinside.com\/maquettes\/gestion-retraite\/particuliers-2\/","title":{"rendered":"Partez \u00e0 la retraite dans les meilleures conditions"},"content":{"rendered":"\t\t<div data-elementor-type=\"wp-page\" data-elementor-id=\"5478\" class=\"elementor elementor-5478\">\n\t\t\t\t<div class=\"elementor-element elementor-element-1771dbcd e-flex e-con-boxed wpr-particle-no wpr-jarallax-no wpr-parallax-no wpr-sticky-section-no wpr-equal-height-no e-con e-parent\" data-id=\"1771dbcd\" data-element_type=\"container\" data-e-type=\"container\">\n\t\t\t\t\t<div class=\"e-con-inner\">\n\t\t\t\t<div class=\"elementor-element elementor-element-1881b64a elementor-widget elementor-widget-heading\" data-id=\"1881b64a\" data-element_type=\"widget\" data-e-type=\"widget\" data-widget_type=\"heading.default\">\n\t\t\t\t\t<h2 class=\"elementor-heading-title elementor-size-default\">Nos offres<\/h2>\t\t\t\t<\/div>\n\t\t\t\t\t<\/div>\n\t\t\t\t<\/div>\n\t\t<div class=\"elementor-element elementor-element-626436a9 e-flex e-con-boxed wpr-particle-no wpr-jarallax-no wpr-parallax-no wpr-sticky-section-no wpr-equal-height-no e-con e-parent\" data-id=\"626436a9\" data-element_type=\"container\" data-e-type=\"container\">\n\t\t\t\t\t<div class=\"e-con-inner\">\n\t\t<div class=\"elementor-element elementor-element-5cad2cea e-con-full e-flex wpr-particle-no wpr-jarallax-no wpr-parallax-no wpr-sticky-section-no wpr-equal-height-no e-con e-child\" data-id=\"5cad2cea\" data-element_type=\"container\" data-e-type=\"container\">\n\t\t\t\t<div class=\"elementor-element elementor-element-21cc8be3 elementor-widget elementor-widget-image\" data-id=\"21cc8be3\" data-element_type=\"widget\" data-e-type=\"widget\" data-widget_type=\"image.default\">\n\t\t\t\t\t\t\t\t\t\t\t\t\t\t\t<img fetchpriority=\"high\" decoding=\"async\" width=\"900\" height=\"550\" src=\"https:\/\/myagencyinside.com\/maquettes\/gestion-retraite\/wp-content\/uploads\/2026\/03\/service-3.jpg\" class=\"attachment-full size-full wp-image-5003\" alt=\"\" srcset=\"https:\/\/myagencyinside.com\/maquettes\/gestion-retraite\/wp-content\/uploads\/2026\/03\/service-3.jpg 900w, https:\/\/myagencyinside.com\/maquettes\/gestion-retraite\/wp-content\/uploads\/2026\/03\/service-3-300x183.jpg 300w, https:\/\/myagencyinside.com\/maquettes\/gestion-retraite\/wp-content\/uploads\/2026\/03\/service-3-768x469.jpg 768w\" sizes=\"(max-width: 900px) 100vw, 900px\" \/>\t\t\t\t\t\t\t\t\t\t\t\t\t\t\t<\/div>\n\t\t\t\t<\/div>\n\t\t<div class=\"elementor-element elementor-element-4b2b4ad8 e-con-full e-flex wpr-particle-no wpr-jarallax-no wpr-parallax-no wpr-sticky-section-no wpr-equal-height-no elementor-invisible e-con e-child\" data-id=\"4b2b4ad8\" data-element_type=\"container\" data-e-type=\"container\" data-settings=\"{&quot;background_background&quot;:&quot;classic&quot;,&quot;animation&quot;:&quot;zoomIn&quot;}\">\n\t\t\t\t<div class=\"elementor-element elementor-element-6f31ef3f elementor-widget elementor-widget-heading\" data-id=\"6f31ef3f\" data-element_type=\"widget\" data-e-type=\"widget\" data-widget_type=\"heading.default\">\n\t\t\t\t\t<h3 class=\"elementor-heading-title elementor-size-default\">Consultation horaire<\/h3>\t\t\t\t<\/div>\n\t\t\t\t<div class=\"elementor-element elementor-element-63d847fd elementor-widget-divider--view-line elementor-widget elementor-widget-divider\" data-id=\"63d847fd\" data-element_type=\"widget\" data-e-type=\"widget\" data-widget_type=\"divider.default\">\n\t\t\t\t\t\t\t<div class=\"elementor-divider\">\n\t\t\t<span class=\"elementor-divider-separator\">\n\t\t\t\t\t\t<\/span>\n\t\t<\/div>\n\t\t\t\t\t\t<\/div>\n\t\t\t\t<div class=\"elementor-element elementor-element-539a7a5c elementor-widget elementor-widget-text-editor\" data-id=\"539a7a5c\" data-element_type=\"widget\" data-e-type=\"widget\" data-widget_type=\"text-editor.default\">\n\t\t\t\t\t\t\t\t\t<p>Diagnostic retraite qui vous permet de faire un point global sur votre situation actuelle :<\/p>\t\t\t\t\t\t\t\t<\/div>\n\t\t\t\t<div class=\"elementor-element elementor-element-5b4f87c3 wpr-feature-list-left wpr-feature-list-square wpr-feature-list-line-yes elementor-widget elementor-widget-wpr-feature-list\" data-id=\"5b4f87c3\" data-element_type=\"widget\" data-e-type=\"widget\" data-widget_type=\"wpr-feature-list.default\">\n\t\t\t\t\t<div class=\"wpr-feature-list-wrap\"><ul class=\"wpr-feature-list\"><li class=\"wpr-feature-list-item elementor-repeater-item-51d80ae\"><div class=\"wpr-feature-list-icon-wrap\"><span class=\"wpr-feature-list-line\"><\/span><div class=\"wpr-feature-list-icon-inner-wrap\"><img decoding=\"async\" src=\"https:\/\/myagencyinside.com\/maquettes\/gestion-retraite\/wp-content\/uploads\/2026\/02\/icon-retraite-violette-03.svg\"><\/div><\/div><div class=\"wpr-feature-list-content-wrap\"><h3 class=\"wpr-feature-list-title\"><a class=\"wpr-feature-list-url\" target=\"_blank\" rel=\"nofollow\">Analyse du relev\u00e9 de situation pr\u00e9alablement t\u00e9l\u00e9charg\u00e9<\/a><\/h3><p class=\"wpr-feature-list-description\"><\/p><\/div><\/li><li class=\"wpr-feature-list-item elementor-repeater-item-210e159\"><div class=\"wpr-feature-list-icon-wrap\"><span class=\"wpr-feature-list-line\"><\/span><div class=\"wpr-feature-list-icon-inner-wrap\"><img decoding=\"async\" src=\"https:\/\/myagencyinside.com\/maquettes\/gestion-retraite\/wp-content\/uploads\/2026\/02\/icon-retraite-violette-06.svg\"><\/div><\/div><div class=\"wpr-feature-list-content-wrap\"><h3 class=\"wpr-feature-list-title\"><a class=\"wpr-feature-list-url\" target=\"_blank\" rel=\"nofollow\">Identification des anomalies<\/a><\/h3><p class=\"wpr-feature-list-description\"><\/p><\/div><\/li><li class=\"wpr-feature-list-item elementor-repeater-item-cccc411\"><div class=\"wpr-feature-list-icon-wrap\"><span class=\"wpr-feature-list-line\"><\/span><div class=\"wpr-feature-list-icon-inner-wrap\"><img decoding=\"async\" src=\"https:\/\/myagencyinside.com\/maquettes\/gestion-retraite\/wp-content\/uploads\/2026\/02\/icon-retraite-violette-39.svg\"><\/div><\/div><div class=\"wpr-feature-list-content-wrap\"><h3 class=\"wpr-feature-list-title\"><a class=\"wpr-feature-list-url\" target=\"_blank\" rel=\"nofollow\">D\u00e9termination de la date de d\u00e9clenchement des pensions de retraite<\/a><\/h3><p class=\"wpr-feature-list-description\"><\/p><\/div><\/li><li class=\"wpr-feature-list-item elementor-repeater-item-b54b396\"><div class=\"wpr-feature-list-icon-wrap\"><span class=\"wpr-feature-list-line\"><\/span><div class=\"wpr-feature-list-icon-inner-wrap\"><img decoding=\"async\" src=\"https:\/\/myagencyinside.com\/maquettes\/gestion-retraite\/wp-content\/uploads\/2026\/02\/icon-retraite-violette-11.svg\"><\/div><\/div><div class=\"wpr-feature-list-content-wrap\"><h3 class=\"wpr-feature-list-title\"><a class=\"wpr-feature-list-url\" target=\"_blank\" rel=\"nofollow\">Identification des dispositifs d\u2019optimisation applicables<\/a><\/h3><p class=\"wpr-feature-list-description\"><\/p><\/div><\/li><\/ul><\/div>\t\t\t\t<\/div>\n\t\t\t\t<\/div>\n\t\t\t\t\t<\/div>\n\t\t\t\t<\/div>\n\t\t<div class=\"elementor-element elementor-element-5311238a e-flex e-con-boxed wpr-particle-no wpr-jarallax-no wpr-parallax-no wpr-sticky-section-no wpr-equal-height-no e-con e-parent\" data-id=\"5311238a\" data-element_type=\"container\" data-e-type=\"container\">\n\t\t\t\t\t<div class=\"e-con-inner\">\n\t\t<div class=\"elementor-element elementor-element-bac2c5c e-con-full e-flex wpr-particle-no wpr-jarallax-no wpr-parallax-no wpr-sticky-section-no wpr-equal-height-no elementor-invisible e-con e-child\" data-id=\"bac2c5c\" data-element_type=\"container\" data-e-type=\"container\" data-settings=\"{&quot;background_background&quot;:&quot;classic&quot;,&quot;animation&quot;:&quot;zoomIn&quot;}\">\n\t\t\t\t<div class=\"elementor-element elementor-element-67953dcc elementor-widget elementor-widget-heading\" data-id=\"67953dcc\" data-element_type=\"widget\" data-e-type=\"widget\" data-widget_type=\"heading.default\">\n\t\t\t\t\t<h3 class=\"elementor-heading-title elementor-size-default\">Bilan conseil<\/h3>\t\t\t\t<\/div>\n\t\t\t\t<div class=\"elementor-element elementor-element-8df7ac9 elementor-widget-divider--view-line elementor-widget elementor-widget-divider\" data-id=\"8df7ac9\" data-element_type=\"widget\" data-e-type=\"widget\" data-widget_type=\"divider.default\">\n\t\t\t\t\t\t\t<div class=\"elementor-divider\">\n\t\t\t<span class=\"elementor-divider-separator\">\n\t\t\t\t\t\t<\/span>\n\t\t<\/div>\n\t\t\t\t\t\t<\/div>\n\t\t\t\t<div class=\"elementor-element elementor-element-5236288f elementor-widget elementor-widget-text-editor\" data-id=\"5236288f\" data-element_type=\"widget\" data-e-type=\"widget\" data-widget_type=\"text-editor.default\">\n\t\t\t\t\t\t\t\t\t<p>\u00c9tat des lieux chiffr\u00e9 de votre situation retraite qui permet de contr\u00f4ler vos droits, d\u2019identifier les modalit\u00e9s d\u2019optimisation et de d\u00e9finir une strat\u00e9gie de d\u00e9part :<\/p>\t\t\t\t\t\t\t\t<\/div>\n\t\t\t\t<div class=\"elementor-element elementor-element-1c361f3d wpr-feature-list-left wpr-feature-list-square wpr-feature-list-line-yes elementor-widget elementor-widget-wpr-feature-list\" data-id=\"1c361f3d\" data-element_type=\"widget\" data-e-type=\"widget\" data-widget_type=\"wpr-feature-list.default\">\n\t\t\t\t\t<div class=\"wpr-feature-list-wrap\"><ul class=\"wpr-feature-list\"><li class=\"wpr-feature-list-item elementor-repeater-item-51d80ae\"><div class=\"wpr-feature-list-icon-wrap\"><span class=\"wpr-feature-list-line\"><\/span><div class=\"wpr-feature-list-icon-inner-wrap\"><img decoding=\"async\" src=\"https:\/\/myagencyinside.com\/maquettes\/gestion-retraite\/wp-content\/uploads\/2026\/02\/icon-retraite-violette-04.svg\"><\/div><\/div><div class=\"wpr-feature-list-content-wrap\"><h3 class=\"wpr-feature-list-title\"><a class=\"wpr-feature-list-url\" target=\"_blank\" rel=\"nofollow\">Analyse des relev\u00e9s de carri\u00e8re : identification et r\u00e9gularisation des anomalies<\/a><\/h3><p class=\"wpr-feature-list-description\"><\/p><\/div><\/li><li class=\"wpr-feature-list-item elementor-repeater-item-210e159\"><div class=\"wpr-feature-list-icon-wrap\"><span class=\"wpr-feature-list-line\"><\/span><div class=\"wpr-feature-list-icon-inner-wrap\"><img decoding=\"async\" src=\"https:\/\/myagencyinside.com\/maquettes\/gestion-retraite\/wp-content\/uploads\/2026\/02\/icon-retraite-violette-50.svg\"><\/div><\/div><div class=\"wpr-feature-list-content-wrap\"><h3 class=\"wpr-feature-list-title\"><a class=\"wpr-feature-list-url\" target=\"_blank\" rel=\"nofollow\">\u00c9laboration de scenarii personnalis\u00e9s et arbitrages<\/a><\/h3><p class=\"wpr-feature-list-description\"><\/p><\/div><\/li><li class=\"wpr-feature-list-item elementor-repeater-item-cccc411\"><div class=\"wpr-feature-list-icon-wrap\"><span class=\"wpr-feature-list-line\"><\/span><div class=\"wpr-feature-list-icon-inner-wrap\"><img decoding=\"async\" src=\"https:\/\/myagencyinside.com\/maquettes\/gestion-retraite\/wp-content\/uploads\/2026\/02\/icon-retraite-violette-22.svg\"><\/div><\/div><div class=\"wpr-feature-list-content-wrap\"><h3 class=\"wpr-feature-list-title\"><a class=\"wpr-feature-list-url\" target=\"_blank\" rel=\"nofollow\">D\u00e9termination de la strat\u00e9gie optimale de d\u00e9part<\/a><\/h3><p class=\"wpr-feature-list-description\"><\/p><\/div><\/li><li class=\"wpr-feature-list-item elementor-repeater-item-b54b396\"><div class=\"wpr-feature-list-icon-wrap\"><span class=\"wpr-feature-list-line\"><\/span><div class=\"wpr-feature-list-icon-inner-wrap\"><img decoding=\"async\" src=\"https:\/\/myagencyinside.com\/maquettes\/gestion-retraite\/wp-content\/uploads\/2026\/02\/icon-retraite-violette-10.svg\"><\/div><\/div><div class=\"wpr-feature-list-content-wrap\"><h3 class=\"wpr-feature-list-title\"><a class=\"wpr-feature-list-url\" target=\"_blank\" rel=\"nofollow\">Aide \u00e0 la d\u00e9cision<\/a><\/h3><p class=\"wpr-feature-list-description\"><\/p><\/div><\/li><li class=\"wpr-feature-list-item elementor-repeater-item-6b68d05\"><div class=\"wpr-feature-list-icon-wrap\"><span class=\"wpr-feature-list-line\"><\/span><div class=\"wpr-feature-list-icon-inner-wrap\"><img decoding=\"async\" src=\"https:\/\/myagencyinside.com\/maquettes\/gestion-retraite\/wp-content\/uploads\/2026\/02\/icon-retraite-violette-37.svg\"><\/div><\/div><div class=\"wpr-feature-list-content-wrap\"><h3 class=\"wpr-feature-list-title\"><a class=\"wpr-feature-list-url\" target=\"_blank\" rel=\"nofollow\">Calcul de la pension de r\u00e9version du conjoint ou de la conjointe<\/a><\/h3><p class=\"wpr-feature-list-description\"><\/p><\/div><\/li><\/ul><\/div>\t\t\t\t<\/div>\n\t\t\t\t<\/div>\n\t\t<div class=\"elementor-element elementor-element-59b55e02 e-con-full e-flex wpr-particle-no wpr-jarallax-no wpr-parallax-no wpr-sticky-section-no wpr-equal-height-no e-con e-child\" data-id=\"59b55e02\" data-element_type=\"container\" data-e-type=\"container\">\n\t\t\t\t<div class=\"elementor-element elementor-element-49c62309 elementor-widget elementor-widget-image\" data-id=\"49c62309\" data-element_type=\"widget\" data-e-type=\"widget\" data-widget_type=\"image.default\">\n\t\t\t\t\t\t\t\t\t\t\t\t\t\t\t<img fetchpriority=\"high\" decoding=\"async\" width=\"900\" height=\"550\" src=\"https:\/\/myagencyinside.com\/maquettes\/gestion-retraite\/wp-content\/uploads\/2026\/03\/service-3.jpg\" class=\"attachment-full size-full wp-image-5003\" alt=\"\" srcset=\"https:\/\/myagencyinside.com\/maquettes\/gestion-retraite\/wp-content\/uploads\/2026\/03\/service-3.jpg 900w, https:\/\/myagencyinside.com\/maquettes\/gestion-retraite\/wp-content\/uploads\/2026\/03\/service-3-300x183.jpg 300w, https:\/\/myagencyinside.com\/maquettes\/gestion-retraite\/wp-content\/uploads\/2026\/03\/service-3-768x469.jpg 768w\" sizes=\"(max-width: 900px) 100vw, 900px\" \/>\t\t\t\t\t\t\t\t\t\t\t\t\t\t\t<\/div>\n\t\t\t\t<\/div>\n\t\t\t\t\t<\/div>\n\t\t\t\t<\/div>\n\t\t<div class=\"elementor-element elementor-element-28748abd e-flex e-con-boxed wpr-particle-no wpr-jarallax-no wpr-parallax-no wpr-sticky-section-no wpr-equal-height-no e-con e-parent\" data-id=\"28748abd\" data-element_type=\"container\" data-e-type=\"container\">\n\t\t\t\t\t<div class=\"e-con-inner\">\n\t\t<div class=\"elementor-element elementor-element-498d40a5 e-con-full e-flex wpr-particle-no wpr-jarallax-no wpr-parallax-no wpr-sticky-section-no wpr-equal-height-no e-con e-child\" data-id=\"498d40a5\" data-element_type=\"container\" data-e-type=\"container\">\n\t\t\t\t<div class=\"elementor-element elementor-element-6cdf1ac5 elementor-widget elementor-widget-image\" data-id=\"6cdf1ac5\" data-element_type=\"widget\" data-e-type=\"widget\" data-widget_type=\"image.default\">\n\t\t\t\t\t\t\t\t\t\t\t\t\t\t\t<img fetchpriority=\"high\" decoding=\"async\" width=\"900\" height=\"550\" src=\"https:\/\/myagencyinside.com\/maquettes\/gestion-retraite\/wp-content\/uploads\/2026\/03\/service-3.jpg\" class=\"attachment-full size-full wp-image-5003\" alt=\"\" srcset=\"https:\/\/myagencyinside.com\/maquettes\/gestion-retraite\/wp-content\/uploads\/2026\/03\/service-3.jpg 900w, https:\/\/myagencyinside.com\/maquettes\/gestion-retraite\/wp-content\/uploads\/2026\/03\/service-3-300x183.jpg 300w, https:\/\/myagencyinside.com\/maquettes\/gestion-retraite\/wp-content\/uploads\/2026\/03\/service-3-768x469.jpg 768w\" sizes=\"(max-width: 900px) 100vw, 900px\" \/>\t\t\t\t\t\t\t\t\t\t\t\t\t\t\t<\/div>\n\t\t\t\t<\/div>\n\t\t<div class=\"elementor-element elementor-element-355bdcba e-con-full e-flex wpr-particle-no wpr-jarallax-no wpr-parallax-no wpr-sticky-section-no wpr-equal-height-no elementor-invisible e-con e-child\" data-id=\"355bdcba\" data-element_type=\"container\" data-e-type=\"container\" data-settings=\"{&quot;background_background&quot;:&quot;classic&quot;,&quot;animation&quot;:&quot;zoomIn&quot;}\">\n\t\t\t\t<div class=\"elementor-element elementor-element-5bba3d22 elementor-widget__width-initial elementor-widget elementor-widget-heading\" data-id=\"5bba3d22\" data-element_type=\"widget\" data-e-type=\"widget\" data-widget_type=\"heading.default\">\n\t\t\t\t\t<h3 class=\"elementor-heading-title elementor-size-default\">Traitement des formalit\u00e9s de d\u00e9part \u00e0 la retraite<\/h3>\t\t\t\t<\/div>\n\t\t\t\t<div class=\"elementor-element elementor-element-5ba9af68 elementor-widget-divider--view-line elementor-widget elementor-widget-divider\" data-id=\"5ba9af68\" data-element_type=\"widget\" data-e-type=\"widget\" data-widget_type=\"divider.default\">\n\t\t\t\t\t\t\t<div class=\"elementor-divider\">\n\t\t\t<span class=\"elementor-divider-separator\">\n\t\t\t\t\t\t<\/span>\n\t\t<\/div>\n\t\t\t\t\t\t<\/div>\n\t\t\t\t<div class=\"elementor-element elementor-element-24838f42 elementor-widget elementor-widget-text-editor\" data-id=\"24838f42\" data-element_type=\"widget\" data-e-type=\"widget\" data-widget_type=\"text-editor.default\">\n\t\t\t\t\t\t\t\t\t<p>Accompagnement au traitement de vos formalit\u00e9s de d\u00e9part \u00e0 la retraite qui inclut en particulier :<\/p>\t\t\t\t\t\t\t\t<\/div>\n\t\t\t\t<div class=\"elementor-element elementor-element-264b7af0 wpr-feature-list-left wpr-feature-list-square wpr-feature-list-line-yes elementor-widget elementor-widget-wpr-feature-list\" data-id=\"264b7af0\" data-element_type=\"widget\" data-e-type=\"widget\" data-widget_type=\"wpr-feature-list.default\">\n\t\t\t\t\t<div class=\"wpr-feature-list-wrap\"><ul class=\"wpr-feature-list\"><li class=\"wpr-feature-list-item elementor-repeater-item-51d80ae\"><div class=\"wpr-feature-list-icon-wrap\"><span class=\"wpr-feature-list-line\"><\/span><div class=\"wpr-feature-list-icon-inner-wrap\"><img decoding=\"async\" src=\"https:\/\/myagencyinside.com\/maquettes\/gestion-retraite\/wp-content\/uploads\/2026\/02\/icon-retraite-violette-12.svg\"><\/div><\/div><div class=\"wpr-feature-list-content-wrap\"><h2 class=\"wpr-feature-list-title\"><a class=\"wpr-feature-list-url\" target=\"_blank\" rel=\"nofollow\">Assistance administrative (constitution du dossier de demande de retraite)<\/a><\/h2><p class=\"wpr-feature-list-description\"><\/p><\/div><\/li><li class=\"wpr-feature-list-item elementor-repeater-item-210e159\"><div class=\"wpr-feature-list-icon-wrap\"><span class=\"wpr-feature-list-line\"><\/span><div class=\"wpr-feature-list-icon-inner-wrap\"><img decoding=\"async\" src=\"https:\/\/myagencyinside.com\/maquettes\/gestion-retraite\/wp-content\/uploads\/2026\/02\/icon-retraite-violette-54.svg\"><\/div><\/div><div class=\"wpr-feature-list-content-wrap\"><h2 class=\"wpr-feature-list-title\"><a class=\"wpr-feature-list-url\" target=\"_blank\" rel=\"nofollow\">Contr\u00f4le des droits enregistr\u00e9s<\/a><\/h2><p class=\"wpr-feature-list-description\"><\/p><\/div><\/li><li class=\"wpr-feature-list-item elementor-repeater-item-cccc411\"><div class=\"wpr-feature-list-icon-wrap\"><span class=\"wpr-feature-list-line\"><\/span><div class=\"wpr-feature-list-icon-inner-wrap\"><img decoding=\"async\" src=\"https:\/\/myagencyinside.com\/maquettes\/gestion-retraite\/wp-content\/uploads\/2026\/02\/icon-retraite-violette-23.svg\"><\/div><\/div><div class=\"wpr-feature-list-content-wrap\"><h2 class=\"wpr-feature-list-title\"><a class=\"wpr-feature-list-url\" target=\"_blank\" rel=\"nofollow\">Suivi de l\u2019instruction du dossier<\/a><\/h2><p class=\"wpr-feature-list-description\"><\/p><\/div><\/li><li class=\"wpr-feature-list-item elementor-repeater-item-b54b396\"><div class=\"wpr-feature-list-icon-wrap\"><span class=\"wpr-feature-list-line\"><\/span><div class=\"wpr-feature-list-icon-inner-wrap\"><img decoding=\"async\" src=\"https:\/\/myagencyinside.com\/maquettes\/gestion-retraite\/wp-content\/uploads\/2026\/02\/icon-retraite-violette-16.svg\"><\/div><\/div><div class=\"wpr-feature-list-content-wrap\"><h2 class=\"wpr-feature-list-title\"><a class=\"wpr-feature-list-url\" target=\"_blank\" rel=\"nofollow\">V\u00e9rification des notifications de pensions<\/a><\/h2><p class=\"wpr-feature-list-description\"><\/p><\/div><\/li><li class=\"wpr-feature-list-item elementor-repeater-item-7c079d0\"><div class=\"wpr-feature-list-icon-wrap\"><span class=\"wpr-feature-list-line\"><\/span><div class=\"wpr-feature-list-icon-inner-wrap\"><img decoding=\"async\" src=\"https:\/\/myagencyinside.com\/maquettes\/gestion-retraite\/wp-content\/uploads\/2026\/02\/icon-retraite-violette-41.svg\"><\/div><\/div><div class=\"wpr-feature-list-content-wrap\"><h2 class=\"wpr-feature-list-title\"><a class=\"wpr-feature-list-url\" target=\"_blank\" rel=\"nofollow\">Contestation si n\u00e9cessaire<\/a><\/h2><p class=\"wpr-feature-list-description\"><\/p><\/div><\/li><\/ul><\/div>\t\t\t\t<\/div>\n\t\t\t\t<\/div>\n\t\t\t\t\t<\/div>\n\t\t\t\t<\/div>\n\t\t<div class=\"elementor-element elementor-element-77afd38d e-flex e-con-boxed wpr-particle-no wpr-jarallax-no wpr-parallax-no wpr-sticky-section-no wpr-equal-height-no e-con e-parent\" data-id=\"77afd38d\" data-element_type=\"container\" data-e-type=\"container\">\n\t\t\t\t\t<div class=\"e-con-inner\">\n\t\t<div class=\"elementor-element elementor-element-4d15c3fd e-con-full e-flex wpr-particle-no wpr-jarallax-no wpr-parallax-no wpr-sticky-section-no wpr-equal-height-no elementor-invisible e-con e-child\" data-id=\"4d15c3fd\" data-element_type=\"container\" data-e-type=\"container\" data-settings=\"{&quot;background_background&quot;:&quot;classic&quot;,&quot;animation&quot;:&quot;zoomIn&quot;}\">\n\t\t\t\t<div class=\"elementor-element elementor-element-7870d9dc elementor-widget elementor-widget-heading\" data-id=\"7870d9dc\" data-element_type=\"widget\" data-e-type=\"widget\" data-widget_type=\"heading.default\">\n\t\t\t\t\t<h3 class=\"elementor-heading-title elementor-size-default\">Coaching transition emploi-retraite<\/h3>\t\t\t\t<\/div>\n\t\t\t\t<div class=\"elementor-element elementor-element-39a3f6ec elementor-widget-divider--view-line elementor-widget elementor-widget-divider\" data-id=\"39a3f6ec\" data-element_type=\"widget\" data-e-type=\"widget\" data-widget_type=\"divider.default\">\n\t\t\t\t\t\t\t<div class=\"elementor-divider\">\n\t\t\t<span class=\"elementor-divider-separator\">\n\t\t\t\t\t\t<\/span>\n\t\t<\/div>\n\t\t\t\t\t\t<\/div>\n\t\t\t\t<div class=\"elementor-element elementor-element-672a5ccf elementor-widget elementor-widget-text-editor\" data-id=\"672a5ccf\" data-element_type=\"widget\" data-e-type=\"widget\" data-widget_type=\"text-editor.default\">\n\t\t\t\t\t\t\t\t\t<p>Accompagnement au changement assur\u00e9 par des coachs certifi\u00e9s :<\/p>\t\t\t\t\t\t\t\t<\/div>\n\t\t\t\t<div class=\"elementor-element elementor-element-76eb725c wpr-feature-list-left wpr-feature-list-square wpr-feature-list-line-yes elementor-widget elementor-widget-wpr-feature-list\" data-id=\"76eb725c\" data-element_type=\"widget\" data-e-type=\"widget\" data-widget_type=\"wpr-feature-list.default\">\n\t\t\t\t\t<div class=\"wpr-feature-list-wrap\"><ul class=\"wpr-feature-list\"><li class=\"wpr-feature-list-item elementor-repeater-item-51d80ae\"><div class=\"wpr-feature-list-icon-wrap\"><span class=\"wpr-feature-list-line\"><\/span><div class=\"wpr-feature-list-icon-inner-wrap\"><img decoding=\"async\" src=\"https:\/\/myagencyinside.com\/maquettes\/gestion-retraite\/wp-content\/uploads\/2026\/02\/icone-retraite-46-1.svg\"><\/div><\/div><div class=\"wpr-feature-list-content-wrap\"><h3 class=\"wpr-feature-list-title\"><a class=\"wpr-feature-list-url\" target=\"_blank\" rel=\"nofollow\">Identification de vos besoins et vos envies<\/a><\/h3><p class=\"wpr-feature-list-description\"><\/p><\/div><\/li><li class=\"wpr-feature-list-item elementor-repeater-item-210e159\"><div class=\"wpr-feature-list-icon-wrap\"><span class=\"wpr-feature-list-line\"><\/span><div class=\"wpr-feature-list-icon-inner-wrap\"><img decoding=\"async\" src=\"https:\/\/myagencyinside.com\/maquettes\/gestion-retraite\/wp-content\/uploads\/2026\/02\/icone-retraite-20-1.svg\"><\/div><\/div><div class=\"wpr-feature-list-content-wrap\"><h3 class=\"wpr-feature-list-title\"><a class=\"wpr-feature-list-url\" target=\"_blank\" rel=\"nofollow\">Pr\u00e9paration de la construction de votre futur projet de vie et du sens \u00e0 en donner<\/a><\/h3><p class=\"wpr-feature-list-description\"><\/p><\/div><\/li><li class=\"wpr-feature-list-item elementor-repeater-item-cccc411\"><div class=\"wpr-feature-list-icon-wrap\"><span class=\"wpr-feature-list-line\"><\/span><div class=\"wpr-feature-list-icon-inner-wrap\"><img decoding=\"async\" src=\"https:\/\/myagencyinside.com\/maquettes\/gestion-retraite\/wp-content\/uploads\/2026\/02\/icone-retraite-11-1.svg\"><\/div><\/div><div class=\"wpr-feature-list-content-wrap\"><h3 class=\"wpr-feature-list-title\"><a class=\"wpr-feature-list-url\" target=\"_blank\" rel=\"nofollow\">Anticipation des impacts psychologiques de la retraite<\/a><\/h3><p class=\"wpr-feature-list-description\"><\/p><\/div><\/li><\/ul><\/div>\t\t\t\t<\/div>\n\t\t\t\t<\/div>\n\t\t<div class=\"elementor-element elementor-element-5f9265ab e-con-full e-flex wpr-particle-no wpr-jarallax-no wpr-parallax-no wpr-sticky-section-no wpr-equal-height-no e-con e-child\" data-id=\"5f9265ab\" data-element_type=\"container\" data-e-type=\"container\">\n\t\t\t\t<div class=\"elementor-element elementor-element-195759ab elementor-widget elementor-widget-image\" data-id=\"195759ab\" data-element_type=\"widget\" data-e-type=\"widget\" data-widget_type=\"image.default\">\n\t\t\t\t\t\t\t\t\t\t\t\t\t\t\t<img fetchpriority=\"high\" decoding=\"async\" width=\"900\" height=\"550\" src=\"https:\/\/myagencyinside.com\/maquettes\/gestion-retraite\/wp-content\/uploads\/2026\/03\/service-3.jpg\" class=\"attachment-full size-full wp-image-5003\" alt=\"\" srcset=\"https:\/\/myagencyinside.com\/maquettes\/gestion-retraite\/wp-content\/uploads\/2026\/03\/service-3.jpg 900w, https:\/\/myagencyinside.com\/maquettes\/gestion-retraite\/wp-content\/uploads\/2026\/03\/service-3-300x183.jpg 300w, https:\/\/myagencyinside.com\/maquettes\/gestion-retraite\/wp-content\/uploads\/2026\/03\/service-3-768x469.jpg 768w\" sizes=\"(max-width: 900px) 100vw, 900px\" \/>\t\t\t\t\t\t\t\t\t\t\t\t\t\t\t<\/div>\n\t\t\t\t<\/div>\n\t\t\t\t\t<\/div>\n\t\t\t\t<\/div>\n\t\t\t\t<\/div>\n\t\t","protected":false},"excerpt":{"rendered":"<p>Nos offres Consultation horaire Diagnostic retraite qui vous permet de faire un point global sur votre situation actuelle : Analyse du relev\u00e9 de situation pr\u00e9alablement t\u00e9l\u00e9charg\u00e9 Identification des anomalies D\u00e9termination de la date de d\u00e9clenchement des pensions de retraite Identification des dispositifs d\u2019optimisation applicables Bilan conseil \u00c9tat des lieux chiffr\u00e9 de votre situation retraite qui permet de contr\u00f4ler vos droits, d\u2019identifier les modalit\u00e9s d\u2019optimisation et de d\u00e9finir une strat\u00e9gie de d\u00e9part : Analyse des relev\u00e9s de carri\u00e8re : identification et r\u00e9gularisation des anomalies \u00c9laboration de scenarii personnalis\u00e9s et arbitrages D\u00e9termination de la strat\u00e9gie optimale de d\u00e9part Aide \u00e0 la d\u00e9cision Calcul de la pension de r\u00e9version du conjoint ou de la conjointe Traitement des formalit\u00e9s de d\u00e9part \u00e0 la retraite Accompagnement au traitement de vos formalit\u00e9s de d\u00e9part \u00e0 la retraite qui inclut en particulier : Assistance administrative (constitution du dossier de demande de retraite) Contr\u00f4le des droits enregistr\u00e9s Suivi de l\u2019instruction du dossier V\u00e9rification des notifications de pensions Contestation si n\u00e9cessaire Coaching transition emploi-retraite Accompagnement au changement assur\u00e9 par des coachs certifi\u00e9s : Identification de vos besoins et vos envies Pr\u00e9paration de la construction de votre futur projet de vie et du sens \u00e0 en donner Anticipation des impacts psychologiques de la retraite<\/p>\n","protected":false},"author":1,"featured_media":0,"parent":0,"menu_order":0,"comment_status":"closed","ping_status":"closed","template":"","meta":{"footnotes":""},"class_list":["post-5478","page","type-page","status-publish","hentry"],"_links":{"self":[{"href":"https:\/\/myagencyinside.com\/maquettes\/gestion-retraite\/wp-json\/wp\/v2\/pages\/5478","targetHints":{"allow":["GET"]}}],"collection":[{"href":"https:\/\/myagencyinside.com\/maquettes\/gestion-retraite\/wp-json\/wp\/v2\/pages"}],"about":[{"href":"https:\/\/myagencyinside.com\/maquettes\/gestion-retraite\/wp-json\/wp\/v2\/types\/page"}],"author":[{"embeddable":true,"href":"https:\/\/myagencyinside.com\/maquettes\/gestion-retraite\/wp-json\/wp\/v2\/users\/1"}],"replies":[{"embeddable":true,"href":"https:\/\/myagencyinside.com\/maquettes\/gestion-retraite\/wp-json\/wp\/v2\/comments?post=5478"}],"version-history":[{"count":6,"href":"https:\/\/myagencyinside.com\/maquettes\/gestion-retraite\/wp-json\/wp\/v2\/pages\/5478\/revisions"}],"predecessor-version":[{"id":5542,"href":"https:\/\/myagencyinside.com\/maquettes\/gestion-retraite\/wp-json\/wp\/v2\/pages\/5478\/revisions\/5542"}],"wp:attachment":[{"href":"https:\/\/myagencyinside.com\/maquettes\/gestion-retraite\/wp-json\/wp\/v2\/media?parent=5478"}],"curies":[{"name":"wp","href":"https:\/\/api.w.org\/{rel}","templated":true}]}}