{"id":5504,"date":"2026-03-13T22:38:21","date_gmt":"2026-03-13T21:38:21","guid":{"rendered":"https:\/\/myagencyinside.com\/maquettes\/gestion-retraite\/?page_id=5504"},"modified":"2026-04-02T17:10:14","modified_gmt":"2026-04-02T15:10:14","slug":"formation-retraite-2","status":"publish","type":"page","link":"https:\/\/myagencyinside.com\/maquettes\/gestion-retraite\/formation-retraite-2\/","title":{"rendered":"Une formation retraite innovante pour r\u00e9ussir votre retraite"},"content":{"rendered":"\t\t<div data-elementor-type=\"wp-page\" data-elementor-id=\"5504\" class=\"elementor elementor-5504\">\n\t\t\t\t<div class=\"elementor-element elementor-element-ce49b9b e-flex e-con-boxed wpr-particle-no wpr-jarallax-no wpr-parallax-no wpr-sticky-section-no wpr-equal-height-no e-con e-parent\" data-id=\"ce49b9b\" data-element_type=\"container\" data-e-type=\"container\">\n\t\t\t\t\t<div class=\"e-con-inner\">\n\t\t\t\t<div class=\"elementor-element elementor-element-55540011 elementor-widget elementor-widget-heading\" data-id=\"55540011\" data-element_type=\"widget\" data-e-type=\"widget\" data-widget_type=\"heading.default\">\n\t\t\t\t\t<h2 class=\"elementor-heading-title elementor-size-default\">Nos offres<\/h2>\t\t\t\t<\/div>\n\t\t\t\t\t<\/div>\n\t\t\t\t<\/div>\n\t\t<div class=\"elementor-element elementor-element-69195bb9 e-flex e-con-boxed wpr-particle-no wpr-jarallax-no wpr-parallax-no wpr-sticky-section-no wpr-equal-height-no e-con e-parent\" data-id=\"69195bb9\" data-element_type=\"container\" data-e-type=\"container\">\n\t\t\t\t\t<div class=\"e-con-inner\">\n\t\t<div class=\"elementor-element elementor-element-6adbb519 e-con-full e-flex wpr-particle-no wpr-jarallax-no wpr-parallax-no wpr-sticky-section-no wpr-equal-height-no e-con e-child\" data-id=\"6adbb519\" data-element_type=\"container\" data-e-type=\"container\">\n\t\t\t\t<div class=\"elementor-element elementor-element-19309d2a elementor-widget elementor-widget-image\" data-id=\"19309d2a\" data-element_type=\"widget\" data-e-type=\"widget\" data-widget_type=\"image.default\">\n\t\t\t\t\t\t\t\t\t\t\t\t\t\t\t<img fetchpriority=\"high\" decoding=\"async\" width=\"900\" height=\"550\" src=\"https:\/\/myagencyinside.com\/maquettes\/gestion-retraite\/wp-content\/uploads\/2026\/03\/service-3.jpg\" class=\"attachment-full size-full wp-image-5003\" alt=\"\" srcset=\"https:\/\/myagencyinside.com\/maquettes\/gestion-retraite\/wp-content\/uploads\/2026\/03\/service-3.jpg 900w, https:\/\/myagencyinside.com\/maquettes\/gestion-retraite\/wp-content\/uploads\/2026\/03\/service-3-300x183.jpg 300w, https:\/\/myagencyinside.com\/maquettes\/gestion-retraite\/wp-content\/uploads\/2026\/03\/service-3-768x469.jpg 768w\" sizes=\"(max-width: 900px) 100vw, 900px\" \/>\t\t\t\t\t\t\t\t\t\t\t\t\t\t\t<\/div>\n\t\t\t\t<\/div>\n\t\t<div class=\"elementor-element elementor-element-6b6d1239 e-con-full e-flex wpr-particle-no wpr-jarallax-no wpr-parallax-no wpr-sticky-section-no wpr-equal-height-no elementor-invisible e-con e-child\" data-id=\"6b6d1239\" data-element_type=\"container\" data-e-type=\"container\" data-settings=\"{&quot;background_background&quot;:&quot;classic&quot;,&quot;animation&quot;:&quot;zoomIn&quot;}\">\n\t\t\t\t<div class=\"elementor-element elementor-element-f49ab02 elementor-widget elementor-widget-heading\" data-id=\"f49ab02\" data-element_type=\"widget\" data-e-type=\"widget\" data-widget_type=\"heading.default\">\n\t\t\t\t\t<h3 class=\"elementor-heading-title elementor-size-default\">Formation retraite<\/h3>\t\t\t\t<\/div>\n\t\t\t\t<div class=\"elementor-element elementor-element-7fad874b elementor-widget-divider--view-line elementor-widget elementor-widget-divider\" data-id=\"7fad874b\" data-element_type=\"widget\" data-e-type=\"widget\" data-widget_type=\"divider.default\">\n\t\t\t\t\t\t\t<div class=\"elementor-divider\">\n\t\t\t<span class=\"elementor-divider-separator\">\n\t\t\t\t\t\t<\/span>\n\t\t<\/div>\n\t\t\t\t\t\t<\/div>\n\t\t\t\t<div class=\"elementor-element elementor-element-13c0f18 elementor-widget elementor-widget-text-editor\" data-id=\"13c0f18\" data-element_type=\"widget\" data-e-type=\"widget\" data-widget_type=\"text-editor.default\">\n\t\t\t\t\t\t\t\t\t<p><strong>Certifi\u00e9e QUALIOPI,<\/strong> cette formation innovante combine 3 expertises : Retraite, Transition emploi-retraite et RH, dans le but de :<\/p>\t\t\t\t\t\t\t\t<\/div>\n\t\t\t\t<div class=\"elementor-element elementor-element-7ebe08e wpr-feature-list-left wpr-feature-list-square wpr-feature-list-line-yes elementor-widget elementor-widget-wpr-feature-list\" data-id=\"7ebe08e\" data-element_type=\"widget\" data-e-type=\"widget\" data-widget_type=\"wpr-feature-list.default\">\n\t\t\t\t\t<div class=\"wpr-feature-list-wrap\"><ul class=\"wpr-feature-list\"><li class=\"wpr-feature-list-item elementor-repeater-item-51d80ae\"><div class=\"wpr-feature-list-icon-wrap\"><span class=\"wpr-feature-list-line\"><\/span><div class=\"wpr-feature-list-icon-inner-wrap\"><img decoding=\"async\" src=\"https:\/\/myagencyinside.com\/maquettes\/gestion-retraite\/wp-content\/uploads\/2026\/02\/icon-retraite-violette-30.svg\"><\/div><\/div><div class=\"wpr-feature-list-content-wrap\"><h3 class=\"wpr-feature-list-title\"><a class=\"wpr-feature-list-url\" target=\"_blank\" rel=\"nofollow\">D\u00e9crypter les r\u00e8gles complexes de notre syst\u00e8me de retraite<\/a><\/h3><p class=\"wpr-feature-list-description\"><\/p><\/div><\/li><li class=\"wpr-feature-list-item elementor-repeater-item-210e159\"><div class=\"wpr-feature-list-icon-wrap\"><span class=\"wpr-feature-list-line\"><\/span><div class=\"wpr-feature-list-icon-inner-wrap\"><img decoding=\"async\" src=\"https:\/\/myagencyinside.com\/maquettes\/gestion-retraite\/wp-content\/uploads\/2026\/02\/icon-retraite-violette-54.svg\"><\/div><\/div><div class=\"wpr-feature-list-content-wrap\"><h3 class=\"wpr-feature-list-title\"><a class=\"wpr-feature-list-url\" target=\"_blank\" rel=\"nofollow\">Fiabiliser des relev\u00e9s de carri\u00e8re erron\u00e9s dans 80% des cas<\/a><\/h3><p class=\"wpr-feature-list-description\"><\/p><\/div><\/li><li class=\"wpr-feature-list-item elementor-repeater-item-79f1b8d\"><div class=\"wpr-feature-list-icon-wrap\"><span class=\"wpr-feature-list-line\"><\/span><div class=\"wpr-feature-list-icon-inner-wrap\"><img decoding=\"async\" src=\"https:\/\/myagencyinside.com\/maquettes\/gestion-retraite\/wp-content\/uploads\/2026\/02\/icon-retraite-violette-12.svg\"><\/div><\/div><div class=\"wpr-feature-list-content-wrap\"><h3 class=\"wpr-feature-list-title\"><a class=\"wpr-feature-list-url\" target=\"_blank\" rel=\"nofollow\">Se familiariser avec des dispositifs de d\u00e9part m\u00e9connus<\/a><\/h3><p class=\"wpr-feature-list-description\"><\/p><\/div><\/li><li class=\"wpr-feature-list-item elementor-repeater-item-9521435\"><div class=\"wpr-feature-list-icon-wrap\"><span class=\"wpr-feature-list-line\"><\/span><div class=\"wpr-feature-list-icon-inner-wrap\"><img decoding=\"async\" src=\"https:\/\/myagencyinside.com\/maquettes\/gestion-retraite\/wp-content\/uploads\/2026\/02\/icon-retraite-violette-20.svg\"><\/div><\/div><div class=\"wpr-feature-list-content-wrap\"><h3 class=\"wpr-feature-list-title\"><a class=\"wpr-feature-list-url\" target=\"_blank\" rel=\"nofollow\">Permettre aux seniors de vivre plus sereinement cette \u00e9tape de vie<\/a><\/h3><p class=\"wpr-feature-list-description\"><\/p><\/div><\/li><li class=\"wpr-feature-list-item elementor-repeater-item-221abe4\"><div class=\"wpr-feature-list-icon-wrap\"><span class=\"wpr-feature-list-line\"><\/span><div class=\"wpr-feature-list-icon-inner-wrap\"><img decoding=\"async\" src=\"https:\/\/myagencyinside.com\/maquettes\/gestion-retraite\/wp-content\/uploads\/2026\/02\/icon-retraite-violette-25.svg\"><\/div><\/div><div class=\"wpr-feature-list-content-wrap\"><h3 class=\"wpr-feature-list-title\"><a class=\"wpr-feature-list-url\" target=\"_blank\" rel=\"nofollow\">Adapter la politique de gestion des seniors au regard des enjeux<\/a><\/h3><p class=\"wpr-feature-list-description\"><\/p><\/div><\/li><\/ul><\/div>\t\t\t\t<\/div>\n\t\t\t\t<div class=\"elementor-element elementor-element-e168872 elementor-widget elementor-widget-text-editor\" data-id=\"e168872\" data-element_type=\"widget\" data-e-type=\"widget\" data-widget_type=\"text-editor.default\">\n\t\t\t\t\t\t\t\t\t<p><strong>Les objectifs ?<\/strong> Savoir reconstituer une carri\u00e8re, identifier l\u2019\u00e2ge de d\u00e9part, connaitre les dispositifs de fins de carri\u00e8re, d\u00e9finir des strat\u00e9gies et r\u00e9ussir les transitions de fins de carri\u00e8re.<\/p>\t\t\t\t\t\t\t\t<\/div>\n\t\t\t\t<div class=\"elementor-element elementor-element-eaf9069 wpr-button-icon-style-inline wpr-button-icon-position-right elementor-invisible elementor-widget elementor-widget-wpr-button\" data-id=\"eaf9069\" data-element_type=\"widget\" data-e-type=\"widget\" data-settings=\"{&quot;_animation&quot;:&quot;slideInLeft&quot;,&quot;_animation_delay&quot;:400}\" data-widget_type=\"wpr-button.default\">\n\t\t\t\t\t\t\n\t\t\t\n\t\t\n\t\t<div class=\"wpr-button-wrap elementor-clearfix\">\n\t\t<a class=\"wpr-button wpr-button-effect wpr-button-none\" data-text=\"\" href=\"https:\/\/myagencyinside.com\/maquettes\/gestion-retraite\/wp-content\/uploads\/2026\/01\/DossierFormationNBC_20240730.pdf\">\n\t\t\t\n\t\t\t<span class=\"wpr-button-content\">\n\t\t\t\t\t\t\t\t\t<span class=\"wpr-button-text\">Acc\u00e9der au programme<\/span>\n\t\t\t\t\t\t\t\t\n\t\t\t\t\t\t\t<\/span>\n\t\t<\/a>\n\n\t\t\t\t<\/div>\n\t\n\t\n\t\t\t\t\t<\/div>\n\t\t\t\t<\/div>\n\t\t\t\t\t<\/div>\n\t\t\t\t<\/div>\n\t\t<div class=\"elementor-element elementor-element-52d1523 e-flex e-con-boxed wpr-particle-no wpr-jarallax-no wpr-parallax-no wpr-sticky-section-no wpr-equal-height-no e-con e-parent\" data-id=\"52d1523\" data-element_type=\"container\" data-e-type=\"container\">\n\t\t\t\t\t<div class=\"e-con-inner\">\n\t\t<div class=\"elementor-element elementor-element-ce38aec e-con-full e-flex wpr-particle-no wpr-jarallax-no wpr-parallax-no wpr-sticky-section-no wpr-equal-height-no elementor-invisible e-con e-child\" data-id=\"ce38aec\" data-element_type=\"container\" data-e-type=\"container\" data-settings=\"{&quot;background_background&quot;:&quot;classic&quot;,&quot;animation&quot;:&quot;zoomIn&quot;}\">\n\t\t\t\t<div class=\"elementor-element elementor-element-a589812 elementor-widget elementor-widget-heading\" data-id=\"a589812\" data-element_type=\"widget\" data-e-type=\"widget\" data-widget_type=\"heading.default\">\n\t\t\t\t\t<h3 class=\"elementor-heading-title elementor-size-default\">Formation retraite<\/h3>\t\t\t\t<\/div>\n\t\t\t\t<div class=\"elementor-element elementor-element-1ba5289 elementor-widget-divider--view-line elementor-widget elementor-widget-divider\" data-id=\"1ba5289\" data-element_type=\"widget\" data-e-type=\"widget\" data-widget_type=\"divider.default\">\n\t\t\t\t\t\t\t<div class=\"elementor-divider\">\n\t\t\t<span class=\"elementor-divider-separator\">\n\t\t\t\t\t\t<\/span>\n\t\t<\/div>\n\t\t\t\t\t\t<\/div>\n\t\t\t\t<div class=\"elementor-element elementor-element-2fafdf8 elementor-widget elementor-widget-text-editor\" data-id=\"2fafdf8\" data-element_type=\"widget\" data-e-type=\"widget\" data-widget_type=\"text-editor.default\">\n\t\t\t\t\t\t\t\t\t<p><strong>Certifi\u00e9e QUALIOPI,<\/strong> cette formation innovante combine 3 expertises : Retraite, Transition emploi-retraite et RH, dans le but de :<\/p>\t\t\t\t\t\t\t\t<\/div>\n\t\t\t\t<div class=\"elementor-element elementor-element-1127b80 wpr-feature-list-left wpr-feature-list-square wpr-feature-list-line-yes elementor-widget elementor-widget-wpr-feature-list\" data-id=\"1127b80\" data-element_type=\"widget\" data-e-type=\"widget\" data-widget_type=\"wpr-feature-list.default\">\n\t\t\t\t\t<div class=\"wpr-feature-list-wrap\"><ul class=\"wpr-feature-list\"><li class=\"wpr-feature-list-item elementor-repeater-item-51d80ae\"><div class=\"wpr-feature-list-icon-wrap\"><span class=\"wpr-feature-list-line\"><\/span><div class=\"wpr-feature-list-icon-inner-wrap\"><img decoding=\"async\" src=\"https:\/\/myagencyinside.com\/maquettes\/gestion-retraite\/wp-content\/uploads\/2026\/02\/icon-retraite-violette-30.svg\"><\/div><\/div><div class=\"wpr-feature-list-content-wrap\"><h3 class=\"wpr-feature-list-title\"><a class=\"wpr-feature-list-url\" target=\"_blank\" rel=\"nofollow\">D\u00e9crypter les r\u00e8gles complexes de notre syst\u00e8me de retraite<\/a><\/h3><p class=\"wpr-feature-list-description\"><\/p><\/div><\/li><li class=\"wpr-feature-list-item elementor-repeater-item-210e159\"><div class=\"wpr-feature-list-icon-wrap\"><span class=\"wpr-feature-list-line\"><\/span><div class=\"wpr-feature-list-icon-inner-wrap\"><img decoding=\"async\" src=\"https:\/\/myagencyinside.com\/maquettes\/gestion-retraite\/wp-content\/uploads\/2026\/02\/icon-retraite-violette-54.svg\"><\/div><\/div><div class=\"wpr-feature-list-content-wrap\"><h3 class=\"wpr-feature-list-title\"><a class=\"wpr-feature-list-url\" target=\"_blank\" rel=\"nofollow\">Fiabiliser des relev\u00e9s de carri\u00e8re erron\u00e9s dans 80% des cas<\/a><\/h3><p class=\"wpr-feature-list-description\"><\/p><\/div><\/li><li class=\"wpr-feature-list-item elementor-repeater-item-79f1b8d\"><div class=\"wpr-feature-list-icon-wrap\"><span class=\"wpr-feature-list-line\"><\/span><div class=\"wpr-feature-list-icon-inner-wrap\"><img decoding=\"async\" src=\"https:\/\/myagencyinside.com\/maquettes\/gestion-retraite\/wp-content\/uploads\/2026\/02\/icon-retraite-violette-12.svg\"><\/div><\/div><div class=\"wpr-feature-list-content-wrap\"><h3 class=\"wpr-feature-list-title\"><a class=\"wpr-feature-list-url\" target=\"_blank\" rel=\"nofollow\">Se familiariser avec des dispositifs de d\u00e9part m\u00e9connus<\/a><\/h3><p class=\"wpr-feature-list-description\"><\/p><\/div><\/li><li class=\"wpr-feature-list-item elementor-repeater-item-9521435\"><div class=\"wpr-feature-list-icon-wrap\"><span class=\"wpr-feature-list-line\"><\/span><div class=\"wpr-feature-list-icon-inner-wrap\"><img decoding=\"async\" src=\"https:\/\/myagencyinside.com\/maquettes\/gestion-retraite\/wp-content\/uploads\/2026\/02\/icon-retraite-violette-20.svg\"><\/div><\/div><div class=\"wpr-feature-list-content-wrap\"><h3 class=\"wpr-feature-list-title\"><a class=\"wpr-feature-list-url\" target=\"_blank\" rel=\"nofollow\">Permettre aux seniors de vivre plus sereinement cette \u00e9tape de vie<\/a><\/h3><p class=\"wpr-feature-list-description\"><\/p><\/div><\/li><li class=\"wpr-feature-list-item elementor-repeater-item-221abe4\"><div class=\"wpr-feature-list-icon-wrap\"><span class=\"wpr-feature-list-line\"><\/span><div class=\"wpr-feature-list-icon-inner-wrap\"><img decoding=\"async\" src=\"https:\/\/myagencyinside.com\/maquettes\/gestion-retraite\/wp-content\/uploads\/2026\/02\/icon-retraite-violette-25.svg\"><\/div><\/div><div class=\"wpr-feature-list-content-wrap\"><h3 class=\"wpr-feature-list-title\"><a class=\"wpr-feature-list-url\" target=\"_blank\" rel=\"nofollow\">Adapter la politique de gestion des seniors au regard des enjeux<\/a><\/h3><p class=\"wpr-feature-list-description\"><\/p><\/div><\/li><\/ul><\/div>\t\t\t\t<\/div>\n\t\t\t\t<div class=\"elementor-element elementor-element-ae91e3a elementor-widget elementor-widget-text-editor\" data-id=\"ae91e3a\" data-element_type=\"widget\" data-e-type=\"widget\" data-widget_type=\"text-editor.default\">\n\t\t\t\t\t\t\t\t\t<p><strong>Les objectifs ?<\/strong> Savoir reconstituer une carri\u00e8re, identifier l\u2019\u00e2ge de d\u00e9part, connaitre les dispositifs de fins de carri\u00e8re, d\u00e9finir des strat\u00e9gies et r\u00e9ussir les transitions de fins de carri\u00e8re.<\/p>\t\t\t\t\t\t\t\t<\/div>\n\t\t\t\t<div class=\"elementor-element elementor-element-1573371 wpr-button-icon-style-inline wpr-button-icon-position-right elementor-invisible elementor-widget elementor-widget-wpr-button\" data-id=\"1573371\" data-element_type=\"widget\" data-e-type=\"widget\" data-settings=\"{&quot;_animation&quot;:&quot;slideInLeft&quot;,&quot;_animation_delay&quot;:400}\" data-widget_type=\"wpr-button.default\">\n\t\t\t\t\t\t\n\t\t\t\n\t\t\n\t\t<div class=\"wpr-button-wrap elementor-clearfix\">\n\t\t<a class=\"wpr-button wpr-button-effect wpr-button-none\" data-text=\"\" href=\"https:\/\/myagencyinside.com\/maquettes\/gestion-retraite\/wp-content\/uploads\/2026\/01\/DossierFormationNBC_20240730.pdf\">\n\t\t\t\n\t\t\t<span class=\"wpr-button-content\">\n\t\t\t\t\t\t\t\t\t<span class=\"wpr-button-text\">Acc\u00e9der au programme<\/span>\n\t\t\t\t\t\t\t\t\n\t\t\t\t\t\t\t<\/span>\n\t\t<\/a>\n\n\t\t\t\t<\/div>\n\t\n\t\n\t\t\t\t\t<\/div>\n\t\t\t\t<\/div>\n\t\t<div class=\"elementor-element elementor-element-4804ae5 e-con-full e-flex wpr-particle-no wpr-jarallax-no wpr-parallax-no wpr-sticky-section-no wpr-equal-height-no e-con e-child\" data-id=\"4804ae5\" data-element_type=\"container\" data-e-type=\"container\">\n\t\t\t\t<div class=\"elementor-element elementor-element-b488cd8 elementor-widget elementor-widget-image\" data-id=\"b488cd8\" data-element_type=\"widget\" data-e-type=\"widget\" data-widget_type=\"image.default\">\n\t\t\t\t\t\t\t\t\t\t\t\t\t\t\t<img fetchpriority=\"high\" decoding=\"async\" width=\"900\" height=\"550\" src=\"https:\/\/myagencyinside.com\/maquettes\/gestion-retraite\/wp-content\/uploads\/2026\/03\/service-3.jpg\" class=\"attachment-full size-full wp-image-5003\" alt=\"\" srcset=\"https:\/\/myagencyinside.com\/maquettes\/gestion-retraite\/wp-content\/uploads\/2026\/03\/service-3.jpg 900w, https:\/\/myagencyinside.com\/maquettes\/gestion-retraite\/wp-content\/uploads\/2026\/03\/service-3-300x183.jpg 300w, https:\/\/myagencyinside.com\/maquettes\/gestion-retraite\/wp-content\/uploads\/2026\/03\/service-3-768x469.jpg 768w\" sizes=\"(max-width: 900px) 100vw, 900px\" \/>\t\t\t\t\t\t\t\t\t\t\t\t\t\t\t<\/div>\n\t\t\t\t<\/div>\n\t\t\t\t\t<\/div>\n\t\t\t\t<\/div>\n\t\t\t\t<\/div>\n\t\t","protected":false},"excerpt":{"rendered":"<p>Nos offres Formation retraite Certifi\u00e9e QUALIOPI, cette formation innovante combine 3 expertises : Retraite, Transition emploi-retraite et RH, dans le but de : D\u00e9crypter les r\u00e8gles complexes de notre syst\u00e8me de retraite Fiabiliser des relev\u00e9s de carri\u00e8re erron\u00e9s dans 80% des cas Se familiariser avec des dispositifs de d\u00e9part m\u00e9connus Permettre aux seniors de vivre plus sereinement cette \u00e9tape de vie Adapter la politique de gestion des seniors au regard des enjeux Les objectifs ? Savoir reconstituer une carri\u00e8re, identifier l\u2019\u00e2ge de d\u00e9part, connaitre les dispositifs de fins de carri\u00e8re, d\u00e9finir des strat\u00e9gies et r\u00e9ussir les transitions de fins de carri\u00e8re. Acc\u00e9der au programme Formation retraite Certifi\u00e9e QUALIOPI, cette formation innovante combine 3 expertises : Retraite, Transition emploi-retraite et RH, dans le but de : D\u00e9crypter les r\u00e8gles complexes de notre syst\u00e8me de retraite Fiabiliser des relev\u00e9s de carri\u00e8re erron\u00e9s dans 80% des cas Se familiariser avec des dispositifs de d\u00e9part m\u00e9connus Permettre aux seniors de vivre plus sereinement cette \u00e9tape de vie Adapter la politique de gestion des seniors au regard des enjeux Les objectifs ? Savoir reconstituer une carri\u00e8re, identifier l\u2019\u00e2ge de d\u00e9part, connaitre les dispositifs de fins de carri\u00e8re, d\u00e9finir des strat\u00e9gies et r\u00e9ussir les transitions de fins de carri\u00e8re. Acc\u00e9der au programme<\/p>\n","protected":false},"author":1,"featured_media":0,"parent":0,"menu_order":0,"comment_status":"closed","ping_status":"closed","template":"","meta":{"footnotes":""},"class_list":["post-5504","page","type-page","status-publish","hentry"],"_links":{"self":[{"href":"https:\/\/myagencyinside.com\/maquettes\/gestion-retraite\/wp-json\/wp\/v2\/pages\/5504","targetHints":{"allow":["GET"]}}],"collection":[{"href":"https:\/\/myagencyinside.com\/maquettes\/gestion-retraite\/wp-json\/wp\/v2\/pages"}],"about":[{"href":"https:\/\/myagencyinside.com\/maquettes\/gestion-retraite\/wp-json\/wp\/v2\/types\/page"}],"author":[{"embeddable":true,"href":"https:\/\/myagencyinside.com\/maquettes\/gestion-retraite\/wp-json\/wp\/v2\/users\/1"}],"replies":[{"embeddable":true,"href":"https:\/\/myagencyinside.com\/maquettes\/gestion-retraite\/wp-json\/wp\/v2\/comments?post=5504"}],"version-history":[{"count":9,"href":"https:\/\/myagencyinside.com\/maquettes\/gestion-retraite\/wp-json\/wp\/v2\/pages\/5504\/revisions"}],"predecessor-version":[{"id":5545,"href":"https:\/\/myagencyinside.com\/maquettes\/gestion-retraite\/wp-json\/wp\/v2\/pages\/5504\/revisions\/5545"}],"wp:attachment":[{"href":"https:\/\/myagencyinside.com\/maquettes\/gestion-retraite\/wp-json\/wp\/v2\/media?parent=5504"}],"curies":[{"name":"wp","href":"https:\/\/api.w.org\/{rel}","templated":true}]}}