{"id":6147,"date":"2026-04-08T13:21:27","date_gmt":"2026-04-08T11:21:27","guid":{"rendered":"https:\/\/myagencyinside.com\/maquettes\/gestion-retraite\/?page_id=6147"},"modified":"2026-04-10T22:31:54","modified_gmt":"2026-04-10T20:31:54","slug":"accueil-test-2","status":"publish","type":"page","link":"https:\/\/myagencyinside.com\/maquettes\/gestion-retraite\/","title":{"rendered":"Accueil"},"content":{"rendered":"\t\t<div data-elementor-type=\"wp-page\" data-elementor-id=\"6147\" class=\"elementor elementor-6147\">\n\t\t\t\t<div class=\"elementor-element elementor-element-c9bca93 e-flex e-con-boxed wpr-particle-no wpr-jarallax-no wpr-parallax-no wpr-sticky-section-no wpr-equal-height-no e-con e-parent\" data-id=\"c9bca93\" data-element_type=\"container\" data-e-type=\"container\" data-settings=\"{&quot;background_background&quot;:&quot;classic&quot;}\">\n\t\t\t\t\t<div class=\"e-con-inner\">\n\t\t<div class=\"elementor-element elementor-element-1b994bb e-con-full e-flex wpr-particle-no wpr-jarallax-no wpr-parallax-no wpr-sticky-section-no wpr-equal-height-no e-con e-child\" data-id=\"1b994bb\" data-element_type=\"container\" data-e-type=\"container\">\n\t\t\t\t<div class=\"elementor-element elementor-element-137b89d elementor-widget elementor-widget-text-editor\" data-id=\"137b89d\" data-element_type=\"widget\" data-e-type=\"widget\" data-widget_type=\"text-editor.default\">\n\t\t\t\t\t\t\t\t\t<p style=\"text-align: left;\">\u2014\u00a0Conseil retraite ind\u00e9pendant \u00b7 depuis 2004<\/p>\t\t\t\t\t\t\t\t<\/div>\n\t\t\t\t<div class=\"elementor-element elementor-element-b82e524 elementor-widget elementor-widget-spacer\" data-id=\"b82e524\" data-element_type=\"widget\" data-e-type=\"widget\" data-widget_type=\"spacer.default\">\n\t\t\t\t\t\t\t<div class=\"elementor-spacer\">\n\t\t\t<div class=\"elementor-spacer-inner\"><\/div>\n\t\t<\/div>\n\t\t\t\t\t\t<\/div>\n\t\t\t\t<div class=\"elementor-element elementor-element-813bfd5 elementor-widget elementor-widget-text-editor\" data-id=\"813bfd5\" data-element_type=\"widget\" data-e-type=\"widget\" data-widget_type=\"text-editor.default\">\n\t\t\t\t\t\t\t\t\t<p>Vous avez construit toute votre vie.<\/p>\t\t\t\t\t\t\t\t<\/div>\n\t\t\t\t<div class=\"elementor-element elementor-element-7cb48e1 elementor-widget elementor-widget-text-editor\" data-id=\"7cb48e1\" data-element_type=\"widget\" data-e-type=\"widget\" data-widget_type=\"text-editor.default\">\n\t\t\t\t\t\t\t\t\t<p>Et main<span style=\"color: #b8965a; font-style: italic;\">tenant ?<\/span><\/p>\t\t\t\t\t\t\t\t<\/div>\n\t\t\t\t<\/div>\n\t\t<div class=\"elementor-element elementor-element-d78e455 e-con-full e-flex wpr-particle-no wpr-jarallax-no wpr-parallax-no wpr-sticky-section-no wpr-equal-height-no e-con e-child\" data-id=\"d78e455\" data-element_type=\"container\" data-e-type=\"container\">\n\t\t\t\t<div class=\"elementor-element elementor-element-3843ddc elementor-widget elementor-widget-text-editor\" data-id=\"3843ddc\" data-element_type=\"widget\" data-e-type=\"widget\" data-widget_type=\"text-editor.default\">\n\t\t\t\t\t\t\t\t\t<p style=\"text-align: right;\">25 ans d&rsquo;expertise \u00b7 3 000 parcours<br \/>Paris \u00b7 France enti\u00e8re<\/p>\t\t\t\t\t\t\t\t<\/div>\n\t\t\t\t<div class=\"elementor-element elementor-element-e59d389 elementor-widget elementor-widget-image\" data-id=\"e59d389\" data-element_type=\"widget\" data-e-type=\"widget\" data-widget_type=\"image.default\">\n\t\t\t\t\t\t\t\t\t\t\t\t\t\t\t<img fetchpriority=\"high\" decoding=\"async\" width=\"960\" height=\"642\" src=\"https:\/\/myagencyinside.com\/maquettes\/gestion-retraite\/wp-content\/uploads\/2026\/04\/test-arbre-1024x685.png\" class=\"attachment-large size-large wp-image-6160\" alt=\"\" srcset=\"https:\/\/myagencyinside.com\/maquettes\/gestion-retraite\/wp-content\/uploads\/2026\/04\/test-arbre-1024x685.png 1024w, https:\/\/myagencyinside.com\/maquettes\/gestion-retraite\/wp-content\/uploads\/2026\/04\/test-arbre-300x201.png 300w, https:\/\/myagencyinside.com\/maquettes\/gestion-retraite\/wp-content\/uploads\/2026\/04\/test-arbre-768x514.png 768w, https:\/\/myagencyinside.com\/maquettes\/gestion-retraite\/wp-content\/uploads\/2026\/04\/test-arbre.png 1200w\" sizes=\"(max-width: 960px) 100vw, 960px\" \/>\t\t\t\t\t\t\t\t\t\t\t\t\t\t\t<\/div>\n\t\t\t\t<\/div>\n\t\t\t\t\t<\/div>\n\t\t\t\t<\/div>\n\t\t<div class=\"elementor-element elementor-element-d6d0c3f e-flex e-con-boxed wpr-particle-no wpr-jarallax-no wpr-parallax-no wpr-sticky-section-no wpr-equal-height-no e-con e-parent\" data-id=\"d6d0c3f\" data-element_type=\"container\" data-e-type=\"container\" data-settings=\"{&quot;background_background&quot;:&quot;classic&quot;}\">\n\t\t\t\t\t<div class=\"e-con-inner\">\n\t\t<div class=\"elementor-element elementor-element-14a6995 e-con-full e-flex wpr-particle-no wpr-jarallax-no wpr-parallax-no wpr-sticky-section-no wpr-equal-height-no e-con e-child\" data-id=\"14a6995\" data-element_type=\"container\" data-e-type=\"container\">\n\t\t\t\t<div class=\"elementor-element elementor-element-2350671 elementor-mobile-align-center elementor-widget elementor-widget-button\" data-id=\"2350671\" data-element_type=\"widget\" data-e-type=\"widget\" data-widget_type=\"button.default\">\n\t\t\t\t\t\t\t\t\t\t<a class=\"elementor-button elementor-button-link elementor-size-sm\" href=\"#\">\n\t\t\t\t\t\t<span class=\"elementor-button-content-wrapper\">\n\t\t\t\t\t\t\t\t\t<span class=\"elementor-button-text\">JE SUIS PARTICULIER \u2192<\/span>\n\t\t\t\t\t<\/span>\n\t\t\t\t\t<\/a>\n\t\t\t\t\t\t\t\t<\/div>\n\t\t\t\t<\/div>\n\t\t<div class=\"elementor-element elementor-element-a0a9883 e-con-full e-flex wpr-particle-no wpr-jarallax-no wpr-parallax-no wpr-sticky-section-no wpr-equal-height-no e-con e-child\" data-id=\"a0a9883\" data-element_type=\"container\" data-e-type=\"container\">\n\t\t\t\t<div class=\"elementor-element elementor-element-dc39bd3 elementor-mobile-align-center elementor-widget elementor-widget-button\" data-id=\"dc39bd3\" data-element_type=\"widget\" data-e-type=\"widget\" data-widget_type=\"button.default\">\n\t\t\t\t\t\t\t\t\t\t<a class=\"elementor-button elementor-button-link elementor-size-sm\" href=\"#\">\n\t\t\t\t\t\t<span class=\"elementor-button-content-wrapper\">\n\t\t\t\t\t\t\t\t\t<span class=\"elementor-button-text\">Je repr\u00e9sente une entreprise \u2192<\/span>\n\t\t\t\t\t<\/span>\n\t\t\t\t\t<\/a>\n\t\t\t\t\t\t\t\t<\/div>\n\t\t\t\t<\/div>\n\t\t<div class=\"elementor-element elementor-element-37464f0 e-con-full e-flex wpr-particle-no wpr-jarallax-no wpr-parallax-no wpr-sticky-section-no wpr-equal-height-no e-con e-child\" data-id=\"37464f0\" data-element_type=\"container\" data-e-type=\"container\">\n\t\t\t\t<\/div>\n\t\t\t\t\t<\/div>\n\t\t\t\t<\/div>\n\t\t<div class=\"elementor-element elementor-element-a508621 e-flex e-con-boxed wpr-particle-no wpr-jarallax-no wpr-parallax-no wpr-sticky-section-no wpr-equal-height-no e-con e-parent\" data-id=\"a508621\" data-element_type=\"container\" data-e-type=\"container\" data-settings=\"{&quot;background_background&quot;:&quot;classic&quot;}\">\n\t\t\t\t\t<div class=\"e-con-inner\">\n\t\t\t\t<div class=\"elementor-element elementor-element-0542279 elementor-widget elementor-widget-text-editor\" data-id=\"0542279\" data-element_type=\"widget\" data-e-type=\"widget\" data-widget_type=\"text-editor.default\">\n\t\t\t\t\t\t\t\t\t<p>Notre diff\u00e9rence<\/p>\t\t\t\t\t\t\t\t<\/div>\n\t\t\t\t<div class=\"elementor-element elementor-element-2272cc9 elementor-widget elementor-widget-text-editor\" data-id=\"2272cc9\" data-element_type=\"widget\" data-e-type=\"widget\" data-widget_type=\"text-editor.default\">\n\t\t\t\t\t\t\t\t\t<p>Tout le monde peut vous dire quand et combien.<\/p>\t\t\t\t\t\t\t\t<\/div>\n\t\t\t\t<div class=\"elementor-element elementor-element-cb011df elementor-widget elementor-widget-text-editor\" data-id=\"cb011df\" data-element_type=\"widget\" data-e-type=\"widget\" data-widget_type=\"text-editor.default\">\n\t\t\t\t\t\t\t\t\t<p>Nous, on commence par <em><span style=\"color: #b8965a;\">pourquoi<\/span><\/em>.<\/p>\t\t\t\t\t\t\t\t<\/div>\n\t\t\t\t\t<\/div>\n\t\t\t\t<\/div>\n\t\t<div class=\"elementor-element elementor-element-8018c58 e-con-full e-flex wpr-particle-no wpr-jarallax-no wpr-parallax-no wpr-sticky-section-no wpr-equal-height-no e-con e-parent\" data-id=\"8018c58\" data-element_type=\"container\" data-e-type=\"container\">\n\t\t<div class=\"elementor-element elementor-element-404e883 e-con-full e-flex wpr-particle-no wpr-jarallax-no wpr-parallax-no wpr-sticky-section-no wpr-equal-height-no e-con e-child\" data-id=\"404e883\" data-element_type=\"container\" data-e-type=\"container\" data-settings=\"{&quot;background_background&quot;:&quot;classic&quot;}\">\n\t\t\t\t<div class=\"elementor-element elementor-element-fea730b elementor-widget elementor-widget-text-editor\" data-id=\"fea730b\" data-element_type=\"widget\" data-e-type=\"widget\" data-widget_type=\"text-editor.default\">\n\t\t\t\t\t\t\t\t\t<p>\u2014\u00a0Pour les particuliers<\/p>\t\t\t\t\t\t\t\t<\/div>\n\t\t\t\t<div class=\"elementor-element elementor-element-82b94b5 elementor-widget elementor-widget-text-editor\" data-id=\"82b94b5\" data-element_type=\"widget\" data-e-type=\"widget\" data-widget_type=\"text-editor.default\">\n\t\t\t\t\t\t\t\t\t<p>Votre retraite<\/p><p>Votre <em><span style=\"color: #b8965a;\">projet.<\/span><\/em><\/p>\t\t\t\t\t\t\t\t<\/div>\n\t\t\t\t<div class=\"elementor-element elementor-element-7b8915a elementor-widget__width-initial elementor-widget elementor-widget-text-editor\" data-id=\"7b8915a\" data-element_type=\"widget\" data-e-type=\"widget\" data-widget_type=\"text-editor.default\">\n\t\t\t\t\t\t\t\t\t<p>De l&rsquo;audit de votre relev\u00e9 \u00e0 la construction de votre projet de vie \u2014 nous sc\u00e9narisons avec vous, en fonction de qui vous \u00eates et de ce que vous voulez vraiment.<\/p>\t\t\t\t\t\t\t\t<\/div>\n\t\t\t\t<div class=\"elementor-element elementor-element-125f88d elementor-widget-divider--view-line elementor-widget elementor-widget-divider\" data-id=\"125f88d\" data-element_type=\"widget\" data-e-type=\"widget\" data-widget_type=\"divider.default\">\n\t\t\t\t\t\t\t<div class=\"elementor-divider\">\n\t\t\t<span class=\"elementor-divider-separator\">\n\t\t\t\t\t\t<\/span>\n\t\t<\/div>\n\t\t\t\t\t\t<\/div>\n\t\t<div class=\"elementor-element elementor-element-84bc5a2 e-grid e-con-full wpr-particle-no wpr-jarallax-no wpr-parallax-no wpr-sticky-section-no wpr-equal-height-no e-con e-child\" data-id=\"84bc5a2\" data-element_type=\"container\" data-e-type=\"container\">\n\t\t\t\t<div class=\"elementor-element elementor-element-e66c731 elementor-widget elementor-widget-button\" data-id=\"e66c731\" data-element_type=\"widget\" data-e-type=\"widget\" data-widget_type=\"button.default\">\n\t\t\t\t\t\t\t\t\t\t<a class=\"elementor-button elementor-button-link elementor-size-sm\" href=\"#\">\n\t\t\t\t\t\t<span class=\"elementor-button-content-wrapper\">\n\t\t\t\t\t\t\t\t\t<span class=\"elementor-button-text\">CADRE \u2192<\/span>\n\t\t\t\t\t<\/span>\n\t\t\t\t\t<\/a>\n\t\t\t\t\t\t\t\t<\/div>\n\t\t\t\t<div class=\"elementor-element elementor-element-3746e24 elementor-widget elementor-widget-button\" data-id=\"3746e24\" data-element_type=\"widget\" data-e-type=\"widget\" data-widget_type=\"button.default\">\n\t\t\t\t\t\t\t\t\t\t<a class=\"elementor-button elementor-button-link elementor-size-sm\" href=\"#\">\n\t\t\t\t\t\t<span class=\"elementor-button-content-wrapper\">\n\t\t\t\t\t\t\t\t\t<span class=\"elementor-button-text\">DIRIGEANT \u2192<\/span>\n\t\t\t\t\t<\/span>\n\t\t\t\t\t<\/a>\n\t\t\t\t\t\t\t\t<\/div>\n\t\t\t\t<div class=\"elementor-element elementor-element-cc4c6c1 elementor-widget elementor-widget-button\" data-id=\"cc4c6c1\" data-element_type=\"widget\" data-e-type=\"widget\" data-widget_type=\"button.default\">\n\t\t\t\t\t\t\t\t\t\t<a class=\"elementor-button elementor-button-link elementor-size-sm\" href=\"#\">\n\t\t\t\t\t\t<span class=\"elementor-button-content-wrapper\">\n\t\t\t\t\t\t\t\t\t<span class=\"elementor-button-text\">EXPATRI\u00c9 \u2192<\/span>\n\t\t\t\t\t<\/span>\n\t\t\t\t\t<\/a>\n\t\t\t\t\t\t\t\t<\/div>\n\t\t\t\t<\/div>\n\t\t\t\t<\/div>\n\t\t<div class=\"elementor-element elementor-element-ea44fc1 e-con-full e-flex wpr-particle-no wpr-jarallax-no wpr-parallax-no wpr-sticky-section-no wpr-equal-height-no e-con e-child\" data-id=\"ea44fc1\" data-element_type=\"container\" data-e-type=\"container\">\n\t\t\t\t<div class=\"elementor-element elementor-element-12b2540 elementor-widget elementor-widget-text-editor\" data-id=\"12b2540\" data-element_type=\"widget\" data-e-type=\"widget\" data-widget_type=\"text-editor.default\">\n\t\t\t\t\t\t\t\t\t<p>\u2014\u00a0Pour les entreprises<\/p>\t\t\t\t\t\t\t\t<\/div>\n\t\t\t\t<div class=\"elementor-element elementor-element-f6c51cb elementor-widget elementor-widget-text-editor\" data-id=\"f6c51cb\" data-element_type=\"widget\" data-e-type=\"widget\" data-widget_type=\"text-editor.default\">\n\t\t\t\t\t\t\t\t\t<p>Votre RH font leur m\u00e9tier.<\/p><p><em><span style=\"color: #b8965a;\">Nous faisons le n\u00f4tre.<\/span><\/em><\/p>\t\t\t\t\t\t\t\t<\/div>\n\t\t\t\t<div class=\"elementor-element elementor-element-76f951e elementor-widget__width-initial elementor-widget elementor-widget-text-editor\" data-id=\"76f951e\" data-element_type=\"widget\" data-e-type=\"widget\" data-widget_type=\"text-editor.default\">\n\t\t\t\t\t\t\t\t\t<p>Loi du 24 octobre 2025, dispositifs d&rsquo;am\u00e9nagement, entretiens de fin de carri\u00e8re \u2014 nous externalisons et pilotons l&rsquo;int\u00e9gralit\u00e9 de votre dispositif retraite.<\/p>\t\t\t\t\t\t\t\t<\/div>\n\t\t\t\t<div class=\"elementor-element elementor-element-b7ca73d elementor-widget-divider--view-line elementor-widget elementor-widget-divider\" data-id=\"b7ca73d\" data-element_type=\"widget\" data-e-type=\"widget\" data-widget_type=\"divider.default\">\n\t\t\t\t\t\t\t<div class=\"elementor-divider\">\n\t\t\t<span class=\"elementor-divider-separator\">\n\t\t\t\t\t\t<\/span>\n\t\t<\/div>\n\t\t\t\t\t\t<\/div>\n\t\t<div class=\"elementor-element elementor-element-e498635 e-grid e-con-full wpr-particle-no wpr-jarallax-no wpr-parallax-no wpr-sticky-section-no wpr-equal-height-no e-con e-child\" data-id=\"e498635\" data-element_type=\"container\" data-e-type=\"container\">\n\t\t\t\t<div class=\"elementor-element elementor-element-a59cacc elementor-widget elementor-widget-button\" data-id=\"a59cacc\" data-element_type=\"widget\" data-e-type=\"widget\" data-widget_type=\"button.default\">\n\t\t\t\t\t\t\t\t\t\t<a class=\"elementor-button elementor-button-link elementor-size-sm\" href=\"#\">\n\t\t\t\t\t\t<span class=\"elementor-button-content-wrapper\">\n\t\t\t\t\t\t\t\t\t<span class=\"elementor-button-text\">PME \u2192<\/span>\n\t\t\t\t\t<\/span>\n\t\t\t\t\t<\/a>\n\t\t\t\t\t\t\t\t<\/div>\n\t\t\t\t<div class=\"elementor-element elementor-element-aa9d3dd elementor-widget elementor-widget-button\" data-id=\"aa9d3dd\" data-element_type=\"widget\" data-e-type=\"widget\" data-widget_type=\"button.default\">\n\t\t\t\t\t\t\t\t\t\t<a class=\"elementor-button elementor-button-link elementor-size-sm\" href=\"#\">\n\t\t\t\t\t\t<span class=\"elementor-button-content-wrapper\">\n\t\t\t\t\t\t\t\t\t<span class=\"elementor-button-text\">+300 SALARI\u00c9S \u2192<\/span>\n\t\t\t\t\t<\/span>\n\t\t\t\t\t<\/a>\n\t\t\t\t\t\t\t\t<\/div>\n\t\t\t\t<\/div>\n\t\t\t\t<\/div>\n\t\t\t\t<\/div>\n\t\t<div class=\"elementor-element elementor-element-eaab733 e-con-full e-flex wpr-particle-no wpr-jarallax-no wpr-parallax-no wpr-sticky-section-no wpr-equal-height-no e-con e-parent\" data-id=\"eaab733\" data-element_type=\"container\" data-e-type=\"container\">\n\t\t<div class=\"elementor-element elementor-element-a23a775 e-con-full e-flex wpr-particle-no wpr-jarallax-no wpr-parallax-no wpr-sticky-section-no wpr-equal-height-no e-con e-child\" data-id=\"a23a775\" data-element_type=\"container\" data-e-type=\"container\">\n\t\t\t\t<div class=\"elementor-element elementor-element-77725754 elementor-widget elementor-widget-counter\" data-id=\"77725754\" data-element_type=\"widget\" data-e-type=\"widget\" data-widget_type=\"counter.default\">\n\t\t\t\t\t\t\t<div class=\"elementor-counter\">\n\t\t\t<div class=\"elementor-counter-title\">de pensions mal attribu\u00e9\u00b7e\u00b7s<\/div>\t\t\t<div class=\"elementor-counter-number-wrapper\">\n\t\t\t\t<span class=\"elementor-counter-number-prefix\"><\/span>\n\t\t\t\t<span class=\"elementor-counter-number\" data-duration=\"5000\" data-to-value=\"14\" data-from-value=\"0\">0<\/span>\n\t\t\t\t<span class=\"elementor-counter-number-suffix\">%<\/span>\n\t\t\t<\/div>\n\t\t<\/div>\n\t\t\t\t\t\t<\/div>\n\t\t\t\t<\/div>\n\t\t<div class=\"elementor-element elementor-element-54909b6 e-con-full e-flex wpr-particle-no wpr-jarallax-no wpr-parallax-no wpr-sticky-section-no wpr-equal-height-no e-con e-child\" data-id=\"54909b6\" data-element_type=\"container\" data-e-type=\"container\">\n\t\t\t\t<div class=\"elementor-element elementor-element-ae083d2 elementor-widget elementor-widget-counter\" data-id=\"ae083d2\" data-element_type=\"widget\" data-e-type=\"widget\" data-widget_type=\"counter.default\">\n\t\t\t\t\t\t\t<div class=\"elementor-counter\">\n\t\t\t<div class=\"elementor-counter-title\">d'expertise retraite<\/div>\t\t\t<div class=\"elementor-counter-number-wrapper\">\n\t\t\t\t<span class=\"elementor-counter-number-prefix\"><\/span>\n\t\t\t\t<span class=\"elementor-counter-number\" data-duration=\"5000\" data-to-value=\"25\" data-from-value=\"0\">0<\/span>\n\t\t\t\t<span class=\"elementor-counter-number-suffix\"> ans<\/span>\n\t\t\t<\/div>\n\t\t<\/div>\n\t\t\t\t\t\t<\/div>\n\t\t\t\t<\/div>\n\t\t<div class=\"elementor-element elementor-element-41a0440 e-con-full e-flex wpr-particle-no wpr-jarallax-no wpr-parallax-no wpr-sticky-section-no wpr-equal-height-no e-con e-child\" data-id=\"41a0440\" data-element_type=\"container\" data-e-type=\"container\">\n\t\t\t\t<div class=\"elementor-element elementor-element-cd0bf3b elementor-widget elementor-widget-counter\" data-id=\"cd0bf3b\" data-element_type=\"widget\" data-e-type=\"widget\" data-widget_type=\"counter.default\">\n\t\t\t\t\t\t\t<div class=\"elementor-counter\">\n\t\t\t<div class=\"elementor-counter-title\">de salari\u00e9\u00b7e\u00b7s mal inform\u00e9\u00b7e\u00b7s<\/div>\t\t\t<div class=\"elementor-counter-number-wrapper\">\n\t\t\t\t<span class=\"elementor-counter-number-prefix\"><\/span>\n\t\t\t\t<span class=\"elementor-counter-number\" data-duration=\"5000\" data-to-value=\"60\" data-from-value=\"0\">0<\/span>\n\t\t\t\t<span class=\"elementor-counter-number-suffix\">%<\/span>\n\t\t\t<\/div>\n\t\t<\/div>\n\t\t\t\t\t\t<\/div>\n\t\t\t\t<\/div>\n\t\t<div class=\"elementor-element elementor-element-48440d4 e-con-full e-flex wpr-particle-no wpr-jarallax-no wpr-parallax-no wpr-sticky-section-no wpr-equal-height-no e-con e-child\" data-id=\"48440d4\" data-element_type=\"container\" data-e-type=\"container\">\n\t\t\t\t<div class=\"elementor-element elementor-element-ed31991 elementor-widget elementor-widget-counter\" data-id=\"ed31991\" data-element_type=\"widget\" data-e-type=\"widget\" data-widget_type=\"counter.default\">\n\t\t\t\t\t\t\t<div class=\"elementor-counter\">\n\t\t\t<div class=\"elementor-counter-title\">de salari\u00e9\u00b7e\u00b7s attendent une aide de leur entreprise pour optimiser leur retraite<\/div>\t\t\t<div class=\"elementor-counter-number-wrapper\">\n\t\t\t\t<span class=\"elementor-counter-number-prefix\"><\/span>\n\t\t\t\t<span class=\"elementor-counter-number\" data-duration=\"5000\" data-to-value=\"83\" data-from-value=\"0\">0<\/span>\n\t\t\t\t<span class=\"elementor-counter-number-suffix\">%<\/span>\n\t\t\t<\/div>\n\t\t<\/div>\n\t\t\t\t\t\t<\/div>\n\t\t\t\t<\/div>\n\t\t\t\t<\/div>\n\t\t<div class=\"elementor-element elementor-element-1c7b470 e-flex e-con-boxed wpr-particle-no wpr-jarallax-no wpr-parallax-no wpr-sticky-section-no wpr-equal-height-no e-con e-parent\" data-id=\"1c7b470\" data-element_type=\"container\" data-e-type=\"container\" data-settings=\"{&quot;background_background&quot;:&quot;classic&quot;}\">\n\t\t\t\t\t<div class=\"e-con-inner\">\n\t\t<div class=\"elementor-element elementor-element-bf5d801 e-con-full e-flex wpr-particle-no wpr-jarallax-no wpr-parallax-no wpr-sticky-section-no wpr-equal-height-no e-con e-child\" data-id=\"bf5d801\" data-element_type=\"container\" data-e-type=\"container\">\n\t\t\t\t<div class=\"elementor-element elementor-element-172f59d elementor-widget elementor-widget-text-editor\" data-id=\"172f59d\" data-element_type=\"widget\" data-e-type=\"widget\" data-widget_type=\"text-editor.default\">\n\t\t\t\t\t\t\t\t\t<p style=\"text-align: left;\">\u2014\u00a0Ce qui nous anime<\/p>\t\t\t\t\t\t\t\t<\/div>\n\t\t\t\t<div class=\"elementor-element elementor-element-3013702 elementor-widget elementor-widget-text-editor\" data-id=\"3013702\" data-element_type=\"widget\" data-e-type=\"widget\" data-widget_type=\"text-editor.default\">\n\t\t\t\t\t\t\t\t\t<p>Nous avons \u00e9t\u00e9 les t\u00e9moins de<br \/><em><span style=\"color: #b8965a;\">3 000 parcours de vie.<\/span><\/em><\/p>\t\t\t\t\t\t\t\t<\/div>\n\t\t\t\t<div class=\"elementor-element elementor-element-5796e78 elementor-widget elementor-widget-text-editor\" data-id=\"5796e78\" data-element_type=\"widget\" data-e-type=\"widget\" data-widget_type=\"text-editor.default\">\n\t\t\t\t\t\t\t\t\t<p>Celui qui voulait traverser l&rsquo;Atlantique \u00e0 la voile. Celle qui avait un projet dans un tiroir depuis vingt ans. Le cadre mis au ch\u00f4mage \u00e0 58 ans \u2014 qui a vu une opportunit\u00e9 l\u00e0 o\u00f9 il ne voyait qu&rsquo;une fin.<\/p>\t\t\t\t\t\t\t\t<\/div>\n\t\t\t\t<div class=\"elementor-element elementor-element-92b5714 elementor-widget elementor-widget-text-editor\" data-id=\"92b5714\" data-element_type=\"widget\" data-e-type=\"widget\" data-widget_type=\"text-editor.default\">\n\t\t\t\t\t\t\t\t\t<p>Il n&rsquo;y a pas de projet meilleur qu&rsquo;un autre. Il y a une solution meilleure qu&rsquo;une autre pour chaque projet. C&rsquo;est notre travail de la trouver.<\/p>\t\t\t\t\t\t\t\t<\/div>\n\t\t\t\t<div class=\"elementor-element elementor-element-127c08b elementor-widget elementor-widget-button\" data-id=\"127c08b\" data-element_type=\"widget\" data-e-type=\"widget\" data-widget_type=\"button.default\">\n\t\t\t\t\t\t\t\t\t\t<a class=\"elementor-button elementor-button-link elementor-size-sm\" href=\"#\">\n\t\t\t\t\t\t<span class=\"elementor-button-content-wrapper\">\n\t\t\t\t\t\t\t\t\t<span class=\"elementor-button-text\">NOTRE HISTOIRE \u2192<\/span>\n\t\t\t\t\t<\/span>\n\t\t\t\t\t<\/a>\n\t\t\t\t\t\t\t\t<\/div>\n\t\t\t\t<\/div>\n\t\t<div class=\"elementor-element elementor-element-91aaa42 e-con-full e-flex wpr-particle-no wpr-jarallax-no wpr-parallax-no wpr-sticky-section-no wpr-equal-height-no e-con e-child\" data-id=\"91aaa42\" data-element_type=\"container\" data-e-type=\"container\">\n\t\t\t\t<div class=\"elementor-element elementor-element-8aad6df elementor-widget elementor-widget-text-editor\" data-id=\"8aad6df\" data-element_type=\"widget\" data-e-type=\"widget\" data-widget_type=\"text-editor.default\">\n\t\t\t\t\t\t\t\t\t<p>Nous lisons les relev\u00e9s de carri\u00e8re comme d&rsquo;autres lisent des romans.<br \/>Parce que chaque ligne raconte quelque chose.<\/p>\t\t\t\t\t\t\t\t<\/div>\n\t\t\t\t<div class=\"elementor-element elementor-element-0ef8eff elementor-widget elementor-widget-text-editor\" data-id=\"0ef8eff\" data-element_type=\"widget\" data-e-type=\"widget\" data-widget_type=\"text-editor.default\">\n\t\t\t\t\t\t\t\t\t<p>\u2014 Nathalie BADAIRE, fondatrice<\/p>\t\t\t\t\t\t\t\t<\/div>\n\t\t\t\t<\/div>\n\t\t\t\t\t<\/div>\n\t\t\t\t<\/div>\n\t\t\t\t<section class=\"elementor-section elementor-top-section elementor-element elementor-element-5cad7490 elementor-section-height-min-height elementor-section-boxed elementor-section-height-default elementor-section-items-middle wpr-particle-no wpr-jarallax-no wpr-parallax-no wpr-sticky-section-no wpr-equal-height-no\" data-id=\"5cad7490\" data-element_type=\"section\" data-e-type=\"section\" data-settings=\"{&quot;background_background&quot;:&quot;classic&quot;}\">\n\t\t\t\t\t\t<div class=\"elementor-container elementor-column-gap-default\">\n\t\t\t\t\t<div class=\"elementor-column elementor-col-50 elementor-top-column elementor-element elementor-element-9ce5f69 elementor-invisible\" data-id=\"9ce5f69\" data-element_type=\"column\" data-e-type=\"column\" data-settings=\"{&quot;animation&quot;:&quot;fadeIn&quot;,&quot;animation_delay&quot;:100}\">\n\t\t\t<div class=\"elementor-widget-wrap elementor-element-populated\">\n\t\t\t\t\t\t<div class=\"elementor-element elementor-element-38c1c40 elementor-widget elementor-widget-text-editor\" data-id=\"38c1c40\" data-element_type=\"widget\" data-e-type=\"widget\" data-widget_type=\"text-editor.default\">\n\t\t\t\t\t\t\t\t\t<p>ILS NOUS FONT CONFIANCE<\/p>\t\t\t\t\t\t\t\t<\/div>\n\t\t\t\t\t<\/div>\n\t\t<\/div>\n\t\t\t\t<div class=\"elementor-column elementor-col-50 elementor-top-column elementor-element elementor-element-6b55f94 elementor-invisible\" data-id=\"6b55f94\" data-element_type=\"column\" data-e-type=\"column\" data-settings=\"{&quot;animation&quot;:&quot;fadeIn&quot;,&quot;animation_delay&quot;:100}\">\n\t\t\t<div class=\"elementor-widget-wrap elementor-element-populated\">\n\t\t\t\t\t\t<div class=\"elementor-element elementor-element-9ce07c2 elementor-widget elementor-widget-image-carousel\" data-id=\"9ce07c2\" data-element_type=\"widget\" data-e-type=\"widget\" data-settings=\"{&quot;slides_to_show&quot;:&quot;5&quot;,&quot;slides_to_show_tablet&quot;:&quot;4&quot;,&quot;slides_to_show_mobile&quot;:&quot;2&quot;,&quot;navigation&quot;:&quot;none&quot;,&quot;image_spacing_custom&quot;:{&quot;unit&quot;:&quot;px&quot;,&quot;size&quot;:50,&quot;sizes&quot;:[]},&quot;autoplay_speed&quot;:3045,&quot;slides_to_scroll&quot;:&quot;1&quot;,&quot;autoplay&quot;:&quot;yes&quot;,&quot;infinite&quot;:&quot;yes&quot;,&quot;speed&quot;:500,&quot;image_spacing_custom_laptop&quot;:{&quot;unit&quot;:&quot;px&quot;,&quot;size&quot;:&quot;&quot;,&quot;sizes&quot;:[]},&quot;image_spacing_custom_tablet&quot;:{&quot;unit&quot;:&quot;px&quot;,&quot;size&quot;:&quot;&quot;,&quot;sizes&quot;:[]},&quot;image_spacing_custom_mobile&quot;:{&quot;unit&quot;:&quot;px&quot;,&quot;size&quot;:&quot;&quot;,&quot;sizes&quot;:[]}}\" data-widget_type=\"image-carousel.default\">\n\t\t\t\t\t\t\t<div class=\"elementor-image-carousel-wrapper swiper\" role=\"region\" aria-roledescription=\"carousel\" aria-label=\"Carrousel d\u2019images\" dir=\"ltr\">\n\t\t\t<div class=\"elementor-image-carousel swiper-wrapper\" aria-live=\"off\">\n\t\t\t\t\t\t\t\t<div class=\"swiper-slide\" role=\"group\" aria-roledescription=\"slide\" aria-label=\"1 sur 10\"><figure class=\"swiper-slide-inner\"><img decoding=\"async\" class=\"swiper-slide-image\" src=\"https:\/\/myagencyinside.com\/maquettes\/gestion-retraite\/wp-content\/uploads\/2025\/03\/LogoEngieBis_SiteNBC.jpg\" alt=\"LogoEngieBis_SiteNBC\" \/><\/figure><\/div><div class=\"swiper-slide\" role=\"group\" aria-roledescription=\"slide\" aria-label=\"2 sur 10\"><figure class=\"swiper-slide-inner\"><img decoding=\"async\" class=\"swiper-slide-image\" src=\"https:\/\/myagencyinside.com\/maquettes\/gestion-retraite\/wp-content\/uploads\/2025\/03\/LogoAonBis_SiteNBC.jpg\" alt=\"LogoAonBis_SiteNBC\" \/><\/figure><\/div><div class=\"swiper-slide\" role=\"group\" aria-roledescription=\"slide\" aria-label=\"3 sur 10\"><figure class=\"swiper-slide-inner\"><img decoding=\"async\" class=\"swiper-slide-image\" src=\"https:\/\/myagencyinside.com\/maquettes\/gestion-retraite\/wp-content\/uploads\/2025\/03\/LogoChaumetBis_SiteNBC.jpg\" alt=\"LogoChaumetBis_SiteNBC\" \/><\/figure><\/div><div class=\"swiper-slide\" role=\"group\" aria-roledescription=\"slide\" aria-label=\"4 sur 10\"><figure class=\"swiper-slide-inner\"><img decoding=\"async\" class=\"swiper-slide-image\" src=\"https:\/\/myagencyinside.com\/maquettes\/gestion-retraite\/wp-content\/uploads\/2025\/03\/LogoFNAEM_SiteNBC.jpg\" alt=\"LogoFNAEM_SiteNBC\" \/><\/figure><\/div><div class=\"swiper-slide\" role=\"group\" aria-roledescription=\"slide\" aria-label=\"5 sur 10\"><figure class=\"swiper-slide-inner\"><img decoding=\"async\" class=\"swiper-slide-image\" src=\"https:\/\/myagencyinside.com\/maquettes\/gestion-retraite\/wp-content\/uploads\/2025\/03\/LogoImage7_siteNBC.jpg\" alt=\"LogoImage7_siteNBC\" \/><\/figure><\/div><div class=\"swiper-slide\" role=\"group\" aria-roledescription=\"slide\" aria-label=\"6 sur 10\"><figure class=\"swiper-slide-inner\"><img decoding=\"async\" class=\"swiper-slide-image\" src=\"https:\/\/myagencyinside.com\/maquettes\/gestion-retraite\/wp-content\/uploads\/2025\/03\/LogoBoulanger_SiteNBC.jpg\" alt=\"LogoBoulanger_SiteNBC\" \/><\/figure><\/div><div class=\"swiper-slide\" role=\"group\" aria-roledescription=\"slide\" aria-label=\"7 sur 10\"><figure class=\"swiper-slide-inner\"><img decoding=\"async\" class=\"swiper-slide-image\" src=\"https:\/\/myagencyinside.com\/maquettes\/gestion-retraite\/wp-content\/uploads\/2025\/03\/LogoRacine_SiteNBC.jpg\" alt=\"LogoRacine_SiteNBC\" \/><\/figure><\/div><div class=\"swiper-slide\" role=\"group\" aria-roledescription=\"slide\" aria-label=\"8 sur 10\"><figure class=\"swiper-slide-inner\"><img decoding=\"async\" class=\"swiper-slide-image\" src=\"https:\/\/myagencyinside.com\/maquettes\/gestion-retraite\/wp-content\/uploads\/2025\/03\/LogoSodebo_SiteNBC.jpg\" alt=\"LogoSodebo_SiteNBC\" \/><\/figure><\/div><div class=\"swiper-slide\" role=\"group\" aria-roledescription=\"slide\" aria-label=\"9 sur 10\"><figure class=\"swiper-slide-inner\"><img decoding=\"async\" class=\"swiper-slide-image\" src=\"https:\/\/myagencyinside.com\/maquettes\/gestion-retraite\/wp-content\/uploads\/2025\/03\/LogoSGRH_SiteNBC.jpg\" alt=\"LogoSGRH_SiteNBC\" \/><\/figure><\/div><div class=\"swiper-slide\" role=\"group\" aria-roledescription=\"slide\" aria-label=\"10 sur 10\"><figure class=\"swiper-slide-inner\"><img decoding=\"async\" class=\"swiper-slide-image\" src=\"https:\/\/myagencyinside.com\/maquettes\/gestion-retraite\/wp-content\/uploads\/2025\/03\/LogoFA7Bis_SiteNBC.jpg\" alt=\"LogoFA7Bis_SiteNBC\" \/><\/figure><\/div>\t\t\t<\/div>\n\t\t\t\t\t\t\t\n\t\t\t\t\t\t\t\t\t<\/div>\n\t\t\t\t\t\t<\/div>\n\t\t\t\t\t<\/div>\n\t\t<\/div>\n\t\t\t\t\t<\/div>\n\t\t<\/section>\n\t\t<div class=\"elementor-element elementor-element-7842112 e-flex e-con-boxed wpr-particle-no wpr-jarallax-no wpr-parallax-no wpr-sticky-section-no wpr-equal-height-no e-con e-parent\" data-id=\"7842112\" data-element_type=\"container\" data-e-type=\"container\" data-settings=\"{&quot;background_background&quot;:&quot;classic&quot;}\">\n\t\t\t\t\t<div class=\"e-con-inner\">\n\t\t\t\t<div class=\"elementor-element elementor-element-97cbf3d elementor-widget elementor-widget-text-editor\" data-id=\"97cbf3d\" data-element_type=\"widget\" data-e-type=\"widget\" data-widget_type=\"text-editor.default\">\n\t\t\t\t\t\t\t\t\t<p>\u2014\u00a0CE QU&rsquo;ILS DISENT<\/p>\t\t\t\t\t\t\t\t<\/div>\n\t\t\t\t<div class=\"elementor-element elementor-element-4e9de1e elementor-widget elementor-widget-text-editor\" data-id=\"4e9de1e\" data-element_type=\"widget\" data-e-type=\"widget\" data-widget_type=\"text-editor.default\">\n\t\t\t\t\t\t\t\t\t<p>T\u00e9moignages<\/p>\t\t\t\t\t\t\t\t<\/div>\n\t\t\t\t<div class=\"elementor-element elementor-element-19c240e elementor-widget elementor-widget-shortcode\" data-id=\"19c240e\" data-element_type=\"widget\" data-e-type=\"widget\" data-widget_type=\"shortcode.default\">\n\t\t\t\t\t\t\t<div class=\"elementor-shortcode\"><div data-src=\"https:\/\/cdn.trustindex.io\/loader.js?0d1fc5669f660999470659737fd\"><\/div><\/div>\n\t\t\t\t\t\t<\/div>\n\t\t\t\t\t<\/div>\n\t\t\t\t<\/div>\n\t\t<div class=\"elementor-element elementor-element-5b0256b e-flex e-con-boxed wpr-particle-no wpr-jarallax-no wpr-parallax-no wpr-sticky-section-no wpr-equal-height-no e-con e-parent\" data-id=\"5b0256b\" data-element_type=\"container\" data-e-type=\"container\" data-settings=\"{&quot;background_background&quot;:&quot;classic&quot;}\">\n\t\t\t\t\t<div class=\"e-con-inner\">\n\t\t<div class=\"elementor-element elementor-element-df69411 e-con-full e-flex wpr-particle-no wpr-jarallax-no wpr-parallax-no wpr-sticky-section-no wpr-equal-height-no e-con e-child\" data-id=\"df69411\" data-element_type=\"container\" data-e-type=\"container\">\n\t\t\t\t<div class=\"elementor-element elementor-element-d0fad56 elementor-widget elementor-widget-text-editor\" data-id=\"d0fad56\" data-element_type=\"widget\" data-e-type=\"widget\" data-widget_type=\"text-editor.default\">\n\t\t\t\t\t\t\t\t\t<p style=\"text-align: left;\">\u2014\u00a0\u2696 Loi du 24 octobre 2025<\/p>\t\t\t\t\t\t\t\t<\/div>\n\t\t\t\t<div class=\"elementor-element elementor-element-cf68d63 elementor-widget elementor-widget-text-editor\" data-id=\"cf68d63\" data-element_type=\"widget\" data-e-type=\"widget\" data-widget_type=\"text-editor.default\">\n\t\t\t\t\t\t\t\t\t<p>Entreprises de +300 salari\u00e9s : vous avez de nouvelles obligations.<\/p>\t\t\t\t\t\t\t\t<\/div>\n\t\t\t\t<div class=\"elementor-element elementor-element-db85558 elementor-widget elementor-widget-text-editor\" data-id=\"db85558\" data-element_type=\"widget\" data-e-type=\"widget\" data-widget_type=\"text-editor.default\">\n\t\t\t\t\t\t\t\t\t<p>Entretiens de fin de carri\u00e8re, dispositifs d&rsquo;am\u00e9nagement \u2014 NB Consulting est votre partenaire externalis\u00e9, cl\u00e9 en main.<\/p>\t\t\t\t\t\t\t\t<\/div>\n\t\t\t\t<\/div>\n\t\t<div class=\"elementor-element elementor-element-df24e43 e-con-full e-flex wpr-particle-no wpr-jarallax-no wpr-parallax-no wpr-sticky-section-no wpr-equal-height-no e-con e-child\" data-id=\"df24e43\" data-element_type=\"container\" data-e-type=\"container\">\n\t\t\t\t<div class=\"elementor-element elementor-element-222d50e elementor-align-right elementor-mobile-align-center elementor-widget elementor-widget-button\" data-id=\"222d50e\" data-element_type=\"widget\" data-e-type=\"widget\" data-widget_type=\"button.default\">\n\t\t\t\t\t\t\t\t\t\t<a class=\"elementor-button elementor-button-link elementor-size-sm\" href=\"#\">\n\t\t\t\t\t\t<span class=\"elementor-button-content-wrapper\">\n\t\t\t\t\t\t\t\t\t<span class=\"elementor-button-text\">EN SAVOIR PLUS \u2192<\/span>\n\t\t\t\t\t<\/span>\n\t\t\t\t\t<\/a>\n\t\t\t\t\t\t\t\t<\/div>\n\t\t\t\t<\/div>\n\t\t\t\t\t<\/div>\n\t\t\t\t<\/div>\n\t\t<div class=\"elementor-element elementor-element-6f4c25f e-flex e-con-boxed wpr-particle-no wpr-jarallax-no wpr-parallax-no wpr-sticky-section-no wpr-equal-height-no e-con e-parent\" data-id=\"6f4c25f\" data-element_type=\"container\" data-e-type=\"container\" data-settings=\"{&quot;background_background&quot;:&quot;classic&quot;}\">\n\t\t\t\t\t<div class=\"e-con-inner\">\n\t\t\t\t<div class=\"elementor-element elementor-element-b7f14a4 elementor-widget elementor-widget-text-editor\" data-id=\"b7f14a4\" data-element_type=\"widget\" data-e-type=\"widget\" data-widget_type=\"text-editor.default\">\n\t\t\t\t\t\t\t\t\t<p>\u2014\u00a0L&rsquo;actualit\u00e9 retraite<\/p>\t\t\t\t\t\t\t\t<\/div>\n\t\t\t\t<div class=\"elementor-element elementor-element-0a6cc17 elementor-widget elementor-widget-text-editor\" data-id=\"0a6cc17\" data-element_type=\"widget\" data-e-type=\"widget\" data-widget_type=\"text-editor.default\">\n\t\t\t\t\t\t\t\t\t<p>Actualit\u00e9s<\/p>\t\t\t\t\t\t\t\t<\/div>\n\t\t\t\t<div class=\"elementor-element elementor-element-5b506f5 wpr-grid-slider-columns-3 wpr-grid-slider-columns--laptop3 wpr-grid-slider-columns--tablet2 wpr-grid-slider-columns--mobile1 wpr-grid-slider-dots-horizontal wpr-item-styles-inner wpr-grid-slider-nav-position-custom elementor-widget elementor-widget-wpr-grid\" data-id=\"5b506f5\" data-element_type=\"widget\" data-e-type=\"widget\" data-settings=\"{&quot;layout_slider_amount&quot;:3,&quot;layout_slider_amount_laptop&quot;:3,&quot;layout_slider_amount_tablet&quot;:2,&quot;layout_slider_amount_mobile&quot;:1,&quot;layout_slides_to_scroll&quot;:1,&quot;layout_slider_autoplay&quot;:&quot;yes&quot;,&quot;layout_slider_autoplay_duration&quot;:5,&quot;layout_slider_loop&quot;:&quot;yes&quot;}\" data-widget_type=\"wpr-grid.default\">\n\t\t\t\t\t<section class=\"wpr-grid elementor-clearfix\" dir=\"ltr\" data-slick=\"{&quot;rtl&quot;:false,&quot;infinite&quot;:true,&quot;speed&quot;:700,&quot;arrows&quot;:true,&quot;dots&quot;:true,&quot;autoplay&quot;:true,&quot;autoplaySpeed&quot;:5000,&quot;pauseOnHover&quot;:&quot;yes&quot;,&quot;prevArrow&quot;:&quot;#wpr-grid-slider-prev-5b506f5&quot;,&quot;nextArrow&quot;:&quot;#wpr-grid-slider-next-5b506f5&quot;,&quot;sliderSlidesToScroll&quot;:1,&quot;lightbox&quot;:{&quot;selector&quot;:&quot;article:not(.slick-cloned) .wpr-grid-image-wrap&quot;,&quot;iframeMaxWidth&quot;:&quot;60%&quot;,&quot;hash&quot;:false,&quot;autoplay&quot;:&quot;true&quot;,&quot;pause&quot;:5000,&quot;progressBar&quot;:&quot;true&quot;,&quot;counter&quot;:&quot;true&quot;,&quot;controls&quot;:&quot;true&quot;,&quot;getCaptionFromTitleOrAlt&quot;:&quot;true&quot;,&quot;thumbnail&quot;:&quot;true&quot;,&quot;showThumbByDefault&quot;:&quot;true&quot;,&quot;share&quot;:&quot;true&quot;,&quot;zoom&quot;:&quot;true&quot;,&quot;fullScreen&quot;:&quot;true&quot;,&quot;download&quot;:&quot;true&quot;}}\"><article class=\"wpr-grid-item elementor-clearfix post-6688 post type-post status-publish format-standard has-post-thumbnail hentry category-podcast-bon-vent tag-assurance-chomage tag-cotisations tag-retraite tag-senior\"><div class=\"wpr-grid-item-inner\"><div class=\"wpr-grid-media-wrap wpr-effect-size-medium \" data-overlay-link=\"yes\"><div class=\"wpr-grid-image-wrap\" data-src=\"https:\/\/myagencyinside.com\/maquettes\/gestion-retraite\/wp-content\/uploads\/2026\/04\/Didier-Quilain-.png\" data-img-on-hover=\"\"  data-src-secondary=\"\"><img decoding=\"async\" data-no-lazy=\"1\" src=\"https:\/\/myagencyinside.com\/maquettes\/gestion-retraite\/wp-content\/uploads\/2026\/04\/Didier-Quilain-.png\" alt=\"\u00c9change avec Didier Quilain\" class=\"wpr-anim-timing-ease-default\"><\/div><div class=\"wpr-grid-media-hover wpr-animation-wrap\"><div class=\"wpr-grid-media-hover-bg  wpr-overlay-fade-in wpr-anim-size-large wpr-anim-timing-ease-default wpr-anim-transparency\" data-url=\"https:\/\/myagencyinside.com\/maquettes\/gestion-retraite\/2026\/04\/21\/echange-avec-didier-quilain\/\"><\/div><\/div><\/div><div class=\"wpr-grid-item-below-content elementor-clearfix\"><h2 class=\"wpr-grid-item-title elementor-repeater-item-2f5f1ac wpr-grid-item-display-block wpr-grid-item-align-left wpr-pointer-none wpr-pointer-line-fx wpr-pointer-fx-slide\"><div class=\"inner-block\"><a target=\"_self\"  href=\"https:\/\/myagencyinside.com\/maquettes\/gestion-retraite\/2026\/04\/21\/echange-avec-didier-quilain\/\">\u00c9change avec Didier Quilain<\/a><\/div><\/h2><div class=\"wpr-grid-item-date elementor-repeater-item-f1651c4 wpr-grid-item-display-inline wpr-grid-item-align-left\"><div class=\"inner-block\"><span>21 avril 2026<span class=\"wpr-grid-extra-text-right\"><\/span><\/span><\/div><\/div><div class=\"wpr-grid-item-excerpt elementor-repeater-item-40e73b7 wpr-grid-item-display-block wpr-grid-item-align-left\"><div class=\"inner-block\"><p>Pour l\u2019\u00e9pisode pilote de BON VENT, Nathalie Badaire a interview\u00e9 Didier Quilain, un ancien client f\u00e9ru de photographie. Apr\u00e8s une...<\/p><\/div><\/div><div class=\"wpr-grid-item-read-more elementor-repeater-item-eae30e0 wpr-grid-item-display-block wpr-grid-item-align-left\"><div class=\"inner-block\"><a target=\"_self\" href=\"https:\/\/myagencyinside.com\/maquettes\/gestion-retraite\/2026\/04\/21\/echange-avec-didier-quilain\/\" class=\"wpr-button-effect wpr-button-none\"><span>Lire la suite<\/span><\/a><\/div><\/div><\/div><\/div><\/article><article class=\"wpr-grid-item elementor-clearfix post-6678 post type-post status-publish format-standard has-post-thumbnail hentry category-podcast-bon-vent tag-assurance-chomage tag-cotisations tag-retraite tag-senior\"><div class=\"wpr-grid-item-inner\"><div class=\"wpr-grid-media-wrap wpr-effect-size-medium \" data-overlay-link=\"yes\"><div class=\"wpr-grid-image-wrap\" data-src=\"https:\/\/myagencyinside.com\/maquettes\/gestion-retraite\/wp-content\/uploads\/2026\/04\/Olivier-Legan-.png\" data-img-on-hover=\"\"  data-src-secondary=\"\"><img decoding=\"async\" data-no-lazy=\"1\" src=\"https:\/\/myagencyinside.com\/maquettes\/gestion-retraite\/wp-content\/uploads\/2026\/04\/Olivier-Legan-.png\" alt=\"\u00c9change avec Olivier Legan\" class=\"wpr-anim-timing-ease-default\"><\/div><div class=\"wpr-grid-media-hover wpr-animation-wrap\"><div class=\"wpr-grid-media-hover-bg  wpr-overlay-fade-in wpr-anim-size-large wpr-anim-timing-ease-default wpr-anim-transparency\" data-url=\"https:\/\/myagencyinside.com\/maquettes\/gestion-retraite\/2026\/03\/21\/echange-avec-olivier-legan\/\"><\/div><\/div><\/div><div class=\"wpr-grid-item-below-content elementor-clearfix\"><h2 class=\"wpr-grid-item-title elementor-repeater-item-2f5f1ac wpr-grid-item-display-block wpr-grid-item-align-left wpr-pointer-none wpr-pointer-line-fx wpr-pointer-fx-slide\"><div class=\"inner-block\"><a target=\"_self\"  href=\"https:\/\/myagencyinside.com\/maquettes\/gestion-retraite\/2026\/03\/21\/echange-avec-olivier-legan\/\">\u00c9change avec Olivier Legan<\/a><\/div><\/h2><div class=\"wpr-grid-item-date elementor-repeater-item-f1651c4 wpr-grid-item-display-inline wpr-grid-item-align-left\"><div class=\"inner-block\"><span>21 mars 2026<span class=\"wpr-grid-extra-text-right\"><\/span><\/span><\/div><\/div><div class=\"wpr-grid-item-excerpt elementor-repeater-item-40e73b7 wpr-grid-item-display-block wpr-grid-item-align-left\"><div class=\"inner-block\"><p>\u00c0 62 ans, Olivier Legan s\u2019appr\u00eate \u00e0 partir \u00e0 la retraite. Et cette nouvelle le ravit. Pour ce r\u00e9alisateur et...<\/p><\/div><\/div><div class=\"wpr-grid-item-read-more elementor-repeater-item-eae30e0 wpr-grid-item-display-block wpr-grid-item-align-left\"><div class=\"inner-block\"><a target=\"_self\" href=\"https:\/\/myagencyinside.com\/maquettes\/gestion-retraite\/2026\/03\/21\/echange-avec-olivier-legan\/\" class=\"wpr-button-effect wpr-button-none\"><span>Lire la suite<\/span><\/a><\/div><\/div><\/div><\/div><\/article><article class=\"wpr-grid-item elementor-clearfix post-6671 post type-post status-publish format-standard has-post-thumbnail hentry category-podcast-bon-vent tag-assurance-chomage tag-cotisations tag-retraite tag-senior\"><div class=\"wpr-grid-item-inner\"><div class=\"wpr-grid-media-wrap wpr-effect-size-medium \" data-overlay-link=\"yes\"><div class=\"wpr-grid-image-wrap\" data-src=\"https:\/\/myagencyinside.com\/maquettes\/gestion-retraite\/wp-content\/uploads\/2026\/04\/Patrick-Recroix-.png\" data-img-on-hover=\"\"  data-src-secondary=\"\"><img decoding=\"async\" data-no-lazy=\"1\" src=\"https:\/\/myagencyinside.com\/maquettes\/gestion-retraite\/wp-content\/uploads\/2026\/04\/Patrick-Recroix-.png\" alt=\"\u00c9change avec Patrick Recroix\" class=\"wpr-anim-timing-ease-default\"><\/div><div class=\"wpr-grid-media-hover wpr-animation-wrap\"><div class=\"wpr-grid-media-hover-bg  wpr-overlay-fade-in wpr-anim-size-large wpr-anim-timing-ease-default wpr-anim-transparency\" data-url=\"https:\/\/myagencyinside.com\/maquettes\/gestion-retraite\/2026\/02\/21\/echange-avec-patrick-recroix\/\"><\/div><\/div><\/div><div class=\"wpr-grid-item-below-content elementor-clearfix\"><h2 class=\"wpr-grid-item-title elementor-repeater-item-2f5f1ac wpr-grid-item-display-block wpr-grid-item-align-left wpr-pointer-none wpr-pointer-line-fx wpr-pointer-fx-slide\"><div class=\"inner-block\"><a target=\"_self\"  href=\"https:\/\/myagencyinside.com\/maquettes\/gestion-retraite\/2026\/02\/21\/echange-avec-patrick-recroix\/\">\u00c9change avec Patrick Recroix<\/a><\/div><\/h2><div class=\"wpr-grid-item-date elementor-repeater-item-f1651c4 wpr-grid-item-display-inline wpr-grid-item-align-left\"><div class=\"inner-block\"><span>21 f\u00e9vrier 2026<span class=\"wpr-grid-extra-text-right\"><\/span><\/span><\/div><\/div><div class=\"wpr-grid-item-excerpt elementor-repeater-item-40e73b7 wpr-grid-item-display-block wpr-grid-item-align-left\"><div class=\"inner-block\"><p>Ancien DGA France de la filiale Signature de Vinci, Patrick Recroix est un retrait\u00e9 actif qui conjugue exp\u00e9rience, plaisir et...<\/p><\/div><\/div><div class=\"wpr-grid-item-read-more elementor-repeater-item-eae30e0 wpr-grid-item-display-block wpr-grid-item-align-left\"><div class=\"inner-block\"><a target=\"_self\" href=\"https:\/\/myagencyinside.com\/maquettes\/gestion-retraite\/2026\/02\/21\/echange-avec-patrick-recroix\/\" class=\"wpr-button-effect wpr-button-none\"><span>Lire la suite<\/span><\/a><\/div><\/div><\/div><\/div><\/article><article class=\"wpr-grid-item elementor-clearfix post-6613 post type-post status-publish format-standard has-post-thumbnail hentry category-podcast-bon-vent tag-assurance-chomage tag-cotisations tag-retraite tag-senior\"><div class=\"wpr-grid-item-inner\"><div class=\"wpr-grid-media-wrap wpr-effect-size-medium \" data-overlay-link=\"yes\"><div class=\"wpr-grid-image-wrap\" data-src=\"https:\/\/myagencyinside.com\/maquettes\/gestion-retraite\/wp-content\/uploads\/2026\/04\/Jean-Loup-Chiflet.jpg\" data-img-on-hover=\"\"  data-src-secondary=\"\"><img decoding=\"async\" data-no-lazy=\"1\" src=\"https:\/\/myagencyinside.com\/maquettes\/gestion-retraite\/wp-content\/uploads\/2026\/04\/Jean-Loup-Chiflet.jpg\" alt=\"\u00c9change avec Jean-Loup Chiflet\" class=\"wpr-anim-timing-ease-default\"><\/div><div class=\"wpr-grid-media-hover wpr-animation-wrap\"><div class=\"wpr-grid-media-hover-bg  wpr-overlay-fade-in wpr-anim-size-large wpr-anim-timing-ease-default wpr-anim-transparency\" data-url=\"https:\/\/myagencyinside.com\/maquettes\/gestion-retraite\/2026\/01\/21\/echange-avec-jean-loup-chiflet\/\"><\/div><\/div><\/div><div class=\"wpr-grid-item-below-content elementor-clearfix\"><h2 class=\"wpr-grid-item-title elementor-repeater-item-2f5f1ac wpr-grid-item-display-block wpr-grid-item-align-left wpr-pointer-none wpr-pointer-line-fx wpr-pointer-fx-slide\"><div class=\"inner-block\"><a target=\"_self\"  href=\"https:\/\/myagencyinside.com\/maquettes\/gestion-retraite\/2026\/01\/21\/echange-avec-jean-loup-chiflet\/\">\u00c9change avec Jean-Loup Chiflet<\/a><\/div><\/h2><div class=\"wpr-grid-item-date elementor-repeater-item-f1651c4 wpr-grid-item-display-inline wpr-grid-item-align-left\"><div class=\"inner-block\"><span>21 janvier 2026<span class=\"wpr-grid-extra-text-right\"><\/span><\/span><\/div><\/div><div class=\"wpr-grid-item-excerpt elementor-repeater-item-40e73b7 wpr-grid-item-display-block wpr-grid-item-align-left\"><div class=\"inner-block\"><p>\u00c0 82 ans, Jean-Loup Chiflet dit n\u2019avoir jamais autant travaill\u00e9. Apr\u00e8s une carri\u00e8re dans le milieu de l\u2019\u00e9dition, du packaging...<\/p><\/div><\/div><div class=\"wpr-grid-item-read-more elementor-repeater-item-eae30e0 wpr-grid-item-display-block wpr-grid-item-align-left\"><div class=\"inner-block\"><a target=\"_self\" href=\"https:\/\/myagencyinside.com\/maquettes\/gestion-retraite\/2026\/01\/21\/echange-avec-jean-loup-chiflet\/\" class=\"wpr-button-effect wpr-button-none\"><span>Lire la suite<\/span><\/a><\/div><\/div><\/div><\/div><\/article><article class=\"wpr-grid-item elementor-clearfix post-6623 post type-post status-publish format-standard has-post-thumbnail hentry category-infographies-retraite tag-assurance-chomage tag-cotisations tag-retraite tag-senior\"><div class=\"wpr-grid-item-inner\"><div class=\"wpr-grid-media-wrap wpr-effect-size-medium \" data-overlay-link=\"yes\"><div class=\"wpr-grid-image-wrap\" data-src=\"https:\/\/myagencyinside.com\/maquettes\/gestion-retraite\/wp-content\/uploads\/2026\/04\/Retraite-anticipee-On-vous-dit-tout-.png\" data-img-on-hover=\"\"  data-src-secondary=\"\"><img decoding=\"async\" data-no-lazy=\"1\" src=\"https:\/\/myagencyinside.com\/maquettes\/gestion-retraite\/wp-content\/uploads\/2026\/04\/Retraite-anticipee-On-vous-dit-tout-.png\" alt=\"Retraite anticip\u00e9e ? On vous dit tout !\" class=\"wpr-anim-timing-ease-default\"><\/div><div class=\"wpr-grid-media-hover wpr-animation-wrap\"><div class=\"wpr-grid-media-hover-bg  wpr-overlay-fade-in wpr-anim-size-large wpr-anim-timing-ease-default wpr-anim-transparency\" data-url=\"https:\/\/myagencyinside.com\/maquettes\/gestion-retraite\/2026\/01\/21\/retraite-anticipee-on-vous-dit-tout\/\"><\/div><\/div><\/div><div class=\"wpr-grid-item-below-content elementor-clearfix\"><h2 class=\"wpr-grid-item-title elementor-repeater-item-2f5f1ac wpr-grid-item-display-block wpr-grid-item-align-left wpr-pointer-none wpr-pointer-line-fx wpr-pointer-fx-slide\"><div class=\"inner-block\"><a target=\"_self\"  href=\"https:\/\/myagencyinside.com\/maquettes\/gestion-retraite\/2026\/01\/21\/retraite-anticipee-on-vous-dit-tout\/\">Retraite anticip\u00e9e ? On vous dit tout !<\/a><\/div><\/h2><div class=\"wpr-grid-item-date elementor-repeater-item-f1651c4 wpr-grid-item-display-inline wpr-grid-item-align-left\"><div class=\"inner-block\"><span>21 janvier 2026<span class=\"wpr-grid-extra-text-right\"><\/span><\/span><\/div><\/div><div class=\"wpr-grid-item-read-more elementor-repeater-item-eae30e0 wpr-grid-item-display-block wpr-grid-item-align-left\"><div class=\"inner-block\"><a target=\"_self\" href=\"https:\/\/myagencyinside.com\/maquettes\/gestion-retraite\/2026\/01\/21\/retraite-anticipee-on-vous-dit-tout\/\" class=\"wpr-button-effect wpr-button-none\"><span>Lire la suite<\/span><\/a><\/div><\/div><\/div><\/div><\/article><article class=\"wpr-grid-item elementor-clearfix post-6695 post type-post status-publish format-standard has-post-thumbnail hentry category-podcast-bon-vent tag-assurance-chomage tag-cotisations tag-retraite tag-senior\"><div class=\"wpr-grid-item-inner\"><div class=\"wpr-grid-media-wrap wpr-effect-size-medium \" data-overlay-link=\"yes\"><div class=\"wpr-grid-image-wrap\" data-src=\"https:\/\/myagencyinside.com\/maquettes\/gestion-retraite\/wp-content\/uploads\/2026\/04\/Eric-Petremann-.png\" data-img-on-hover=\"\"  data-src-secondary=\"\"><img decoding=\"async\" data-no-lazy=\"1\" src=\"https:\/\/myagencyinside.com\/maquettes\/gestion-retraite\/wp-content\/uploads\/2026\/04\/Eric-Petremann-.png\" alt=\"\u00c9change avec \u00c9ric Petremann\" class=\"wpr-anim-timing-ease-default\"><\/div><div class=\"wpr-grid-media-hover wpr-animation-wrap\"><div class=\"wpr-grid-media-hover-bg  wpr-overlay-fade-in wpr-anim-size-large wpr-anim-timing-ease-default wpr-anim-transparency\" data-url=\"https:\/\/myagencyinside.com\/maquettes\/gestion-retraite\/2025\/12\/21\/echange-avec-eric-petremann\/\"><\/div><\/div><\/div><div class=\"wpr-grid-item-below-content elementor-clearfix\"><h2 class=\"wpr-grid-item-title elementor-repeater-item-2f5f1ac wpr-grid-item-display-block wpr-grid-item-align-left wpr-pointer-none wpr-pointer-line-fx wpr-pointer-fx-slide\"><div class=\"inner-block\"><a target=\"_self\"  href=\"https:\/\/myagencyinside.com\/maquettes\/gestion-retraite\/2025\/12\/21\/echange-avec-eric-petremann\/\">\u00c9change avec \u00c9ric Petremann<\/a><\/div><\/h2><div class=\"wpr-grid-item-date elementor-repeater-item-f1651c4 wpr-grid-item-display-inline wpr-grid-item-align-left\"><div class=\"inner-block\"><span>21 d\u00e9cembre 2025<span class=\"wpr-grid-extra-text-right\"><\/span><\/span><\/div><\/div><div class=\"wpr-grid-item-excerpt elementor-repeater-item-40e73b7 wpr-grid-item-display-block wpr-grid-item-align-left\"><div class=\"inner-block\"><p>Pour le deuxi\u00e8me \u00e9pisode de BON VENT, NB Consulting a le plaisir de donner la parole \u00e0 \u00c9ric Petremann (Darpan),...<\/p><\/div><\/div><div class=\"wpr-grid-item-read-more elementor-repeater-item-eae30e0 wpr-grid-item-display-block wpr-grid-item-align-left\"><div class=\"inner-block\"><a target=\"_self\" href=\"https:\/\/myagencyinside.com\/maquettes\/gestion-retraite\/2025\/12\/21\/echange-avec-eric-petremann\/\" class=\"wpr-button-effect wpr-button-none\"><span>Lire la suite<\/span><\/a><\/div><\/div><\/div><\/div><\/article><article class=\"wpr-grid-item elementor-clearfix post-6628 post type-post status-publish format-standard has-post-thumbnail hentry category-infographies-retraite tag-assurance-chomage tag-cotisations tag-retraite tag-senior\"><div class=\"wpr-grid-item-inner\"><div class=\"wpr-grid-media-wrap wpr-effect-size-medium \" data-overlay-link=\"yes\"><div class=\"wpr-grid-image-wrap\" data-src=\"https:\/\/myagencyinside.com\/maquettes\/gestion-retraite\/wp-content\/uploads\/2026\/04\/Suis-je-concernee-par-la-clause-de-sauvegarde-.png\" data-img-on-hover=\"\"  data-src-secondary=\"\"><img decoding=\"async\" data-no-lazy=\"1\" src=\"https:\/\/myagencyinside.com\/maquettes\/gestion-retraite\/wp-content\/uploads\/2026\/04\/Suis-je-concernee-par-la-clause-de-sauvegarde-.png\" alt=\"Suis-je concern\u00e9(e) par la clause de sauvegarde ?\" class=\"wpr-anim-timing-ease-default\"><\/div><div class=\"wpr-grid-media-hover wpr-animation-wrap\"><div class=\"wpr-grid-media-hover-bg  wpr-overlay-fade-in wpr-anim-size-large wpr-anim-timing-ease-default wpr-anim-transparency\" data-url=\"https:\/\/myagencyinside.com\/maquettes\/gestion-retraite\/2025\/12\/21\/suis-je-concernee-par-la-clause-de-sauvegarde\/\"><\/div><\/div><\/div><div class=\"wpr-grid-item-below-content elementor-clearfix\"><h2 class=\"wpr-grid-item-title elementor-repeater-item-2f5f1ac wpr-grid-item-display-block wpr-grid-item-align-left wpr-pointer-none wpr-pointer-line-fx wpr-pointer-fx-slide\"><div class=\"inner-block\"><a target=\"_self\"  href=\"https:\/\/myagencyinside.com\/maquettes\/gestion-retraite\/2025\/12\/21\/suis-je-concernee-par-la-clause-de-sauvegarde\/\">Suis-je concern\u00e9(e) par la clause de sauvegarde ?<\/a><\/div><\/h2><div class=\"wpr-grid-item-date elementor-repeater-item-f1651c4 wpr-grid-item-display-inline wpr-grid-item-align-left\"><div class=\"inner-block\"><span>21 d\u00e9cembre 2025<span class=\"wpr-grid-extra-text-right\"><\/span><\/span><\/div><\/div><div class=\"wpr-grid-item-read-more elementor-repeater-item-eae30e0 wpr-grid-item-display-block wpr-grid-item-align-left\"><div class=\"inner-block\"><a target=\"_self\" href=\"https:\/\/myagencyinside.com\/maquettes\/gestion-retraite\/2025\/12\/21\/suis-je-concernee-par-la-clause-de-sauvegarde\/\" class=\"wpr-button-effect wpr-button-none\"><span>Lire la suite<\/span><\/a><\/div><\/div><\/div><\/div><\/article><article class=\"wpr-grid-item elementor-clearfix post-6594 post type-post status-publish format-standard has-post-thumbnail hentry category-infographies-retraite tag-assurance-chomage tag-cotisations tag-retraite tag-senior\"><div class=\"wpr-grid-item-inner\"><div class=\"wpr-grid-media-wrap wpr-effect-size-medium \" data-overlay-link=\"yes\"><div class=\"wpr-grid-image-wrap\" data-src=\"https:\/\/myagencyinside.com\/maquettes\/gestion-retraite\/wp-content\/uploads\/2026\/04\/Je-comprends-mieux-ma-retraite.png\" data-img-on-hover=\"\"  data-src-secondary=\"\"><img decoding=\"async\" data-no-lazy=\"1\" src=\"https:\/\/myagencyinside.com\/maquettes\/gestion-retraite\/wp-content\/uploads\/2026\/04\/Je-comprends-mieux-ma-retraite.png\" alt=\"J&rsquo;\u00e9vite les erreurs dans le calcul de mes droits\" class=\"wpr-anim-timing-ease-default\"><\/div><div class=\"wpr-grid-media-hover wpr-animation-wrap\"><div class=\"wpr-grid-media-hover-bg  wpr-overlay-fade-in wpr-anim-size-large wpr-anim-timing-ease-default wpr-anim-transparency\" data-url=\"https:\/\/myagencyinside.com\/maquettes\/gestion-retraite\/2025\/11\/21\/jevite-les-erreurs-dans-le-calcul-de-mes-droits\/\"><\/div><\/div><\/div><div class=\"wpr-grid-item-below-content elementor-clearfix\"><h2 class=\"wpr-grid-item-title elementor-repeater-item-2f5f1ac wpr-grid-item-display-block wpr-grid-item-align-left wpr-pointer-none wpr-pointer-line-fx wpr-pointer-fx-slide\"><div class=\"inner-block\"><a target=\"_self\"  href=\"https:\/\/myagencyinside.com\/maquettes\/gestion-retraite\/2025\/11\/21\/jevite-les-erreurs-dans-le-calcul-de-mes-droits\/\">J&rsquo;\u00e9vite les erreurs dans le calcul de mes droits<\/a><\/div><\/h2><div class=\"wpr-grid-item-date elementor-repeater-item-f1651c4 wpr-grid-item-display-inline wpr-grid-item-align-left\"><div class=\"inner-block\"><span>21 novembre 2025<span class=\"wpr-grid-extra-text-right\"><\/span><\/span><\/div><\/div><div class=\"wpr-grid-item-read-more elementor-repeater-item-eae30e0 wpr-grid-item-display-block wpr-grid-item-align-left\"><div class=\"inner-block\"><a target=\"_self\" href=\"https:\/\/myagencyinside.com\/maquettes\/gestion-retraite\/2025\/11\/21\/jevite-les-erreurs-dans-le-calcul-de-mes-droits\/\" class=\"wpr-button-effect wpr-button-none\"><span>Lire la suite<\/span><\/a><\/div><\/div><\/div><\/div><\/article><article class=\"wpr-grid-item elementor-clearfix post-3221 post type-post status-publish format-standard has-post-thumbnail hentry category-nos-actus tag-assurance-chomage tag-cotisations tag-retraite tag-senior\"><div class=\"wpr-grid-item-inner\"><div class=\"wpr-grid-media-wrap wpr-effect-size-medium \" data-overlay-link=\"yes\"><div class=\"wpr-grid-image-wrap\" data-src=\"https:\/\/myagencyinside.com\/maquettes\/gestion-retraite\/wp-content\/uploads\/2025\/04\/IMGArticle_AssuranceChomage_SiteNBC.jpg\" data-img-on-hover=\"\"  data-src-secondary=\"\"><img decoding=\"async\" data-no-lazy=\"1\" src=\"https:\/\/myagencyinside.com\/maquettes\/gestion-retraite\/wp-content\/uploads\/2025\/04\/IMGArticle_AssuranceChomage_SiteNBC.jpg\" alt=\"Ch\u00f4mage des seniors de plus de 55 ans\" class=\"wpr-anim-timing-ease-default\"><\/div><div class=\"wpr-grid-media-hover wpr-animation-wrap\"><div class=\"wpr-grid-media-hover-bg  wpr-overlay-fade-in wpr-anim-size-large wpr-anim-timing-ease-default wpr-anim-transparency\" data-url=\"https:\/\/myagencyinside.com\/maquettes\/gestion-retraite\/2025\/04\/09\/chomage-des-seniors-de-plus-de-55-ans\/\"><\/div><\/div><\/div><div class=\"wpr-grid-item-below-content elementor-clearfix\"><h2 class=\"wpr-grid-item-title elementor-repeater-item-2f5f1ac wpr-grid-item-display-block wpr-grid-item-align-left wpr-pointer-none wpr-pointer-line-fx wpr-pointer-fx-slide\"><div class=\"inner-block\"><a target=\"_self\"  href=\"https:\/\/myagencyinside.com\/maquettes\/gestion-retraite\/2025\/04\/09\/chomage-des-seniors-de-plus-de-55-ans\/\">Ch\u00f4mage des seniors de plus de 55 ans<\/a><\/div><\/h2><div class=\"wpr-grid-item-date elementor-repeater-item-f1651c4 wpr-grid-item-display-inline wpr-grid-item-align-left\"><div class=\"inner-block\"><span>9 avril 2025<span class=\"wpr-grid-extra-text-right\"><\/span><\/span><\/div><\/div><div class=\"wpr-grid-item-excerpt elementor-repeater-item-40e73b7 wpr-grid-item-display-block wpr-grid-item-align-left\"><div class=\"inner-block\"><p>Entr\u00e9e en vigueur le 1er avril 2025, la nouvelle convention d&rsquo;assurance ch\u00f4mage aligne ses r\u00e8gles d&rsquo;indemnisation sur le recul de...<\/p><\/div><\/div><div class=\"wpr-grid-item-read-more elementor-repeater-item-eae30e0 wpr-grid-item-display-block wpr-grid-item-align-left\"><div class=\"inner-block\"><a target=\"_self\" href=\"https:\/\/myagencyinside.com\/maquettes\/gestion-retraite\/2025\/04\/09\/chomage-des-seniors-de-plus-de-55-ans\/\" class=\"wpr-button-effect wpr-button-none\"><span>Lire la suite<\/span><\/a><\/div><\/div><\/div><\/div><\/article><\/section><div class=\"wpr-grid-slider-arrow-container\"><div class=\"wpr-grid-slider-prev-arrow wpr-grid-slider-arrow\" id=\"wpr-grid-slider-prev-5b506f5\"><svg version=\"1.1\" xmlns=\"http:\/\/www.w3.org\/2000\/svg\" xmlns:xlink=\"http:\/\/www.w3.org\/1999\/xlink\" x=\"0px\" y=\"0px\" viewBox=\"0 0 283.4 512\" style=\"enable-background:new 0 0 283.4 512;\" xml:space=\"preserve\"><g><polygon class=\"st0\" points=\"54.5,256.3 283.4,485.1 256.1,512.5 0,256.3 0,256.3 27.2,229 256.1,0 283.4,27.4 \"\/><\/g><\/svg><\/div><div class=\"wpr-grid-slider-next-arrow wpr-grid-slider-arrow\" id=\"wpr-grid-slider-next-5b506f5\"><svg version=\"1.1\" xmlns=\"http:\/\/www.w3.org\/2000\/svg\" xmlns:xlink=\"http:\/\/www.w3.org\/1999\/xlink\" x=\"0px\" y=\"0px\" viewBox=\"0 0 283.4 512\" style=\"enable-background:new 0 0 283.4 512;\" xml:space=\"preserve\"><g><polygon class=\"st0\" points=\"54.5,256.3 283.4,485.1 256.1,512.5 0,256.3 0,256.3 27.2,229 256.1,0 283.4,27.4 \"\/><\/g><\/svg><\/div><\/div><div class=\"wpr-grid-slider-dots\"><\/div>\t\t\t\t<\/div>\n\t\t\t\t\t<\/div>\n\t\t\t\t<\/div>\n\t\t\t\t<\/div>\n\t\t","protected":false},"excerpt":{"rendered":"<p>\u2014\u00a0Conseil retraite ind\u00e9pendant \u00b7 depuis 2004 Vous avez construit toute votre vie. Et maintenant ? 25 ans d&rsquo;expertise \u00b7 3 000 parcoursParis \u00b7 France enti\u00e8re JE SUIS PARTICULIER \u2192 Je repr\u00e9sente une entreprise \u2192 Notre diff\u00e9rence Tout le monde peut vous dire quand et combien. Nous, on commence par pourquoi. \u2014\u00a0Pour les particuliers Votre retraite Votre projet. De l&rsquo;audit de votre relev\u00e9 \u00e0 la construction de votre projet de vie \u2014 nous sc\u00e9narisons avec vous, en fonction de qui vous \u00eates et de ce que vous voulez vraiment. CADRE \u2192 DIRIGEANT \u2192 EXPATRI\u00c9 \u2192 \u2014\u00a0Pour les entreprises Votre RH font leur m\u00e9tier. Nous faisons le n\u00f4tre. Loi du 24 octobre 2025, dispositifs d&rsquo;am\u00e9nagement, entretiens de fin de carri\u00e8re \u2014 nous externalisons et pilotons l&rsquo;int\u00e9gralit\u00e9 de votre dispositif retraite. PME \u2192 +300 SALARI\u00c9S \u2192 de pensions mal attribu\u00e9\u00b7e\u00b7s 0 % d&rsquo;expertise retraite 0 ans de salari\u00e9\u00b7e\u00b7s mal inform\u00e9\u00b7e\u00b7s 0 % de salari\u00e9\u00b7e\u00b7s attendent une aide de leur entreprise pour optimiser leur retraite 0 % \u2014\u00a0Ce qui nous anime Nous avons \u00e9t\u00e9 les t\u00e9moins de3 000 parcours de vie. Celui qui voulait traverser l&rsquo;Atlantique \u00e0 la voile. Celle qui avait un projet dans un tiroir depuis vingt ans. Le cadre mis au ch\u00f4mage \u00e0 58 ans \u2014 qui a vu une opportunit\u00e9 l\u00e0 o\u00f9 il ne voyait qu&rsquo;une fin. Il n&rsquo;y a pas de projet meilleur qu&rsquo;un autre. Il y a une solution meilleure qu&rsquo;une autre pour chaque projet. C&rsquo;est notre travail de la trouver. NOTRE HISTOIRE \u2192 Nous lisons les relev\u00e9s de carri\u00e8re comme d&rsquo;autres lisent des romans.Parce que chaque ligne raconte quelque chose. \u2014 Nathalie BADAIRE, fondatrice ILS NOUS FONT CONFIANCE \u2014\u00a0CE QU&rsquo;ILS DISENT T\u00e9moignages \u2014\u00a0\u2696 Loi du 24 octobre 2025 Entreprises de +300 salari\u00e9s : vous avez de nouvelles obligations. Entretiens de fin de carri\u00e8re, dispositifs d&rsquo;am\u00e9nagement \u2014 NB Consulting est votre partenaire externalis\u00e9, cl\u00e9 en main. EN SAVOIR PLUS \u2192 \u2014\u00a0L&rsquo;actualit\u00e9 retraite Actualit\u00e9s Ch\u00f4mage des seniors de plus de 55 ans 9 avril 2025 Entr\u00e9e en vigueur le 1er avril 2025, la nouvelle convention d&rsquo;assurance ch\u00f4mage aligne ses r\u00e8gles d&rsquo;indemnisation sur le recul de&#8230; Lire la suite Retraite progressive : accessible d\u00e8s 60 ans ? 20 novembre 2024 Jusqu&#039;ici accessible 2 ans avant l\u2019\u00e2ge l\u00e9gal, la retraite progressive pourrait l&#039;\u00eatre pour tout le monde d\u00e8s 60 ans \u00e0&#8230; Lire la suite Pension de r\u00e9version : vers plus d&rsquo;\u00e9quit\u00e9 ? 7 novembre 2024 La pension de r\u00e9version est un dispositif permettant \u00e0 la ou au conjoint survivant de percevoir une partie de la&#8230; Lire la suite Partir \u00e0 la retraite bien avant 64 ans &#8211; SUD RADIO 12 juillet 2024 L&#039;\u00e9mission Y&#039;a pas d&#039;\u00e2ge revient sur l&#039;une des mesures phares de la r\u00e9forme de la rentr\u00e9e 2023 : la revalorisation&#8230; Lire la suite La revalorisation tr\u00e8s relative des petites retraites &#8211; SUD RADIO 8 septembre 2023 L&#039;\u00e9mission Y&#039;a pas d&#039;\u00e2ge revient sur l&#039;une des mesures phares de la r\u00e9forme de la rentr\u00e9e 2023 : la revalorisation&#8230; Lire la suite Que faire si vous ne pouvez plus partir \u00e0 la retraite le 1er septembre 2023 ? &#8211; CAPITAL 10 mai 2023 Un article de CAPITAL La premi\u00e8re g\u00e9n\u00e9ration concern\u00e9e par la r\u00e9forme des retraites est celle n\u00e9e \u00e0 partir du 1er&#8230; Lire la suite C\u2019est donc act\u00e9 : \u00e0 partir du 01\/09\/2023, on change de cadre. 1 mai 2023 Sans surprise, le Conseil Constitutionnel \u00e0 jug\u00e9 conforme les principales dispositions du PLRFSS en rejetant seulement \u00ab les cavaliers sociaux&#8230; Lire la suite Retraites : ne vous faites pas avoir avec votre pension de r\u00e9version ! &#8211; SUD RADIO 14 mars 2023 L&#039;\u00e9mission Y&#039;a pas d&#039;\u00e2ge revient sur la pension de r\u00e9version, grande oubli\u00e9e de la Retraite. Nathalie BADAIRE apporte son regard&#8230; Lire la suite Surcote pour la retraite des m\u00e8res de famille : quel gain selon votre profil ? &#8211; CAPITAL 10 mars 2023 SIMULATIONS &#8211; Les m\u00e8res de famille pourront b\u00e9n\u00e9ficier d\u2019une revalorisation de leur pension, en cas de report de l\u2019\u00e2ge de&#8230; Lire la suite<\/p>\n","protected":false},"author":1,"featured_media":0,"parent":0,"menu_order":0,"comment_status":"closed","ping_status":"closed","template":"elementor_canvas","meta":{"footnotes":""},"class_list":["post-6147","page","type-page","status-publish","hentry"],"_links":{"self":[{"href":"https:\/\/myagencyinside.com\/maquettes\/gestion-retraite\/wp-json\/wp\/v2\/pages\/6147","targetHints":{"allow":["GET"]}}],"collection":[{"href":"https:\/\/myagencyinside.com\/maquettes\/gestion-retraite\/wp-json\/wp\/v2\/pages"}],"about":[{"href":"https:\/\/myagencyinside.com\/maquettes\/gestion-retraite\/wp-json\/wp\/v2\/types\/page"}],"author":[{"embeddable":true,"href":"https:\/\/myagencyinside.com\/maquettes\/gestion-retraite\/wp-json\/wp\/v2\/users\/1"}],"replies":[{"embeddable":true,"href":"https:\/\/myagencyinside.com\/maquettes\/gestion-retraite\/wp-json\/wp\/v2\/comments?post=6147"}],"version-history":[{"count":57,"href":"https:\/\/myagencyinside.com\/maquettes\/gestion-retraite\/wp-json\/wp\/v2\/pages\/6147\/revisions"}],"predecessor-version":[{"id":6453,"href":"https:\/\/myagencyinside.com\/maquettes\/gestion-retraite\/wp-json\/wp\/v2\/pages\/6147\/revisions\/6453"}],"wp:attachment":[{"href":"https:\/\/myagencyinside.com\/maquettes\/gestion-retraite\/wp-json\/wp\/v2\/media?parent=6147"}],"curies":[{"name":"wp","href":"https:\/\/api.w.org\/{rel}","templated":true}]}}