{"id":6181,"date":"2026-04-10T14:28:26","date_gmt":"2026-04-10T12:28:26","guid":{"rendered":"https:\/\/myagencyinside.com\/maquettes\/gestion-retraite\/?page_id=6181"},"modified":"2026-04-24T20:56:53","modified_gmt":"2026-04-24T18:56:53","slug":"faq-2","status":"publish","type":"page","link":"https:\/\/myagencyinside.com\/maquettes\/gestion-retraite\/faq-2\/","title":{"rendered":"FAQ"},"content":{"rendered":"\t\t<div data-elementor-type=\"wp-page\" data-elementor-id=\"6181\" class=\"elementor elementor-6181\">\n\t\t\t\t<div class=\"elementor-element elementor-element-c9bca93 e-flex e-con-boxed wpr-particle-no wpr-jarallax-no wpr-parallax-no wpr-sticky-section-no wpr-equal-height-no e-con e-parent\" data-id=\"c9bca93\" data-element_type=\"container\" data-e-type=\"container\" data-settings=\"{&quot;background_background&quot;:&quot;classic&quot;}\">\n\t\t\t\t\t<div class=\"e-con-inner\">\n\t\t<div class=\"elementor-element elementor-element-1b994bb e-con-full e-flex wpr-particle-no wpr-jarallax-no wpr-parallax-no wpr-sticky-section-no wpr-equal-height-no e-con e-child\" data-id=\"1b994bb\" data-element_type=\"container\" data-e-type=\"container\">\n\t\t\t\t<div class=\"elementor-element elementor-element-137b89d elementor-widget elementor-widget-text-editor\" data-id=\"137b89d\" data-element_type=\"widget\" data-e-type=\"widget\" data-widget_type=\"text-editor.default\">\n\t\t\t\t\t\t\t\t\t<p style=\"text-align: left;\">Conseil retraite ind\u00e9pendant \u00b7 depuis 2004<\/p>\t\t\t\t\t\t\t\t<\/div>\n\t\t\t\t<div class=\"elementor-element elementor-element-813bfd5 elementor-widget elementor-widget-text-editor\" data-id=\"813bfd5\" data-element_type=\"widget\" data-e-type=\"widget\" data-widget_type=\"text-editor.default\">\n\t\t\t\t\t\t\t\t\t<p>FAQ<\/p>\t\t\t\t\t\t\t\t<\/div>\n\t\t\t\t<div class=\"elementor-element elementor-element-7cb48e1 elementor-widget elementor-widget-text-editor\" data-id=\"7cb48e1\" data-element_type=\"widget\" data-e-type=\"widget\" data-widget_type=\"text-editor.default\">\n\t\t\t\t\t\t\t\t\t<p>Toutes les r\u00e9ponses aux questions que vous vous posez <span style=\"color: #b8965a; font-style: italic;\">sur la retraite<\/span><\/p>\t\t\t\t\t\t\t\t<\/div>\n\t\t\t\t<div class=\"elementor-element elementor-element-c551431 elementor-widget elementor-widget-wpr-breadcrumbs-pro\" data-id=\"c551431\" data-element_type=\"widget\" data-e-type=\"widget\" data-widget_type=\"wpr-breadcrumbs-pro.default\">\n\t\t\t\t\t<div class=\"wpr-post-breadcrumbs\"><ul class=\"wpr-breadcrumbs\"><li><a href=\"https:\/\/myagencyinside.com\/maquettes\/gestion-retraite\">Accueil<\/a><\/li><li>\/<\/li><li>FAQ<\/li><\/ul><\/div>\t\t\t\t<\/div>\n\t\t\t\t<\/div>\n\t\t<div class=\"elementor-element elementor-element-d78e455 e-con-full e-flex wpr-particle-no wpr-jarallax-no wpr-parallax-no wpr-sticky-section-no wpr-equal-height-no e-con e-child\" data-id=\"d78e455\" data-element_type=\"container\" data-e-type=\"container\">\n\t\t\t\t<div class=\"elementor-element elementor-element-3843ddc elementor-widget elementor-widget-text-editor\" data-id=\"3843ddc\" data-element_type=\"widget\" data-e-type=\"widget\" data-widget_type=\"text-editor.default\">\n\t\t\t\t\t\t\t\t\t<p style=\"text-align: right;\">25 ans d&rsquo;expertise \u00b7 3 000 parcours<br \/>Paris \u00b7 France enti\u00e8re<\/p>\t\t\t\t\t\t\t\t<\/div>\n\t\t\t\t<\/div>\n\t\t\t\t\t<\/div>\n\t\t\t\t<\/div>\n\t\t<div class=\"elementor-element elementor-element-d6d0c3f e-flex e-con-boxed wpr-particle-no wpr-jarallax-no wpr-parallax-no wpr-sticky-section-no wpr-equal-height-no e-con e-parent\" data-id=\"d6d0c3f\" data-element_type=\"container\" data-e-type=\"container\" data-settings=\"{&quot;background_background&quot;:&quot;classic&quot;}\">\n\t\t\t\t\t<div class=\"e-con-inner\">\n\t\t<div class=\"elementor-element elementor-element-14a6995 e-con-full e-flex wpr-particle-no wpr-jarallax-no wpr-parallax-no wpr-sticky-section-no wpr-equal-height-no e-con e-child\" data-id=\"14a6995\" data-element_type=\"container\" data-e-type=\"container\">\n\t\t\t\t<div class=\"elementor-element elementor-element-2350671 elementor-widget-mobile__width-inherit elementor-widget elementor-widget-button\" data-id=\"2350671\" data-element_type=\"widget\" data-e-type=\"widget\" data-widget_type=\"button.default\">\n\t\t\t\t\t\t\t\t\t\t<a class=\"elementor-button elementor-button-link elementor-size-sm\" href=\"#\">\n\t\t\t\t\t\t<span class=\"elementor-button-content-wrapper\">\n\t\t\t\t\t\t\t\t\t<span class=\"elementor-button-text\">JE SUIS PARTICULIER \u2192<\/span>\n\t\t\t\t\t<\/span>\n\t\t\t\t\t<\/a>\n\t\t\t\t\t\t\t\t<\/div>\n\t\t\t\t<\/div>\n\t\t<div class=\"elementor-element elementor-element-a0a9883 e-con-full e-flex wpr-particle-no wpr-jarallax-no wpr-parallax-no wpr-sticky-section-no wpr-equal-height-no e-con e-child\" data-id=\"a0a9883\" data-element_type=\"container\" data-e-type=\"container\">\n\t\t\t\t<div class=\"elementor-element elementor-element-dc39bd3 elementor-widget elementor-widget-button\" data-id=\"dc39bd3\" data-element_type=\"widget\" data-e-type=\"widget\" data-widget_type=\"button.default\">\n\t\t\t\t\t\t\t\t\t\t<a class=\"elementor-button elementor-button-link elementor-size-sm\" href=\"#\">\n\t\t\t\t\t\t<span class=\"elementor-button-content-wrapper\">\n\t\t\t\t\t\t\t\t\t<span class=\"elementor-button-text\">Je repr\u00e9sente une entreprise \u2192<\/span>\n\t\t\t\t\t<\/span>\n\t\t\t\t\t<\/a>\n\t\t\t\t\t\t\t\t<\/div>\n\t\t\t\t<\/div>\n\t\t<div class=\"elementor-element elementor-element-37464f0 e-con-full e-flex wpr-particle-no wpr-jarallax-no wpr-parallax-no wpr-sticky-section-no wpr-equal-height-no e-con e-child\" data-id=\"37464f0\" data-element_type=\"container\" data-e-type=\"container\">\n\t\t\t\t<\/div>\n\t\t\t\t\t<\/div>\n\t\t\t\t<\/div>\n\t\t<div class=\"elementor-element elementor-element-8018c58 e-con-full e-flex wpr-particle-no wpr-jarallax-no wpr-parallax-no wpr-sticky-section-no wpr-equal-height-no e-con e-parent\" data-id=\"8018c58\" data-element_type=\"container\" data-e-type=\"container\">\n\t\t<div class=\"elementor-element elementor-element-404e883 e-con-full e-flex wpr-particle-no wpr-jarallax-no wpr-parallax-no wpr-sticky-section-no wpr-equal-height-no e-con e-child\" data-id=\"404e883\" data-element_type=\"container\" data-e-type=\"container\" data-settings=\"{&quot;background_background&quot;:&quot;classic&quot;}\">\n\t\t\t\t<div class=\"elementor-element elementor-element-82b94b5 elementor-widget elementor-widget-text-editor\" data-id=\"82b94b5\" data-element_type=\"widget\" data-e-type=\"widget\" data-widget_type=\"text-editor.default\">\n\t\t\t\t\t\t\t\t\t<p>L&rsquo;\u00e2ge de la <em><span style=\"color: #b8965a;\">retraite<\/span><\/em><\/p>\t\t\t\t\t\t\t\t<\/div>\n\t\t\t\t<div class=\"elementor-element elementor-element-85c36c7 wpr-advanced-accordion-icon-side-box elementor-invisible elementor-widget elementor-widget-wpr-advanced-accordion\" data-id=\"85c36c7\" data-element_type=\"widget\" data-e-type=\"widget\" data-settings=\"{&quot;_animation&quot;:&quot;slideInLeft&quot;,&quot;active_item&quot;:0}\" data-widget_type=\"wpr-advanced-accordion.default\">\n\t\t\t\t\t\n            <div class=\"wpr-advanced-accordion\" data-accordion-type=\"accordion\" data-active-index=\"0\" data-accordion-trigger=\"click\" data-interaction-speed=\"0.4\">\n\n\t\t\t\n                \n\t\t\t\t\t<div class=\"wpr-accordion-item-wrap\">\n\t\t\t\t\t\t<button class=\"wpr-acc-button\">\n\t\t\t\t\t\t\t<span class=\"wpr-acc-item-title\">\n\t\t\t\t\t\t\t\t\t\t\t\t\t\t\t\t\t<div class=\"wpr-acc-icon-box\">\n\t\t\t\t\t\t\t\t\t\t\t\t\t\t<span class=\"wpr-title-icon\">\n\t\t\t\t\t\t\t\t\t<\/span>\n\t\t\t\t\t\t\t\t\t\t\t\t<\/div>\n\t\t\t\t\t\t\t\t\n\t\t\t\t\t\t\t\t<span class=\"wpr-acc-title-text\"> Puis-je partir si je n\u2019ai pas tous mes trimestres ?<\/span>\n\t\t\t\t\t\t\t<\/span>\n\t\t\t\t\t\t\t\t\t\t\t<span class=\"wpr-toggle-icon wpr-ti-close\"><svg aria-hidden=\"true\" class=\"e-font-icon-svg e-fas-plus\" viewBox=\"0 0 448 512\" xmlns=\"http:\/\/www.w3.org\/2000\/svg\"><path d=\"M416 208H272V64c0-17.67-14.33-32-32-32h-32c-17.67 0-32 14.33-32 32v144H32c-17.67 0-32 14.33-32 32v32c0 17.67 14.33 32 32 32h144v144c0 17.67 14.33 32 32 32h32c17.67 0 32-14.33 32-32V304h144c17.67 0 32-14.33 32-32v-32c0-17.67-14.33-32-32-32z\"><\/path><\/svg><\/span>\n\t\t\t\t<span class=\"wpr-toggle-icon wpr-ti-open\"><svg aria-hidden=\"true\" class=\"e-font-icon-svg e-fas-minus\" viewBox=\"0 0 448 512\" xmlns=\"http:\/\/www.w3.org\/2000\/svg\"><path d=\"M416 208H32c-17.67 0-32 14.33-32 32v32c0 17.67 14.33 32 32 32h384c17.67 0 32-14.33 32-32v-32c0-17.67-14.33-32-32-32z\"><\/path><\/svg><\/span>\n\t\t\t\t\t\t\t\t\t<\/button>\n\n\t\t\t\t\t\t<div class=\"wpr-acc-panel\">\n\t\t\t\t\t\t\t\t\t\t\t\t\t\t\t<div class=\"wpr-acc-panel-content\"><p>Oui, vous pouvez partir si vous n\u2019avez pas tous vos trimestres. Si vous liquidez votre retraite \u00e0 l\u2019\u00e2ge du taux plein automatique (67 ans) selon votre date de naissance) sans avoir les trimestres requis, vous ne subirez aucun abattement. Si vous liquidez votre retraite \u00e0 l\u2019\u00e2ge l\u00e9gal sans avoir vos trimestres, vous subirez un abattement sur le montant des pensions de retraite \u00e0 percevoir.<\/p><p>La d\u00e9cote ne s\u2019applique pas seulement \u00e0 la pension du r\u00e9gime g\u00e9n\u00e9ral : partir avec un abattement implique non seulement une d\u00e9cote des pensions du r\u00e9gime g\u00e9n\u00e9ral mais \u00e9galement une d\u00e9cote des pensions des r\u00e9gimes compl\u00e9mentaires. Ces abattements sont d\u00e9finitifs et peuvent avoir des cons\u00e9quences financi\u00e8res non n\u00e9gligeables. Une d\u00e9cote de 4% sur une pension mensuelle de 3000\u20ac au taux plein, repr\u00e9sente un manque \u00e0 gagner de 36 000\u20ac.<\/p><p>Si vous souhaitez partir avant l\u2019\u00e2ge du taux plein automatique (67 ans), il est fondamental de v\u00e9rifier que tous vos trimestres ont bien \u00e9t\u00e9 enregistr\u00e9s et que vous ne disposez pas de droits dont vous ignorez l\u2019existence.<\/p><p>Notez \u00e9galement que depuis le 01\/01\/2019, si vous \u00eates n\u00e9s apr\u00e8s 1957, vous \u00eates \u00e9ligible aux dispositifs de minoration ou majoration temporaire sur le montant de vos pensions de retraites compl\u00e9mentaires (accord sign\u00e9 entre les partenaires sociaux du 30\/10\/2015 destin\u00e9 \u00e0 assurer la p\u00e9rennit\u00e9 des retraites compl\u00e9mentaires). Vous aurez parfois \u00e0 arbitrer entre percevoir une retraite au taux plein avec minoration temporaire de 10% ou une liquidation sans taux plein avec minoration d\u00e9finitive moindre ou reporter la demande de retraite pour \u00e9viter tout abattement.<\/p><p>Il est donc judicieux d\u2019explorer tous les dispositifs r\u00e9glementaires et l\u00e9gaux permettant d\u2019optimiser votre situation pour choisir la meilleure date de d\u00e9part. Un rachat d\u2019ann\u00e9es d\u2019\u00e9tudes peut parfois \u00eatre tr\u00e8s rentable.<\/p><\/div>\n\t\t\t\t\t\t\t\t\t\t\t\t\t<\/div>\n                    <\/div>\n\n                \n\t\t\t\t\t<div class=\"wpr-accordion-item-wrap\">\n\t\t\t\t\t\t<button class=\"wpr-acc-button\">\n\t\t\t\t\t\t\t<span class=\"wpr-acc-item-title\">\n\t\t\t\t\t\t\t\t\t\t\t\t\t\t\t\t\t<div class=\"wpr-acc-icon-box\">\n\t\t\t\t\t\t\t\t\t\t\t\t\t\t<span class=\"wpr-title-icon\">\n\t\t\t\t\t\t\t\t\t<\/span>\n\t\t\t\t\t\t\t\t\t\t\t\t<\/div>\n\t\t\t\t\t\t\t\t\n\t\t\t\t\t\t\t\t<span class=\"wpr-acc-title-text\">\u00c0 quel \u00e2ge puis je partir \u00e0 la retraite ?<\/span>\n\t\t\t\t\t\t\t<\/span>\n\t\t\t\t\t\t\t\t\t\t\t<span class=\"wpr-toggle-icon wpr-ti-close\"><svg aria-hidden=\"true\" class=\"e-font-icon-svg e-fas-plus\" viewBox=\"0 0 448 512\" xmlns=\"http:\/\/www.w3.org\/2000\/svg\"><path d=\"M416 208H272V64c0-17.67-14.33-32-32-32h-32c-17.67 0-32 14.33-32 32v144H32c-17.67 0-32 14.33-32 32v32c0 17.67 14.33 32 32 32h144v144c0 17.67 14.33 32 32 32h32c17.67 0 32-14.33 32-32V304h144c17.67 0 32-14.33 32-32v-32c0-17.67-14.33-32-32-32z\"><\/path><\/svg><\/span>\n\t\t\t\t<span class=\"wpr-toggle-icon wpr-ti-open\"><svg aria-hidden=\"true\" class=\"e-font-icon-svg e-fas-minus\" viewBox=\"0 0 448 512\" xmlns=\"http:\/\/www.w3.org\/2000\/svg\"><path d=\"M416 208H32c-17.67 0-32 14.33-32 32v32c0 17.67 14.33 32 32 32h384c17.67 0 32-14.33 32-32v-32c0-17.67-14.33-32-32-32z\"><\/path><\/svg><\/span>\n\t\t\t\t\t\t\t\t\t<\/button>\n\n\t\t\t\t\t\t<div class=\"wpr-acc-panel\">\n\t\t\t\t\t\t\t\t\t\t\t\t\t\t\t<div class=\"wpr-acc-panel-content\"><p>L\u2019\u00e2ge minimal pour partir \u00e0 la retraite est de 62 ans pour les personnes n\u00e9es \u00e0 partir du 1er janvier 1955. Le nombre de trimestres exig\u00e9 pour pouvoir b\u00e9n\u00e9ficier du taux plein (retraite sans abattement) varie en fonction de l\u2019ann\u00e9e de naissance (entre 160 et 172). L\u2019\u00e2ge minimum pour obtenir sa retraite de base peut n\u00e9anmoins \u00eatre abaiss\u00e9 notamment dans le cadre de dispositifs de retraite anticip\u00e9e carri\u00e8re longue ou assur\u00e9 handicap\u00e9.<br \/>Comment savoir si je suis \u00e9ligible au dispositif des carri\u00e8res longues ?<br \/>Vous avez commenc\u00e9 d\u00e8s votre 19\u00e8me anniversaire, vous \u00eates peut-\u00eatre \u00e9ligible au dispositif des carri\u00e8res longues qui vous permet de partir \u00e0 la retraite \u00e0 60 ans et parfois m\u00eame avant.<br \/>Les personnes reconnues handicap\u00e9es (taux d\u2019incapacit\u00e9 permanente sup\u00e9rieur ou \u00e9gal \u00e0 50%) peuvent partir en retraite d\u00e8s 55 ans. Pour cela, il faut : avoir acquis un certain nombre de trimestres, variable en fonction de l\u2019ann\u00e9e de naissance, justifier d\u2019un taux d\u2019incapacit\u00e9 de 50% minimum durant ces ann\u00e9es de cotisations. Les personnes justifiant d\u2019une incapacit\u00e9 permanente d\u2019au moins 20% li\u00e9e \u00e0 la p\u00e9nibilit\u00e9 de leur travail ou d\u2019au moins 10% selon certaines conditions peuvent faire valoir leur droit \u00e0 la retraite d\u00e8s 60 ans. Cette incapacit\u00e9 permanente doit r\u00e9sulter d\u2019une maladie professionnelle reconnue ou d\u2019un accident du travail.<\/p><\/div>\n\t\t\t\t\t\t\t\t\t\t\t\t\t<\/div>\n                    <\/div>\n\n                            <\/div>\n        \t\t\t\t<\/div>\n\t\t\t\t<div class=\"elementor-element elementor-element-125f88d elementor-widget-divider--view-line elementor-widget elementor-widget-divider\" data-id=\"125f88d\" data-element_type=\"widget\" data-e-type=\"widget\" data-widget_type=\"divider.default\">\n\t\t\t\t\t\t\t<div class=\"elementor-divider\">\n\t\t\t<span class=\"elementor-divider-separator\">\n\t\t\t\t\t\t<\/span>\n\t\t<\/div>\n\t\t\t\t\t\t<\/div>\n\t\t\t\t<div class=\"elementor-element elementor-element-93acabc elementor-widget elementor-widget-text-editor\" data-id=\"93acabc\" data-element_type=\"widget\" data-e-type=\"widget\" data-widget_type=\"text-editor.default\">\n\t\t\t\t\t\t\t\t\t<p>Le calcul de la <em><span style=\"color: #b8965a;\"> votre calcul retraite<\/span><\/em><\/p>\t\t\t\t\t\t\t\t<\/div>\n\t\t\t\t<div class=\"elementor-element elementor-element-20d7e92 wpr-advanced-accordion-icon-side-box elementor-invisible elementor-widget elementor-widget-wpr-advanced-accordion\" data-id=\"20d7e92\" data-element_type=\"widget\" data-e-type=\"widget\" data-settings=\"{&quot;_animation&quot;:&quot;slideInLeft&quot;,&quot;active_item&quot;:0}\" data-widget_type=\"wpr-advanced-accordion.default\">\n\t\t\t\t\t\n            <div class=\"wpr-advanced-accordion\" data-accordion-type=\"accordion\" data-active-index=\"0\" data-accordion-trigger=\"click\" data-interaction-speed=\"0.4\">\n\n\t\t\t\n                \n\t\t\t\t\t<div class=\"wpr-accordion-item-wrap\">\n\t\t\t\t\t\t<button class=\"wpr-acc-button\">\n\t\t\t\t\t\t\t<span class=\"wpr-acc-item-title\">\n\t\t\t\t\t\t\t\t\t\t\t\t\t\t\t\t\t<div class=\"wpr-acc-icon-box\">\n\t\t\t\t\t\t\t\t\t\t\t\t\t\t<span class=\"wpr-title-icon\">\n\t\t\t\t\t\t\t\t\t<\/span>\n\t\t\t\t\t\t\t\t\t\t\t\t<\/div>\n\t\t\t\t\t\t\t\t\n\t\t\t\t\t\t\t\t<span class=\"wpr-acc-title-text\">Le ch\u00f4mage est-il pris en compte dans le calcul de ma retraite ?<\/span>\n\t\t\t\t\t\t\t<\/span>\n\t\t\t\t\t\t\t\t\t\t\t<span class=\"wpr-toggle-icon wpr-ti-close\"><svg aria-hidden=\"true\" class=\"e-font-icon-svg e-fas-plus\" viewBox=\"0 0 448 512\" xmlns=\"http:\/\/www.w3.org\/2000\/svg\"><path d=\"M416 208H272V64c0-17.67-14.33-32-32-32h-32c-17.67 0-32 14.33-32 32v144H32c-17.67 0-32 14.33-32 32v32c0 17.67 14.33 32 32 32h144v144c0 17.67 14.33 32 32 32h32c17.67 0 32-14.33 32-32V304h144c17.67 0 32-14.33 32-32v-32c0-17.67-14.33-32-32-32z\"><\/path><\/svg><\/span>\n\t\t\t\t<span class=\"wpr-toggle-icon wpr-ti-open\"><svg aria-hidden=\"true\" class=\"e-font-icon-svg e-fas-minus\" viewBox=\"0 0 448 512\" xmlns=\"http:\/\/www.w3.org\/2000\/svg\"><path d=\"M416 208H32c-17.67 0-32 14.33-32 32v32c0 17.67 14.33 32 32 32h384c17.67 0 32-14.33 32-32v-32c0-17.67-14.33-32-32-32z\"><\/path><\/svg><\/span>\n\t\t\t\t\t\t\t\t\t<\/button>\n\n\t\t\t\t\t\t<div class=\"wpr-acc-panel\">\n\t\t\t\t\t\t\t\t\t\t\t\t\t\t\t<div class=\"wpr-acc-panel-content\"><p>Les r\u00e8gles diff\u00e8rent selon que vous ayez \u00e9t\u00e9 en situation de ch\u00f4mage indemnis\u00e9 ou non indemnis\u00e9.<\/p><p>P\u00e9riodes de ch\u00f4mage indemnis\u00e9es<\/p><p>Dans le r\u00e9gime de base, les p\u00e9riodes de ch\u00f4mage indemnis\u00e9es sont consid\u00e9r\u00e9es comme des p\u00e9riodes assimil\u00e9es prises en compte pour le calcul du taux de la pension et pour le calcul de la dur\u00e9e d\u2019assurance.<\/p><p>Il est valid\u00e9 un trimestre par p\u00e9riode de 50 jours d'indemnisation ch\u00f4mage, dans la limite de 4 trimestres d'assurance par ann\u00e9e civile.<\/p><p>NOTA : Ces \u00ab trimestres assimil\u00e9s \u00bb ne sont pas pris en compte pour le calcul d'un \u00e9ventuel droit \u00e0 un d\u00e9part en retraite anticip\u00e9.<\/p><p>Dans les r\u00e9gimes compl\u00e9mentaires, les p\u00e9riodes de ch\u00f4mage indemnis\u00e9es donnent lieu \u00e0 l'attribution de points, sous r\u00e9serve que vous ayez cotis\u00e9 aupr\u00e8s d'une caisse compl\u00e9mentaire avant la rupture du contrat de travail.<\/p><p>P\u00e9riodes de ch\u00f4mage non indemnis\u00e9es<\/p><p>La p\u00e9riode de ch\u00f4mage non indemnis\u00e9e n\u2019est prise en compte que si elle suit sans interruption la p\u00e9riode indemnis\u00e9e dans la limite d'un an.<\/p><p>Chaque p\u00e9riode ult\u00e9rieure de ch\u00f4mage non indemnis\u00e9 peut \u00eatre retenue :<\/p><p>Dans la limite d'une ann\u00e9e si l'assur\u00e9 est \u00e2g\u00e9 de moins de 55 ans \u00e0 la date de cessation de l'indemnisation ou si, \u00e2g\u00e9 de plus de 55 ans, il justifie de moins de 20 ans de cotisations sous l'ensemble des r\u00e9gimes de retraite de base obligatoire<br \/>Dans la limite de cinq ans si l'assur\u00e9 est \u00e2g\u00e9 d'au moins 55 ans \u00e0 la date de cessation de l'indemnisation et s'il justifie de plus de 20 ans de cotisations sous l'ensemble des r\u00e9gimes de retraite de base obligatoire, et s'il ne rel\u00e8ve pas \u00e0 nouveau d'un r\u00e9gime obligatoire d'assurance vieillesse<br \/>Les p\u00e9riodes de ch\u00f4mage font fr\u00e9quemment l\u2019objet de r\u00e9gularisation aupr\u00e8s des caisses de retraite. Il est donc indispensable de conserver l\u2019ensemble attestation ch\u00f4mage vous permettant de valider vos droits.<\/p><\/div>\n\t\t\t\t\t\t\t\t\t\t\t\t\t<\/div>\n                    <\/div>\n\n                \n\t\t\t\t\t<div class=\"wpr-accordion-item-wrap\">\n\t\t\t\t\t\t<button class=\"wpr-acc-button\">\n\t\t\t\t\t\t\t<span class=\"wpr-acc-item-title\">\n\t\t\t\t\t\t\t\t\t\t\t\t\t\t\t\t\t<div class=\"wpr-acc-icon-box\">\n\t\t\t\t\t\t\t\t\t\t\t\t\t\t<span class=\"wpr-title-icon\">\n\t\t\t\t\t\t\t\t\t<\/span>\n\t\t\t\t\t\t\t\t\t\t\t\t<\/div>\n\t\t\t\t\t\t\t\t\n\t\t\t\t\t\t\t\t<span class=\"wpr-acc-title-text\">Les p\u00e9riodes de maladie sont-elles prises en compte dans le calcul de ma retraite ?<\/span>\n\t\t\t\t\t\t\t<\/span>\n\t\t\t\t\t\t\t\t\t\t\t<span class=\"wpr-toggle-icon wpr-ti-close\"><svg aria-hidden=\"true\" class=\"e-font-icon-svg e-fas-plus\" viewBox=\"0 0 448 512\" xmlns=\"http:\/\/www.w3.org\/2000\/svg\"><path d=\"M416 208H272V64c0-17.67-14.33-32-32-32h-32c-17.67 0-32 14.33-32 32v144H32c-17.67 0-32 14.33-32 32v32c0 17.67 14.33 32 32 32h144v144c0 17.67 14.33 32 32 32h32c17.67 0 32-14.33 32-32V304h144c17.67 0 32-14.33 32-32v-32c0-17.67-14.33-32-32-32z\"><\/path><\/svg><\/span>\n\t\t\t\t<span class=\"wpr-toggle-icon wpr-ti-open\"><svg aria-hidden=\"true\" class=\"e-font-icon-svg e-fas-minus\" viewBox=\"0 0 448 512\" xmlns=\"http:\/\/www.w3.org\/2000\/svg\"><path d=\"M416 208H32c-17.67 0-32 14.33-32 32v32c0 17.67 14.33 32 32 32h384c17.67 0 32-14.33 32-32v-32c0-17.67-14.33-32-32-32z\"><\/path><\/svg><\/span>\n\t\t\t\t\t\t\t\t\t<\/button>\n\n\t\t\t\t\t\t<div class=\"wpr-acc-panel\">\n\t\t\t\t\t\t\t\t\t\t\t\t\t\t\t<div class=\"wpr-acc-panel-content\"><p>Dans le r\u00e9gime de base des salari\u00e9s du priv\u00e9 les p\u00e9riodes de maladie, maternit\u00e9, accident du travail, et invalidit\u00e9 sont valid\u00e9es sur la base d'un trimestre assimil\u00e9 pour 60 jours d'indemnisation maladie. Cette validation se fait dans la limite de quatre trimestres par an.<\/p><p>Dans les r\u00e9gimes compl\u00e9mentaires Arrco et Agirc des points sont attribu\u00e9s gratuitement sous conditions :<\/p><p>Etre affili\u00e9 \u00e0 une caisse compl\u00e9mentaire au moment de l\u2019arr\u00eat de travail<br \/>Un arr\u00eat de travail sup\u00e9rieur \u00e0 60 jours<br \/>Percevoir des indemnisations au titre de l\u2019arr\u00eat (indemnit\u00e9 journali\u00e8re, pension d\u2019invalidit\u00e9 ou rente correspondant \u00e0 un taux d\u2019incapacit\u00e9 de 66,66%)<br \/>L\u2019attribution des points de retraite n\u2019est pas limit\u00e9e dans le temps.<\/p><p>En cas d\u2019accident du travail ou de maladie professionnelle, l\u2019attribution des points cesse lorsque le degr\u00e9 d\u2019incapacit\u00e9 du salari\u00e9 devient inf\u00e9rieur \u00e0 50 %.<\/p><p>En tout \u00e9tat de cause, elle cesse lorsque les conditions sont remplies pour b\u00e9n\u00e9ficier de la retraite \u00e0 taux plein.<\/p><p>Les points de retraite attribu\u00e9s pendant l\u2019arr\u00eat de travail sont calcul\u00e9s sur la base de ceux obtenus au cours de l\u2019ann\u00e9e pr\u00e9c\u00e9dant celle de l\u2019interruption de travail.<\/p><p>Il est tenu compte des p\u00e9riodes d\u2019arr\u00eat de travail d\u00e9clar\u00e9es par l\u2019employeur. A d\u00e9faut, le salari\u00e9 devra fournir les justificatifs de perception des indemnit\u00e9s journali\u00e8res. Il est donc indispensable de conserver l\u2019ensemble des justificatifs maladies vous permettant de valider vos droits.<\/p><\/div>\n\t\t\t\t\t\t\t\t\t\t\t\t\t<\/div>\n                    <\/div>\n\n                \n\t\t\t\t\t<div class=\"wpr-accordion-item-wrap\">\n\t\t\t\t\t\t<button class=\"wpr-acc-button\">\n\t\t\t\t\t\t\t<span class=\"wpr-acc-item-title\">\n\t\t\t\t\t\t\t\t\t\t\t\t\t\t\t\t\t<div class=\"wpr-acc-icon-box\">\n\t\t\t\t\t\t\t\t\t\t\t\t\t\t<span class=\"wpr-title-icon\">\n\t\t\t\t\t\t\t\t\t<\/span>\n\t\t\t\t\t\t\t\t\t\t\t\t<\/div>\n\t\t\t\t\t\t\t\t\n\t\t\t\t\t\t\t\t<span class=\"wpr-acc-title-text\">Le cong\u00e9 parental est-il pris en compte dans le calcul de ma retraite ?<\/span>\n\t\t\t\t\t\t\t<\/span>\n\t\t\t\t\t\t\t\t\t\t\t<span class=\"wpr-toggle-icon wpr-ti-close\"><svg aria-hidden=\"true\" class=\"e-font-icon-svg e-fas-plus\" viewBox=\"0 0 448 512\" xmlns=\"http:\/\/www.w3.org\/2000\/svg\"><path d=\"M416 208H272V64c0-17.67-14.33-32-32-32h-32c-17.67 0-32 14.33-32 32v144H32c-17.67 0-32 14.33-32 32v32c0 17.67 14.33 32 32 32h144v144c0 17.67 14.33 32 32 32h32c17.67 0 32-14.33 32-32V304h144c17.67 0 32-14.33 32-32v-32c0-17.67-14.33-32-32-32z\"><\/path><\/svg><\/span>\n\t\t\t\t<span class=\"wpr-toggle-icon wpr-ti-open\"><svg aria-hidden=\"true\" class=\"e-font-icon-svg e-fas-minus\" viewBox=\"0 0 448 512\" xmlns=\"http:\/\/www.w3.org\/2000\/svg\"><path d=\"M416 208H32c-17.67 0-32 14.33-32 32v32c0 17.67 14.33 32 32 32h384c17.67 0 32-14.33 32-32v-32c0-17.67-14.33-32-32-32z\"><\/path><\/svg><\/span>\n\t\t\t\t\t\t\t\t\t<\/button>\n\n\t\t\t\t\t\t<div class=\"wpr-acc-panel\">\n\t\t\t\t\t\t\t\t\t\t\t\t\t\t\t<div class=\"wpr-acc-panel-content\"><p>Les p\u00e8res et m\u00e8res qui ont obtenu un cong\u00e9 parental d'\u00e9ducation ont droit \u00e0 une majoration de dur\u00e9e d'assurance pour leur retraite \u00e9gale \u00e0 la dur\u00e9e effective de ce cong\u00e9 (dans la limite de trois ans maximum).<\/p><p>Attention toutefois, les femmes ne peuvent pas cumuler ce droit avec la majoration de trimestres pour enfant.<\/p><p>C'est la solution la plus favorable qui est retenue.<\/p><\/div>\n\t\t\t\t\t\t\t\t\t\t\t\t\t<\/div>\n                    <\/div>\n\n                \n\t\t\t\t\t<div class=\"wpr-accordion-item-wrap\">\n\t\t\t\t\t\t<button class=\"wpr-acc-button\">\n\t\t\t\t\t\t\t<span class=\"wpr-acc-item-title\">\n\t\t\t\t\t\t\t\t\t\t\t\t\t\t\t\t\t<div class=\"wpr-acc-icon-box\">\n\t\t\t\t\t\t\t\t\t\t\t\t\t\t<span class=\"wpr-title-icon\">\n\t\t\t\t\t\t\t\t\t<\/span>\n\t\t\t\t\t\t\t\t\t\t\t\t<\/div>\n\t\t\t\t\t\t\t\t\n\t\t\t\t\t\t\t\t<span class=\"wpr-acc-title-text\">La p\u00e9riode de service national est- elle prise en compte dans le calcul de ma retraite ?<\/span>\n\t\t\t\t\t\t\t<\/span>\n\t\t\t\t\t\t\t\t\t\t\t<span class=\"wpr-toggle-icon wpr-ti-close\"><svg aria-hidden=\"true\" class=\"e-font-icon-svg e-fas-plus\" viewBox=\"0 0 448 512\" xmlns=\"http:\/\/www.w3.org\/2000\/svg\"><path d=\"M416 208H272V64c0-17.67-14.33-32-32-32h-32c-17.67 0-32 14.33-32 32v144H32c-17.67 0-32 14.33-32 32v32c0 17.67 14.33 32 32 32h144v144c0 17.67 14.33 32 32 32h32c17.67 0 32-14.33 32-32V304h144c17.67 0 32-14.33 32-32v-32c0-17.67-14.33-32-32-32z\"><\/path><\/svg><\/span>\n\t\t\t\t<span class=\"wpr-toggle-icon wpr-ti-open\"><svg aria-hidden=\"true\" class=\"e-font-icon-svg e-fas-minus\" viewBox=\"0 0 448 512\" xmlns=\"http:\/\/www.w3.org\/2000\/svg\"><path d=\"M416 208H32c-17.67 0-32 14.33-32 32v32c0 17.67 14.33 32 32 32h384c17.67 0 32-14.33 32-32v-32c0-17.67-14.33-32-32-32z\"><\/path><\/svg><\/span>\n\t\t\t\t\t\t\t\t\t<\/button>\n\n\t\t\t\t\t\t<div class=\"wpr-acc-panel\">\n\t\t\t\t\t\t\t\t\t\t\t\t\t\t\t<div class=\"wpr-acc-panel-content\"><p>Dans la plupart des r\u00e9gimes de retraite de base, le service national est assimil\u00e9 \u00e0 une p\u00e9riode d'activit\u00e9 : sa dur\u00e9e est prise en compte dans le calcul de votre dur\u00e9e d'assurance (trimestres cotis\u00e9s) et du taux plein.<\/p><p>Les p\u00e9riodes de service national sont retenues date \u00e0 date par p\u00e9riode de 90 jours. Les p\u00e9riodes valid\u00e9es sont arrondies au chiffre entier sup\u00e9rieur.<\/p><p>Dans l\u2019hypoth\u00e8se ou votre service national a interrompu une p\u00e9riode d\u2019activit\u00e9 salari\u00e9 ou de ch\u00f4mage indemnis\u00e9, le r\u00e9gime compl\u00e9mentaire ARRCO attribue des points gratuits pour la fraction de service national exc\u00e9dant les 12 mois de service.<\/p><p>Pour les agents non titulaires de l\u2019\u00e9tat, l\u2019attribution de points gratuits est possible si vous avez \u00e9t\u00e9 affili\u00e9 \u00e0 cette caisse pendant au moins 1 an. En cas d\u2019affiliation \u00e0 plusieurs r\u00e9gimes, le r\u00e9gime comp\u00e9tent est celui a lequel vous avez \u00e9t\u00e9 affili\u00e9 en premier lieu apr\u00e8s la p\u00e9riode de service national.<\/p><p>Le service national n\u2019\u00e9tant pas valid\u00e9 d\u2019office par les caisses de retraite, il vous appartient d\u2019en demander la validation.<\/p><\/div>\n\t\t\t\t\t\t\t\t\t\t\t\t\t<\/div>\n                    <\/div>\n\n                \n\t\t\t\t\t<div class=\"wpr-accordion-item-wrap\">\n\t\t\t\t\t\t<button class=\"wpr-acc-button\">\n\t\t\t\t\t\t\t<span class=\"wpr-acc-item-title\">\n\t\t\t\t\t\t\t\t\t\t\t\t\t\t\t\t\t<div class=\"wpr-acc-icon-box\">\n\t\t\t\t\t\t\t\t\t\t\t\t\t\t<span class=\"wpr-title-icon\">\n\t\t\t\t\t\t\t\t\t<\/span>\n\t\t\t\t\t\t\t\t\t\t\t\t<\/div>\n\t\t\t\t\t\t\t\t\n\t\t\t\t\t\t\t\t<span class=\"wpr-acc-title-text\">Les p\u00e9riodes d\u2019activit\u00e9 salari\u00e9e \u00e0 l\u2019\u00e9tranger sont elles prises en consid\u00e9ration dans le calcul de ma retraite ?<\/span>\n\t\t\t\t\t\t\t<\/span>\n\t\t\t\t\t\t\t\t\t\t\t<span class=\"wpr-toggle-icon wpr-ti-close\"><svg aria-hidden=\"true\" class=\"e-font-icon-svg e-fas-plus\" viewBox=\"0 0 448 512\" xmlns=\"http:\/\/www.w3.org\/2000\/svg\"><path d=\"M416 208H272V64c0-17.67-14.33-32-32-32h-32c-17.67 0-32 14.33-32 32v144H32c-17.67 0-32 14.33-32 32v32c0 17.67 14.33 32 32 32h144v144c0 17.67 14.33 32 32 32h32c17.67 0 32-14.33 32-32V304h144c17.67 0 32-14.33 32-32v-32c0-17.67-14.33-32-32-32z\"><\/path><\/svg><\/span>\n\t\t\t\t<span class=\"wpr-toggle-icon wpr-ti-open\"><svg aria-hidden=\"true\" class=\"e-font-icon-svg e-fas-minus\" viewBox=\"0 0 448 512\" xmlns=\"http:\/\/www.w3.org\/2000\/svg\"><path d=\"M416 208H32c-17.67 0-32 14.33-32 32v32c0 17.67 14.33 32 32 32h384c17.67 0 32-14.33 32-32v-32c0-17.67-14.33-32-32-32z\"><\/path><\/svg><\/span>\n\t\t\t\t\t\t\t\t\t<\/button>\n\n\t\t\t\t\t\t<div class=\"wpr-acc-panel\">\n\t\t\t\t\t\t\t\t\t\t\t\t\t\t\t<div class=\"wpr-acc-panel-content\"><p>Elles pourront \u00eatre prises en compte en tant que p\u00e9riodes \u00e9quivalentes pour le calcul de vos trimestres dans le taux plein. La prise en compte de ces p\u00e9riodes d\u00e9pendra du pays dans lequel vous avez travaill\u00e9, de l'existence \u00e9ventuelle d'accords de S\u00e9curit\u00e9 Sociale entre ce pays et la France, ou encore des r\u00e8gles sp\u00e9cifiques du pays concern\u00e9 et d'\u00e9ventuelles cotisations en France.<\/p><p>Vous travaillez ou avez travaill\u00e9 dans un pays de l'Union europ\u00e9enne (UE), en Norv\u00e8ge, en Suisse, en Islande ou au Lichtenstein : les trimestres accomplis dans ces pays seront pris en compte pour le calcul de vos trimestres dans le taux plein.<\/p><p>Vous travaillez ou avez travaill\u00e9 dans un pays signataire d'un accord de s\u00e9curit\u00e9 sociale avec la France : votre activit\u00e9 \u00e0 l'\u00e9tranger sera prise en compte pour votre retraite en France dans les conditions pr\u00e9vues par l'accord.<\/p><p>Vous travaillez ou avez travaill\u00e9 dans un pays n'ayant pas sign\u00e9 d'accord de s\u00e9curit\u00e9 sociale avec la France : votre ou vos caisses fran\u00e7aises calculeront votre retraite ind\u00e9pendamment de la carri\u00e8re effectu\u00e9e \u00e0 l'\u00e9tranger. Autrement dit, les trimestres travaill\u00e9s \u00e0 l'\u00e9tranger ne seront pas pris en compte pour d\u00e9terminer le taux de calcul de votre retraite fran\u00e7aise. Toutefois, si vous \u00eates de nationalit\u00e9 fran\u00e7aise, vos p\u00e9riodes de travail \u00e0 l'\u00e9tranger ant\u00e9rieures au 1er avril 1983 seront prises en compte au titre de p\u00e9riodes \u00e9quivalentes.<\/p><p>Au-del\u00e0 de cette date, si vous \u00eates salari\u00e9 et souhaitez percevoir une retraite \u00e9manant d'une caisse fran\u00e7aise, il vous faut soit avoir souscrit une assurance volontaire aupr\u00e8s de la Caisse de Fran\u00e7ais de l'\u00e9tranger, soit racheter les trimestres correspondants.<\/p><p>Ces proc\u00e9dures de validation sont souvent complexes. Il est donc indispensable d'entamer les d\u00e9marches plusieurs mois avant la date pr\u00e9vue pour votre d\u00e9part en retraite.<\/p><\/div>\n\t\t\t\t\t\t\t\t\t\t\t\t\t<\/div>\n                    <\/div>\n\n                            <\/div>\n        \t\t\t\t<\/div>\n\t\t\t\t<div class=\"elementor-element elementor-element-c552710 elementor-widget-divider--view-line elementor-widget elementor-widget-divider\" data-id=\"c552710\" data-element_type=\"widget\" data-e-type=\"widget\" data-widget_type=\"divider.default\">\n\t\t\t\t\t\t\t<div class=\"elementor-divider\">\n\t\t\t<span class=\"elementor-divider-separator\">\n\t\t\t\t\t\t<\/span>\n\t\t<\/div>\n\t\t\t\t\t\t<\/div>\n\t\t\t\t<\/div>\n\t\t<div class=\"elementor-element elementor-element-ea44fc1 e-con-full e-flex wpr-particle-no wpr-jarallax-no wpr-parallax-no wpr-sticky-section-no wpr-equal-height-no e-con e-child\" data-id=\"ea44fc1\" data-element_type=\"container\" data-e-type=\"container\">\n\t\t\t\t<div class=\"elementor-element elementor-element-f6c51cb elementor-widget elementor-widget-text-editor\" data-id=\"f6c51cb\" data-element_type=\"widget\" data-e-type=\"widget\" data-widget_type=\"text-editor.default\">\n\t\t\t\t\t\t\t\t\t<p>Le calcul de la <em><span style=\"color: #b8965a;\"> retraite<\/span><\/em><\/p>\t\t\t\t\t\t\t\t<\/div>\n\t\t\t\t<div class=\"elementor-element elementor-element-e39e7c4 wpr-advanced-accordion-icon-side-box elementor-invisible elementor-widget elementor-widget-wpr-advanced-accordion\" data-id=\"e39e7c4\" data-element_type=\"widget\" data-e-type=\"widget\" data-settings=\"{&quot;_animation&quot;:&quot;slideInRight&quot;,&quot;active_item&quot;:0}\" data-widget_type=\"wpr-advanced-accordion.default\">\n\t\t\t\t\t\n            <div class=\"wpr-advanced-accordion\" data-accordion-type=\"accordion\" data-active-index=\"0\" data-accordion-trigger=\"click\" data-interaction-speed=\"0.4\">\n\n\t\t\t\n                \n\t\t\t\t\t<div class=\"wpr-accordion-item-wrap\">\n\t\t\t\t\t\t<button class=\"wpr-acc-button\">\n\t\t\t\t\t\t\t<span class=\"wpr-acc-item-title\">\n\t\t\t\t\t\t\t\t\t\t\t\t\t\t\t\t\t<div class=\"wpr-acc-icon-box\">\n\t\t\t\t\t\t\t\t\t\t\t\t\t\t<span class=\"wpr-title-icon\">\n\t\t\t\t\t\t\t\t\t<\/span>\n\t\t\t\t\t\t\t\t\t\t\t\t<\/div>\n\t\t\t\t\t\t\t\t\n\t\t\t\t\t\t\t\t<span class=\"wpr-acc-title-text\">Ai-je droit \u00e0 des majorations pour enfants ?<\/span>\n\t\t\t\t\t\t\t<\/span>\n\t\t\t\t\t\t\t\t\t\t\t<span class=\"wpr-toggle-icon wpr-ti-close\"><svg aria-hidden=\"true\" class=\"e-font-icon-svg e-fas-plus\" viewBox=\"0 0 448 512\" xmlns=\"http:\/\/www.w3.org\/2000\/svg\"><path d=\"M416 208H272V64c0-17.67-14.33-32-32-32h-32c-17.67 0-32 14.33-32 32v144H32c-17.67 0-32 14.33-32 32v32c0 17.67 14.33 32 32 32h144v144c0 17.67 14.33 32 32 32h32c17.67 0 32-14.33 32-32V304h144c17.67 0 32-14.33 32-32v-32c0-17.67-14.33-32-32-32z\"><\/path><\/svg><\/span>\n\t\t\t\t<span class=\"wpr-toggle-icon wpr-ti-open\"><svg aria-hidden=\"true\" class=\"e-font-icon-svg e-fas-minus\" viewBox=\"0 0 448 512\" xmlns=\"http:\/\/www.w3.org\/2000\/svg\"><path d=\"M416 208H32c-17.67 0-32 14.33-32 32v32c0 17.67 14.33 32 32 32h384c17.67 0 32-14.33 32-32v-32c0-17.67-14.33-32-32-32z\"><\/path><\/svg><\/span>\n\t\t\t\t\t\t\t\t\t<\/button>\n\n\t\t\t\t\t\t<div class=\"wpr-acc-panel\">\n\t\t\t\t\t\t\t\t\t\t\t\t\t\t\t<div class=\"wpr-acc-panel-content\"><p>Oui, des majorations pour enfants existent dans le r\u00e9gime de base comme dans les r\u00e9gimes compl\u00e9mentaires.<\/p><p>Majoration de trimestres dans le r\u00e9gime de base<\/p><p>Des majorations de trimestres sont accord\u00e9s aux parents ayant eu ou \u00e9lev\u00e9 au moins un enfant.<\/p><p>Pour les femmes : 4 trimestres par enfant sont accord\u00e9s aux femmes au titre de la grossesse et de l\u2019accouchement.<\/p><p>Pour les parents : 4 trimestres au titre de l\u2019\u00e9ducation des enfants. Contrairement aux trimestres accord\u00e9s au titre de la maternit\u00e9, cette majoration ne b\u00e9n\u00e9ficie pas forc\u00e9ment exclusivement \u00e0 la m\u00e8re.<\/p><p>Pour les enfants n\u00e9s ou adopt\u00e9s avant le 1er janvier 2010, les quatre trimestres \u00ab\u00e9ducation\u00bb restent acquis \u00e0 la m\u00e8re, sauf si le p\u00e8re apporte la preuve qu\u2019il a \u00e9lev\u00e9 seul l\u2019enfant pendant une ou plusieurs ann\u00e9es avant les quatre ans de l\u2019enfant ou dans les quatre ann\u00e9es ayant suivi l\u2019adoption de l\u2019enfant. Quant aux trimestres \u00abadoption\u00bb, ils reviennent \u00e9galement \u00e0 la m\u00e8re sauf si le p\u00e8re prouve qu\u2019il a \u00e9lev\u00e9 seul son enfant adoptif pendant une ou plusieurs ann\u00e9es avant le quatri\u00e8me anniversaire de l\u2019adoption.<\/p><p>Pour les deux parents : majoration pour enfant handicap\u00e9.<\/p><p>Cette majoration concerne les assur\u00e9s ayant cotis\u00e9 au r\u00e9gime g\u00e9n\u00e9ral, au r\u00e9gime des salari\u00e9s agricoles et aux r\u00e9gimes de non salari\u00e9s artisans, commerciaux ou industriels. Pour toute p\u00e9riode de 30 mois d'\u00e9ducation d'un enfant handicap\u00e9, la dur\u00e9e d'assurance est major\u00e9e d'un trimestre. Cette majoration est plafonn\u00e9e.<\/p><p>Majoration des montants de pensions dans les r\u00e9gimes compl\u00e9mentaires<\/p><p>Majoration pour enfants n\u00e9s ou \u00e9lev\u00e9s<\/p><p>* Pour l'Arrco (cadres et non-cadres) :<\/p><p>Points acquis \u00e0 partir de 2012 : 10 % pour 3 enfants et plus<br \/>Points acquis entre 1999 et 2011, 5% pour 3 enfants et plus<br \/>Points acquis avant 1999 : le montant de la majoration peut d\u00e9pendre de la caisse Arrco \u00e0 laquelle le salari\u00e9 \u00e9tait affili\u00e9 (par d\u00e9faut 5% pour 3 enfants et plus)<br \/>* Pour l'Agirc (cadres) :<\/p><p>Points acquis \u00e0 partir de 2012 : 10 % pour 3 enfants et plus<br \/>Points acquis avant 2012 :<br \/>8 % pour 3 enfants<br \/>12 % pour 4 enfants<br \/>16 %pour 5 enfants<br \/>20% pour 6 enfants<br \/>24 % pour 7 enfants et plus<br \/>L'ensemble des majorations pour enfants, pour chacune des deux caisses Arrco et Agirc, ne peut d\u00e9passer 1000\u20ac pour une carri\u00e8re compl\u00e8te. Ce plafond est r\u00e9duit proportionnellement si vous avez cotis\u00e9 \u00e0 la caisse pendant une dur\u00e9e inf\u00e9rieure \u00e0 la dur\u00e9e d'assurance requise.<\/p><p>Ce plafonnement ne s\u2019applique pas si vous \u00eates n\u00e9 avant le 2 ao\u00fbt 1951.<\/p><p>Majoration pour enfant \u00e0 charge<\/p><p>Il est attribu\u00e9 5% de majoration par enfant \u00e0 charge pour toute retraite liquid\u00e9e \u00e0 compter du 1\/1\/2012.<\/p><p>Les majorations pour enfants \u00e0 charge ne sont pas cumulables avec les majorations pour enfants n\u00e9s ou \u00e9lev\u00e9s.<\/p><p>Si vous remplissez les conditions d\u2019attribution de ces deux types de majorations, c\u2019est la majoration la plus \u00e9lev\u00e9e qui vous sera attribu\u00e9e.<\/p><\/div>\n\t\t\t\t\t\t\t\t\t\t\t\t\t<\/div>\n                    <\/div>\n\n                \n\t\t\t\t\t<div class=\"wpr-accordion-item-wrap\">\n\t\t\t\t\t\t<button class=\"wpr-acc-button\">\n\t\t\t\t\t\t\t<span class=\"wpr-acc-item-title\">\n\t\t\t\t\t\t\t\t\t\t\t\t\t\t\t\t\t<div class=\"wpr-acc-icon-box\">\n\t\t\t\t\t\t\t\t\t\t\t\t\t\t<span class=\"wpr-title-icon\">\n\t\t\t\t\t\t\t\t\t<\/span>\n\t\t\t\t\t\t\t\t\t\t\t\t<\/div>\n\t\t\t\t\t\t\t\t\n\t\t\t\t\t\t\t\t<span class=\"wpr-acc-title-text\">Quand dois-je demander la liquidation de ma retraite tranche C ?<\/span>\n\t\t\t\t\t\t\t<\/span>\n\t\t\t\t\t\t\t\t\t\t\t<span class=\"wpr-toggle-icon wpr-ti-close\"><svg aria-hidden=\"true\" class=\"e-font-icon-svg e-fas-plus\" viewBox=\"0 0 448 512\" xmlns=\"http:\/\/www.w3.org\/2000\/svg\"><path d=\"M416 208H272V64c0-17.67-14.33-32-32-32h-32c-17.67 0-32 14.33-32 32v144H32c-17.67 0-32 14.33-32 32v32c0 17.67 14.33 32 32 32h144v144c0 17.67 14.33 32 32 32h32c17.67 0 32-14.33 32-32V304h144c17.67 0 32-14.33 32-32v-32c0-17.67-14.33-32-32-32z\"><\/path><\/svg><\/span>\n\t\t\t\t<span class=\"wpr-toggle-icon wpr-ti-open\"><svg aria-hidden=\"true\" class=\"e-font-icon-svg e-fas-minus\" viewBox=\"0 0 448 512\" xmlns=\"http:\/\/www.w3.org\/2000\/svg\"><path d=\"M416 208H32c-17.67 0-32 14.33-32 32v32c0 17.67 14.33 32 32 32h384c17.67 0 32-14.33 32-32v-32c0-17.67-14.33-32-32-32z\"><\/path><\/svg><\/span>\n\t\t\t\t\t\t\t\t\t<\/button>\n\n\t\t\t\t\t\t<div class=\"wpr-acc-panel\">\n\t\t\t\t\t\t\t\t\t\t\t\t\t\t\t<div class=\"wpr-acc-panel-content\"><p>Les cadres qui per\u00e7oivent un salaire de plus de 141 408 euros par an (4 fois le Plafond annuel de la s\u00e9curit\u00e9 sociale) cotisent \u00e0 l\u2019Agirc tranche C sur la partie de leur salaire brut comprise entre 141 408 euros et 282 816 euros par an. Ces cotisations donnent droit \u00e0 attribution de points.<\/p><p>Si tous les points Agirc ont la m\u00eame valeur, il existe une diff\u00e9rence fondamentale au moment de la liquidation des droits \u00e0 la retraite : les points Agirc tranche C ne peuvent \u00eatre liquid\u00e9s \u00e0 taux plein qu\u2019\u00e0 partir de l\u2019\u00e2ge automatique du taux plein (entre 65 et 67 ans selon votre date de naissance).<\/p><p>Liquider sa tranche C avant l\u2019\u00e2ge automatique du taux plein entra\u00eene des abattements sur celle-ci m\u00eame si vous comptabilisez avant cet \u00e2ge le nombre de trimestres requis pour liquider vos pensions des autres r\u00e9gimes.<\/p><p>La liquidation de la tranche C avec minoration peut n\u00e9anmoins \u00eatre une op\u00e9ration int\u00e9ressante et m\u00e9rite d\u2019\u00eatre arbitr\u00e9e.<\/p><p>Des simulations vous permettront de choisir la date optimale de liquidation de la tranche C.<\/p><\/div>\n\t\t\t\t\t\t\t\t\t\t\t\t\t<\/div>\n                    <\/div>\n\n                \n\t\t\t\t\t<div class=\"wpr-accordion-item-wrap\">\n\t\t\t\t\t\t<button class=\"wpr-acc-button\">\n\t\t\t\t\t\t\t<span class=\"wpr-acc-item-title\">\n\t\t\t\t\t\t\t\t\t\t\t\t\t\t\t\t\t<div class=\"wpr-acc-icon-box\">\n\t\t\t\t\t\t\t\t\t\t\t\t\t\t<span class=\"wpr-title-icon\">\n\t\t\t\t\t\t\t\t\t<\/span>\n\t\t\t\t\t\t\t\t\t\t\t\t<\/div>\n\t\t\t\t\t\t\t\t\n\t\t\t\t\t\t\t\t<span class=\"wpr-acc-title-text\">Comment est calcul\u00e9e ma retraite compl\u00e9mentaire ?<\/span>\n\t\t\t\t\t\t\t<\/span>\n\t\t\t\t\t\t\t\t\t\t\t<span class=\"wpr-toggle-icon wpr-ti-close\"><svg aria-hidden=\"true\" class=\"e-font-icon-svg e-fas-plus\" viewBox=\"0 0 448 512\" xmlns=\"http:\/\/www.w3.org\/2000\/svg\"><path d=\"M416 208H272V64c0-17.67-14.33-32-32-32h-32c-17.67 0-32 14.33-32 32v144H32c-17.67 0-32 14.33-32 32v32c0 17.67 14.33 32 32 32h144v144c0 17.67 14.33 32 32 32h32c17.67 0 32-14.33 32-32V304h144c17.67 0 32-14.33 32-32v-32c0-17.67-14.33-32-32-32z\"><\/path><\/svg><\/span>\n\t\t\t\t<span class=\"wpr-toggle-icon wpr-ti-open\"><svg aria-hidden=\"true\" class=\"e-font-icon-svg e-fas-minus\" viewBox=\"0 0 448 512\" xmlns=\"http:\/\/www.w3.org\/2000\/svg\"><path d=\"M416 208H32c-17.67 0-32 14.33-32 32v32c0 17.67 14.33 32 32 32h384c17.67 0 32-14.33 32-32v-32c0-17.67-14.33-32-32-32z\"><\/path><\/svg><\/span>\n\t\t\t\t\t\t\t\t\t<\/button>\n\n\t\t\t\t\t\t<div class=\"wpr-acc-panel\">\n\t\t\t\t\t\t\t\t\t\t\t\t\t\t\t<div class=\"wpr-acc-panel-content\"><p>Les retraites compl\u00e9mentaires d\u00e9pendent du nombre de points acquis au cours de votre carri\u00e8re.<\/p><p>Le montant brut annuel de la retraite compl\u00e9mentaire s\u2019obtient en multipliant le nombre de points acquis par sa valeur.<\/p><p>Il sera servi sans abattement (sur la tranche A et B) d\u00e8s lors que vous b\u00e9n\u00e9ficiez du taux plein sur le r\u00e9gime de base (jusqu\u2019au 31\/12\/2018). Il peut \u00eatre minor\u00e9 si le salari\u00e9 ne remplit pas les conditions pour b\u00e9n\u00e9ficier d\u2019une retraite \u00e0 taux plein.<\/p><p>Les points acquis au titre de la retraite compl\u00e9mentaire sur la tranche C des salaires seront servie avec abattement si vous d\u00e9cidez de la liquider avant l\u2019\u00e2ge du taux plein automatique (voir liquidation de la tranche C).<\/p><p>Pour s\u2019assurer que la retraite du r\u00e9gime compl\u00e9mentaire sera bien calcul\u00e9e, il est conseill\u00e9 de proc\u00e9der \u00e0 sa reconstitution de carri\u00e8re en amont (v\u00e9rification des comptes de points, des transferts etc).<\/p><\/div>\n\t\t\t\t\t\t\t\t\t\t\t\t\t<\/div>\n                    <\/div>\n\n                \n\t\t\t\t\t<div class=\"wpr-accordion-item-wrap\">\n\t\t\t\t\t\t<button class=\"wpr-acc-button\">\n\t\t\t\t\t\t\t<span class=\"wpr-acc-item-title\">\n\t\t\t\t\t\t\t\t\t\t\t\t\t\t\t\t\t<div class=\"wpr-acc-icon-box\">\n\t\t\t\t\t\t\t\t\t\t\t\t\t\t<span class=\"wpr-title-icon\">\n\t\t\t\t\t\t\t\t\t<\/span>\n\t\t\t\t\t\t\t\t\t\t\t\t<\/div>\n\t\t\t\t\t\t\t\t\n\t\t\t\t\t\t\t\t<span class=\"wpr-acc-title-text\">Comment est calcul\u00e9e ma retraite de base du r\u00e9gime salari\u00e9 ?<\/span>\n\t\t\t\t\t\t\t<\/span>\n\t\t\t\t\t\t\t\t\t\t\t<span class=\"wpr-toggle-icon wpr-ti-close\"><svg aria-hidden=\"true\" class=\"e-font-icon-svg e-fas-plus\" viewBox=\"0 0 448 512\" xmlns=\"http:\/\/www.w3.org\/2000\/svg\"><path d=\"M416 208H272V64c0-17.67-14.33-32-32-32h-32c-17.67 0-32 14.33-32 32v144H32c-17.67 0-32 14.33-32 32v32c0 17.67 14.33 32 32 32h144v144c0 17.67 14.33 32 32 32h32c17.67 0 32-14.33 32-32V304h144c17.67 0 32-14.33 32-32v-32c0-17.67-14.33-32-32-32z\"><\/path><\/svg><\/span>\n\t\t\t\t<span class=\"wpr-toggle-icon wpr-ti-open\"><svg aria-hidden=\"true\" class=\"e-font-icon-svg e-fas-minus\" viewBox=\"0 0 448 512\" xmlns=\"http:\/\/www.w3.org\/2000\/svg\"><path d=\"M416 208H32c-17.67 0-32 14.33-32 32v32c0 17.67 14.33 32 32 32h384c17.67 0 32-14.33 32-32v-32c0-17.67-14.33-32-32-32z\"><\/path><\/svg><\/span>\n\t\t\t\t\t\t\t\t\t<\/button>\n\n\t\t\t\t\t\t<div class=\"wpr-acc-panel\">\n\t\t\t\t\t\t\t\t\t\t\t\t\t\t\t<div class=\"wpr-acc-panel-content\"><p>Le calcul de la retraite de base d\u00e9pend de 4 \u00e9l\u00e9ments :<\/p><div class=\"kc_accordion_content ui-accordion-content kc_clearfix\"><div class=\"kc-panel-body\"><div class=\"kc-elm kc-css-448054 kc_text_block\"><ul><li>Le salaire annuel moyen (SAM)<\/li><li>La dur\u00e9e de r\u00e9f\u00e9rence (d)<\/li><li>La dur\u00e9e d\u2019assurance dans le r\u00e9gime (D)<\/li><li>Le taux de liquidation de la pension (T)<\/li><\/ul><p>La \u00a0formule de calcul est la suivante\u00a0:<\/p><p>\u2192\u00a0<strong>Pension = SAM x T x D \/ d<\/strong><\/p><p><strong>Le salaire annuel moyen brut<\/strong>\u00a0est calcul\u00e9 sur les 25 meilleures ann\u00e9es de salaires pour les assur\u00e9s n\u00e9s \u00e0 partir de 1948 (dans la limite du plafond de la s\u00e9curit\u00e9 sociale). Ils sont revaloris\u00e9s par des coefficients fix\u00e9s par d\u00e9cret chaque ann\u00e9e.<\/p><p>Si vous ne r\u00e9unissez pas le nombre d'ann\u00e9es n\u00e9cessaires, votre salaire de base est calcul\u00e9 avec l'int\u00e9gralit\u00e9 des salaires de votre carri\u00e8re.<\/p><p><strong>Le taux plein<\/strong>\u00a0de la retraite est de 50 %.<\/p><p><strong>La dur\u00e9e d\u2019assurance<\/strong>\u00a0correspond au nombre de trimestres effectivement cotis\u00e9s aupr\u00e8s du r\u00e9gime g\u00e9n\u00e9ral, aux trimestres assimil\u00e9s (p\u00e9riodes de maladie, de maternit\u00e9, de ch\u00f4mage indemnis\u00e9, de service militaire) et aux trimestres acquis au titre des majorations pour enfants.<\/p><table border=\"1\" width=\"100%\" cellspacing=\"0\" cellpadding=\"0\"><tbody><tr><td valign=\"middle\" width=\"25%\"><p align=\"center\"><strong>Date de Naissance<\/strong><\/p><\/td><td valign=\"middle\" width=\"25%\"><p align=\"center\"><strong>Nombre de Trimestres Exig\u00e9s pour Taux Plein<\/strong><\/p><\/td><td valign=\"middle\" width=\"25%\"><p align=\"center\"><strong>Age L\u00e9gal<\/strong><\/p><\/td><td valign=\"middle\" width=\"25%\"><p align=\"center\"><strong>Age du Taux Plein quelque soit le nombre de trimestres<\/strong><\/p><\/td><\/tr><tr><td valign=\"top\" width=\"25%\">Ann\u00e9e 1946<\/td><td align=\"center\" valign=\"top\" width=\"25%\">160<\/td><td align=\"center\" valign=\"top\" width=\"25%\">60 ans<\/td><td align=\"center\" valign=\"top\" width=\"25%\">65 ans<\/td><\/tr><tr><td valign=\"top\" width=\"25%\">Ann\u00e9e 1947<\/td><td align=\"center\" valign=\"top\" width=\"25%\">160<\/td><td align=\"center\" valign=\"top\" width=\"25%\">60 ans<\/td><td align=\"center\" valign=\"top\" width=\"25%\">65 ans<\/td><\/tr><tr><td valign=\"top\" width=\"25%\">Ann\u00e9e 1948<\/td><td align=\"center\" valign=\"top\" width=\"25%\">160<\/td><td align=\"center\" valign=\"top\" width=\"25%\">60 ans<\/td><td align=\"center\" valign=\"top\" width=\"25%\">65 ans<\/td><\/tr><tr><td valign=\"top\" width=\"25%\">Ann\u00e9e 1949<\/td><td align=\"center\" valign=\"top\" width=\"25%\">161<\/td><td align=\"center\" valign=\"top\" width=\"25%\">60 ans<\/td><td align=\"center\" valign=\"top\" width=\"25%\">65 ans<\/td><\/tr><tr><td valign=\"top\" width=\"25%\">Ann\u00e9e 1950<\/td><td align=\"center\" valign=\"top\" width=\"25%\">162<\/td><td align=\"center\" valign=\"top\" width=\"25%\">60 ans<\/td><td align=\"center\" valign=\"top\" width=\"25%\">65 ans<\/td><\/tr><tr><td width=\"25%\">Avant le 01\/07\/1951<\/td><td align=\"center\" valign=\"top\" width=\"25%\">163<\/td><td align=\"center\" valign=\"top\" width=\"25%\">60 ans<\/td><td align=\"center\" valign=\"top\" width=\"25%\">65 ans<\/td><\/tr><tr><td width=\"25%\">Du 01\/07 au 31\/12 1951<\/td><td align=\"center\" valign=\"top\" width=\"25%\">163<\/td><td align=\"center\" valign=\"top\" width=\"25%\">60 ans et 4 mois<\/td><td align=\"center\" valign=\"top\" width=\"25%\">65 ans et 4 mois<\/td><\/tr><tr><td width=\"25%\">Ann\u00e9e 1952<\/td><td align=\"center\" valign=\"top\" width=\"25%\">164<\/td><td align=\"center\" valign=\"top\" width=\"25%\">60 ans et 9 mois<\/td><td align=\"center\" valign=\"top\" width=\"25%\">65 ans et 9 mois<\/td><\/tr><tr><td width=\"25%\">Ann\u00e9e 1953<\/td><td align=\"center\" valign=\"top\" width=\"25%\">165<\/td><td align=\"center\" valign=\"top\" width=\"25%\">61 ans et 2 mois<\/td><td align=\"center\" valign=\"top\" width=\"25%\">66 ans et 2 mois<\/td><\/tr><tr><td width=\"25%\">Ann\u00e9e 1954<\/td><td align=\"center\" valign=\"top\" width=\"25%\">165<\/td><td align=\"center\" valign=\"top\" width=\"25%\">61 ans et 7 mois<\/td><td align=\"center\" valign=\"top\" width=\"25%\">66 ans et 7 mois<\/td><\/tr><tr><td width=\"25%\">Ann\u00e9e 1955<\/td><td align=\"center\" valign=\"top\" width=\"25%\">166<\/td><td align=\"center\" valign=\"top\" width=\"25%\">62 ans<\/td><td align=\"center\" valign=\"top\" width=\"25%\">67 ans<\/td><\/tr><\/tbody><\/table><p>Pour \u00a0s\u2019assurer que la retraite du r\u00e9gime de base sera bien calcul\u00e9e, il est conseill\u00e9 de proc\u00e9der \u00e0 sa reconstitution de carri\u00e8re (v\u00e9rification des salaires plafonds\u00a0 et des trimestres enregistr\u00e9s).<\/p><\/div><\/div><\/div><\/div>\n\t\t\t\t\t\t\t\t\t\t\t\t\t<\/div>\n                    <\/div>\n\n                \n\t\t\t\t\t<div class=\"wpr-accordion-item-wrap\">\n\t\t\t\t\t\t<button class=\"wpr-acc-button\">\n\t\t\t\t\t\t\t<span class=\"wpr-acc-item-title\">\n\t\t\t\t\t\t\t\t\t\t\t\t\t\t\t\t\t<div class=\"wpr-acc-icon-box\">\n\t\t\t\t\t\t\t\t\t\t\t\t\t\t<span class=\"wpr-title-icon\">\n\t\t\t\t\t\t\t\t\t<\/span>\n\t\t\t\t\t\t\t\t\t\t\t\t<\/div>\n\t\t\t\t\t\t\t\t\n\t\t\t\t\t\t\t\t<span class=\"wpr-acc-title-text\">Qu\u2019est ce que le taux plein ?<\/span>\n\t\t\t\t\t\t\t<\/span>\n\t\t\t\t\t\t\t\t\t\t\t<span class=\"wpr-toggle-icon wpr-ti-close\"><svg aria-hidden=\"true\" class=\"e-font-icon-svg e-fas-plus\" viewBox=\"0 0 448 512\" xmlns=\"http:\/\/www.w3.org\/2000\/svg\"><path d=\"M416 208H272V64c0-17.67-14.33-32-32-32h-32c-17.67 0-32 14.33-32 32v144H32c-17.67 0-32 14.33-32 32v32c0 17.67 14.33 32 32 32h144v144c0 17.67 14.33 32 32 32h32c17.67 0 32-14.33 32-32V304h144c17.67 0 32-14.33 32-32v-32c0-17.67-14.33-32-32-32z\"><\/path><\/svg><\/span>\n\t\t\t\t<span class=\"wpr-toggle-icon wpr-ti-open\"><svg aria-hidden=\"true\" class=\"e-font-icon-svg e-fas-minus\" viewBox=\"0 0 448 512\" xmlns=\"http:\/\/www.w3.org\/2000\/svg\"><path d=\"M416 208H32c-17.67 0-32 14.33-32 32v32c0 17.67 14.33 32 32 32h384c17.67 0 32-14.33 32-32v-32c0-17.67-14.33-32-32-32z\"><\/path><\/svg><\/span>\n\t\t\t\t\t\t\t\t\t<\/button>\n\n\t\t\t\t\t\t<div class=\"wpr-acc-panel\">\n\t\t\t\t\t\t\t\t\t\t\t\t\t\t\t<div class=\"wpr-acc-panel-content\"><p>Avoir une pension \u00e0 taux plein signifie que vous remplissez les conditions requises pour liquider votre pension de retraite du r\u00e9gime de base sans abattements. Vous percevrez alors 100% de vos droits cotis\u00e9s.<\/p><div class=\"kc_accordion_content ui-accordion-content kc_clearfix\"><div class=\"kc-panel-body\"><div class=\"kc-elm kc-css-261559 kc_text_block\"><p>Vous aurez le taux plein si\u00a0:<\/p><ul><li>Vous avez l\u2019\u00e2ge l\u00e9gal de d\u00e9part \u00e0 la retraite et le nombre de trimestres requis<\/li><\/ul><p>Ou si<\/p><ul><li>Vous avez \u00a0l\u2019\u00e2ge du taux plein<\/li><\/ul><p>Ces \u00e9l\u00e9ments varient en fonction de votre date de naissance.<\/p><table border=\"1\" width=\"100%\" cellspacing=\"0\" cellpadding=\"0\"><tbody><tr><td valign=\"middle\" width=\"25%\"><p align=\"center\"><strong>Date de Naissance<\/strong><\/p><\/td><td valign=\"middle\" width=\"25%\"><p align=\"center\"><strong>Nbre de Trimestres Exig\u00e9s pour Taux Plein<\/strong><\/p><\/td><td valign=\"middle\" width=\"25%\"><p align=\"center\"><strong>Age L\u00e9gal<\/strong><\/p><\/td><td valign=\"middle\" width=\"25%\"><p align=\"center\"><strong>Age du Taux Plein quelque soit les trimestres<\/strong><\/p><\/td><\/tr><tr><td valign=\"top\" width=\"25%\">Ann\u00e9e 1946<\/td><td align=\"center\" valign=\"top\" width=\"25%\">160<\/td><td align=\"center\" valign=\"top\" width=\"25%\">60 ans<\/td><td align=\"center\" valign=\"top\" width=\"25%\">65 ans<\/td><\/tr><tr><td valign=\"top\" width=\"25%\">Ann\u00e9e 1947<\/td><td align=\"center\" valign=\"top\" width=\"25%\">160<\/td><td align=\"center\" valign=\"top\" width=\"25%\">60 ans<\/td><td align=\"center\" valign=\"top\" width=\"25%\">65 ans<\/td><\/tr><tr><td valign=\"top\" width=\"25%\">Ann\u00e9e 1948<\/td><td align=\"center\" valign=\"top\" width=\"25%\">160<\/td><td align=\"center\" valign=\"top\" width=\"25%\">60 ans<\/td><td align=\"center\" valign=\"top\" width=\"25%\">65 ans<\/td><\/tr><tr><td valign=\"top\" width=\"25%\">Ann\u00e9e 1949<\/td><td align=\"center\" valign=\"top\" width=\"25%\">161<\/td><td align=\"center\" valign=\"top\" width=\"25%\">60 ans<\/td><td align=\"center\" valign=\"top\" width=\"25%\">65 ans<\/td><\/tr><tr><td valign=\"top\" width=\"25%\">Ann\u00e9e 1950<\/td><td align=\"center\" valign=\"top\" width=\"25%\">162<\/td><td align=\"center\" valign=\"top\" width=\"25%\">60 ans<\/td><td align=\"center\" valign=\"top\" width=\"25%\">65 ans<\/td><\/tr><tr><td width=\"25%\">Avant le 01\/07\/1951<\/td><td align=\"center\" valign=\"top\" width=\"25%\">163<\/td><td align=\"center\" valign=\"top\" width=\"25%\">60 ans<\/td><td align=\"center\" valign=\"top\" width=\"25%\">65 ans<\/td><\/tr><tr><td width=\"25%\">Du 01\/07 au 31\/12 1951<\/td><td align=\"center\" valign=\"top\" width=\"25%\">163<\/td><td align=\"center\" valign=\"top\" width=\"25%\">60 ans et 4 mois<\/td><td align=\"center\" valign=\"top\" width=\"25%\">65 ans et 4 mois<\/td><\/tr><tr><td width=\"25%\">Ann\u00e9e 1952<\/td><td align=\"center\" valign=\"top\" width=\"25%\">164<\/td><td align=\"center\" valign=\"top\" width=\"25%\">60 ans et\u00a09 mois<\/td><td align=\"center\" valign=\"top\" width=\"25%\">65 ans et 9 mois<\/td><\/tr><tr><td width=\"25%\">Ann\u00e9e 1953<\/td><td align=\"center\" valign=\"top\" width=\"25%\">165<\/td><td align=\"center\" valign=\"top\" width=\"25%\">61 ans et 2 mois<\/td><td align=\"center\" valign=\"top\" width=\"25%\">66 ans et 2 mois<\/td><\/tr><tr><td width=\"25%\">Ann\u00e9e 1954<\/td><td align=\"center\" valign=\"top\" width=\"25%\">165<\/td><td align=\"center\" valign=\"top\" width=\"25%\">61 ans et\u00a07 mois<\/td><td align=\"center\" valign=\"top\" width=\"25%\">66 ans et 7 mois<\/td><\/tr><tr><td width=\"25%\">Ann\u00e9e 1955<\/td><td align=\"center\" valign=\"top\" width=\"25%\">166<\/td><td align=\"center\" valign=\"top\" width=\"25%\">62 ans<\/td><td align=\"center\" valign=\"top\" width=\"25%\">67 ans<\/td><\/tr><\/tbody><\/table><p>NOTA\u00a0:<\/p><p>L\u2019\u00e2ge minimum pour obtenir sa retraite de base peut \u00eatre abaiss\u00e9, dans le cadre de dispositifs de retraite anticip\u00e9e \u00ab\u00a0longue carri\u00e8re\u00a0\u00bb ou \u00ab\u00a0assur\u00e9 handicap\u00e9\u00a0\u00bb.<\/p><p>L'\u00e2ge minimum pour obtenir sa retraite au titre de la p\u00e9nibilit\u00e9 est fix\u00e9 \u00e0 60 ans.<\/p><p>Dans certains cas, il est possible d\u2019obtenir une retraite \u00e0 taux plein \u00e0 65 ans quel que soit le nombre de vos\u00a0trimestres. Il s'agit :<\/p><ul><li>Des personnes, n\u00e9es du 01\/07\/1951 au 31\/12\/1955, qui ont eu ou \u00e9lev\u00e9 au moins 3 enfants, ont r\u00e9duit ou cess\u00e9 leur activit\u00e9 pour \u00e9lever un de ces enfants et ont valid\u00e9 un nombre minimum de trimestres avant cette interruption ;<\/li><li>Des assur\u00e9s qui ont interrompu leur activit\u00e9 professionnelle en raison de leur qualit\u00e9 d\u2019aidant familial ;<\/li><li>Des assur\u00e9s qui ont valid\u00e9 au moins un trimestre au titre de la majoration de dur\u00e9e d\u2019assurance pour enfant handicap\u00e9 ;<\/li><li>Des assur\u00e9s qui ont apport\u00e9 une aide effective en tant que salari\u00e9 ou aidant familial pendant au moins 30 mois \u00e0 leur enfant b\u00e9n\u00e9ficiaire de la prestation de compensation du handicap ;<\/li><li>Des assur\u00e9s handicap\u00e9s<\/li><\/ul><p>A l\u2019\u00e2ge l\u00e9gal, si vous ne totalisez pas le nombre de trimestres requis et que vous d\u00e9cidez de liquider vos droits retraite, votre pension sera \u00a0r\u00e9duite: une d\u00e9cote d\u00e9finitive sera appliqu\u00e9e lors du calcul.<\/p><p>Il est donc fondamental avant de liquider vos droits de\u00a0<strong>reconstituer votre carri\u00e8re<\/strong>\u00a0et\u00a0<strong>d\u2019optimiser votre situation<\/strong>\u00a0au regard des dispositifs en vigueur.<\/p><p>Notez \u00e9galement que la liquidation de la retraite de base \u00e0 taux plein entra\u00eene jusqu\u2019au 31\/12\/2018 la liquidation des retraites compl\u00e9mentaires sans minoration (l\u2019accord AGFF assurant le financement des retraites compl\u00e9mentaires a \u00e9t\u00e9 reconduit jusqu\u2019\u00e0 cette date).<\/p><p>Dans la mesure du possible, il est fortement recommand\u00e9 d\u2019optimiser ses droits pour r\u00e9unir les conditions de liquidation \u00e0 taux plein avant cette date.<\/p><\/div><\/div><\/div><\/div>\n\t\t\t\t\t\t\t\t\t\t\t\t\t<\/div>\n                    <\/div>\n\n                            <\/div>\n        \t\t\t\t<\/div>\n\t\t\t\t<div class=\"elementor-element elementor-element-b7ca73d elementor-widget-divider--view-line elementor-widget elementor-widget-divider\" data-id=\"b7ca73d\" data-element_type=\"widget\" data-e-type=\"widget\" data-widget_type=\"divider.default\">\n\t\t\t\t\t\t\t<div class=\"elementor-divider\">\n\t\t\t<span class=\"elementor-divider-separator\">\n\t\t\t\t\t\t<\/span>\n\t\t<\/div>\n\t\t\t\t\t\t<\/div>\n\t\t\t\t<div class=\"elementor-element elementor-element-355ed3d elementor-widget elementor-widget-text-editor\" data-id=\"355ed3d\" data-element_type=\"widget\" data-e-type=\"widget\" data-widget_type=\"text-editor.default\">\n\t\t\t\t\t\t\t\t\t<p>Le cumul emploi-<em><span style=\"color: #b8965a;\">retraite<\/span><\/em><\/p>\t\t\t\t\t\t\t\t<\/div>\n\t\t\t\t<div class=\"elementor-element elementor-element-9f7c187 wpr-advanced-accordion-icon-side-box elementor-invisible elementor-widget elementor-widget-wpr-advanced-accordion\" data-id=\"9f7c187\" data-element_type=\"widget\" data-e-type=\"widget\" data-settings=\"{&quot;_animation&quot;:&quot;slideInRight&quot;,&quot;active_item&quot;:0}\" data-widget_type=\"wpr-advanced-accordion.default\">\n\t\t\t\t\t\n            <div class=\"wpr-advanced-accordion\" data-accordion-type=\"accordion\" data-active-index=\"0\" data-accordion-trigger=\"click\" data-interaction-speed=\"0.4\">\n\n\t\t\t\n                \n\t\t\t\t\t<div class=\"wpr-accordion-item-wrap\">\n\t\t\t\t\t\t<button class=\"wpr-acc-button\">\n\t\t\t\t\t\t\t<span class=\"wpr-acc-item-title\">\n\t\t\t\t\t\t\t\t\t\t\t\t\t\t\t\t\t<div class=\"wpr-acc-icon-box\">\n\t\t\t\t\t\t\t\t\t\t\t\t\t\t<span class=\"wpr-title-icon\">\n\t\t\t\t\t\t\t\t\t<\/span>\n\t\t\t\t\t\t\t\t\t\t\t\t<\/div>\n\t\t\t\t\t\t\t\t\n\t\t\t\t\t\t\t\t<span class=\"wpr-acc-title-text\">Puis-je cumuler emploi et retraite ?<\/span>\n\t\t\t\t\t\t\t<\/span>\n\t\t\t\t\t\t\t\t\t\t\t<span class=\"wpr-toggle-icon wpr-ti-close\"><svg aria-hidden=\"true\" class=\"e-font-icon-svg e-fas-plus\" viewBox=\"0 0 448 512\" xmlns=\"http:\/\/www.w3.org\/2000\/svg\"><path d=\"M416 208H272V64c0-17.67-14.33-32-32-32h-32c-17.67 0-32 14.33-32 32v144H32c-17.67 0-32 14.33-32 32v32c0 17.67 14.33 32 32 32h144v144c0 17.67 14.33 32 32 32h32c17.67 0 32-14.33 32-32V304h144c17.67 0 32-14.33 32-32v-32c0-17.67-14.33-32-32-32z\"><\/path><\/svg><\/span>\n\t\t\t\t<span class=\"wpr-toggle-icon wpr-ti-open\"><svg aria-hidden=\"true\" class=\"e-font-icon-svg e-fas-minus\" viewBox=\"0 0 448 512\" xmlns=\"http:\/\/www.w3.org\/2000\/svg\"><path d=\"M416 208H32c-17.67 0-32 14.33-32 32v32c0 17.67 14.33 32 32 32h384c17.67 0 32-14.33 32-32v-32c0-17.67-14.33-32-32-32z\"><\/path><\/svg><\/span>\n\t\t\t\t\t\t\t\t\t<\/button>\n\n\t\t\t\t\t\t<div class=\"wpr-acc-panel\">\n\t\t\t\t\t\t\t\t\t\t\t\t\t\t\t<div class=\"wpr-acc-panel-content\"><p>Cumuler emploi et retraite, c\u2019est possible.<\/p><div class=\"kc_accordion_content ui-accordion-content kc_clearfix\"><div class=\"kc-panel-body\"><div class=\"kc-elm kc-css-133644 kc_text_block\"><p>Pour pouvoir cumuler la totalit\u00e9 de vos retraites sans limite de ressources et sans suspension de vos allocations, il faut remplir deux conditions\u00a0:<\/p><ul><li>Avoir fait liquider la totalit\u00e9 de vos retraites personnelles en France et \u00e0 l'\u00e9tranger<\/li><li>Avoir obtenu le taux plein<\/li><\/ul><p>Si vous ne remplissez pas ces conditions, la somme de votre salaire de reprise d'activit\u00e9 et l'ensemble de vos pensions retraite ne devra pas d\u00e9passer l'une des trois limites suivantes\u00a0:<\/p><ul><li>160 % du SMIC mensuel<\/li><li>Votre dernier salaire<\/li><li>Votre salaire moyen sur les dix derni\u00e8res ann\u00e9es d'activit\u00e9<\/li><\/ul><p>Toutes les cotisations habituelles seront pr\u00e9lev\u00e9es sur votre nouveau salaire. Attention, celles-ci ne vous donneront droit \u00e0 aucune revalorisation du montant de votre pension de retraite. En effet, une fois liquid\u00e9es, les retraites ne sont pas recalcul\u00e9es.<\/p><p>Le cumul emploi \/ retraite est souvent un dispositif avantageux pour ceux qui souhaitent poursuivre une activit\u00e9 apr\u00e8s l\u2019\u00e2ge l\u00e9gal de d\u00e9part \u00e0 la retraite. Pour b\u00e9n\u00e9ficier de ce dispositif de mani\u00e8re optimale, il est fortement recommand\u00e9 de\u00a0<a href=\"https:\/\/www.gestion-retraite.fr\/gestion-retraite-particuliers\/droits-retraite-particuliers\/\">liquider ses droits au taux plein<\/a>.<\/p><p>L\u2019arbitrage de l\u2019int\u00e9r\u00eat d\u2019un\u00a0<a href=\"https:\/\/www.gestion-retraite.fr\/gestion-retraite-particuliers\/droits-retraite-particuliers\/\">rachat de trimestre<\/a>\u00a0peut alors \u00eatre envisag\u00e9.<\/p><\/div><\/div><\/div><\/div>\n\t\t\t\t\t\t\t\t\t\t\t\t\t<\/div>\n                    <\/div>\n\n                \n\t\t\t\t\t<div class=\"wpr-accordion-item-wrap\">\n\t\t\t\t\t\t<button class=\"wpr-acc-button\">\n\t\t\t\t\t\t\t<span class=\"wpr-acc-item-title\">\n\t\t\t\t\t\t\t\t\t\t\t\t\t\t\t\t\t<div class=\"wpr-acc-icon-box\">\n\t\t\t\t\t\t\t\t\t\t\t\t\t\t<span class=\"wpr-title-icon\">\n\t\t\t\t\t\t\t\t\t<\/span>\n\t\t\t\t\t\t\t\t\t\t\t\t<\/div>\n\t\t\t\t\t\t\t\t\n\t\t\t\t\t\t\t\t<span class=\"wpr-acc-title-text\">J\u2019ai le nombre de trimestres requis et je souhaite poursuivre mon activit\u00e9 salari\u00e9e : que puis je faire ?<\/span>\n\t\t\t\t\t\t\t<\/span>\n\t\t\t\t\t\t\t\t\t\t\t<span class=\"wpr-toggle-icon wpr-ti-close\"><svg aria-hidden=\"true\" class=\"e-font-icon-svg e-fas-plus\" viewBox=\"0 0 448 512\" xmlns=\"http:\/\/www.w3.org\/2000\/svg\"><path d=\"M416 208H272V64c0-17.67-14.33-32-32-32h-32c-17.67 0-32 14.33-32 32v144H32c-17.67 0-32 14.33-32 32v32c0 17.67 14.33 32 32 32h144v144c0 17.67 14.33 32 32 32h32c17.67 0 32-14.33 32-32V304h144c17.67 0 32-14.33 32-32v-32c0-17.67-14.33-32-32-32z\"><\/path><\/svg><\/span>\n\t\t\t\t<span class=\"wpr-toggle-icon wpr-ti-open\"><svg aria-hidden=\"true\" class=\"e-font-icon-svg e-fas-minus\" viewBox=\"0 0 448 512\" xmlns=\"http:\/\/www.w3.org\/2000\/svg\"><path d=\"M416 208H32c-17.67 0-32 14.33-32 32v32c0 17.67 14.33 32 32 32h384c17.67 0 32-14.33 32-32v-32c0-17.67-14.33-32-32-32z\"><\/path><\/svg><\/span>\n\t\t\t\t\t\t\t\t\t<\/button>\n\n\t\t\t\t\t\t<div class=\"wpr-acc-panel\">\n\t\t\t\t\t\t\t\t\t\t\t\t\t\t\t<div class=\"wpr-acc-panel-content\"><p>Vous pouvez<\/p><div class=\"kc_accordion_content ui-accordion-content kc_clearfix\"><div class=\"kc-panel-body\"><div class=\"kc-elm kc-css-434060 kc_text_block\"><ul><li>Faire liquider votre retraite, et cumuler vos \u00a0pensions avec un\u00a0revenu\u00a0professionnel<\/li><\/ul><ul><li>Travailler plus longtemps pour b\u00e9n\u00e9ficier de la surcote<\/li><\/ul><ol start=\"1\"><li><h4>Cumul Emploi \/ Retraite<\/h4><\/li><\/ol><p>Si vous partez \u00e0 la retraite\u00a0<strong>avec le<\/strong>\u00a0<strong>taux plein<\/strong>, vous pouvez b\u00e9n\u00e9ficier du cumul emploi-retraite sans limite de plafond. Ce dispositif pr\u00e9sente les avantages suivants :<\/p><ul><li>Ce syst\u00e8me vous permet de cumuler int\u00e9gralement votre salaire avec vos pensions de retraite (base et compl\u00e9mentaire)<\/li><li>Vous pouvez retravailler sans d\u00e9lai, m\u00eame chez votre ancien employeur, une fois votre retraite liquid\u00e9e<\/li><li>Vous pouvez d\u00e9cider de changer d\u2019activit\u00e9, de travailler \u00e0 temps partiel\u2026<\/li><li>Le fait de liquider votre retraite vous met \u00e0 l\u2019abri de r\u00e9formes futures<\/li><\/ul><p>Le cumul emploi-retraite suppose une rupture de votre contrat de travail puis une reprise. Il faut trouver un nouvel employeur, ou se mettre d\u2019accord avec votre employeur actuel pour qu\u2019il vous r\u00e9embauche. L\u2019augmentation de revenus se limite \u00e0 la p\u00e9riode au cours de laquelle vous cumulerez emploi et retraite. L\u2019activit\u00e9 salari\u00e9e reprise n\u2019engendre pas de nouveaux droits pour votre retraite.<\/p><ol start=\"2\"><li><h4>La Surcote<\/h4><\/li><\/ol><p>Si vous continuez \u00e0 travailler au-del\u00e0 de l\u2019\u00e2ge l\u00e9gal et de la dur\u00e9e d\u2019assurance exig\u00e9e pour b\u00e9n\u00e9ficier du taux plein, vous b\u00e9n\u00e9ficierez d'une majoration de votre retraite. Cette majoration, appel\u00e9e \u00a0\u00ab\u00a0surcote\u00a0\u00bb, ne s\u2019applique que sur le r\u00e9gime de base. Les retraites compl\u00e9mentaires ne sont pas concern\u00e9es.<\/p><p>Afin de d\u00e9terminer l\u2019option qui sera pour vous la plus judicieuse, il est conseill\u00e9\u00a0 de proc\u00e9der \u00e0 un calcul d\u2019arbitrage entre l\u2019hypoth\u00e8se de cumul emploi\/retraite et celle de la surcote.<\/p><\/div><\/div><\/div><\/div>\n\t\t\t\t\t\t\t\t\t\t\t\t\t<\/div>\n                    <\/div>\n\n                            <\/div>\n        \t\t\t\t<\/div>\n\t\t\t\t<\/div>\n\t\t\t\t<\/div>\n\t\t<div class=\"elementor-element elementor-element-eaab733 e-con-full e-flex wpr-particle-no wpr-jarallax-no wpr-parallax-no wpr-sticky-section-no wpr-equal-height-no e-con e-parent\" data-id=\"eaab733\" data-element_type=\"container\" data-e-type=\"container\">\n\t\t<div class=\"elementor-element elementor-element-a23a775 e-con-full e-flex wpr-particle-no wpr-jarallax-no wpr-parallax-no wpr-sticky-section-no wpr-equal-height-no e-con e-child\" data-id=\"a23a775\" data-element_type=\"container\" data-e-type=\"container\">\n\t\t\t\t<div class=\"elementor-element elementor-element-77725754 elementor-widget elementor-widget-counter\" data-id=\"77725754\" data-element_type=\"widget\" data-e-type=\"widget\" data-widget_type=\"counter.default\">\n\t\t\t\t\t\t\t<div class=\"elementor-counter\">\n\t\t\t<div class=\"elementor-counter-title\">de pensions mal attribu\u00e9\u00b7e\u00b7s<\/div>\t\t\t<div class=\"elementor-counter-number-wrapper\">\n\t\t\t\t<span class=\"elementor-counter-number-prefix\"><\/span>\n\t\t\t\t<span class=\"elementor-counter-number\" data-duration=\"5000\" data-to-value=\"14\" data-from-value=\"0\">0<\/span>\n\t\t\t\t<span class=\"elementor-counter-number-suffix\">%<\/span>\n\t\t\t<\/div>\n\t\t<\/div>\n\t\t\t\t\t\t<\/div>\n\t\t\t\t<\/div>\n\t\t<div class=\"elementor-element elementor-element-54909b6 e-con-full e-flex wpr-particle-no wpr-jarallax-no wpr-parallax-no wpr-sticky-section-no wpr-equal-height-no e-con e-child\" data-id=\"54909b6\" data-element_type=\"container\" data-e-type=\"container\">\n\t\t\t\t<div class=\"elementor-element elementor-element-ae083d2 elementor-widget elementor-widget-counter\" data-id=\"ae083d2\" data-element_type=\"widget\" data-e-type=\"widget\" data-widget_type=\"counter.default\">\n\t\t\t\t\t\t\t<div class=\"elementor-counter\">\n\t\t\t<div class=\"elementor-counter-title\">d'expertise retraite<\/div>\t\t\t<div class=\"elementor-counter-number-wrapper\">\n\t\t\t\t<span class=\"elementor-counter-number-prefix\"><\/span>\n\t\t\t\t<span class=\"elementor-counter-number\" data-duration=\"5000\" data-to-value=\"25\" data-from-value=\"0\">0<\/span>\n\t\t\t\t<span class=\"elementor-counter-number-suffix\"> ans<\/span>\n\t\t\t<\/div>\n\t\t<\/div>\n\t\t\t\t\t\t<\/div>\n\t\t\t\t<\/div>\n\t\t<div class=\"elementor-element elementor-element-41a0440 e-con-full e-flex wpr-particle-no wpr-jarallax-no wpr-parallax-no wpr-sticky-section-no wpr-equal-height-no e-con e-child\" data-id=\"41a0440\" data-element_type=\"container\" data-e-type=\"container\">\n\t\t\t\t<div class=\"elementor-element elementor-element-cd0bf3b elementor-widget elementor-widget-counter\" data-id=\"cd0bf3b\" data-element_type=\"widget\" data-e-type=\"widget\" data-widget_type=\"counter.default\">\n\t\t\t\t\t\t\t<div class=\"elementor-counter\">\n\t\t\t<div class=\"elementor-counter-title\">de salari\u00e9\u00b7e\u00b7s mal inform\u00e9\u00b7e\u00b7s<\/div>\t\t\t<div class=\"elementor-counter-number-wrapper\">\n\t\t\t\t<span class=\"elementor-counter-number-prefix\"><\/span>\n\t\t\t\t<span class=\"elementor-counter-number\" data-duration=\"5000\" data-to-value=\"60\" data-from-value=\"0\">0<\/span>\n\t\t\t\t<span class=\"elementor-counter-number-suffix\">%<\/span>\n\t\t\t<\/div>\n\t\t<\/div>\n\t\t\t\t\t\t<\/div>\n\t\t\t\t<\/div>\n\t\t<div class=\"elementor-element elementor-element-48440d4 e-con-full e-flex wpr-particle-no wpr-jarallax-no wpr-parallax-no wpr-sticky-section-no wpr-equal-height-no e-con e-child\" data-id=\"48440d4\" data-element_type=\"container\" data-e-type=\"container\">\n\t\t\t\t<div class=\"elementor-element elementor-element-ed31991 elementor-widget elementor-widget-counter\" data-id=\"ed31991\" data-element_type=\"widget\" data-e-type=\"widget\" data-widget_type=\"counter.default\">\n\t\t\t\t\t\t\t<div class=\"elementor-counter\">\n\t\t\t<div class=\"elementor-counter-title\">de salari\u00e9\u00b7e\u00b7s attendent une aide de leur entreprise pour optimiser leur retraite<\/div>\t\t\t<div class=\"elementor-counter-number-wrapper\">\n\t\t\t\t<span class=\"elementor-counter-number-prefix\"><\/span>\n\t\t\t\t<span class=\"elementor-counter-number\" data-duration=\"5000\" data-to-value=\"83\" data-from-value=\"0\">0<\/span>\n\t\t\t\t<span class=\"elementor-counter-number-suffix\">%<\/span>\n\t\t\t<\/div>\n\t\t<\/div>\n\t\t\t\t\t\t<\/div>\n\t\t\t\t<\/div>\n\t\t\t\t<\/div>\n\t\t<div class=\"elementor-element elementor-element-6f4c25f e-flex e-con-boxed wpr-particle-no wpr-jarallax-no wpr-parallax-no wpr-sticky-section-no wpr-equal-height-no e-con e-parent\" data-id=\"6f4c25f\" data-element_type=\"container\" data-e-type=\"container\" data-settings=\"{&quot;background_background&quot;:&quot;classic&quot;}\">\n\t\t\t\t\t<div class=\"e-con-inner\">\n\t\t\t\t<div class=\"elementor-element elementor-element-b7f14a4 elementor-widget elementor-widget-text-editor\" data-id=\"b7f14a4\" data-element_type=\"widget\" data-e-type=\"widget\" data-widget_type=\"text-editor.default\">\n\t\t\t\t\t\t\t\t\t<p>L&rsquo;actualit\u00e9 retraite<\/p>\t\t\t\t\t\t\t\t<\/div>\n\t\t\t\t<div class=\"elementor-element elementor-element-0a6cc17 elementor-widget elementor-widget-text-editor\" data-id=\"0a6cc17\" data-element_type=\"widget\" data-e-type=\"widget\" data-widget_type=\"text-editor.default\">\n\t\t\t\t\t\t\t\t\t<p>Actualit\u00e9s<\/p>\t\t\t\t\t\t\t\t<\/div>\n\t\t\t\t<div class=\"elementor-element elementor-element-5b506f5 wpr-grid-slider-columns-3 wpr-grid-slider-columns--laptop3 wpr-grid-slider-columns--tablet2 wpr-grid-slider-columns--mobile1 wpr-grid-slider-dots-horizontal wpr-item-styles-inner wpr-grid-slider-nav-position-custom elementor-widget elementor-widget-wpr-grid\" data-id=\"5b506f5\" data-element_type=\"widget\" data-e-type=\"widget\" data-settings=\"{&quot;layout_slider_amount&quot;:3,&quot;layout_slider_amount_laptop&quot;:3,&quot;layout_slider_amount_tablet&quot;:2,&quot;layout_slider_amount_mobile&quot;:1,&quot;layout_slides_to_scroll&quot;:1,&quot;layout_slider_autoplay&quot;:&quot;yes&quot;,&quot;layout_slider_autoplay_duration&quot;:5,&quot;layout_slider_loop&quot;:&quot;yes&quot;}\" data-widget_type=\"wpr-grid.default\">\n\t\t\t\t\t<section class=\"wpr-grid elementor-clearfix\" dir=\"ltr\" data-slick=\"{&quot;rtl&quot;:false,&quot;infinite&quot;:true,&quot;speed&quot;:700,&quot;arrows&quot;:true,&quot;dots&quot;:true,&quot;autoplay&quot;:true,&quot;autoplaySpeed&quot;:5000,&quot;pauseOnHover&quot;:&quot;yes&quot;,&quot;prevArrow&quot;:&quot;#wpr-grid-slider-prev-5b506f5&quot;,&quot;nextArrow&quot;:&quot;#wpr-grid-slider-next-5b506f5&quot;,&quot;sliderSlidesToScroll&quot;:1,&quot;lightbox&quot;:{&quot;selector&quot;:&quot;article:not(.slick-cloned) .wpr-grid-image-wrap&quot;,&quot;iframeMaxWidth&quot;:&quot;60%&quot;,&quot;hash&quot;:false,&quot;autoplay&quot;:&quot;true&quot;,&quot;pause&quot;:5000,&quot;progressBar&quot;:&quot;true&quot;,&quot;counter&quot;:&quot;true&quot;,&quot;controls&quot;:&quot;true&quot;,&quot;getCaptionFromTitleOrAlt&quot;:&quot;true&quot;,&quot;thumbnail&quot;:&quot;true&quot;,&quot;showThumbByDefault&quot;:&quot;true&quot;,&quot;share&quot;:&quot;true&quot;,&quot;zoom&quot;:&quot;true&quot;,&quot;fullScreen&quot;:&quot;true&quot;,&quot;download&quot;:&quot;true&quot;}}\"><article class=\"wpr-grid-item elementor-clearfix post-6688 post type-post status-publish format-standard has-post-thumbnail hentry category-podcast-bon-vent tag-assurance-chomage tag-cotisations tag-retraite tag-senior\"><div class=\"wpr-grid-item-inner\"><div class=\"wpr-grid-media-wrap wpr-effect-size-medium \" data-overlay-link=\"yes\"><div class=\"wpr-grid-image-wrap\" data-src=\"https:\/\/myagencyinside.com\/maquettes\/gestion-retraite\/wp-content\/uploads\/2026\/04\/Didier-Quilain-.png\" data-img-on-hover=\"\"  data-src-secondary=\"\"><img decoding=\"async\" data-no-lazy=\"1\" src=\"https:\/\/myagencyinside.com\/maquettes\/gestion-retraite\/wp-content\/uploads\/2026\/04\/Didier-Quilain-.png\" alt=\"\u00c9change avec Didier Quilain\" class=\"wpr-anim-timing-ease-default\"><\/div><div class=\"wpr-grid-media-hover wpr-animation-wrap\"><div class=\"wpr-grid-media-hover-bg  wpr-overlay-fade-in wpr-anim-size-large wpr-anim-timing-ease-default wpr-anim-transparency\" data-url=\"https:\/\/myagencyinside.com\/maquettes\/gestion-retraite\/2026\/04\/21\/echange-avec-didier-quilain\/\"><\/div><\/div><\/div><div class=\"wpr-grid-item-below-content elementor-clearfix\"><h2 class=\"wpr-grid-item-title elementor-repeater-item-2f5f1ac wpr-grid-item-display-block wpr-grid-item-align-left wpr-pointer-none wpr-pointer-line-fx wpr-pointer-fx-slide\"><div class=\"inner-block\"><a target=\"_self\"  href=\"https:\/\/myagencyinside.com\/maquettes\/gestion-retraite\/2026\/04\/21\/echange-avec-didier-quilain\/\">\u00c9change avec Didier Quilain<\/a><\/div><\/h2><div class=\"wpr-grid-item-date elementor-repeater-item-f1651c4 wpr-grid-item-display-inline wpr-grid-item-align-left\"><div class=\"inner-block\"><span>21 avril 2026<span class=\"wpr-grid-extra-text-right\"><\/span><\/span><\/div><\/div><div class=\"wpr-grid-item-excerpt elementor-repeater-item-40e73b7 wpr-grid-item-display-block wpr-grid-item-align-left\"><div class=\"inner-block\"><p>Pour l\u2019\u00e9pisode pilote de BON VENT, Nathalie Badaire a interview\u00e9 Didier Quilain, un ancien client f\u00e9ru de photographie. Apr\u00e8s une...<\/p><\/div><\/div><div class=\"wpr-grid-item-read-more elementor-repeater-item-eae30e0 wpr-grid-item-display-block wpr-grid-item-align-left\"><div class=\"inner-block\"><a target=\"_self\" href=\"https:\/\/myagencyinside.com\/maquettes\/gestion-retraite\/2026\/04\/21\/echange-avec-didier-quilain\/\" class=\"wpr-button-effect wpr-button-none\"><span>Lire la suite<\/span><\/a><\/div><\/div><\/div><\/div><\/article><article class=\"wpr-grid-item elementor-clearfix post-6678 post type-post status-publish format-standard has-post-thumbnail hentry category-podcast-bon-vent tag-assurance-chomage tag-cotisations tag-retraite tag-senior\"><div class=\"wpr-grid-item-inner\"><div class=\"wpr-grid-media-wrap wpr-effect-size-medium \" data-overlay-link=\"yes\"><div class=\"wpr-grid-image-wrap\" data-src=\"https:\/\/myagencyinside.com\/maquettes\/gestion-retraite\/wp-content\/uploads\/2026\/04\/Olivier-Legan-.png\" data-img-on-hover=\"\"  data-src-secondary=\"\"><img decoding=\"async\" data-no-lazy=\"1\" src=\"https:\/\/myagencyinside.com\/maquettes\/gestion-retraite\/wp-content\/uploads\/2026\/04\/Olivier-Legan-.png\" alt=\"\u00c9change avec Olivier Legan\" class=\"wpr-anim-timing-ease-default\"><\/div><div class=\"wpr-grid-media-hover wpr-animation-wrap\"><div class=\"wpr-grid-media-hover-bg  wpr-overlay-fade-in wpr-anim-size-large wpr-anim-timing-ease-default wpr-anim-transparency\" data-url=\"https:\/\/myagencyinside.com\/maquettes\/gestion-retraite\/2026\/03\/21\/echange-avec-olivier-legan\/\"><\/div><\/div><\/div><div class=\"wpr-grid-item-below-content elementor-clearfix\"><h2 class=\"wpr-grid-item-title elementor-repeater-item-2f5f1ac wpr-grid-item-display-block wpr-grid-item-align-left wpr-pointer-none wpr-pointer-line-fx wpr-pointer-fx-slide\"><div class=\"inner-block\"><a target=\"_self\"  href=\"https:\/\/myagencyinside.com\/maquettes\/gestion-retraite\/2026\/03\/21\/echange-avec-olivier-legan\/\">\u00c9change avec Olivier Legan<\/a><\/div><\/h2><div class=\"wpr-grid-item-date elementor-repeater-item-f1651c4 wpr-grid-item-display-inline wpr-grid-item-align-left\"><div class=\"inner-block\"><span>21 mars 2026<span class=\"wpr-grid-extra-text-right\"><\/span><\/span><\/div><\/div><div class=\"wpr-grid-item-excerpt elementor-repeater-item-40e73b7 wpr-grid-item-display-block wpr-grid-item-align-left\"><div class=\"inner-block\"><p>\u00c0 62 ans, Olivier Legan s\u2019appr\u00eate \u00e0 partir \u00e0 la retraite. Et cette nouvelle le ravit. Pour ce r\u00e9alisateur et...<\/p><\/div><\/div><div class=\"wpr-grid-item-read-more elementor-repeater-item-eae30e0 wpr-grid-item-display-block wpr-grid-item-align-left\"><div class=\"inner-block\"><a target=\"_self\" href=\"https:\/\/myagencyinside.com\/maquettes\/gestion-retraite\/2026\/03\/21\/echange-avec-olivier-legan\/\" class=\"wpr-button-effect wpr-button-none\"><span>Lire la suite<\/span><\/a><\/div><\/div><\/div><\/div><\/article><article class=\"wpr-grid-item elementor-clearfix post-6671 post type-post status-publish format-standard has-post-thumbnail hentry category-podcast-bon-vent tag-assurance-chomage tag-cotisations tag-retraite tag-senior\"><div class=\"wpr-grid-item-inner\"><div class=\"wpr-grid-media-wrap wpr-effect-size-medium \" data-overlay-link=\"yes\"><div class=\"wpr-grid-image-wrap\" data-src=\"https:\/\/myagencyinside.com\/maquettes\/gestion-retraite\/wp-content\/uploads\/2026\/04\/Patrick-Recroix-.png\" data-img-on-hover=\"\"  data-src-secondary=\"\"><img decoding=\"async\" data-no-lazy=\"1\" src=\"https:\/\/myagencyinside.com\/maquettes\/gestion-retraite\/wp-content\/uploads\/2026\/04\/Patrick-Recroix-.png\" alt=\"\u00c9change avec Patrick Recroix\" class=\"wpr-anim-timing-ease-default\"><\/div><div class=\"wpr-grid-media-hover wpr-animation-wrap\"><div class=\"wpr-grid-media-hover-bg  wpr-overlay-fade-in wpr-anim-size-large wpr-anim-timing-ease-default wpr-anim-transparency\" data-url=\"https:\/\/myagencyinside.com\/maquettes\/gestion-retraite\/2026\/02\/21\/echange-avec-patrick-recroix\/\"><\/div><\/div><\/div><div class=\"wpr-grid-item-below-content elementor-clearfix\"><h2 class=\"wpr-grid-item-title elementor-repeater-item-2f5f1ac wpr-grid-item-display-block wpr-grid-item-align-left wpr-pointer-none wpr-pointer-line-fx wpr-pointer-fx-slide\"><div class=\"inner-block\"><a target=\"_self\"  href=\"https:\/\/myagencyinside.com\/maquettes\/gestion-retraite\/2026\/02\/21\/echange-avec-patrick-recroix\/\">\u00c9change avec Patrick Recroix<\/a><\/div><\/h2><div class=\"wpr-grid-item-date elementor-repeater-item-f1651c4 wpr-grid-item-display-inline wpr-grid-item-align-left\"><div class=\"inner-block\"><span>21 f\u00e9vrier 2026<span class=\"wpr-grid-extra-text-right\"><\/span><\/span><\/div><\/div><div class=\"wpr-grid-item-excerpt elementor-repeater-item-40e73b7 wpr-grid-item-display-block wpr-grid-item-align-left\"><div class=\"inner-block\"><p>Ancien DGA France de la filiale Signature de Vinci, Patrick Recroix est un retrait\u00e9 actif qui conjugue exp\u00e9rience, plaisir et...<\/p><\/div><\/div><div class=\"wpr-grid-item-read-more elementor-repeater-item-eae30e0 wpr-grid-item-display-block wpr-grid-item-align-left\"><div class=\"inner-block\"><a target=\"_self\" href=\"https:\/\/myagencyinside.com\/maquettes\/gestion-retraite\/2026\/02\/21\/echange-avec-patrick-recroix\/\" class=\"wpr-button-effect wpr-button-none\"><span>Lire la suite<\/span><\/a><\/div><\/div><\/div><\/div><\/article><article class=\"wpr-grid-item elementor-clearfix post-6613 post type-post status-publish format-standard has-post-thumbnail hentry category-podcast-bon-vent tag-assurance-chomage tag-cotisations tag-retraite tag-senior\"><div class=\"wpr-grid-item-inner\"><div class=\"wpr-grid-media-wrap wpr-effect-size-medium \" data-overlay-link=\"yes\"><div class=\"wpr-grid-image-wrap\" data-src=\"https:\/\/myagencyinside.com\/maquettes\/gestion-retraite\/wp-content\/uploads\/2026\/04\/Jean-Loup-Chiflet.jpg\" data-img-on-hover=\"\"  data-src-secondary=\"\"><img decoding=\"async\" data-no-lazy=\"1\" src=\"https:\/\/myagencyinside.com\/maquettes\/gestion-retraite\/wp-content\/uploads\/2026\/04\/Jean-Loup-Chiflet.jpg\" alt=\"\u00c9change avec Jean-Loup Chiflet\" class=\"wpr-anim-timing-ease-default\"><\/div><div class=\"wpr-grid-media-hover wpr-animation-wrap\"><div class=\"wpr-grid-media-hover-bg  wpr-overlay-fade-in wpr-anim-size-large wpr-anim-timing-ease-default wpr-anim-transparency\" data-url=\"https:\/\/myagencyinside.com\/maquettes\/gestion-retraite\/2026\/01\/21\/echange-avec-jean-loup-chiflet\/\"><\/div><\/div><\/div><div class=\"wpr-grid-item-below-content elementor-clearfix\"><h2 class=\"wpr-grid-item-title elementor-repeater-item-2f5f1ac wpr-grid-item-display-block wpr-grid-item-align-left wpr-pointer-none wpr-pointer-line-fx wpr-pointer-fx-slide\"><div class=\"inner-block\"><a target=\"_self\"  href=\"https:\/\/myagencyinside.com\/maquettes\/gestion-retraite\/2026\/01\/21\/echange-avec-jean-loup-chiflet\/\">\u00c9change avec Jean-Loup Chiflet<\/a><\/div><\/h2><div class=\"wpr-grid-item-date elementor-repeater-item-f1651c4 wpr-grid-item-display-inline wpr-grid-item-align-left\"><div class=\"inner-block\"><span>21 janvier 2026<span class=\"wpr-grid-extra-text-right\"><\/span><\/span><\/div><\/div><div class=\"wpr-grid-item-excerpt elementor-repeater-item-40e73b7 wpr-grid-item-display-block wpr-grid-item-align-left\"><div class=\"inner-block\"><p>\u00c0 82 ans, Jean-Loup Chiflet dit n\u2019avoir jamais autant travaill\u00e9. Apr\u00e8s une carri\u00e8re dans le milieu de l\u2019\u00e9dition, du packaging...<\/p><\/div><\/div><div class=\"wpr-grid-item-read-more elementor-repeater-item-eae30e0 wpr-grid-item-display-block wpr-grid-item-align-left\"><div class=\"inner-block\"><a target=\"_self\" href=\"https:\/\/myagencyinside.com\/maquettes\/gestion-retraite\/2026\/01\/21\/echange-avec-jean-loup-chiflet\/\" class=\"wpr-button-effect wpr-button-none\"><span>Lire la suite<\/span><\/a><\/div><\/div><\/div><\/div><\/article><article class=\"wpr-grid-item elementor-clearfix post-6623 post type-post status-publish format-standard has-post-thumbnail hentry category-infographies-retraite tag-assurance-chomage tag-cotisations tag-retraite tag-senior\"><div class=\"wpr-grid-item-inner\"><div class=\"wpr-grid-media-wrap wpr-effect-size-medium \" data-overlay-link=\"yes\"><div class=\"wpr-grid-image-wrap\" data-src=\"https:\/\/myagencyinside.com\/maquettes\/gestion-retraite\/wp-content\/uploads\/2026\/04\/Retraite-anticipee-On-vous-dit-tout-.png\" data-img-on-hover=\"\"  data-src-secondary=\"\"><img decoding=\"async\" data-no-lazy=\"1\" src=\"https:\/\/myagencyinside.com\/maquettes\/gestion-retraite\/wp-content\/uploads\/2026\/04\/Retraite-anticipee-On-vous-dit-tout-.png\" alt=\"Retraite anticip\u00e9e ? On vous dit tout !\" class=\"wpr-anim-timing-ease-default\"><\/div><div class=\"wpr-grid-media-hover wpr-animation-wrap\"><div class=\"wpr-grid-media-hover-bg  wpr-overlay-fade-in wpr-anim-size-large wpr-anim-timing-ease-default wpr-anim-transparency\" data-url=\"https:\/\/myagencyinside.com\/maquettes\/gestion-retraite\/2026\/01\/21\/retraite-anticipee-on-vous-dit-tout\/\"><\/div><\/div><\/div><div class=\"wpr-grid-item-below-content elementor-clearfix\"><h2 class=\"wpr-grid-item-title elementor-repeater-item-2f5f1ac wpr-grid-item-display-block wpr-grid-item-align-left wpr-pointer-none wpr-pointer-line-fx wpr-pointer-fx-slide\"><div class=\"inner-block\"><a target=\"_self\"  href=\"https:\/\/myagencyinside.com\/maquettes\/gestion-retraite\/2026\/01\/21\/retraite-anticipee-on-vous-dit-tout\/\">Retraite anticip\u00e9e ? On vous dit tout !<\/a><\/div><\/h2><div class=\"wpr-grid-item-date elementor-repeater-item-f1651c4 wpr-grid-item-display-inline wpr-grid-item-align-left\"><div class=\"inner-block\"><span>21 janvier 2026<span class=\"wpr-grid-extra-text-right\"><\/span><\/span><\/div><\/div><div class=\"wpr-grid-item-read-more elementor-repeater-item-eae30e0 wpr-grid-item-display-block wpr-grid-item-align-left\"><div class=\"inner-block\"><a target=\"_self\" href=\"https:\/\/myagencyinside.com\/maquettes\/gestion-retraite\/2026\/01\/21\/retraite-anticipee-on-vous-dit-tout\/\" class=\"wpr-button-effect wpr-button-none\"><span>Lire la suite<\/span><\/a><\/div><\/div><\/div><\/div><\/article><article class=\"wpr-grid-item elementor-clearfix post-6695 post type-post status-publish format-standard has-post-thumbnail hentry category-podcast-bon-vent tag-assurance-chomage tag-cotisations tag-retraite tag-senior\"><div class=\"wpr-grid-item-inner\"><div class=\"wpr-grid-media-wrap wpr-effect-size-medium \" data-overlay-link=\"yes\"><div class=\"wpr-grid-image-wrap\" data-src=\"https:\/\/myagencyinside.com\/maquettes\/gestion-retraite\/wp-content\/uploads\/2026\/04\/Eric-Petremann-.png\" data-img-on-hover=\"\"  data-src-secondary=\"\"><img decoding=\"async\" data-no-lazy=\"1\" src=\"https:\/\/myagencyinside.com\/maquettes\/gestion-retraite\/wp-content\/uploads\/2026\/04\/Eric-Petremann-.png\" alt=\"\u00c9change avec \u00c9ric Petremann\" class=\"wpr-anim-timing-ease-default\"><\/div><div class=\"wpr-grid-media-hover wpr-animation-wrap\"><div class=\"wpr-grid-media-hover-bg  wpr-overlay-fade-in wpr-anim-size-large wpr-anim-timing-ease-default wpr-anim-transparency\" data-url=\"https:\/\/myagencyinside.com\/maquettes\/gestion-retraite\/2025\/12\/21\/echange-avec-eric-petremann\/\"><\/div><\/div><\/div><div class=\"wpr-grid-item-below-content elementor-clearfix\"><h2 class=\"wpr-grid-item-title elementor-repeater-item-2f5f1ac wpr-grid-item-display-block wpr-grid-item-align-left wpr-pointer-none wpr-pointer-line-fx wpr-pointer-fx-slide\"><div class=\"inner-block\"><a target=\"_self\"  href=\"https:\/\/myagencyinside.com\/maquettes\/gestion-retraite\/2025\/12\/21\/echange-avec-eric-petremann\/\">\u00c9change avec \u00c9ric Petremann<\/a><\/div><\/h2><div class=\"wpr-grid-item-date elementor-repeater-item-f1651c4 wpr-grid-item-display-inline wpr-grid-item-align-left\"><div class=\"inner-block\"><span>21 d\u00e9cembre 2025<span class=\"wpr-grid-extra-text-right\"><\/span><\/span><\/div><\/div><div class=\"wpr-grid-item-excerpt elementor-repeater-item-40e73b7 wpr-grid-item-display-block wpr-grid-item-align-left\"><div class=\"inner-block\"><p>Pour le deuxi\u00e8me \u00e9pisode de BON VENT, NB Consulting a le plaisir de donner la parole \u00e0 \u00c9ric Petremann (Darpan),...<\/p><\/div><\/div><div class=\"wpr-grid-item-read-more elementor-repeater-item-eae30e0 wpr-grid-item-display-block wpr-grid-item-align-left\"><div class=\"inner-block\"><a target=\"_self\" href=\"https:\/\/myagencyinside.com\/maquettes\/gestion-retraite\/2025\/12\/21\/echange-avec-eric-petremann\/\" class=\"wpr-button-effect wpr-button-none\"><span>Lire la suite<\/span><\/a><\/div><\/div><\/div><\/div><\/article><article class=\"wpr-grid-item elementor-clearfix post-6628 post type-post status-publish format-standard has-post-thumbnail hentry category-infographies-retraite tag-assurance-chomage tag-cotisations tag-retraite tag-senior\"><div class=\"wpr-grid-item-inner\"><div class=\"wpr-grid-media-wrap wpr-effect-size-medium \" data-overlay-link=\"yes\"><div class=\"wpr-grid-image-wrap\" data-src=\"https:\/\/myagencyinside.com\/maquettes\/gestion-retraite\/wp-content\/uploads\/2026\/04\/Suis-je-concernee-par-la-clause-de-sauvegarde-.png\" data-img-on-hover=\"\"  data-src-secondary=\"\"><img decoding=\"async\" data-no-lazy=\"1\" src=\"https:\/\/myagencyinside.com\/maquettes\/gestion-retraite\/wp-content\/uploads\/2026\/04\/Suis-je-concernee-par-la-clause-de-sauvegarde-.png\" alt=\"Suis-je concern\u00e9(e) par la clause de sauvegarde ?\" class=\"wpr-anim-timing-ease-default\"><\/div><div class=\"wpr-grid-media-hover wpr-animation-wrap\"><div class=\"wpr-grid-media-hover-bg  wpr-overlay-fade-in wpr-anim-size-large wpr-anim-timing-ease-default wpr-anim-transparency\" data-url=\"https:\/\/myagencyinside.com\/maquettes\/gestion-retraite\/2025\/12\/21\/suis-je-concernee-par-la-clause-de-sauvegarde\/\"><\/div><\/div><\/div><div class=\"wpr-grid-item-below-content elementor-clearfix\"><h2 class=\"wpr-grid-item-title elementor-repeater-item-2f5f1ac wpr-grid-item-display-block wpr-grid-item-align-left wpr-pointer-none wpr-pointer-line-fx wpr-pointer-fx-slide\"><div class=\"inner-block\"><a target=\"_self\"  href=\"https:\/\/myagencyinside.com\/maquettes\/gestion-retraite\/2025\/12\/21\/suis-je-concernee-par-la-clause-de-sauvegarde\/\">Suis-je concern\u00e9(e) par la clause de sauvegarde ?<\/a><\/div><\/h2><div class=\"wpr-grid-item-date elementor-repeater-item-f1651c4 wpr-grid-item-display-inline wpr-grid-item-align-left\"><div class=\"inner-block\"><span>21 d\u00e9cembre 2025<span class=\"wpr-grid-extra-text-right\"><\/span><\/span><\/div><\/div><div class=\"wpr-grid-item-read-more elementor-repeater-item-eae30e0 wpr-grid-item-display-block wpr-grid-item-align-left\"><div class=\"inner-block\"><a target=\"_self\" href=\"https:\/\/myagencyinside.com\/maquettes\/gestion-retraite\/2025\/12\/21\/suis-je-concernee-par-la-clause-de-sauvegarde\/\" class=\"wpr-button-effect wpr-button-none\"><span>Lire la suite<\/span><\/a><\/div><\/div><\/div><\/div><\/article><article class=\"wpr-grid-item elementor-clearfix post-6594 post type-post status-publish format-standard has-post-thumbnail hentry category-infographies-retraite tag-assurance-chomage tag-cotisations tag-retraite tag-senior\"><div class=\"wpr-grid-item-inner\"><div class=\"wpr-grid-media-wrap wpr-effect-size-medium \" data-overlay-link=\"yes\"><div class=\"wpr-grid-image-wrap\" data-src=\"https:\/\/myagencyinside.com\/maquettes\/gestion-retraite\/wp-content\/uploads\/2026\/04\/Je-comprends-mieux-ma-retraite.png\" data-img-on-hover=\"\"  data-src-secondary=\"\"><img decoding=\"async\" data-no-lazy=\"1\" src=\"https:\/\/myagencyinside.com\/maquettes\/gestion-retraite\/wp-content\/uploads\/2026\/04\/Je-comprends-mieux-ma-retraite.png\" alt=\"J&rsquo;\u00e9vite les erreurs dans le calcul de mes droits\" class=\"wpr-anim-timing-ease-default\"><\/div><div class=\"wpr-grid-media-hover wpr-animation-wrap\"><div class=\"wpr-grid-media-hover-bg  wpr-overlay-fade-in wpr-anim-size-large wpr-anim-timing-ease-default wpr-anim-transparency\" data-url=\"https:\/\/myagencyinside.com\/maquettes\/gestion-retraite\/2025\/11\/21\/jevite-les-erreurs-dans-le-calcul-de-mes-droits\/\"><\/div><\/div><\/div><div class=\"wpr-grid-item-below-content elementor-clearfix\"><h2 class=\"wpr-grid-item-title elementor-repeater-item-2f5f1ac wpr-grid-item-display-block wpr-grid-item-align-left wpr-pointer-none wpr-pointer-line-fx wpr-pointer-fx-slide\"><div class=\"inner-block\"><a target=\"_self\"  href=\"https:\/\/myagencyinside.com\/maquettes\/gestion-retraite\/2025\/11\/21\/jevite-les-erreurs-dans-le-calcul-de-mes-droits\/\">J&rsquo;\u00e9vite les erreurs dans le calcul de mes droits<\/a><\/div><\/h2><div class=\"wpr-grid-item-date elementor-repeater-item-f1651c4 wpr-grid-item-display-inline wpr-grid-item-align-left\"><div class=\"inner-block\"><span>21 novembre 2025<span class=\"wpr-grid-extra-text-right\"><\/span><\/span><\/div><\/div><div class=\"wpr-grid-item-read-more elementor-repeater-item-eae30e0 wpr-grid-item-display-block wpr-grid-item-align-left\"><div class=\"inner-block\"><a target=\"_self\" href=\"https:\/\/myagencyinside.com\/maquettes\/gestion-retraite\/2025\/11\/21\/jevite-les-erreurs-dans-le-calcul-de-mes-droits\/\" class=\"wpr-button-effect wpr-button-none\"><span>Lire la suite<\/span><\/a><\/div><\/div><\/div><\/div><\/article><article class=\"wpr-grid-item elementor-clearfix post-3221 post type-post status-publish format-standard has-post-thumbnail hentry category-nos-actus tag-assurance-chomage tag-cotisations tag-retraite tag-senior\"><div class=\"wpr-grid-item-inner\"><div class=\"wpr-grid-media-wrap wpr-effect-size-medium \" data-overlay-link=\"yes\"><div class=\"wpr-grid-image-wrap\" data-src=\"https:\/\/myagencyinside.com\/maquettes\/gestion-retraite\/wp-content\/uploads\/2025\/04\/IMGArticle_AssuranceChomage_SiteNBC.jpg\" data-img-on-hover=\"\"  data-src-secondary=\"\"><img decoding=\"async\" data-no-lazy=\"1\" src=\"https:\/\/myagencyinside.com\/maquettes\/gestion-retraite\/wp-content\/uploads\/2025\/04\/IMGArticle_AssuranceChomage_SiteNBC.jpg\" alt=\"Ch\u00f4mage des seniors de plus de 55 ans\" class=\"wpr-anim-timing-ease-default\"><\/div><div class=\"wpr-grid-media-hover wpr-animation-wrap\"><div class=\"wpr-grid-media-hover-bg  wpr-overlay-fade-in wpr-anim-size-large wpr-anim-timing-ease-default wpr-anim-transparency\" data-url=\"https:\/\/myagencyinside.com\/maquettes\/gestion-retraite\/2025\/04\/09\/chomage-des-seniors-de-plus-de-55-ans\/\"><\/div><\/div><\/div><div class=\"wpr-grid-item-below-content elementor-clearfix\"><h2 class=\"wpr-grid-item-title elementor-repeater-item-2f5f1ac wpr-grid-item-display-block wpr-grid-item-align-left wpr-pointer-none wpr-pointer-line-fx wpr-pointer-fx-slide\"><div class=\"inner-block\"><a target=\"_self\"  href=\"https:\/\/myagencyinside.com\/maquettes\/gestion-retraite\/2025\/04\/09\/chomage-des-seniors-de-plus-de-55-ans\/\">Ch\u00f4mage des seniors de plus de 55 ans<\/a><\/div><\/h2><div class=\"wpr-grid-item-date elementor-repeater-item-f1651c4 wpr-grid-item-display-inline wpr-grid-item-align-left\"><div class=\"inner-block\"><span>9 avril 2025<span class=\"wpr-grid-extra-text-right\"><\/span><\/span><\/div><\/div><div class=\"wpr-grid-item-excerpt elementor-repeater-item-40e73b7 wpr-grid-item-display-block wpr-grid-item-align-left\"><div class=\"inner-block\"><p>Entr\u00e9e en vigueur le 1er avril 2025, la nouvelle convention d&rsquo;assurance ch\u00f4mage aligne ses r\u00e8gles d&rsquo;indemnisation sur le recul de...<\/p><\/div><\/div><div class=\"wpr-grid-item-read-more elementor-repeater-item-eae30e0 wpr-grid-item-display-block wpr-grid-item-align-left\"><div class=\"inner-block\"><a target=\"_self\" href=\"https:\/\/myagencyinside.com\/maquettes\/gestion-retraite\/2025\/04\/09\/chomage-des-seniors-de-plus-de-55-ans\/\" class=\"wpr-button-effect wpr-button-none\"><span>Lire la suite<\/span><\/a><\/div><\/div><\/div><\/div><\/article><\/section><div class=\"wpr-grid-slider-arrow-container\"><div class=\"wpr-grid-slider-prev-arrow wpr-grid-slider-arrow\" id=\"wpr-grid-slider-prev-5b506f5\"><svg version=\"1.1\" xmlns=\"http:\/\/www.w3.org\/2000\/svg\" xmlns:xlink=\"http:\/\/www.w3.org\/1999\/xlink\" x=\"0px\" y=\"0px\" viewBox=\"0 0 283.4 512\" style=\"enable-background:new 0 0 283.4 512;\" xml:space=\"preserve\"><g><polygon class=\"st0\" points=\"54.5,256.3 283.4,485.1 256.1,512.5 0,256.3 0,256.3 27.2,229 256.1,0 283.4,27.4 \"\/><\/g><\/svg><\/div><div class=\"wpr-grid-slider-next-arrow wpr-grid-slider-arrow\" id=\"wpr-grid-slider-next-5b506f5\"><svg version=\"1.1\" xmlns=\"http:\/\/www.w3.org\/2000\/svg\" xmlns:xlink=\"http:\/\/www.w3.org\/1999\/xlink\" x=\"0px\" y=\"0px\" viewBox=\"0 0 283.4 512\" style=\"enable-background:new 0 0 283.4 512;\" xml:space=\"preserve\"><g><polygon class=\"st0\" points=\"54.5,256.3 283.4,485.1 256.1,512.5 0,256.3 0,256.3 27.2,229 256.1,0 283.4,27.4 \"\/><\/g><\/svg><\/div><\/div><div class=\"wpr-grid-slider-dots\"><\/div>\t\t\t\t<\/div>\n\t\t\t\t\t<\/div>\n\t\t\t\t<\/div>\n\t\t<div class=\"elementor-element elementor-element-e6530cf e-flex e-con-boxed wpr-particle-no wpr-jarallax-no wpr-parallax-no wpr-sticky-section-no wpr-equal-height-no e-con e-parent\" data-id=\"e6530cf\" data-element_type=\"container\" data-e-type=\"container\">\n\t\t\t\t\t<div class=\"e-con-inner\">\n\t\t<div class=\"elementor-element elementor-element-d70c1eb e-con-full e-flex wpr-particle-no wpr-jarallax-no wpr-parallax-no wpr-sticky-section-no wpr-equal-height-no e-con e-child\" data-id=\"d70c1eb\" data-element_type=\"container\" data-e-type=\"container\">\n\t\t\t\t<div class=\"elementor-element elementor-element-031f58e elementor-widget elementor-widget-text-editor\" data-id=\"031f58e\" data-element_type=\"widget\" data-e-type=\"widget\" data-widget_type=\"text-editor.default\">\n\t\t\t\t\t\t\t\t\t<p>PROCHAINE \u00c9TAPE<\/p>\t\t\t\t\t\t\t\t<\/div>\n\t\t\t\t<div class=\"elementor-element elementor-element-cb03b12 elementor-widget elementor-widget-text-editor\" data-id=\"cb03b12\" data-element_type=\"widget\" data-e-type=\"widget\" data-widget_type=\"text-editor.default\">\n\t\t\t\t\t\t\t\t\t<p>Votre parcours m\u00e9rite<br \/>une solution <em><span style=\"color: #b8965a;\">\u00e0 sa hauteur.<\/span><\/em><\/p>\t\t\t\t\t\t\t\t<\/div>\n\t\t\t\t<div class=\"elementor-element elementor-element-ef91b04 elementor-widget elementor-widget-text-editor\" data-id=\"ef91b04\" data-element_type=\"widget\" data-e-type=\"widget\" data-widget_type=\"text-editor.default\">\n\t\t\t\t\t\t\t\t\t<p>Un premier rendez-vous o\u00f9 votre parcours rencontre votre projet. Le moment o\u00f9 les bonnes questions commencent \u00e0 changer les choses.<\/p>\t\t\t\t\t\t\t\t<\/div>\n\t\t\t\t<\/div>\n\t\t<div class=\"elementor-element elementor-element-b41169d e-con-full e-flex wpr-particle-no wpr-jarallax-no wpr-parallax-no wpr-sticky-section-no wpr-equal-height-no e-con e-child\" data-id=\"b41169d\" data-element_type=\"container\" data-e-type=\"container\">\n\t\t\t\t<div class=\"elementor-element elementor-element-e901700 elementor-align-center elementor-widget elementor-widget-button\" data-id=\"e901700\" data-element_type=\"widget\" data-e-type=\"widget\" data-widget_type=\"button.default\">\n\t\t\t\t\t\t\t\t\t\t<a class=\"elementor-button elementor-button-link elementor-size-sm\" href=\"#\">\n\t\t\t\t\t\t<span class=\"elementor-button-content-wrapper\">\n\t\t\t\t\t\t\t\t\t<span class=\"elementor-button-text\">PRENDRE RENDEZ-VOUS \u2192<\/span>\n\t\t\t\t\t<\/span>\n\t\t\t\t\t<\/a>\n\t\t\t\t\t\t\t\t<\/div>\n\t\t\t\t<div class=\"elementor-element elementor-element-2148e51 elementor-align-center elementor-widget elementor-widget-button\" data-id=\"2148e51\" data-element_type=\"widget\" data-e-type=\"widget\" data-widget_type=\"button.default\">\n\t\t\t\t\t\t\t\t\t\t<a class=\"elementor-button elementor-button-link elementor-size-sm\" href=\"#\">\n\t\t\t\t\t\t<span class=\"elementor-button-content-wrapper\">\n\t\t\t\t\t\t\t\t\t<span class=\"elementor-button-text\">VOIR NOS PRESTATIONS \u2192<\/span>\n\t\t\t\t\t<\/span>\n\t\t\t\t\t<\/a>\n\t\t\t\t\t\t\t\t<\/div>\n\t\t\t\t<div class=\"elementor-element elementor-element-1ecd24b elementor-widget-divider--view-line elementor-widget elementor-widget-divider\" data-id=\"1ecd24b\" data-element_type=\"widget\" data-e-type=\"widget\" data-widget_type=\"divider.default\">\n\t\t\t\t\t\t\t<div class=\"elementor-divider\">\n\t\t\t<span class=\"elementor-divider-separator\">\n\t\t\t\t\t\t<\/span>\n\t\t<\/div>\n\t\t\t\t\t\t<\/div>\n\t\t\t\t<div class=\"elementor-element elementor-element-8071b0c elementor-widget elementor-widget-text-editor\" data-id=\"8071b0c\" data-element_type=\"widget\" data-e-type=\"widget\" data-widget_type=\"text-editor.default\">\n\t\t\t\t\t\t\t\t\t<p style=\"text-align: center;\">Entretien de 30 min &#8211; Sans engagement &#8211; Honoraires d\u00e9ductibles de toute prestation future<\/p>\t\t\t\t\t\t\t\t<\/div>\n\t\t\t\t<\/div>\n\t\t\t\t\t<\/div>\n\t\t\t\t<\/div>\n\t\t\t\t<section class=\"elementor-section elementor-top-section elementor-element elementor-element-3eb8aa8c elementor-section-boxed elementor-section-height-default elementor-section-height-default wpr-particle-no wpr-jarallax-no wpr-parallax-no wpr-sticky-section-no wpr-equal-height-no\" data-id=\"3eb8aa8c\" data-element_type=\"section\" data-e-type=\"section\" data-settings=\"{&quot;background_background&quot;:&quot;classic&quot;}\">\n\t\t\t\t\t\t<div class=\"elementor-container elementor-column-gap-default\">\n\t\t\t\t\t<div class=\"elementor-column elementor-col-100 elementor-top-column elementor-element elementor-element-336ebe39\" data-id=\"336ebe39\" data-element_type=\"column\" data-e-type=\"column\">\n\t\t\t<div class=\"elementor-widget-wrap elementor-element-populated\">\n\t\t\t\t\t\t<section class=\"elementor-section elementor-inner-section elementor-element elementor-element-4cc3a8ba elementor-section-boxed elementor-section-height-default elementor-section-height-default wpr-particle-no wpr-jarallax-no wpr-parallax-no wpr-sticky-section-no wpr-equal-height-no\" data-id=\"4cc3a8ba\" data-element_type=\"section\" data-e-type=\"section\">\n\t\t\t\t\t\t<div class=\"elementor-container elementor-column-gap-default\">\n\t\t\t\t\t<div class=\"elementor-column elementor-col-25 elementor-inner-column elementor-element elementor-element-46831422\" data-id=\"46831422\" data-element_type=\"column\" data-e-type=\"column\">\n\t\t\t<div class=\"elementor-widget-wrap elementor-element-populated\">\n\t\t\t\t\t\t<div class=\"elementor-element elementor-element-3bcf5d57 wpr-logo-position-center elementor-widget elementor-widget-wpr-logo\" data-id=\"3bcf5d57\" data-element_type=\"widget\" data-e-type=\"widget\" data-widget_type=\"wpr-logo.default\">\n\t\t\t\t\t\t\t\t\n\t\t\t<div class=\"wpr-logo elementor-clearfix\">\n\n\t\t\t\t\t\t\t\t<picture class=\"wpr-logo-image\">\n\t\t\t\t\t\n\t\t\t\t\t\t\t\t\t\t\n\t\t\t\t\t<img decoding=\"async\" src=\"https:\/\/myagencyinside.com\/maquettes\/gestion-retraite\/wp-content\/uploads\/2025\/12\/LogoNBC_NewViolet_SiteNBC1.png\" alt=\"\">\n\n\t\t\t\t\t\t\t\t\t\t\t<a class=\"wpr-logo-url\" rel=\"home\" aria-label=\"\" href=\"https:\/\/myagencyinside.com\/maquettes\/gestion-retraite\/\"><\/a>\n\t\t\t\t\t\t\t\t\t<\/picture>\n\t\t\t\t\n\t\t\t\t\n\t\t\t\t\t\t\t\t\t<a class=\"wpr-logo-url\" rel=\"home\" aria-label=\"\" href=\"https:\/\/myagencyinside.com\/maquettes\/gestion-retraite\/\"><\/a>\n\t\t\t\t\n\t\t\t<\/div>\n\t\t\t\t\n\t\t\t\t\t\t<\/div>\n\t\t\t\t<div class=\"elementor-element elementor-element-f00686d elementor-widget elementor-widget-heading\" data-id=\"f00686d\" data-element_type=\"widget\" data-e-type=\"widget\" data-widget_type=\"heading.default\">\n\t\t\t\t\t<p class=\"elementor-heading-title elementor-size-default\">R\u00e9ussir sa retraite depuis 2004.\nConseil retraite ind\u00e9pendant.<\/p>\t\t\t\t<\/div>\n\t\t\t\t\t<\/div>\n\t\t<\/div>\n\t\t\t\t<div class=\"elementor-column elementor-col-25 elementor-inner-column elementor-element elementor-element-663f1168\" data-id=\"663f1168\" data-element_type=\"column\" data-e-type=\"column\">\n\t\t\t<div class=\"elementor-widget-wrap elementor-element-populated\">\n\t\t\t\t\t\t<div class=\"elementor-element elementor-element-d0369b7 elementor-widget elementor-widget-heading\" data-id=\"d0369b7\" data-element_type=\"widget\" data-e-type=\"widget\" data-widget_type=\"heading.default\">\n\t\t\t\t\t<h2 class=\"elementor-heading-title elementor-size-default\">particuliers<\/h2>\t\t\t\t<\/div>\n\t\t\t\t<div class=\"elementor-element elementor-element-7bfa06f5 elementor-widget-divider--view-line elementor-widget elementor-widget-divider\" data-id=\"7bfa06f5\" data-element_type=\"widget\" data-e-type=\"widget\" data-widget_type=\"divider.default\">\n\t\t\t\t\t\t\t<div class=\"elementor-divider\">\n\t\t\t<span class=\"elementor-divider-separator\">\n\t\t\t\t\t\t<\/span>\n\t\t<\/div>\n\t\t\t\t\t\t<\/div>\n\t\t\t\t<div class=\"elementor-element elementor-element-1e375642 elementor-widget elementor-widget-heading\" data-id=\"1e375642\" data-element_type=\"widget\" data-e-type=\"widget\" data-widget_type=\"heading.default\">\n\t\t\t\t\t<p class=\"elementor-heading-title elementor-size-default\">Premier rendez-vous<\/p>\t\t\t\t<\/div>\n\t\t\t\t<div class=\"elementor-element elementor-element-af9f083 elementor-widget elementor-widget-heading\" data-id=\"af9f083\" data-element_type=\"widget\" data-e-type=\"widget\" data-widget_type=\"heading.default\">\n\t\t\t\t\t<p class=\"elementor-heading-title elementor-size-default\">Bilan conseil chiffr\u00e9\n<\/p>\t\t\t\t<\/div>\n\t\t\t\t<div class=\"elementor-element elementor-element-0925085 elementor-widget elementor-widget-heading\" data-id=\"0925085\" data-element_type=\"widget\" data-e-type=\"widget\" data-widget_type=\"heading.default\">\n\t\t\t\t\t<p class=\"elementor-heading-title elementor-size-default\">Formalit\u00e9s de d\u00e9part<\/p>\t\t\t\t<\/div>\n\t\t\t\t<div class=\"elementor-element elementor-element-05dd921 elementor-widget elementor-widget-heading\" data-id=\"05dd921\" data-element_type=\"widget\" data-e-type=\"widget\" data-widget_type=\"heading.default\">\n\t\t\t\t\t<p class=\"elementor-heading-title elementor-size-default\">Expatri\u00e9s<\/p>\t\t\t\t<\/div>\n\t\t\t\t<div class=\"elementor-element elementor-element-37688f5 elementor-widget elementor-widget-heading\" data-id=\"37688f5\" data-element_type=\"widget\" data-e-type=\"widget\" data-widget_type=\"heading.default\">\n\t\t\t\t\t<p class=\"elementor-heading-title elementor-size-default\">Coaching transition<\/p>\t\t\t\t<\/div>\n\t\t\t\t\t<\/div>\n\t\t<\/div>\n\t\t\t\t<div class=\"elementor-column elementor-col-25 elementor-inner-column elementor-element elementor-element-59290f31\" data-id=\"59290f31\" data-element_type=\"column\" data-e-type=\"column\">\n\t\t\t<div class=\"elementor-widget-wrap elementor-element-populated\">\n\t\t\t\t\t\t<div class=\"elementor-element elementor-element-1a4eb3f elementor-widget elementor-widget-heading\" data-id=\"1a4eb3f\" data-element_type=\"widget\" data-e-type=\"widget\" data-widget_type=\"heading.default\">\n\t\t\t\t\t<h2 class=\"elementor-heading-title elementor-size-default\">ENTREPRISES<\/h2>\t\t\t\t<\/div>\n\t\t\t\t<div class=\"elementor-element elementor-element-58f76acc elementor-widget-divider--view-line elementor-widget elementor-widget-divider\" data-id=\"58f76acc\" data-element_type=\"widget\" data-e-type=\"widget\" data-widget_type=\"divider.default\">\n\t\t\t\t\t\t\t<div class=\"elementor-divider\">\n\t\t\t<span class=\"elementor-divider-separator\">\n\t\t\t\t\t\t<\/span>\n\t\t<\/div>\n\t\t\t\t\t\t<\/div>\n\t\t\t\t<div class=\"elementor-element elementor-element-db050d3 elementor-widget elementor-widget-heading\" data-id=\"db050d3\" data-element_type=\"widget\" data-e-type=\"widget\" data-widget_type=\"heading.default\">\n\t\t\t\t\t<p class=\"elementor-heading-title elementor-size-default\">Loi du 24\/10\/2025<\/p>\t\t\t\t<\/div>\n\t\t\t\t<div class=\"elementor-element elementor-element-5cc333f elementor-widget elementor-widget-heading\" data-id=\"5cc333f\" data-element_type=\"widget\" data-e-type=\"widget\" data-widget_type=\"heading.default\">\n\t\t\t\t\t<p class=\"elementor-heading-title elementor-size-default\">Entretiens fin de carri\u00e8re<\/p>\t\t\t\t<\/div>\n\t\t\t\t<div class=\"elementor-element elementor-element-11dd260 elementor-widget elementor-widget-heading\" data-id=\"11dd260\" data-element_type=\"widget\" data-e-type=\"widget\" data-widget_type=\"heading.default\">\n\t\t\t\t\t<p class=\"elementor-heading-title elementor-size-default\">Formations &amp; ateliers<\/p>\t\t\t\t<\/div>\n\t\t\t\t<div class=\"elementor-element elementor-element-7d7fe9a elementor-widget elementor-widget-heading\" data-id=\"7d7fe9a\" data-element_type=\"widget\" data-e-type=\"widget\" data-widget_type=\"heading.default\">\n\t\t\t\t\t<p class=\"elementor-heading-title elementor-size-default\">Pilotage externalis\u00e9\n<\/p>\t\t\t\t<\/div>\n\t\t\t\t\t<\/div>\n\t\t<\/div>\n\t\t\t\t<div class=\"elementor-column elementor-col-25 elementor-inner-column elementor-element elementor-element-542f52c8\" data-id=\"542f52c8\" data-element_type=\"column\" data-e-type=\"column\">\n\t\t\t<div class=\"elementor-widget-wrap elementor-element-populated\">\n\t\t\t\t\t\t<div class=\"elementor-element elementor-element-1a4e49f3 elementor-widget elementor-widget-heading\" data-id=\"1a4e49f3\" data-element_type=\"widget\" data-e-type=\"widget\" data-widget_type=\"heading.default\">\n\t\t\t\t\t<h2 class=\"elementor-heading-title elementor-size-default\">NB consulting<\/h2>\t\t\t\t<\/div>\n\t\t\t\t<div class=\"elementor-element elementor-element-7a46cb8 elementor-widget-divider--view-line elementor-widget elementor-widget-divider\" data-id=\"7a46cb8\" data-element_type=\"widget\" data-e-type=\"widget\" data-widget_type=\"divider.default\">\n\t\t\t\t\t\t\t<div class=\"elementor-divider\">\n\t\t\t<span class=\"elementor-divider-separator\">\n\t\t\t\t\t\t<\/span>\n\t\t<\/div>\n\t\t\t\t\t\t<\/div>\n\t\t\t\t<div class=\"elementor-element elementor-element-b1e43cc elementor-widget elementor-widget-heading\" data-id=\"b1e43cc\" data-element_type=\"widget\" data-e-type=\"widget\" data-widget_type=\"heading.default\">\n\t\t\t\t\t<p class=\"elementor-heading-title elementor-size-default\">\u00c0 propos<\/p>\t\t\t\t<\/div>\n\t\t\t\t<div class=\"elementor-element elementor-element-892a3b2 elementor-widget elementor-widget-heading\" data-id=\"892a3b2\" data-element_type=\"widget\" data-e-type=\"widget\" data-widget_type=\"heading.default\">\n\t\t\t\t\t<p class=\"elementor-heading-title elementor-size-default\">Actualit\u00e9s<\/p>\t\t\t\t<\/div>\n\t\t\t\t<div class=\"elementor-element elementor-element-a825b47 elementor-widget elementor-widget-heading\" data-id=\"a825b47\" data-element_type=\"widget\" data-e-type=\"widget\" data-widget_type=\"heading.default\">\n\t\t\t\t\t<p class=\"elementor-heading-title elementor-size-default\">FAQ<\/p>\t\t\t\t<\/div>\n\t\t\t\t<div class=\"elementor-element elementor-element-191a742 elementor-widget elementor-widget-heading\" data-id=\"191a742\" data-element_type=\"widget\" data-e-type=\"widget\" data-widget_type=\"heading.default\">\n\t\t\t\t\t<p class=\"elementor-heading-title elementor-size-default\">Contact<\/p>\t\t\t\t<\/div>\n\t\t\t\t\t<\/div>\n\t\t<\/div>\n\t\t\t\t\t<\/div>\n\t\t<\/section>\n\t\t\t\t<div class=\"elementor-element elementor-element-6d06049b elementor-widget-divider--view-line elementor-widget elementor-widget-divider\" data-id=\"6d06049b\" data-element_type=\"widget\" data-e-type=\"widget\" data-widget_type=\"divider.default\">\n\t\t\t\t\t\t\t<div class=\"elementor-divider\">\n\t\t\t<span class=\"elementor-divider-separator\">\n\t\t\t\t\t\t<\/span>\n\t\t<\/div>\n\t\t\t\t\t\t<\/div>\n\t\t<div class=\"elementor-element elementor-element-3008094 e-flex e-con-boxed wpr-particle-no wpr-jarallax-no wpr-parallax-no wpr-sticky-section-no wpr-equal-height-no e-con e-parent\" data-id=\"3008094\" data-element_type=\"container\" data-e-type=\"container\">\n\t\t\t\t\t<div class=\"e-con-inner\">\n\t\t<div class=\"elementor-element elementor-element-17ceceb e-con-full e-flex wpr-particle-no wpr-jarallax-no wpr-parallax-no wpr-sticky-section-no wpr-equal-height-no e-con e-child\" data-id=\"17ceceb\" data-element_type=\"container\" data-e-type=\"container\">\n\t\t\t\t<div class=\"elementor-element elementor-element-90867fc elementor-widget elementor-widget-text-editor\" data-id=\"90867fc\" data-element_type=\"widget\" data-e-type=\"widget\" data-widget_type=\"text-editor.default\">\n\t\t\t\t\t\t\t\t\t<p>\u00a9 2026 NB Consulting \u00b7 Rueil-Malmaison (92) \u00b7 01 47 08 12 29<\/p>\t\t\t\t\t\t\t\t<\/div>\n\t\t\t\t<\/div>\n\t\t<div class=\"elementor-element elementor-element-f02abb4 e-con-full e-flex wpr-particle-no wpr-jarallax-no wpr-parallax-no wpr-sticky-section-no wpr-equal-height-no e-con e-child\" data-id=\"f02abb4\" data-element_type=\"container\" data-e-type=\"container\">\n\t\t\t\t<div class=\"elementor-element elementor-element-d714f46 elementor-widget elementor-widget-text-editor\" data-id=\"d714f46\" data-element_type=\"widget\" data-e-type=\"widget\" data-widget_type=\"text-editor.default\">\n\t\t\t\t\t\t\t\t\t<p>Mentions l\u00e9gales &#8211; Confidentialit\u00e9<\/p>\t\t\t\t\t\t\t\t<\/div>\n\t\t\t\t<\/div>\n\t\t\t\t\t<\/div>\n\t\t\t\t<\/div>\n\t\t\t\t\t<\/div>\n\t\t<\/div>\n\t\t\t\t\t<\/div>\n\t\t<\/section>\n\t\t\t\t<\/div>\n\t\t","protected":false},"excerpt":{"rendered":"<p>Conseil retraite ind\u00e9pendant \u00b7 depuis 2004 FAQ Toutes les r\u00e9ponses aux questions que vous vous posez sur la retraite Accueil \/ FAQ 25 ans d&rsquo;expertise \u00b7 3 000 parcoursParis \u00b7 France enti\u00e8re JE SUIS PARTICULIER \u2192 Je repr\u00e9sente une entreprise \u2192 L&rsquo;\u00e2ge de la retraite Puis-je partir si je n\u2019ai pas tous mes trimestres ? Oui, vous pouvez partir si vous n\u2019avez pas tous vos trimestres. Si vous liquidez votre retraite \u00e0 l\u2019\u00e2ge du taux plein automatique (67 ans) selon votre date de naissance) sans avoir les trimestres requis, vous ne subirez aucun abattement. Si vous liquidez votre retraite \u00e0 l\u2019\u00e2ge l\u00e9gal sans avoir vos trimestres, vous subirez un abattement sur le montant des pensions de retraite \u00e0 percevoir. La d\u00e9cote ne s\u2019applique pas seulement \u00e0 la pension du r\u00e9gime g\u00e9n\u00e9ral : partir avec un abattement implique non seulement une d\u00e9cote des pensions du r\u00e9gime g\u00e9n\u00e9ral mais \u00e9galement une d\u00e9cote des pensions des r\u00e9gimes compl\u00e9mentaires. Ces abattements sont d\u00e9finitifs et peuvent avoir des cons\u00e9quences financi\u00e8res non n\u00e9gligeables. Une d\u00e9cote de 4% sur une pension mensuelle de 3000\u20ac au taux plein, repr\u00e9sente un manque \u00e0 gagner de 36 000\u20ac. Si vous souhaitez partir avant l\u2019\u00e2ge du taux plein automatique (67 ans), il est fondamental de v\u00e9rifier que tous vos trimestres ont bien \u00e9t\u00e9 enregistr\u00e9s et que vous ne disposez pas de droits dont vous ignorez l\u2019existence. Notez \u00e9galement que depuis le 01\/01\/2019, si vous \u00eates n\u00e9s apr\u00e8s 1957, vous \u00eates \u00e9ligible aux dispositifs de minoration ou majoration temporaire sur le montant de vos pensions de retraites compl\u00e9mentaires (accord sign\u00e9 entre les partenaires sociaux du 30\/10\/2015 destin\u00e9 \u00e0 assurer la p\u00e9rennit\u00e9 des retraites compl\u00e9mentaires). Vous aurez parfois \u00e0 arbitrer entre percevoir une retraite au taux plein avec minoration temporaire de 10% ou une liquidation sans taux plein avec minoration d\u00e9finitive moindre ou reporter la demande de retraite pour \u00e9viter tout abattement. Il est donc judicieux d\u2019explorer tous les dispositifs r\u00e9glementaires et l\u00e9gaux permettant d\u2019optimiser votre situation pour choisir la meilleure date de d\u00e9part. Un rachat d\u2019ann\u00e9es d\u2019\u00e9tudes peut parfois \u00eatre tr\u00e8s rentable. \u00c0 quel \u00e2ge puis je partir \u00e0 la retraite ? L\u2019\u00e2ge minimal pour partir \u00e0 la retraite est de 62 ans pour les personnes n\u00e9es \u00e0 partir du 1er janvier 1955. Le nombre de trimestres exig\u00e9 pour pouvoir b\u00e9n\u00e9ficier du taux plein (retraite sans abattement) varie en fonction de l\u2019ann\u00e9e de naissance (entre 160 et 172). L\u2019\u00e2ge minimum pour obtenir sa retraite de base peut n\u00e9anmoins \u00eatre abaiss\u00e9 notamment dans le cadre de dispositifs de retraite anticip\u00e9e carri\u00e8re longue ou assur\u00e9 handicap\u00e9.Comment savoir si je suis \u00e9ligible au dispositif des carri\u00e8res longues ?Vous avez commenc\u00e9 d\u00e8s votre 19\u00e8me anniversaire, vous \u00eates peut-\u00eatre \u00e9ligible au dispositif des carri\u00e8res longues qui vous permet de partir \u00e0 la retraite \u00e0 60 ans et parfois m\u00eame avant.Les personnes reconnues handicap\u00e9es (taux d\u2019incapacit\u00e9 permanente sup\u00e9rieur ou \u00e9gal \u00e0 50%) peuvent partir en retraite d\u00e8s 55 ans. Pour cela, il faut : avoir acquis un certain nombre de trimestres, variable en fonction de l\u2019ann\u00e9e de naissance, justifier d\u2019un taux d\u2019incapacit\u00e9 de 50% minimum durant ces ann\u00e9es de cotisations. Les personnes justifiant d\u2019une incapacit\u00e9 permanente d\u2019au moins 20% li\u00e9e \u00e0 la p\u00e9nibilit\u00e9 de leur travail ou d\u2019au moins 10% selon certaines conditions peuvent faire valoir leur droit \u00e0 la retraite d\u00e8s 60 ans. Cette incapacit\u00e9 permanente doit r\u00e9sulter d\u2019une maladie professionnelle reconnue ou d\u2019un accident du travail. Le calcul de la votre calcul retraite Le ch\u00f4mage est-il pris en compte dans le calcul de ma retraite ? Les r\u00e8gles diff\u00e8rent selon que vous ayez \u00e9t\u00e9 en situation de ch\u00f4mage indemnis\u00e9 ou non indemnis\u00e9. P\u00e9riodes de ch\u00f4mage indemnis\u00e9es Dans le r\u00e9gime de base, les p\u00e9riodes de ch\u00f4mage indemnis\u00e9es sont consid\u00e9r\u00e9es comme des p\u00e9riodes assimil\u00e9es prises en compte pour le calcul du taux de la pension et pour le calcul de la dur\u00e9e d\u2019assurance. Il est valid\u00e9 un trimestre par p\u00e9riode de 50 jours d&rsquo;indemnisation ch\u00f4mage, dans la limite de 4 trimestres d&rsquo;assurance par ann\u00e9e civile. NOTA : Ces \u00ab trimestres assimil\u00e9s \u00bb ne sont pas pris en compte pour le calcul d&rsquo;un \u00e9ventuel droit \u00e0 un d\u00e9part en retraite anticip\u00e9. Dans les r\u00e9gimes compl\u00e9mentaires, les p\u00e9riodes de ch\u00f4mage indemnis\u00e9es donnent lieu \u00e0 l&rsquo;attribution de points, sous r\u00e9serve que vous ayez cotis\u00e9 aupr\u00e8s d&rsquo;une caisse compl\u00e9mentaire avant la rupture du contrat de travail. P\u00e9riodes de ch\u00f4mage non indemnis\u00e9es La p\u00e9riode de ch\u00f4mage non indemnis\u00e9e n\u2019est prise en compte que si elle suit sans interruption la p\u00e9riode indemnis\u00e9e dans la limite d&rsquo;un an. Chaque p\u00e9riode ult\u00e9rieure de ch\u00f4mage non indemnis\u00e9 peut \u00eatre retenue : Dans la limite d&rsquo;une ann\u00e9e si l&rsquo;assur\u00e9 est \u00e2g\u00e9 de moins de 55 ans \u00e0 la date de cessation de l&rsquo;indemnisation ou si, \u00e2g\u00e9 de plus de 55 ans, il justifie de moins de 20 ans de cotisations sous l&rsquo;ensemble des r\u00e9gimes de retraite de base obligatoireDans la limite de cinq ans si l&rsquo;assur\u00e9 est \u00e2g\u00e9 d&rsquo;au moins 55 ans \u00e0 la date de cessation de l&rsquo;indemnisation et s&rsquo;il justifie de plus de 20 ans de cotisations sous l&rsquo;ensemble des r\u00e9gimes de retraite de base obligatoire, et s&rsquo;il ne rel\u00e8ve pas \u00e0 nouveau d&rsquo;un r\u00e9gime obligatoire d&rsquo;assurance vieillesseLes p\u00e9riodes de ch\u00f4mage font fr\u00e9quemment l\u2019objet de r\u00e9gularisation aupr\u00e8s des caisses de retraite. Il est donc indispensable de conserver l\u2019ensemble attestation ch\u00f4mage vous permettant de valider vos droits. Les p\u00e9riodes de maladie sont-elles prises en compte dans le calcul de ma retraite ? Dans le r\u00e9gime de base des salari\u00e9s du priv\u00e9 les p\u00e9riodes de maladie, maternit\u00e9, accident du travail, et invalidit\u00e9 sont valid\u00e9es sur la base d&rsquo;un trimestre assimil\u00e9 pour 60 jours d&rsquo;indemnisation maladie. Cette validation se fait dans la limite de quatre trimestres par an. Dans les r\u00e9gimes compl\u00e9mentaires Arrco et Agirc des points sont attribu\u00e9s gratuitement sous conditions : Etre affili\u00e9 \u00e0 une caisse compl\u00e9mentaire au moment de l\u2019arr\u00eat de travailUn arr\u00eat de travail sup\u00e9rieur \u00e0 60 joursPercevoir des indemnisations au titre de l\u2019arr\u00eat (indemnit\u00e9 journali\u00e8re, pension d\u2019invalidit\u00e9 ou rente correspondant \u00e0 un taux d\u2019incapacit\u00e9 de 66,66%)L\u2019attribution des points de retraite n\u2019est pas limit\u00e9e<\/p>\n","protected":false},"author":1,"featured_media":0,"parent":0,"menu_order":0,"comment_status":"closed","ping_status":"closed","template":"elementor_canvas","meta":{"footnotes":""},"class_list":["post-6181","page","type-page","status-publish","hentry"],"_links":{"self":[{"href":"https:\/\/myagencyinside.com\/maquettes\/gestion-retraite\/wp-json\/wp\/v2\/pages\/6181","targetHints":{"allow":["GET"]}}],"collection":[{"href":"https:\/\/myagencyinside.com\/maquettes\/gestion-retraite\/wp-json\/wp\/v2\/pages"}],"about":[{"href":"https:\/\/myagencyinside.com\/maquettes\/gestion-retraite\/wp-json\/wp\/v2\/types\/page"}],"author":[{"embeddable":true,"href":"https:\/\/myagencyinside.com\/maquettes\/gestion-retraite\/wp-json\/wp\/v2\/users\/1"}],"replies":[{"embeddable":true,"href":"https:\/\/myagencyinside.com\/maquettes\/gestion-retraite\/wp-json\/wp\/v2\/comments?post=6181"}],"version-history":[{"count":21,"href":"https:\/\/myagencyinside.com\/maquettes\/gestion-retraite\/wp-json\/wp\/v2\/pages\/6181\/revisions"}],"predecessor-version":[{"id":7759,"href":"https:\/\/myagencyinside.com\/maquettes\/gestion-retraite\/wp-json\/wp\/v2\/pages\/6181\/revisions\/7759"}],"wp:attachment":[{"href":"https:\/\/myagencyinside.com\/maquettes\/gestion-retraite\/wp-json\/wp\/v2\/media?parent=6181"}],"curies":[{"name":"wp","href":"https:\/\/api.w.org\/{rel}","templated":true}]}}