{"id":6420,"date":"2026-04-10T22:14:57","date_gmt":"2026-04-10T20:14:57","guid":{"rendered":"https:\/\/myagencyinside.com\/maquettes\/gestion-retraite\/?page_id=6420"},"modified":"2026-04-10T22:18:59","modified_gmt":"2026-04-10T20:18:59","slug":"interventions-medias-2","status":"publish","type":"page","link":"https:\/\/myagencyinside.com\/maquettes\/gestion-retraite\/interventions-medias-2\/","title":{"rendered":"Interventions m\u00e9dias"},"content":{"rendered":"\t\t<div data-elementor-type=\"wp-page\" data-elementor-id=\"6420\" class=\"elementor elementor-6420\">\n\t\t\t\t<div class=\"elementor-element elementor-element-c9bca93 e-flex e-con-boxed wpr-particle-no wpr-jarallax-no wpr-parallax-no wpr-sticky-section-no wpr-equal-height-no e-con e-parent\" data-id=\"c9bca93\" data-element_type=\"container\" data-e-type=\"container\" data-settings=\"{&quot;background_background&quot;:&quot;classic&quot;}\">\n\t\t\t\t\t<div class=\"e-con-inner\">\n\t\t<div class=\"elementor-element elementor-element-1b994bb e-con-full e-flex wpr-particle-no wpr-jarallax-no wpr-parallax-no wpr-sticky-section-no wpr-equal-height-no e-con e-child\" data-id=\"1b994bb\" data-element_type=\"container\" data-e-type=\"container\">\n\t\t\t\t<div class=\"elementor-element elementor-element-137b89d elementor-widget elementor-widget-text-editor\" data-id=\"137b89d\" data-element_type=\"widget\" data-e-type=\"widget\" data-widget_type=\"text-editor.default\">\n\t\t\t\t\t\t\t\t\t<p style=\"text-align: left;\">Conseil retraite ind\u00e9pendant \u00b7 depuis 2004<\/p>\t\t\t\t\t\t\t\t<\/div>\n\t\t\t\t<div class=\"elementor-element elementor-element-7cb48e1 elementor-widget elementor-widget-text-editor\" data-id=\"7cb48e1\" data-element_type=\"widget\" data-e-type=\"widget\" data-widget_type=\"text-editor.default\">\n\t\t\t\t\t\t\t\t\tInterventions <span style=\"color: #b8965a; font-style: italic;\">m\u00e9dias<\/span>\t\t\t\t\t\t\t\t<\/div>\n\t\t\t\t<div class=\"elementor-element elementor-element-230a712 elementor-widget elementor-widget-wpr-breadcrumbs-pro\" data-id=\"230a712\" data-element_type=\"widget\" data-e-type=\"widget\" data-widget_type=\"wpr-breadcrumbs-pro.default\">\n\t\t\t\t\t<div class=\"wpr-post-breadcrumbs\"><ul class=\"wpr-breadcrumbs\"><li><a href=\"https:\/\/myagencyinside.com\/maquettes\/gestion-retraite\">Accueil<\/a><\/li><li>\/<\/li><li>Interventions m\u00e9dias<\/li><\/ul><\/div>\t\t\t\t<\/div>\n\t\t\t\t<\/div>\n\t\t\t\t\t<\/div>\n\t\t\t\t<\/div>\n\t\t<div class=\"elementor-element elementor-element-6f4c25f e-flex e-con-boxed wpr-particle-no wpr-jarallax-no wpr-parallax-no wpr-sticky-section-no wpr-equal-height-no e-con e-parent\" data-id=\"6f4c25f\" data-element_type=\"container\" data-e-type=\"container\" data-settings=\"{&quot;background_background&quot;:&quot;classic&quot;}\">\n\t\t\t\t\t<div class=\"e-con-inner\">\n\t\t\t\t<div class=\"elementor-element elementor-element-b7f14a4 elementor-widget elementor-widget-text-editor\" data-id=\"b7f14a4\" data-element_type=\"widget\" data-e-type=\"widget\" data-widget_type=\"text-editor.default\">\n\t\t\t\t\t\t\t\t\t<p>&#8211; Interventions m\u00e9dias<\/p>\t\t\t\t\t\t\t\t<\/div>\n\t\t\t\t<div class=\"elementor-element elementor-element-5b506f5 wpr-grid-columns-3 wpr-grid-columns--laptop3 wpr-grid-columns--tablet2 wpr-grid-columns--mobile1 wpr-grid-pagination-center wpr-item-styles-inner elementor-widget elementor-widget-wpr-grid\" data-id=\"5b506f5\" data-element_type=\"widget\" data-e-type=\"widget\" data-widget_type=\"wpr-grid.default\">\n\t\t\t\t\t<ul class=\"wpr-grid-filters elementor-clearfix wpr-grid-filters-sep-right\"><li class=\" wpr-pointer-none wpr-pointer-line-fx wpr-pointer-fx-fade\"><span   data-ajax-filter=[\"category\",\"presse\"]  data-filter=\".category-presse\"><i class=\" wpr-grid-filters-icon-left\"><\/i>Interventions medias<\/span><em class=\"wpr-grid-filters-sep\"><\/em><\/li><\/ul><section class=\"wpr-grid elementor-clearfix\" data-settings=\"{&quot;layout&quot;:&quot;fitRows&quot;,&quot;stick_last_element_to_bottom&quot;:&quot;&quot;,&quot;columns_desktop&quot;:3,&quot;gutter_hr&quot;:15,&quot;gutter_hr_mobile&quot;:0,&quot;gutter_hr_mobile_extra&quot;:15,&quot;gutter_hr_tablet&quot;:15,&quot;gutter_hr_tablet_extra&quot;:15,&quot;gutter_hr_laptop&quot;:15,&quot;gutter_hr_widescreen&quot;:15,&quot;gutter_vr&quot;:15,&quot;gutter_vr_mobile&quot;:30,&quot;gutter_vr_mobile_extra&quot;:15,&quot;gutter_vr_tablet&quot;:15,&quot;gutter_vr_tablet_extra&quot;:15,&quot;gutter_vr_laptop&quot;:15,&quot;gutter_vr_widescreen&quot;:15,&quot;animation&quot;:&quot;default&quot;,&quot;animation_duration&quot;:0.3,&quot;animation_delay&quot;:0.1,&quot;deeplinking&quot;:&quot;no&quot;,&quot;filters_linkable&quot;:&quot;no&quot;,&quot;filters_default_filter&quot;:&quot;&quot;,&quot;filters_count&quot;:&quot;no&quot;,&quot;filters_hide_empty&quot;:&quot;yes&quot;,&quot;filters_animation&quot;:&quot;default&quot;,&quot;filters_animation_duration&quot;:0.3,&quot;filters_animation_delay&quot;:0.1,&quot;pagination_type&quot;:&quot;numbered&quot;,&quot;pagination_max_pages&quot;:2,&quot;lightbox&quot;:{&quot;selector&quot;:&quot;.wpr-grid-image-wrap&quot;,&quot;iframeMaxWidth&quot;:&quot;60%&quot;,&quot;hash&quot;:false,&quot;autoplay&quot;:&quot;true&quot;,&quot;pause&quot;:5000,&quot;progressBar&quot;:&quot;true&quot;,&quot;counter&quot;:&quot;true&quot;,&quot;controls&quot;:&quot;true&quot;,&quot;getCaptionFromTitleOrAlt&quot;:&quot;true&quot;,&quot;thumbnail&quot;:&quot;true&quot;,&quot;showThumbByDefault&quot;:&quot;true&quot;,&quot;share&quot;:&quot;true&quot;,&quot;zoom&quot;:&quot;true&quot;,&quot;fullScreen&quot;:&quot;true&quot;,&quot;download&quot;:&quot;true&quot;}}\" data-advanced-filters=\"no\"><article class=\"wpr-grid-item elementor-clearfix post-3020 post type-post status-publish format-standard has-post-thumbnail hentry category-presse tag-decryptage-retraite tag-depart-a-la-retraite tag-dispositifs-caches tag-podcast tag-retraite tag-sudradio\"><div class=\"wpr-grid-item-inner\"><div class=\"wpr-grid-media-wrap wpr-effect-size-medium \" data-overlay-link=\"yes\"><div class=\"wpr-grid-image-wrap\" data-src=\"https:\/\/myagencyinside.com\/maquettes\/gestion-retraite\/wp-content\/uploads\/2024\/07\/DispositifsCaches_SudRadio_NBC.png\" data-img-on-hover=\"\"  data-src-secondary=\"\"><img decoding=\"async\" data-no-lazy=\"1\" src=\"https:\/\/myagencyinside.com\/maquettes\/gestion-retraite\/wp-content\/uploads\/2024\/07\/DispositifsCaches_SudRadio_NBC.png\" alt=\"Partir \u00e0 la retraite bien avant 64 ans &#8211; SUD RADIO\" class=\"wpr-anim-timing-ease-default\"><\/div><div class=\"wpr-grid-media-hover wpr-animation-wrap\"><div class=\"wpr-grid-media-hover-bg  wpr-overlay-fade-in wpr-anim-size-large wpr-anim-timing-ease-default wpr-anim-transparency\" data-url=\"https:\/\/myagencyinside.com\/maquettes\/gestion-retraite\/2024\/07\/12\/partir-a-la-retraite-bien-avant-64-ans-sud-radio\/\"><\/div><\/div><\/div><div class=\"wpr-grid-item-below-content elementor-clearfix\"><h2 class=\"wpr-grid-item-title elementor-repeater-item-2f5f1ac wpr-grid-item-display-block wpr-grid-item-align-left wpr-pointer-none wpr-pointer-line-fx wpr-pointer-fx-slide\"><div class=\"inner-block\"><a target=\"_self\"  href=\"https:\/\/myagencyinside.com\/maquettes\/gestion-retraite\/2024\/07\/12\/partir-a-la-retraite-bien-avant-64-ans-sud-radio\/\">Partir \u00e0 la retraite bien avant 64 ans &#8211; SUD RADIO<\/a><\/div><\/h2><div class=\"wpr-grid-item-date elementor-repeater-item-f1651c4 wpr-grid-item-display-inline wpr-grid-item-align-left\"><div class=\"inner-block\"><span>12 juillet 2024<span class=\"wpr-grid-extra-text-right\"><\/span><\/span><\/div><\/div><div class=\"wpr-grid-item-excerpt elementor-repeater-item-40e73b7 wpr-grid-item-display-block wpr-grid-item-align-left\"><div class=\"inner-block\"><p>L&#039;\u00e9mission Y&#039;a pas d&#039;\u00e2ge revient sur l&#039;une des mesures phares de la r\u00e9forme de la rentr\u00e9e 2023 : la revalorisation...<\/p><\/div><\/div><div class=\"wpr-grid-item-read-more elementor-repeater-item-eae30e0 wpr-grid-item-display-block wpr-grid-item-align-left\"><div class=\"inner-block\"><a target=\"_self\" href=\"https:\/\/myagencyinside.com\/maquettes\/gestion-retraite\/2024\/07\/12\/partir-a-la-retraite-bien-avant-64-ans-sud-radio\/\" class=\"wpr-button-effect wpr-button-none\"><span>Lire la suite<\/span><\/a><\/div><\/div><\/div><\/div><\/article><article class=\"wpr-grid-item elementor-clearfix post-2362 post type-post status-publish format-standard has-post-thumbnail hentry category-presse tag-conseil tag-pension tag-presse tag-radio tag-retraite tag-reversion\"><div class=\"wpr-grid-item-inner\"><div class=\"wpr-grid-media-wrap wpr-effect-size-medium \" data-overlay-link=\"yes\"><div class=\"wpr-grid-image-wrap\" data-src=\"https:\/\/myagencyinside.com\/maquettes\/gestion-retraite\/wp-content\/uploads\/2023\/09\/IMGArticleRevalorisationRetraite_SudRadio.png\" data-img-on-hover=\"\"  data-src-secondary=\"\"><img decoding=\"async\" data-no-lazy=\"1\" src=\"https:\/\/myagencyinside.com\/maquettes\/gestion-retraite\/wp-content\/uploads\/2023\/09\/IMGArticleRevalorisationRetraite_SudRadio.png\" alt=\"La revalorisation tr\u00e8s relative des petites retraites &#8211; SUD RADIO\" class=\"wpr-anim-timing-ease-default\"><\/div><div class=\"wpr-grid-media-hover wpr-animation-wrap\"><div class=\"wpr-grid-media-hover-bg  wpr-overlay-fade-in wpr-anim-size-large wpr-anim-timing-ease-default wpr-anim-transparency\" data-url=\"https:\/\/myagencyinside.com\/maquettes\/gestion-retraite\/2023\/09\/08\/la-revalorisation-tres-relative-des-petites-retraites-sud-radio\/\"><\/div><\/div><\/div><div class=\"wpr-grid-item-below-content elementor-clearfix\"><h2 class=\"wpr-grid-item-title elementor-repeater-item-2f5f1ac wpr-grid-item-display-block wpr-grid-item-align-left wpr-pointer-none wpr-pointer-line-fx wpr-pointer-fx-slide\"><div class=\"inner-block\"><a target=\"_self\"  href=\"https:\/\/myagencyinside.com\/maquettes\/gestion-retraite\/2023\/09\/08\/la-revalorisation-tres-relative-des-petites-retraites-sud-radio\/\">La revalorisation tr\u00e8s relative des petites retraites &#8211; SUD RADIO<\/a><\/div><\/h2><div class=\"wpr-grid-item-date elementor-repeater-item-f1651c4 wpr-grid-item-display-inline wpr-grid-item-align-left\"><div class=\"inner-block\"><span>8 septembre 2023<span class=\"wpr-grid-extra-text-right\"><\/span><\/span><\/div><\/div><div class=\"wpr-grid-item-excerpt elementor-repeater-item-40e73b7 wpr-grid-item-display-block wpr-grid-item-align-left\"><div class=\"inner-block\"><p>L&#039;\u00e9mission Y&#039;a pas d&#039;\u00e2ge revient sur l&#039;une des mesures phares de la r\u00e9forme de la rentr\u00e9e 2023 : la revalorisation...<\/p><\/div><\/div><div class=\"wpr-grid-item-read-more elementor-repeater-item-eae30e0 wpr-grid-item-display-block wpr-grid-item-align-left\"><div class=\"inner-block\"><a target=\"_self\" href=\"https:\/\/myagencyinside.com\/maquettes\/gestion-retraite\/2023\/09\/08\/la-revalorisation-tres-relative-des-petites-retraites-sud-radio\/\" class=\"wpr-button-effect wpr-button-none\"><span>Lire la suite<\/span><\/a><\/div><\/div><\/div><\/div><\/article><article class=\"wpr-grid-item elementor-clearfix post-2325 post type-post status-publish format-standard has-post-thumbnail hentry category-presse tag-analyse tag-conseil tag-expertie tag-reforme tag-retraite\"><div class=\"wpr-grid-item-inner\"><div class=\"wpr-grid-media-wrap wpr-effect-size-medium \" data-overlay-link=\"yes\"><div class=\"wpr-grid-image-wrap\" data-src=\"https:\/\/myagencyinside.com\/maquettes\/gestion-retraite\/wp-content\/uploads\/2023\/05\/IMGArticleCapital_Mai2023.png\" data-img-on-hover=\"\"  data-src-secondary=\"\"><img decoding=\"async\" data-no-lazy=\"1\" src=\"https:\/\/myagencyinside.com\/maquettes\/gestion-retraite\/wp-content\/uploads\/2023\/05\/IMGArticleCapital_Mai2023.png\" alt=\"Que faire si vous ne pouvez plus partir \u00e0 la retraite le 1er septembre 2023 ? &#8211; CAPITAL\" class=\"wpr-anim-timing-ease-default\"><\/div><div class=\"wpr-grid-media-hover wpr-animation-wrap\"><div class=\"wpr-grid-media-hover-bg  wpr-overlay-fade-in wpr-anim-size-large wpr-anim-timing-ease-default wpr-anim-transparency\" data-url=\"https:\/\/myagencyinside.com\/maquettes\/gestion-retraite\/2023\/05\/10\/que-faire-si-vous-ne-pouvez-plus-partir-a-la-retraite-le-1er-septembre-2023-capital\/\"><\/div><\/div><\/div><div class=\"wpr-grid-item-below-content elementor-clearfix\"><h2 class=\"wpr-grid-item-title elementor-repeater-item-2f5f1ac wpr-grid-item-display-block wpr-grid-item-align-left wpr-pointer-none wpr-pointer-line-fx wpr-pointer-fx-slide\"><div class=\"inner-block\"><a target=\"_self\"  href=\"https:\/\/myagencyinside.com\/maquettes\/gestion-retraite\/2023\/05\/10\/que-faire-si-vous-ne-pouvez-plus-partir-a-la-retraite-le-1er-septembre-2023-capital\/\">Que faire si vous ne pouvez plus partir \u00e0 la retraite le 1er septembre 2023 ? &#8211; CAPITAL<\/a><\/div><\/h2><div class=\"wpr-grid-item-date elementor-repeater-item-f1651c4 wpr-grid-item-display-inline wpr-grid-item-align-left\"><div class=\"inner-block\"><span>10 mai 2023<span class=\"wpr-grid-extra-text-right\"><\/span><\/span><\/div><\/div><div class=\"wpr-grid-item-excerpt elementor-repeater-item-40e73b7 wpr-grid-item-display-block wpr-grid-item-align-left\"><div class=\"inner-block\"><p>Un article de CAPITAL La premi\u00e8re g\u00e9n\u00e9ration concern\u00e9e par la r\u00e9forme des retraites est celle n\u00e9e \u00e0 partir du 1er...<\/p><\/div><\/div><div class=\"wpr-grid-item-read-more elementor-repeater-item-eae30e0 wpr-grid-item-display-block wpr-grid-item-align-left\"><div class=\"inner-block\"><a target=\"_self\" href=\"https:\/\/myagencyinside.com\/maquettes\/gestion-retraite\/2023\/05\/10\/que-faire-si-vous-ne-pouvez-plus-partir-a-la-retraite-le-1er-septembre-2023-capital\/\" class=\"wpr-button-effect wpr-button-none\"><span>Lire la suite<\/span><\/a><\/div><\/div><\/div><\/div><\/article><article class=\"wpr-grid-item elementor-clearfix post-2235 post type-post status-publish format-standard has-post-thumbnail hentry category-presse tag-conseil tag-pension tag-presse tag-radio tag-retraite tag-reversion\"><div class=\"wpr-grid-item-inner\"><div class=\"wpr-grid-media-wrap wpr-effect-size-medium \" data-overlay-link=\"yes\"><div class=\"wpr-grid-image-wrap\" data-src=\"https:\/\/myagencyinside.com\/maquettes\/gestion-retraite\/wp-content\/uploads\/2023\/03\/IMG1_Actu_NBC.jpg\" data-img-on-hover=\"\"  data-src-secondary=\"\"><img decoding=\"async\" data-no-lazy=\"1\" src=\"https:\/\/myagencyinside.com\/maquettes\/gestion-retraite\/wp-content\/uploads\/2023\/03\/IMG1_Actu_NBC.jpg\" alt=\"Retraites : ne vous faites pas avoir avec votre pension de r\u00e9version ! &#8211; SUD RADIO\" class=\"wpr-anim-timing-ease-default\"><\/div><div class=\"wpr-grid-media-hover wpr-animation-wrap\"><div class=\"wpr-grid-media-hover-bg  wpr-overlay-fade-in wpr-anim-size-large wpr-anim-timing-ease-default wpr-anim-transparency\" data-url=\"https:\/\/myagencyinside.com\/maquettes\/gestion-retraite\/2023\/03\/14\/retraites-ne-vous-faites-pas-avoir-avec-votre-pension-de-reversion-sud-radio\/\"><\/div><\/div><\/div><div class=\"wpr-grid-item-below-content elementor-clearfix\"><h2 class=\"wpr-grid-item-title elementor-repeater-item-2f5f1ac wpr-grid-item-display-block wpr-grid-item-align-left wpr-pointer-none wpr-pointer-line-fx wpr-pointer-fx-slide\"><div class=\"inner-block\"><a target=\"_self\"  href=\"https:\/\/myagencyinside.com\/maquettes\/gestion-retraite\/2023\/03\/14\/retraites-ne-vous-faites-pas-avoir-avec-votre-pension-de-reversion-sud-radio\/\">Retraites : ne vous faites pas avoir avec votre pension de r\u00e9version ! &#8211; SUD RADIO<\/a><\/div><\/h2><div class=\"wpr-grid-item-date elementor-repeater-item-f1651c4 wpr-grid-item-display-inline wpr-grid-item-align-left\"><div class=\"inner-block\"><span>14 mars 2023<span class=\"wpr-grid-extra-text-right\"><\/span><\/span><\/div><\/div><div class=\"wpr-grid-item-excerpt elementor-repeater-item-40e73b7 wpr-grid-item-display-block wpr-grid-item-align-left\"><div class=\"inner-block\"><p>L&#039;\u00e9mission Y&#039;a pas d&#039;\u00e2ge revient sur la pension de r\u00e9version, grande oubli\u00e9e de la Retraite. Nathalie BADAIRE apporte son regard...<\/p><\/div><\/div><div class=\"wpr-grid-item-read-more elementor-repeater-item-eae30e0 wpr-grid-item-display-block wpr-grid-item-align-left\"><div class=\"inner-block\"><a target=\"_self\" href=\"https:\/\/myagencyinside.com\/maquettes\/gestion-retraite\/2023\/03\/14\/retraites-ne-vous-faites-pas-avoir-avec-votre-pension-de-reversion-sud-radio\/\" class=\"wpr-button-effect wpr-button-none\"><span>Lire la suite<\/span><\/a><\/div><\/div><\/div><\/div><\/article><article class=\"wpr-grid-item elementor-clearfix post-2251 post type-post status-publish format-standard has-post-thumbnail hentry category-presse tag-conseils tag-medias tag-mere-de-famille tag-presse tag-retraite tag-surcote\"><div class=\"wpr-grid-item-inner\"><div class=\"wpr-grid-media-wrap wpr-effect-size-medium \" data-overlay-link=\"yes\"><div class=\"wpr-grid-image-wrap\" data-src=\"https:\/\/myagencyinside.com\/maquettes\/gestion-retraite\/wp-content\/uploads\/2023\/03\/IMG4_ActuNBC.jpg\" data-img-on-hover=\"\"  data-src-secondary=\"\"><img decoding=\"async\" data-no-lazy=\"1\" src=\"https:\/\/myagencyinside.com\/maquettes\/gestion-retraite\/wp-content\/uploads\/2023\/03\/IMG4_ActuNBC.jpg\" alt=\"Surcote pour la retraite des m\u00e8res de famille : quel gain selon votre profil ? &#8211; CAPITAL\" class=\"wpr-anim-timing-ease-default\"><\/div><div class=\"wpr-grid-media-hover wpr-animation-wrap\"><div class=\"wpr-grid-media-hover-bg  wpr-overlay-fade-in wpr-anim-size-large wpr-anim-timing-ease-default wpr-anim-transparency\" data-url=\"https:\/\/myagencyinside.com\/maquettes\/gestion-retraite\/2023\/03\/10\/surcote-pour-la-retraite-des-meres-de-famille-quel-gain-selon-votre-profil-capital\/\"><\/div><\/div><\/div><div class=\"wpr-grid-item-below-content elementor-clearfix\"><h2 class=\"wpr-grid-item-title elementor-repeater-item-2f5f1ac wpr-grid-item-display-block wpr-grid-item-align-left wpr-pointer-none wpr-pointer-line-fx wpr-pointer-fx-slide\"><div class=\"inner-block\"><a target=\"_self\"  href=\"https:\/\/myagencyinside.com\/maquettes\/gestion-retraite\/2023\/03\/10\/surcote-pour-la-retraite-des-meres-de-famille-quel-gain-selon-votre-profil-capital\/\">Surcote pour la retraite des m\u00e8res de famille : quel gain selon votre profil ? &#8211; CAPITAL<\/a><\/div><\/h2><div class=\"wpr-grid-item-date elementor-repeater-item-f1651c4 wpr-grid-item-display-inline wpr-grid-item-align-left\"><div class=\"inner-block\"><span>10 mars 2023<span class=\"wpr-grid-extra-text-right\"><\/span><\/span><\/div><\/div><div class=\"wpr-grid-item-excerpt elementor-repeater-item-40e73b7 wpr-grid-item-display-block wpr-grid-item-align-left\"><div class=\"inner-block\"><p>SIMULATIONS - Les m\u00e8res de famille pourront b\u00e9n\u00e9ficier d\u2019une revalorisation de leur pension, en cas de report de l\u2019\u00e2ge de...<\/p><\/div><\/div><div class=\"wpr-grid-item-read-more elementor-repeater-item-eae30e0 wpr-grid-item-display-block wpr-grid-item-align-left\"><div class=\"inner-block\"><a target=\"_self\" href=\"https:\/\/myagencyinside.com\/maquettes\/gestion-retraite\/2023\/03\/10\/surcote-pour-la-retraite-des-meres-de-famille-quel-gain-selon-votre-profil-capital\/\" class=\"wpr-button-effect wpr-button-none\"><span>Lire la suite<\/span><\/a><\/div><\/div><\/div><\/div><\/article><article class=\"wpr-grid-item elementor-clearfix post-3249 post type-post status-publish format-standard has-post-thumbnail hentry category-presse tag-conseils tag-expatries tag-medias tag-presse tag-retraite\"><div class=\"wpr-grid-item-inner\"><div class=\"wpr-grid-media-wrap wpr-effect-size-medium \" data-overlay-link=\"yes\"><div class=\"wpr-grid-image-wrap\" data-src=\"https:\/\/myagencyinside.com\/maquettes\/gestion-retraite\/wp-content\/uploads\/2023\/03\/IMG3_ActuNBC.jpg\" data-img-on-hover=\"\"  data-src-secondary=\"\"><img decoding=\"async\" data-no-lazy=\"1\" src=\"https:\/\/myagencyinside.com\/maquettes\/gestion-retraite\/wp-content\/uploads\/2023\/03\/IMG3_ActuNBC.jpg\" alt=\"R\u00e9forme des retraites : attention aux effets de bord pour les expats &#8211; LES \u00c9CHOS\" class=\"wpr-anim-timing-ease-default\"><\/div><div class=\"wpr-grid-media-hover wpr-animation-wrap\"><div class=\"wpr-grid-media-hover-bg  wpr-overlay-fade-in wpr-anim-size-large wpr-anim-timing-ease-default wpr-anim-transparency\" data-url=\"https:\/\/myagencyinside.com\/maquettes\/gestion-retraite\/2023\/03\/04\/reforme-des-retraites-attention-aux-effets-de-bord-pour-les-expats-les-echos\/\"><\/div><\/div><\/div><div class=\"wpr-grid-item-below-content elementor-clearfix\"><h2 class=\"wpr-grid-item-title elementor-repeater-item-2f5f1ac wpr-grid-item-display-block wpr-grid-item-align-left wpr-pointer-none wpr-pointer-line-fx wpr-pointer-fx-slide\"><div class=\"inner-block\"><a target=\"_self\"  href=\"https:\/\/myagencyinside.com\/maquettes\/gestion-retraite\/2023\/03\/04\/reforme-des-retraites-attention-aux-effets-de-bord-pour-les-expats-les-echos\/\">R\u00e9forme des retraites : attention aux effets de bord pour les expats &#8211; LES \u00c9CHOS<\/a><\/div><\/h2><div class=\"wpr-grid-item-date elementor-repeater-item-f1651c4 wpr-grid-item-display-inline wpr-grid-item-align-left\"><div class=\"inner-block\"><span>4 mars 2023<span class=\"wpr-grid-extra-text-right\"><\/span><\/span><\/div><\/div><div class=\"wpr-grid-item-excerpt elementor-repeater-item-40e73b7 wpr-grid-item-display-block wpr-grid-item-align-left\"><div class=\"inner-block\"><p>Le report de l&#039;\u00e2ge de d\u00e9part concerne aussi les salari\u00e9s Fran\u00e7ais \u00e9tablis \u00e0 l&#039;\u00e9tranger. Quelles seront les cons\u00e9quences de la...<\/p><\/div><\/div><div class=\"wpr-grid-item-read-more elementor-repeater-item-eae30e0 wpr-grid-item-display-block wpr-grid-item-align-left\"><div class=\"inner-block\"><a target=\"_self\" href=\"https:\/\/myagencyinside.com\/maquettes\/gestion-retraite\/2023\/03\/04\/reforme-des-retraites-attention-aux-effets-de-bord-pour-les-expats-les-echos\/\" class=\"wpr-button-effect wpr-button-none\"><span>Lire la suite<\/span><\/a><\/div><\/div><\/div><\/div><\/article><article class=\"wpr-grid-item elementor-clearfix post-2240 post type-post status-publish format-standard has-post-thumbnail hentry category-presse tag-calcul tag-conseils tag-erreur tag-presse tag-radio tag-retraite\"><div class=\"wpr-grid-item-inner\"><div class=\"wpr-grid-media-wrap wpr-effect-size-medium \" data-overlay-link=\"yes\"><div class=\"wpr-grid-image-wrap\" data-src=\"https:\/\/myagencyinside.com\/maquettes\/gestion-retraite\/wp-content\/uploads\/2023\/02\/IMG2_ActuNBC.jpg\" data-img-on-hover=\"\"  data-src-secondary=\"\"><img decoding=\"async\" data-no-lazy=\"1\" src=\"https:\/\/myagencyinside.com\/maquettes\/gestion-retraite\/wp-content\/uploads\/2023\/02\/IMG2_ActuNBC.jpg\" alt=\"Le calcul de votre retraite est erron\u00e9 ! &#8211; SUD RADIO\" class=\"wpr-anim-timing-ease-default\"><\/div><div class=\"wpr-grid-media-hover wpr-animation-wrap\"><div class=\"wpr-grid-media-hover-bg  wpr-overlay-fade-in wpr-anim-size-large wpr-anim-timing-ease-default wpr-anim-transparency\" data-url=\"https:\/\/myagencyinside.com\/maquettes\/gestion-retraite\/2023\/02\/28\/le-calcul-de-votre-retraite-est-errone-sud-radio\/\"><\/div><\/div><\/div><div class=\"wpr-grid-item-below-content elementor-clearfix\"><h2 class=\"wpr-grid-item-title elementor-repeater-item-2f5f1ac wpr-grid-item-display-block wpr-grid-item-align-left wpr-pointer-none wpr-pointer-line-fx wpr-pointer-fx-slide\"><div class=\"inner-block\"><a target=\"_self\"  href=\"https:\/\/myagencyinside.com\/maquettes\/gestion-retraite\/2023\/02\/28\/le-calcul-de-votre-retraite-est-errone-sud-radio\/\">Le calcul de votre retraite est erron\u00e9 ! &#8211; SUD RADIO<\/a><\/div><\/h2><div class=\"wpr-grid-item-date elementor-repeater-item-f1651c4 wpr-grid-item-display-inline wpr-grid-item-align-left\"><div class=\"inner-block\"><span>28 f\u00e9vrier 2023<span class=\"wpr-grid-extra-text-right\"><\/span><\/span><\/div><\/div><div class=\"wpr-grid-item-excerpt elementor-repeater-item-40e73b7 wpr-grid-item-display-block wpr-grid-item-align-left\"><div class=\"inner-block\"><p>L&#039;\u00e9mission Y&#039;a pas d&#039;\u00e2ge revient sur les erreurs constat\u00e9es dans le calcul des droits \u00e0 la retraite, beaucoup trop fr\u00e9quentes....<\/p><\/div><\/div><div class=\"wpr-grid-item-read-more elementor-repeater-item-eae30e0 wpr-grid-item-display-block wpr-grid-item-align-left\"><div class=\"inner-block\"><a target=\"_self\" href=\"https:\/\/myagencyinside.com\/maquettes\/gestion-retraite\/2023\/02\/28\/le-calcul-de-votre-retraite-est-errone-sud-radio\/\" class=\"wpr-button-effect wpr-button-none\"><span>Lire la suite<\/span><\/a><\/div><\/div><\/div><\/div><\/article><article class=\"wpr-grid-item elementor-clearfix post-2177 post type-post status-publish format-standard has-post-thumbnail hentry category-presse tag-enfants tag-femmes tag-impact tag-reforme tag-retraite\"><div class=\"wpr-grid-item-inner\"><div class=\"wpr-grid-media-wrap wpr-effect-size-medium \" data-overlay-link=\"yes\"><div class=\"wpr-grid-image-wrap\" data-src=\"https:\/\/myagencyinside.com\/maquettes\/gestion-retraite\/wp-content\/uploads\/2023\/02\/Retraite_FemmesEnfants.png\" data-img-on-hover=\"\"  data-src-secondary=\"\"><img decoding=\"async\" data-no-lazy=\"1\" src=\"https:\/\/myagencyinside.com\/maquettes\/gestion-retraite\/wp-content\/uploads\/2023\/02\/Retraite_FemmesEnfants.png\" alt=\"R\u00e9forme des retraites : les femmes avec enfants vraiment toutes perdantes ? &#8211; CAPITAL\" class=\"wpr-anim-timing-ease-default\"><\/div><div class=\"wpr-grid-media-hover wpr-animation-wrap\"><div class=\"wpr-grid-media-hover-bg  wpr-overlay-fade-in wpr-anim-size-large wpr-anim-timing-ease-default wpr-anim-transparency\" data-url=\"https:\/\/myagencyinside.com\/maquettes\/gestion-retraite\/2023\/02\/08\/reforme-des-retraites-les-femmes-avec-enfants-vraiment-toutes-perdantes\/\"><\/div><\/div><\/div><div class=\"wpr-grid-item-below-content elementor-clearfix\"><h2 class=\"wpr-grid-item-title elementor-repeater-item-2f5f1ac wpr-grid-item-display-block wpr-grid-item-align-left wpr-pointer-none wpr-pointer-line-fx wpr-pointer-fx-slide\"><div class=\"inner-block\"><a target=\"_self\"  href=\"https:\/\/myagencyinside.com\/maquettes\/gestion-retraite\/2023\/02\/08\/reforme-des-retraites-les-femmes-avec-enfants-vraiment-toutes-perdantes\/\">R\u00e9forme des retraites : les femmes avec enfants vraiment toutes perdantes ? &#8211; CAPITAL<\/a><\/div><\/h2><div class=\"wpr-grid-item-date elementor-repeater-item-f1651c4 wpr-grid-item-display-inline wpr-grid-item-align-left\"><div class=\"inner-block\"><span>8 f\u00e9vrier 2023<span class=\"wpr-grid-extra-text-right\"><\/span><\/span><\/div><\/div><div class=\"wpr-grid-item-excerpt elementor-repeater-item-40e73b7 wpr-grid-item-display-block wpr-grid-item-align-left\"><div class=\"inner-block\"><p>Nathalie BADAIRE prend la parole dans un article de Capitale consacr\u00e9 au statut \u00e9conomique des femmes dans la r\u00e9forme des...<\/p><\/div><\/div><div class=\"wpr-grid-item-read-more elementor-repeater-item-eae30e0 wpr-grid-item-display-block wpr-grid-item-align-left\"><div class=\"inner-block\"><a target=\"_self\" href=\"https:\/\/myagencyinside.com\/maquettes\/gestion-retraite\/2023\/02\/08\/reforme-des-retraites-les-femmes-avec-enfants-vraiment-toutes-perdantes\/\" class=\"wpr-button-effect wpr-button-none\"><span>Lire la suite<\/span><\/a><\/div><\/div><\/div><\/div><\/article><article class=\"wpr-grid-item elementor-clearfix post-2152 post type-post status-publish format-standard has-post-thumbnail hentry category-presse tag-cumul-emploi-retraite tag-dispositifs-damenagement tag-les-echos tag-reforme tag-retraite tag-retraite-progressive\"><div class=\"wpr-grid-item-inner\"><div class=\"wpr-grid-media-wrap wpr-effect-size-medium \" data-overlay-link=\"yes\"><div class=\"wpr-grid-image-wrap\" data-src=\"https:\/\/myagencyinside.com\/maquettes\/gestion-retraite\/wp-content\/uploads\/2023\/01\/CumulEmploiRetraite.jpg\" data-img-on-hover=\"\"  data-src-secondary=\"\"><img decoding=\"async\" data-no-lazy=\"1\" src=\"https:\/\/myagencyinside.com\/maquettes\/gestion-retraite\/wp-content\/uploads\/2023\/01\/CumulEmploiRetraite.jpg\" alt=\"Cumul emploi-retraite : ce qui va changer avec la r\u00e9forme Borne &#8211; Les \u00c9chos\" class=\"wpr-anim-timing-ease-default\"><\/div><div class=\"wpr-grid-media-hover wpr-animation-wrap\"><div class=\"wpr-grid-media-hover-bg  wpr-overlay-fade-in wpr-anim-size-large wpr-anim-timing-ease-default wpr-anim-transparency\" data-url=\"https:\/\/myagencyinside.com\/maquettes\/gestion-retraite\/2023\/01\/24\/cumul-emploi-retraite-ce-qui-va-changer-avec-la-reforme-borne\/\"><\/div><\/div><\/div><div class=\"wpr-grid-item-below-content elementor-clearfix\"><h2 class=\"wpr-grid-item-title elementor-repeater-item-2f5f1ac wpr-grid-item-display-block wpr-grid-item-align-left wpr-pointer-none wpr-pointer-line-fx wpr-pointer-fx-slide\"><div class=\"inner-block\"><a target=\"_self\"  href=\"https:\/\/myagencyinside.com\/maquettes\/gestion-retraite\/2023\/01\/24\/cumul-emploi-retraite-ce-qui-va-changer-avec-la-reforme-borne\/\">Cumul emploi-retraite : ce qui va changer avec la r\u00e9forme Borne &#8211; Les \u00c9chos<\/a><\/div><\/h2><div class=\"wpr-grid-item-date elementor-repeater-item-f1651c4 wpr-grid-item-display-inline wpr-grid-item-align-left\"><div class=\"inner-block\"><span>24 janvier 2023<span class=\"wpr-grid-extra-text-right\"><\/span><\/span><\/div><\/div><div class=\"wpr-grid-item-excerpt elementor-repeater-item-40e73b7 wpr-grid-item-display-block wpr-grid-item-align-left\"><div class=\"inner-block\"><p>Le projet de\u0301voile\u0301 le 10 janvier pre\u0301voit d&#039;assouplir les dispositifs de retraite progressive et de cumul emploi-retraite. Mais la possibilite\u0301...<\/p><\/div><\/div><div class=\"wpr-grid-item-read-more elementor-repeater-item-eae30e0 wpr-grid-item-display-block wpr-grid-item-align-left\"><div class=\"inner-block\"><a target=\"_self\" href=\"https:\/\/myagencyinside.com\/maquettes\/gestion-retraite\/2023\/01\/24\/cumul-emploi-retraite-ce-qui-va-changer-avec-la-reforme-borne\/\" class=\"wpr-button-effect wpr-button-none\"><span>Lire la suite<\/span><\/a><\/div><\/div><\/div><\/div><\/article><article class=\"wpr-grid-item elementor-clearfix post-2146 post type-post status-publish format-standard has-post-thumbnail hentry category-presse tag-age-legal tag-droits tag-erreur tag-retraite tag-strategie\"><div class=\"wpr-grid-item-inner\"><div class=\"wpr-grid-media-wrap wpr-effect-size-medium \" data-overlay-link=\"yes\"><div class=\"wpr-grid-image-wrap\" data-src=\"https:\/\/myagencyinside.com\/maquettes\/gestion-retraite\/wp-content\/uploads\/2023\/01\/AstucesRetraite.jpg\" data-img-on-hover=\"\"  data-src-secondary=\"\"><img decoding=\"async\" data-no-lazy=\"1\" src=\"https:\/\/myagencyinside.com\/maquettes\/gestion-retraite\/wp-content\/uploads\/2023\/01\/AstucesRetraite.jpg\" alt=\"Retraite : ces 5 pi\u00e8ges qui entament vos droits &#8211; Les \u00c9chos\" class=\"wpr-anim-timing-ease-default\"><\/div><div class=\"wpr-grid-media-hover wpr-animation-wrap\"><div class=\"wpr-grid-media-hover-bg  wpr-overlay-fade-in wpr-anim-size-large wpr-anim-timing-ease-default wpr-anim-transparency\" data-url=\"https:\/\/myagencyinside.com\/maquettes\/gestion-retraite\/2023\/01\/12\/retraite-ces-cinq-pieges-qui-entament-vos-droits\/\"><\/div><\/div><\/div><div class=\"wpr-grid-item-below-content elementor-clearfix\"><h2 class=\"wpr-grid-item-title elementor-repeater-item-2f5f1ac wpr-grid-item-display-block wpr-grid-item-align-left wpr-pointer-none wpr-pointer-line-fx wpr-pointer-fx-slide\"><div class=\"inner-block\"><a target=\"_self\"  href=\"https:\/\/myagencyinside.com\/maquettes\/gestion-retraite\/2023\/01\/12\/retraite-ces-cinq-pieges-qui-entament-vos-droits\/\">Retraite : ces 5 pi\u00e8ges qui entament vos droits &#8211; Les \u00c9chos<\/a><\/div><\/h2><div class=\"wpr-grid-item-date elementor-repeater-item-f1651c4 wpr-grid-item-display-inline wpr-grid-item-align-left\"><div class=\"inner-block\"><span>12 janvier 2023<span class=\"wpr-grid-extra-text-right\"><\/span><\/span><\/div><\/div><div class=\"wpr-grid-item-excerpt elementor-repeater-item-40e73b7 wpr-grid-item-display-block wpr-grid-item-align-left\"><div class=\"inner-block\"><p>\u00c0 l&#039;heure du report de l&#039;a\u0302ge le\u0301gal de de\u0301part, l&#039;optimisation de vos futurs droits est plus que jamais d&#039;actualite\u0301. Certains...<\/p><\/div><\/div><div class=\"wpr-grid-item-read-more elementor-repeater-item-eae30e0 wpr-grid-item-display-block wpr-grid-item-align-left\"><div class=\"inner-block\"><a target=\"_self\" href=\"https:\/\/myagencyinside.com\/maquettes\/gestion-retraite\/2023\/01\/12\/retraite-ces-cinq-pieges-qui-entament-vos-droits\/\" class=\"wpr-button-effect wpr-button-none\"><span>Lire la suite<\/span><\/a><\/div><\/div><\/div><\/div><\/article><article class=\"wpr-grid-item elementor-clearfix post-257 post type-post status-publish format-standard has-post-thumbnail hentry category-presse tag-business tag-emploi tag-retraite tag-revenus\"><div class=\"wpr-grid-item-inner\"><div class=\"wpr-grid-media-wrap wpr-effect-size-medium \" data-overlay-link=\"yes\"><div class=\"wpr-grid-image-wrap\" data-src=\"https:\/\/myagencyinside.com\/maquettes\/gestion-retraite\/wp-content\/uploads\/2023\/06\/cropped-LogoNBC_NewViolet_SiteNBC.png\" data-img-on-hover=\"\"  data-src-secondary=\"\"><img decoding=\"async\" data-no-lazy=\"1\" src=\"https:\/\/myagencyinside.com\/maquettes\/gestion-retraite\/wp-content\/uploads\/2023\/06\/cropped-LogoNBC_NewViolet_SiteNBC.png\" alt=\"La retraite progressive favorise les salari\u00e9s \u00e0 temps partiel &#8211; Dossier familial\" class=\"wpr-anim-timing-ease-default\"><\/div><div class=\"wpr-grid-media-hover wpr-animation-wrap\"><div class=\"wpr-grid-media-hover-bg  wpr-overlay-fade-in wpr-anim-size-large wpr-anim-timing-ease-default wpr-anim-transparency\" data-url=\"https:\/\/myagencyinside.com\/maquettes\/gestion-retraite\/2016\/08\/22\/dossier-familial\/\"><\/div><\/div><\/div><div class=\"wpr-grid-item-below-content elementor-clearfix\"><h2 class=\"wpr-grid-item-title elementor-repeater-item-2f5f1ac wpr-grid-item-display-block wpr-grid-item-align-left wpr-pointer-none wpr-pointer-line-fx wpr-pointer-fx-slide\"><div class=\"inner-block\"><a target=\"_self\"  href=\"https:\/\/myagencyinside.com\/maquettes\/gestion-retraite\/2016\/08\/22\/dossier-familial\/\">La retraite progressive favorise les salari\u00e9s \u00e0 temps partiel &#8211; Dossier familial<\/a><\/div><\/h2><div class=\"wpr-grid-item-date elementor-repeater-item-f1651c4 wpr-grid-item-display-inline wpr-grid-item-align-left\"><div class=\"inner-block\"><span>22 ao\u00fbt 2016<span class=\"wpr-grid-extra-text-right\"><\/span><\/span><\/div><\/div><div class=\"wpr-grid-item-excerpt elementor-repeater-item-40e73b7 wpr-grid-item-display-block wpr-grid-item-align-left\"><div class=\"inner-block\"><p>Un article paru dans DOSSIER FAMILIAL Ce sont eux qui y ont le lus int\u00e9r\u00eat car ils ne subissent aucune...<\/p><\/div><\/div><div class=\"wpr-grid-item-read-more elementor-repeater-item-eae30e0 wpr-grid-item-display-block wpr-grid-item-align-left\"><div class=\"inner-block\"><a target=\"_self\" href=\"https:\/\/myagencyinside.com\/maquettes\/gestion-retraite\/2016\/08\/22\/dossier-familial\/\" class=\"wpr-button-effect wpr-button-none\"><span>Lire la suite<\/span><\/a><\/div><\/div><\/div><\/div><\/article><article class=\"wpr-grid-item elementor-clearfix post-255 post type-post status-publish format-standard has-post-thumbnail hentry category-presse tag-demographie tag-experts tag-retraite tag-vieillissement\"><div class=\"wpr-grid-item-inner\"><div class=\"wpr-grid-media-wrap wpr-effect-size-medium \" data-overlay-link=\"yes\"><div class=\"wpr-grid-image-wrap\" data-src=\"\" data-img-on-hover=\"\"  data-src-secondary=\"\"><img decoding=\"async\" data-no-lazy=\"1\" src=\"\" alt=\"\" class=\"wpr-anim-timing-ease-default\"><\/div><div class=\"wpr-grid-media-hover wpr-animation-wrap\"><div class=\"wpr-grid-media-hover-bg  wpr-overlay-fade-in wpr-anim-size-large wpr-anim-timing-ease-default wpr-anim-transparency\" data-url=\"https:\/\/myagencyinside.com\/maquettes\/gestion-retraite\/2016\/01\/19\/bfm-decodeurs-eco\/\"><\/div><\/div><\/div><div class=\"wpr-grid-item-below-content elementor-clearfix\"><h2 class=\"wpr-grid-item-title elementor-repeater-item-2f5f1ac wpr-grid-item-display-block wpr-grid-item-align-left wpr-pointer-none wpr-pointer-line-fx wpr-pointer-fx-slide\"><div class=\"inner-block\"><a target=\"_self\"  href=\"https:\/\/myagencyinside.com\/maquettes\/gestion-retraite\/2016\/01\/19\/bfm-decodeurs-eco\/\">La France perd-elle son atout d\u00e9mographique ? &#8211; BFM Business<\/a><\/div><\/h2><div class=\"wpr-grid-item-date elementor-repeater-item-f1651c4 wpr-grid-item-display-inline wpr-grid-item-align-left\"><div class=\"inner-block\"><span>19 janvier 2016<span class=\"wpr-grid-extra-text-right\"><\/span><\/span><\/div><\/div><div class=\"wpr-grid-item-excerpt elementor-repeater-item-40e73b7 wpr-grid-item-display-block wpr-grid-item-align-left\"><div class=\"inner-block\"><p>Un article paru dans BFM Business Une \u00e9tude de l\u2019Insee, parue ce mardi, indique pourtant que 2015 d\u00e9roge \u00e0 la...<\/p><\/div><\/div><div class=\"wpr-grid-item-read-more elementor-repeater-item-eae30e0 wpr-grid-item-display-block wpr-grid-item-align-left\"><div class=\"inner-block\"><a target=\"_self\" href=\"https:\/\/myagencyinside.com\/maquettes\/gestion-retraite\/2016\/01\/19\/bfm-decodeurs-eco\/\" class=\"wpr-button-effect wpr-button-none\"><span>Lire la suite<\/span><\/a><\/div><\/div><\/div><\/div><\/article><\/section><div class=\"wpr-grid-pagination elementor-clearfix wpr-grid-pagination-numbered\" data-pages=\"2\"><span class=\"wpr-grid-current-page\">1<\/span><a href=\"https:\/\/myagencyinside.com\/maquettes\/gestion-retraite\/wp-json\/wp\/v2\/pages\/6420\/page\/2\/\">2<\/a><\/div>\t\t\t\t<\/div>\n\t\t\t\t\t<\/div>\n\t\t\t\t<\/div>\n\t\t\t\t<\/div>\n\t\t","protected":false},"excerpt":{"rendered":"<p>Conseil retraite ind\u00e9pendant \u00b7 depuis 2004 Interventions m\u00e9dias Accueil \/ Interventions m\u00e9dias &#8211; Interventions m\u00e9dias Interventions medias Partir \u00e0 la retraite bien avant 64 ans &#8211; SUD RADIO 12 juillet 2024 L&#039;\u00e9mission Y&#039;a pas d&#039;\u00e2ge revient sur l&#039;une des mesures phares de la r\u00e9forme de la rentr\u00e9e 2023 : la revalorisation&#8230; Lire la suite La revalorisation tr\u00e8s relative des petites retraites &#8211; SUD RADIO 8 septembre 2023 L&#039;\u00e9mission Y&#039;a pas d&#039;\u00e2ge revient sur l&#039;une des mesures phares de la r\u00e9forme de la rentr\u00e9e 2023 : la revalorisation&#8230; Lire la suite Que faire si vous ne pouvez plus partir \u00e0 la retraite le 1er septembre 2023 ? &#8211; CAPITAL 10 mai 2023 Un article de CAPITAL La premi\u00e8re g\u00e9n\u00e9ration concern\u00e9e par la r\u00e9forme des retraites est celle n\u00e9e \u00e0 partir du 1er&#8230; Lire la suite Retraites : ne vous faites pas avoir avec votre pension de r\u00e9version ! &#8211; SUD RADIO 14 mars 2023 L&#039;\u00e9mission Y&#039;a pas d&#039;\u00e2ge revient sur la pension de r\u00e9version, grande oubli\u00e9e de la Retraite. Nathalie BADAIRE apporte son regard&#8230; Lire la suite Surcote pour la retraite des m\u00e8res de famille : quel gain selon votre profil ? &#8211; CAPITAL 10 mars 2023 SIMULATIONS &#8211; Les m\u00e8res de famille pourront b\u00e9n\u00e9ficier d\u2019une revalorisation de leur pension, en cas de report de l\u2019\u00e2ge de&#8230; Lire la suite R\u00e9forme des retraites : attention aux effets de bord pour les expats &#8211; LES \u00c9CHOS 4 mars 2023 Le report de l&#039;\u00e2ge de d\u00e9part concerne aussi les salari\u00e9s Fran\u00e7ais \u00e9tablis \u00e0 l&#039;\u00e9tranger. Quelles seront les cons\u00e9quences de la&#8230; Lire la suite Le calcul de votre retraite est erron\u00e9 ! &#8211; SUD RADIO 28 f\u00e9vrier 2023 L&#039;\u00e9mission Y&#039;a pas d&#039;\u00e2ge revient sur les erreurs constat\u00e9es dans le calcul des droits \u00e0 la retraite, beaucoup trop fr\u00e9quentes&#8230;. Lire la suite R\u00e9forme des retraites : les femmes avec enfants vraiment toutes perdantes ? &#8211; CAPITAL 8 f\u00e9vrier 2023 Nathalie BADAIRE prend la parole dans un article de Capitale consacr\u00e9 au statut \u00e9conomique des femmes dans la r\u00e9forme des&#8230; Lire la suite Cumul emploi-retraite : ce qui va changer avec la r\u00e9forme Borne &#8211; Les \u00c9chos 24 janvier 2023 Le projet de\u0301voile\u0301 le 10 janvier pre\u0301voit d&#039;assouplir les dispositifs de retraite progressive et de cumul emploi-retraite. Mais la possibilite\u0301&#8230; Lire la suite Retraite : ces 5 pi\u00e8ges qui entament vos droits &#8211; Les \u00c9chos 12 janvier 2023 \u00c0 l&#039;heure du report de l&#039;a\u0302ge le\u0301gal de de\u0301part, l&#039;optimisation de vos futurs droits est plus que jamais d&#039;actualite\u0301. Certains&#8230; Lire la suite La retraite progressive favorise les salari\u00e9s \u00e0 temps partiel &#8211; Dossier familial 22 ao\u00fbt 2016 Un article paru dans DOSSIER FAMILIAL Ce sont eux qui y ont le lus int\u00e9r\u00eat car ils ne subissent aucune&#8230; Lire la suite La France perd-elle son atout d\u00e9mographique ? &#8211; BFM Business 19 janvier 2016 Un article paru dans BFM Business Une \u00e9tude de l\u2019Insee, parue ce mardi, indique pourtant que 2015 d\u00e9roge \u00e0 la&#8230; Lire la suite 12<\/p>\n","protected":false},"author":1,"featured_media":0,"parent":0,"menu_order":0,"comment_status":"closed","ping_status":"closed","template":"elementor_canvas","meta":{"footnotes":""},"class_list":["post-6420","page","type-page","status-publish","hentry"],"_links":{"self":[{"href":"https:\/\/myagencyinside.com\/maquettes\/gestion-retraite\/wp-json\/wp\/v2\/pages\/6420","targetHints":{"allow":["GET"]}}],"collection":[{"href":"https:\/\/myagencyinside.com\/maquettes\/gestion-retraite\/wp-json\/wp\/v2\/pages"}],"about":[{"href":"https:\/\/myagencyinside.com\/maquettes\/gestion-retraite\/wp-json\/wp\/v2\/types\/page"}],"author":[{"embeddable":true,"href":"https:\/\/myagencyinside.com\/maquettes\/gestion-retraite\/wp-json\/wp\/v2\/users\/1"}],"replies":[{"embeddable":true,"href":"https:\/\/myagencyinside.com\/maquettes\/gestion-retraite\/wp-json\/wp\/v2\/comments?post=6420"}],"version-history":[{"count":12,"href":"https:\/\/myagencyinside.com\/maquettes\/gestion-retraite\/wp-json\/wp\/v2\/pages\/6420\/revisions"}],"predecessor-version":[{"id":6432,"href":"https:\/\/myagencyinside.com\/maquettes\/gestion-retraite\/wp-json\/wp\/v2\/pages\/6420\/revisions\/6432"}],"wp:attachment":[{"href":"https:\/\/myagencyinside.com\/maquettes\/gestion-retraite\/wp-json\/wp\/v2\/media?parent=6420"}],"curies":[{"name":"wp","href":"https:\/\/api.w.org\/{rel}","templated":true}]}}