{"id":6456,"date":"2026-04-17T15:20:04","date_gmt":"2026-04-17T13:20:04","guid":{"rendered":"https:\/\/myagencyinside.com\/maquettes\/gestion-retraite\/?page_id=6456"},"modified":"2026-04-21T10:33:42","modified_gmt":"2026-04-21T08:33:42","slug":"podcast-bon-vent-2","status":"publish","type":"page","link":"https:\/\/myagencyinside.com\/maquettes\/gestion-retraite\/podcast-bon-vent-2\/","title":{"rendered":"Podcast BON VENT ! v2"},"content":{"rendered":"\t\t<div data-elementor-type=\"wp-page\" data-elementor-id=\"6456\" class=\"elementor elementor-6456\">\n\t\t\t\t<div class=\"elementor-element elementor-element-c9bca93 e-flex e-con-boxed wpr-particle-no wpr-jarallax-no wpr-parallax-no wpr-sticky-section-no wpr-equal-height-no e-con e-parent\" data-id=\"c9bca93\" data-element_type=\"container\" data-e-type=\"container\" data-settings=\"{&quot;background_background&quot;:&quot;classic&quot;}\">\n\t\t\t\t\t<div class=\"e-con-inner\">\n\t\t<div class=\"elementor-element elementor-element-1b994bb e-con-full e-flex wpr-particle-no wpr-jarallax-no wpr-parallax-no wpr-sticky-section-no wpr-equal-height-no e-con e-child\" data-id=\"1b994bb\" data-element_type=\"container\" data-e-type=\"container\">\n\t\t\t\t<div class=\"elementor-element elementor-element-137b89d elementor-widget elementor-widget-text-editor\" data-id=\"137b89d\" data-element_type=\"widget\" data-e-type=\"widget\" data-widget_type=\"text-editor.default\">\n\t\t\t\t\t\t\t\t\t<p style=\"text-align: left;\">Conseil retraite ind\u00e9pendant \u00b7 depuis 2004<\/p>\t\t\t\t\t\t\t\t<\/div>\n\t\t\t\t<div class=\"elementor-element elementor-element-7cb48e1 elementor-widget elementor-widget-text-editor\" data-id=\"7cb48e1\" data-element_type=\"widget\" data-e-type=\"widget\" data-widget_type=\"text-editor.default\">\n\t\t\t\t\t\t\t\t\t<p>Pod<span style=\"color: #b8965a; font-style: italic;\">cast<\/span> <span style=\"color: #b8965a; font-style: italic;\">BON VENT !<\/span><\/p>\t\t\t\t\t\t\t\t<\/div>\n\t\t\t\t<div class=\"elementor-element elementor-element-230a712 elementor-widget elementor-widget-wpr-breadcrumbs-pro\" data-id=\"230a712\" data-element_type=\"widget\" data-e-type=\"widget\" data-widget_type=\"wpr-breadcrumbs-pro.default\">\n\t\t\t\t\t<div class=\"wpr-post-breadcrumbs\"><ul class=\"wpr-breadcrumbs\"><li><a href=\"https:\/\/myagencyinside.com\/maquettes\/gestion-retraite\">Accueil<\/a><\/li><li>\/<\/li><li>Podcast BON VENT ! v2<\/li><\/ul><\/div>\t\t\t\t<\/div>\n\t\t\t\t<\/div>\n\t\t\t\t\t<\/div>\n\t\t\t\t<\/div>\n\t\t<div class=\"elementor-element elementor-element-6f4c25f e-flex e-con-boxed wpr-particle-no wpr-jarallax-no wpr-parallax-no wpr-sticky-section-no wpr-equal-height-no e-con e-parent\" data-id=\"6f4c25f\" data-element_type=\"container\" data-e-type=\"container\" data-settings=\"{&quot;background_background&quot;:&quot;classic&quot;}\">\n\t\t\t\t\t<div class=\"e-con-inner\">\n\t\t\t\t<div class=\"elementor-element elementor-element-b7f14a4 elementor-widget elementor-widget-text-editor\" data-id=\"b7f14a4\" data-element_type=\"widget\" data-e-type=\"widget\" data-widget_type=\"text-editor.default\">\n\t\t\t\t\t\t\t\t\t&#8211; BON VENT ! Le podcast qui donne envie d&rsquo;\u00eatre \u00e0 la retraite\t\t\t\t\t\t\t\t<\/div>\n\t\t\t\t<div class=\"elementor-element elementor-element-726a2db elementor-widget elementor-widget-text-editor\" data-id=\"726a2db\" data-element_type=\"widget\" data-e-type=\"widget\" data-widget_type=\"text-editor.default\">\n\t\t\t\t\t\t\t\t\t<div class=\"elementor-element elementor-element-22fbc39d elementor-widget elementor-widget-heading\" data-id=\"22fbc39d\" data-element_type=\"widget\" data-e-type=\"widget\" data-widget_type=\"heading.default\">\u00a0<\/div><div class=\"elementor-element elementor-element-653b5290 elementor-widget elementor-widget-text-editor\" data-id=\"653b5290\" data-element_type=\"widget\" data-e-type=\"widget\" data-widget_type=\"text-editor.default\"><p><img decoding=\"async\" class=\" wp-image-4046 alignleft\" src=\"https:\/\/myagencyinside.com\/maquettes\/gestion-retraite\/wp-content\/uploads\/2026\/01\/LogoBonVent-Vert-300x300.jpg\" sizes=\"(max-width: 109px) 100vw, 109px\" srcset=\"https:\/\/myagencyinside.com\/maquettes\/gestion-retraite\/wp-content\/uploads\/2026\/01\/LogoBonVent-Vert-300x300.jpg 300w, https:\/\/myagencyinside.com\/maquettes\/gestion-retraite\/wp-content\/uploads\/2026\/01\/LogoBonVent-Vert-150x150.jpg 150w, https:\/\/myagencyinside.com\/maquettes\/gestion-retraite\/wp-content\/uploads\/2026\/01\/LogoBonVent-Vert.jpg 600w\" alt=\"\" width=\"109\" height=\"109\" \/><strong>BON VENT !<\/strong><\/p><p>donne la parole aux femmes et aux hommes qui s\u2019\u00e9panouissent \u00e0 la retraite. Au-del\u00e0 des aspects techniques et financiers, qu\u2019en ont-ils fait ? Comment se sont-ils projet\u00e9s ? Au micro de Nathalie BADAIRE, experte retraite, ils se confient sur la mani\u00e8re dont ils vivent cette nouvelle \u00e9tape de vie. Entre aspirations, projets de vie et qu\u00eate de libert\u00e9.<\/p><\/div>\t\t\t\t\t\t\t\t<\/div>\n\t\t\t\t<div class=\"elementor-element elementor-element-5b506f5 wpr-grid-columns-3 wpr-grid-columns--laptop3 wpr-grid-columns--tablet2 wpr-grid-columns--mobile1 wpr-grid-pagination-center wpr-item-styles-inner elementor-widget elementor-widget-wpr-grid\" data-id=\"5b506f5\" data-element_type=\"widget\" data-e-type=\"widget\" data-widget_type=\"wpr-grid.default\">\n\t\t\t\t\t<ul class=\"wpr-grid-filters elementor-clearfix wpr-grid-filters-sep-right\"><li class=\" wpr-pointer-none wpr-pointer-line-fx wpr-pointer-fx-fade\"><span   data-ajax-filter=[\"category\",\"podcast-bon-vent\"]  data-filter=\".category-podcast-bon-vent\"><i class=\" wpr-grid-filters-icon-left\"><\/i>Podcast Bon vent !<\/span><em class=\"wpr-grid-filters-sep\"><\/em><\/li><\/ul><section class=\"wpr-grid elementor-clearfix\" data-settings=\"{&quot;layout&quot;:&quot;fitRows&quot;,&quot;stick_last_element_to_bottom&quot;:&quot;&quot;,&quot;columns_desktop&quot;:3,&quot;gutter_hr&quot;:15,&quot;gutter_hr_mobile&quot;:0,&quot;gutter_hr_mobile_extra&quot;:15,&quot;gutter_hr_tablet&quot;:15,&quot;gutter_hr_tablet_extra&quot;:15,&quot;gutter_hr_laptop&quot;:15,&quot;gutter_hr_widescreen&quot;:15,&quot;gutter_vr&quot;:7,&quot;gutter_vr_mobile&quot;:30,&quot;gutter_vr_mobile_extra&quot;:3,&quot;gutter_vr_tablet&quot;:3,&quot;gutter_vr_tablet_extra&quot;:3,&quot;gutter_vr_laptop&quot;:3,&quot;gutter_vr_widescreen&quot;:7,&quot;animation&quot;:&quot;default&quot;,&quot;animation_duration&quot;:0.3,&quot;animation_delay&quot;:0.1,&quot;deeplinking&quot;:&quot;no&quot;,&quot;filters_linkable&quot;:&quot;no&quot;,&quot;filters_default_filter&quot;:&quot;&quot;,&quot;filters_count&quot;:&quot;no&quot;,&quot;filters_hide_empty&quot;:&quot;yes&quot;,&quot;filters_animation&quot;:&quot;default&quot;,&quot;filters_animation_duration&quot;:0.3,&quot;filters_animation_delay&quot;:0.1,&quot;pagination_type&quot;:&quot;numbered&quot;,&quot;pagination_max_pages&quot;:1,&quot;lightbox&quot;:{&quot;selector&quot;:&quot;.wpr-grid-image-wrap&quot;,&quot;iframeMaxWidth&quot;:&quot;60%&quot;,&quot;hash&quot;:false,&quot;autoplay&quot;:&quot;true&quot;,&quot;pause&quot;:5000,&quot;progressBar&quot;:&quot;true&quot;,&quot;counter&quot;:&quot;true&quot;,&quot;controls&quot;:&quot;true&quot;,&quot;getCaptionFromTitleOrAlt&quot;:&quot;true&quot;,&quot;thumbnail&quot;:&quot;true&quot;,&quot;showThumbByDefault&quot;:&quot;true&quot;,&quot;share&quot;:&quot;true&quot;,&quot;zoom&quot;:&quot;true&quot;,&quot;fullScreen&quot;:&quot;true&quot;,&quot;download&quot;:&quot;true&quot;}}\" data-advanced-filters=\"no\"><article class=\"wpr-grid-item elementor-clearfix post-6688 post type-post status-publish format-standard has-post-thumbnail hentry category-podcast-bon-vent tag-assurance-chomage tag-cotisations tag-retraite tag-senior\"><div class=\"wpr-grid-item-inner\"><div class=\"wpr-grid-media-wrap wpr-effect-size-medium \" data-overlay-link=\"yes\"><div class=\"wpr-grid-image-wrap\" data-src=\"https:\/\/myagencyinside.com\/maquettes\/gestion-retraite\/wp-content\/uploads\/2026\/04\/Didier-Quilain-.png\" data-img-on-hover=\"\"  data-src-secondary=\"\"><img decoding=\"async\" data-no-lazy=\"1\" src=\"https:\/\/myagencyinside.com\/maquettes\/gestion-retraite\/wp-content\/uploads\/2026\/04\/Didier-Quilain-.png\" alt=\"\u00c9change avec Didier Quilain\" class=\"wpr-anim-timing-ease-default\"><\/div><div class=\"wpr-grid-media-hover wpr-animation-wrap\"><div class=\"wpr-grid-media-hover-bg  wpr-overlay-fade-in wpr-anim-size-large wpr-anim-timing-ease-default wpr-anim-transparency\" data-url=\"https:\/\/myagencyinside.com\/maquettes\/gestion-retraite\/2026\/04\/21\/echange-avec-didier-quilain\/\"><\/div><\/div><\/div><div class=\"wpr-grid-item-below-content elementor-clearfix\"><h2 class=\"wpr-grid-item-title elementor-repeater-item-2f5f1ac wpr-grid-item-display-block wpr-grid-item-align-left wpr-pointer-none wpr-pointer-line-fx wpr-pointer-fx-slide\"><div class=\"inner-block\"><a target=\"_self\"  href=\"https:\/\/myagencyinside.com\/maquettes\/gestion-retraite\/2026\/04\/21\/echange-avec-didier-quilain\/\">\u00c9change avec Didier Quilain<\/a><\/div><\/h2><div class=\"wpr-grid-item-date elementor-repeater-item-f1651c4 wpr-grid-item-display-inline wpr-grid-item-align-left\"><div class=\"inner-block\"><span>21 avril 2026<span class=\"wpr-grid-extra-text-right\"><\/span><\/span><\/div><\/div><div class=\"wpr-grid-item-excerpt elementor-repeater-item-40e73b7 wpr-grid-item-display-block wpr-grid-item-align-left\"><div class=\"inner-block\"><p>Pour l\u2019\u00e9pisode pilote de BON VENT, Nathalie Badaire a interview\u00e9 Didier Quilain, un ancien client f\u00e9ru de photographie. Apr\u00e8s une...<\/p><\/div><\/div><div class=\"wpr-grid-item-read-more elementor-repeater-item-eae30e0 wpr-grid-item-display-block wpr-grid-item-align-left\"><div class=\"inner-block\"><a target=\"_self\" href=\"https:\/\/myagencyinside.com\/maquettes\/gestion-retraite\/2026\/04\/21\/echange-avec-didier-quilain\/\" class=\"wpr-button-effect wpr-button-none\"><span>Lire la suite<\/span><\/a><\/div><\/div><\/div><\/div><\/article><article class=\"wpr-grid-item elementor-clearfix post-6678 post type-post status-publish format-standard has-post-thumbnail hentry category-podcast-bon-vent tag-assurance-chomage tag-cotisations tag-retraite tag-senior\"><div class=\"wpr-grid-item-inner\"><div class=\"wpr-grid-media-wrap wpr-effect-size-medium \" data-overlay-link=\"yes\"><div class=\"wpr-grid-image-wrap\" data-src=\"https:\/\/myagencyinside.com\/maquettes\/gestion-retraite\/wp-content\/uploads\/2026\/04\/Olivier-Legan-.png\" data-img-on-hover=\"\"  data-src-secondary=\"\"><img decoding=\"async\" data-no-lazy=\"1\" src=\"https:\/\/myagencyinside.com\/maquettes\/gestion-retraite\/wp-content\/uploads\/2026\/04\/Olivier-Legan-.png\" alt=\"\u00c9change avec Olivier Legan\" class=\"wpr-anim-timing-ease-default\"><\/div><div class=\"wpr-grid-media-hover wpr-animation-wrap\"><div class=\"wpr-grid-media-hover-bg  wpr-overlay-fade-in wpr-anim-size-large wpr-anim-timing-ease-default wpr-anim-transparency\" data-url=\"https:\/\/myagencyinside.com\/maquettes\/gestion-retraite\/2026\/03\/21\/echange-avec-olivier-legan\/\"><\/div><\/div><\/div><div class=\"wpr-grid-item-below-content elementor-clearfix\"><h2 class=\"wpr-grid-item-title elementor-repeater-item-2f5f1ac wpr-grid-item-display-block wpr-grid-item-align-left wpr-pointer-none wpr-pointer-line-fx wpr-pointer-fx-slide\"><div class=\"inner-block\"><a target=\"_self\"  href=\"https:\/\/myagencyinside.com\/maquettes\/gestion-retraite\/2026\/03\/21\/echange-avec-olivier-legan\/\">\u00c9change avec Olivier Legan<\/a><\/div><\/h2><div class=\"wpr-grid-item-date elementor-repeater-item-f1651c4 wpr-grid-item-display-inline wpr-grid-item-align-left\"><div class=\"inner-block\"><span>21 mars 2026<span class=\"wpr-grid-extra-text-right\"><\/span><\/span><\/div><\/div><div class=\"wpr-grid-item-excerpt elementor-repeater-item-40e73b7 wpr-grid-item-display-block wpr-grid-item-align-left\"><div class=\"inner-block\"><p>\u00c0 62 ans, Olivier Legan s\u2019appr\u00eate \u00e0 partir \u00e0 la retraite. Et cette nouvelle le ravit. Pour ce r\u00e9alisateur et...<\/p><\/div><\/div><div class=\"wpr-grid-item-read-more elementor-repeater-item-eae30e0 wpr-grid-item-display-block wpr-grid-item-align-left\"><div class=\"inner-block\"><a target=\"_self\" href=\"https:\/\/myagencyinside.com\/maquettes\/gestion-retraite\/2026\/03\/21\/echange-avec-olivier-legan\/\" class=\"wpr-button-effect wpr-button-none\"><span>Lire la suite<\/span><\/a><\/div><\/div><\/div><\/div><\/article><article class=\"wpr-grid-item elementor-clearfix post-6671 post type-post status-publish format-standard has-post-thumbnail hentry category-podcast-bon-vent tag-assurance-chomage tag-cotisations tag-retraite tag-senior\"><div class=\"wpr-grid-item-inner\"><div class=\"wpr-grid-media-wrap wpr-effect-size-medium \" data-overlay-link=\"yes\"><div class=\"wpr-grid-image-wrap\" data-src=\"https:\/\/myagencyinside.com\/maquettes\/gestion-retraite\/wp-content\/uploads\/2026\/04\/Patrick-Recroix-.png\" data-img-on-hover=\"\"  data-src-secondary=\"\"><img decoding=\"async\" data-no-lazy=\"1\" src=\"https:\/\/myagencyinside.com\/maquettes\/gestion-retraite\/wp-content\/uploads\/2026\/04\/Patrick-Recroix-.png\" alt=\"\u00c9change avec Patrick Recroix\" class=\"wpr-anim-timing-ease-default\"><\/div><div class=\"wpr-grid-media-hover wpr-animation-wrap\"><div class=\"wpr-grid-media-hover-bg  wpr-overlay-fade-in wpr-anim-size-large wpr-anim-timing-ease-default wpr-anim-transparency\" data-url=\"https:\/\/myagencyinside.com\/maquettes\/gestion-retraite\/2026\/02\/21\/echange-avec-patrick-recroix\/\"><\/div><\/div><\/div><div class=\"wpr-grid-item-below-content elementor-clearfix\"><h2 class=\"wpr-grid-item-title elementor-repeater-item-2f5f1ac wpr-grid-item-display-block wpr-grid-item-align-left wpr-pointer-none wpr-pointer-line-fx wpr-pointer-fx-slide\"><div class=\"inner-block\"><a target=\"_self\"  href=\"https:\/\/myagencyinside.com\/maquettes\/gestion-retraite\/2026\/02\/21\/echange-avec-patrick-recroix\/\">\u00c9change avec Patrick Recroix<\/a><\/div><\/h2><div class=\"wpr-grid-item-date elementor-repeater-item-f1651c4 wpr-grid-item-display-inline wpr-grid-item-align-left\"><div class=\"inner-block\"><span>21 f\u00e9vrier 2026<span class=\"wpr-grid-extra-text-right\"><\/span><\/span><\/div><\/div><div class=\"wpr-grid-item-excerpt elementor-repeater-item-40e73b7 wpr-grid-item-display-block wpr-grid-item-align-left\"><div class=\"inner-block\"><p>Ancien DGA France de la filiale Signature de Vinci, Patrick Recroix est un retrait\u00e9 actif qui conjugue exp\u00e9rience, plaisir et...<\/p><\/div><\/div><div class=\"wpr-grid-item-read-more elementor-repeater-item-eae30e0 wpr-grid-item-display-block wpr-grid-item-align-left\"><div class=\"inner-block\"><a target=\"_self\" href=\"https:\/\/myagencyinside.com\/maquettes\/gestion-retraite\/2026\/02\/21\/echange-avec-patrick-recroix\/\" class=\"wpr-button-effect wpr-button-none\"><span>Lire la suite<\/span><\/a><\/div><\/div><\/div><\/div><\/article><article class=\"wpr-grid-item elementor-clearfix post-6613 post type-post status-publish format-standard has-post-thumbnail hentry category-podcast-bon-vent tag-assurance-chomage tag-cotisations tag-retraite tag-senior\"><div class=\"wpr-grid-item-inner\"><div class=\"wpr-grid-media-wrap wpr-effect-size-medium \" data-overlay-link=\"yes\"><div class=\"wpr-grid-image-wrap\" data-src=\"https:\/\/myagencyinside.com\/maquettes\/gestion-retraite\/wp-content\/uploads\/2026\/04\/Jean-Loup-Chiflet.jpg\" data-img-on-hover=\"\"  data-src-secondary=\"\"><img decoding=\"async\" data-no-lazy=\"1\" src=\"https:\/\/myagencyinside.com\/maquettes\/gestion-retraite\/wp-content\/uploads\/2026\/04\/Jean-Loup-Chiflet.jpg\" alt=\"\u00c9change avec Jean-Loup Chiflet\" class=\"wpr-anim-timing-ease-default\"><\/div><div class=\"wpr-grid-media-hover wpr-animation-wrap\"><div class=\"wpr-grid-media-hover-bg  wpr-overlay-fade-in wpr-anim-size-large wpr-anim-timing-ease-default wpr-anim-transparency\" data-url=\"https:\/\/myagencyinside.com\/maquettes\/gestion-retraite\/2026\/01\/21\/echange-avec-jean-loup-chiflet\/\"><\/div><\/div><\/div><div class=\"wpr-grid-item-below-content elementor-clearfix\"><h2 class=\"wpr-grid-item-title elementor-repeater-item-2f5f1ac wpr-grid-item-display-block wpr-grid-item-align-left wpr-pointer-none wpr-pointer-line-fx wpr-pointer-fx-slide\"><div class=\"inner-block\"><a target=\"_self\"  href=\"https:\/\/myagencyinside.com\/maquettes\/gestion-retraite\/2026\/01\/21\/echange-avec-jean-loup-chiflet\/\">\u00c9change avec Jean-Loup Chiflet<\/a><\/div><\/h2><div class=\"wpr-grid-item-date elementor-repeater-item-f1651c4 wpr-grid-item-display-inline wpr-grid-item-align-left\"><div class=\"inner-block\"><span>21 janvier 2026<span class=\"wpr-grid-extra-text-right\"><\/span><\/span><\/div><\/div><div class=\"wpr-grid-item-excerpt elementor-repeater-item-40e73b7 wpr-grid-item-display-block wpr-grid-item-align-left\"><div class=\"inner-block\"><p>\u00c0 82 ans, Jean-Loup Chiflet dit n\u2019avoir jamais autant travaill\u00e9. Apr\u00e8s une carri\u00e8re dans le milieu de l\u2019\u00e9dition, du packaging...<\/p><\/div><\/div><div class=\"wpr-grid-item-read-more elementor-repeater-item-eae30e0 wpr-grid-item-display-block wpr-grid-item-align-left\"><div class=\"inner-block\"><a target=\"_self\" href=\"https:\/\/myagencyinside.com\/maquettes\/gestion-retraite\/2026\/01\/21\/echange-avec-jean-loup-chiflet\/\" class=\"wpr-button-effect wpr-button-none\"><span>Lire la suite<\/span><\/a><\/div><\/div><\/div><\/div><\/article><article class=\"wpr-grid-item elementor-clearfix post-6695 post type-post status-publish format-standard has-post-thumbnail hentry category-podcast-bon-vent tag-assurance-chomage tag-cotisations tag-retraite tag-senior\"><div class=\"wpr-grid-item-inner\"><div class=\"wpr-grid-media-wrap wpr-effect-size-medium \" data-overlay-link=\"yes\"><div class=\"wpr-grid-image-wrap\" data-src=\"https:\/\/myagencyinside.com\/maquettes\/gestion-retraite\/wp-content\/uploads\/2026\/04\/Eric-Petremann-.png\" data-img-on-hover=\"\"  data-src-secondary=\"\"><img decoding=\"async\" data-no-lazy=\"1\" src=\"https:\/\/myagencyinside.com\/maquettes\/gestion-retraite\/wp-content\/uploads\/2026\/04\/Eric-Petremann-.png\" alt=\"\u00c9change avec \u00c9ric Petremann\" class=\"wpr-anim-timing-ease-default\"><\/div><div class=\"wpr-grid-media-hover wpr-animation-wrap\"><div class=\"wpr-grid-media-hover-bg  wpr-overlay-fade-in wpr-anim-size-large wpr-anim-timing-ease-default wpr-anim-transparency\" data-url=\"https:\/\/myagencyinside.com\/maquettes\/gestion-retraite\/2025\/12\/21\/echange-avec-eric-petremann\/\"><\/div><\/div><\/div><div class=\"wpr-grid-item-below-content elementor-clearfix\"><h2 class=\"wpr-grid-item-title elementor-repeater-item-2f5f1ac wpr-grid-item-display-block wpr-grid-item-align-left wpr-pointer-none wpr-pointer-line-fx wpr-pointer-fx-slide\"><div class=\"inner-block\"><a target=\"_self\"  href=\"https:\/\/myagencyinside.com\/maquettes\/gestion-retraite\/2025\/12\/21\/echange-avec-eric-petremann\/\">\u00c9change avec \u00c9ric Petremann<\/a><\/div><\/h2><div class=\"wpr-grid-item-date elementor-repeater-item-f1651c4 wpr-grid-item-display-inline wpr-grid-item-align-left\"><div class=\"inner-block\"><span>21 d\u00e9cembre 2025<span class=\"wpr-grid-extra-text-right\"><\/span><\/span><\/div><\/div><div class=\"wpr-grid-item-excerpt elementor-repeater-item-40e73b7 wpr-grid-item-display-block wpr-grid-item-align-left\"><div class=\"inner-block\"><p>Pour le deuxi\u00e8me \u00e9pisode de BON VENT, NB Consulting a le plaisir de donner la parole \u00e0 \u00c9ric Petremann (Darpan),...<\/p><\/div><\/div><div class=\"wpr-grid-item-read-more elementor-repeater-item-eae30e0 wpr-grid-item-display-block wpr-grid-item-align-left\"><div class=\"inner-block\"><a target=\"_self\" href=\"https:\/\/myagencyinside.com\/maquettes\/gestion-retraite\/2025\/12\/21\/echange-avec-eric-petremann\/\" class=\"wpr-button-effect wpr-button-none\"><span>Lire la suite<\/span><\/a><\/div><\/div><\/div><\/div><\/article><\/section>\t\t\t\t<\/div>\n\t\t\t\t\t<\/div>\n\t\t\t\t<\/div>\n\t\t\t\t<\/div>\n\t\t","protected":false},"excerpt":{"rendered":"<p>Conseil retraite ind\u00e9pendant \u00b7 depuis 2004 Podcast BON VENT ! Accueil \/ Podcast BON VENT ! v2 &#8211; BON VENT ! Le podcast qui donne envie d&rsquo;\u00eatre \u00e0 la retraite\u00a0 BON VENT ! donne la parole aux femmes et aux hommes qui s\u2019\u00e9panouissent \u00e0 la retraite. Au-del\u00e0 des aspects techniques et financiers, qu\u2019en ont-ils fait ? Comment se sont-ils projet\u00e9s ? Au micro de Nathalie BADAIRE, experte retraite, ils se confient sur la mani\u00e8re dont ils vivent cette nouvelle \u00e9tape de vie. Entre aspirations, projets de vie et qu\u00eate de libert\u00e9. Podcast Bon vent ! \u00c9change avec Didier Quilain 21 avril 2026 Pour l\u2019\u00e9pisode pilote de BON VENT, Nathalie Badaire a interview\u00e9 Didier Quilain, un ancien client f\u00e9ru de photographie. Apr\u00e8s une&#8230; Lire la suite \u00c9change avec Olivier Legan 21 avril 2026 \u00c0 62 ans, Olivier Legan s\u2019appr\u00eate \u00e0 partir \u00e0 la retraite. Et cette nouvelle le ravit. Pour ce r\u00e9alisateur et&#8230; Lire la suite \u00c9change avec Patrick Recroix 21 avril 2026 Ancien DGA France de la filiale Signature de Vinci, Patrick Recroix est un retrait\u00e9 actif qui conjugue exp\u00e9rience, plaisir et&#8230; Lire la suite \u00c9change avec Jean-Loup Chiflet 21 avril 2026 \u00c0 82 ans, Jean-Loup Chiflet dit n\u2019avoir jamais autant travaill\u00e9. Apr\u00e8s une carri\u00e8re dans le milieu de l\u2019\u00e9dition, du packaging&#8230; Lire la suite \u00c9change avec \u00c9ric Petremann 21 avril 2026 Pour le deuxi\u00e8me \u00e9pisode de BON VENT, NB Consulting a le plaisir de donner la parole \u00e0 \u00c9ric Petremann (Darpan),&#8230; Lire la suite<\/p>\n","protected":false},"author":1,"featured_media":0,"parent":0,"menu_order":0,"comment_status":"closed","ping_status":"closed","template":"elementor_canvas","meta":{"footnotes":""},"class_list":["post-6456","page","type-page","status-publish","hentry"],"_links":{"self":[{"href":"https:\/\/myagencyinside.com\/maquettes\/gestion-retraite\/wp-json\/wp\/v2\/pages\/6456","targetHints":{"allow":["GET"]}}],"collection":[{"href":"https:\/\/myagencyinside.com\/maquettes\/gestion-retraite\/wp-json\/wp\/v2\/pages"}],"about":[{"href":"https:\/\/myagencyinside.com\/maquettes\/gestion-retraite\/wp-json\/wp\/v2\/types\/page"}],"author":[{"embeddable":true,"href":"https:\/\/myagencyinside.com\/maquettes\/gestion-retraite\/wp-json\/wp\/v2\/users\/1"}],"replies":[{"embeddable":true,"href":"https:\/\/myagencyinside.com\/maquettes\/gestion-retraite\/wp-json\/wp\/v2\/comments?post=6456"}],"version-history":[{"count":22,"href":"https:\/\/myagencyinside.com\/maquettes\/gestion-retraite\/wp-json\/wp\/v2\/pages\/6456\/revisions"}],"predecessor-version":[{"id":6726,"href":"https:\/\/myagencyinside.com\/maquettes\/gestion-retraite\/wp-json\/wp\/v2\/pages\/6456\/revisions\/6726"}],"wp:attachment":[{"href":"https:\/\/myagencyinside.com\/maquettes\/gestion-retraite\/wp-json\/wp\/v2\/media?parent=6456"}],"curies":[{"name":"wp","href":"https:\/\/api.w.org\/{rel}","templated":true}]}}