{"id":10,"date":"2023-12-01T08:07:15","date_gmt":"2023-12-01T07:07:15","guid":{"rendered":"https:\/\/demosites.royal-elementor-addons.com\/school-v1\/?page_id=10"},"modified":"2025-09-30T21:42:18","modified_gmt":"2025-09-30T19:42:18","slug":"association-son-plus-beau-reve","status":"publish","type":"page","link":"https:\/\/myagencyinside.com\/maquettes\/son-plus-beau-reve\/association-son-plus-beau-reve\/","title":{"rendered":"L&rsquo;association"},"content":{"rendered":"<p class=\"attachment\"><a href='https:\/\/myagencyinside.com\/maquettes\/son-plus-beau-reve\/wp-content\/uploads\/2025\/01\/468631444_122219134160031430_1210337412725161175_n.jpg'><img fetchpriority=\"high\" decoding=\"async\" width=\"240\" height=\"300\" src=\"https:\/\/myagencyinside.com\/maquettes\/son-plus-beau-reve\/wp-content\/uploads\/2025\/01\/468631444_122219134160031430_1210337412725161175_n-240x300.jpg\" class=\"attachment-medium size-medium\" alt=\"\" srcset=\"https:\/\/myagencyinside.com\/maquettes\/son-plus-beau-reve\/wp-content\/uploads\/2025\/01\/468631444_122219134160031430_1210337412725161175_n-240x300.jpg 240w, https:\/\/myagencyinside.com\/maquettes\/son-plus-beau-reve\/wp-content\/uploads\/2025\/01\/468631444_122219134160031430_1210337412725161175_n-821x1024.jpg 821w, https:\/\/myagencyinside.com\/maquettes\/son-plus-beau-reve\/wp-content\/uploads\/2025\/01\/468631444_122219134160031430_1210337412725161175_n-768x958.jpg 768w, https:\/\/myagencyinside.com\/maquettes\/son-plus-beau-reve\/wp-content\/uploads\/2025\/01\/468631444_122219134160031430_1210337412725161175_n-1231x1536.jpg 1231w, https:\/\/myagencyinside.com\/maquettes\/son-plus-beau-reve\/wp-content\/uploads\/2025\/01\/468631444_122219134160031430_1210337412725161175_n.jpg 1438w\" sizes=\"(max-width: 240px) 100vw, 240px\" \/><\/a><\/p>\n\t\t<div data-elementor-type=\"wp-page\" data-elementor-id=\"10\" class=\"elementor elementor-10\">\n\t\t\t\t<div class=\"elementor-element elementor-element-cbbb5ea e-flex e-con-boxed wpr-particle-no wpr-jarallax-no wpr-parallax-no wpr-sticky-section-no e-con e-parent\" data-id=\"cbbb5ea\" data-element_type=\"container\" data-settings=\"{&quot;background_background&quot;:&quot;classic&quot;}\">\n\t\t\t\t\t<div class=\"e-con-inner\">\n\t\t\t\t<div class=\"elementor-element elementor-element-22c957c elementor-widget elementor-widget-heading\" data-id=\"22c957c\" data-element_type=\"widget\" data-widget_type=\"heading.default\">\n\t\t\t\t<div class=\"elementor-widget-container\">\n\t\t\t\t\t<h1 class=\"elementor-heading-title elementor-size-default\">L'association<\/h1>\t\t\t\t<\/div>\n\t\t\t\t<\/div>\n\t\t\t\t<div class=\"elementor-element elementor-element-686f8f0 elementor-widget elementor-widget-heading\" data-id=\"686f8f0\" data-element_type=\"widget\" data-widget_type=\"heading.default\">\n\t\t\t\t<div class=\"elementor-widget-container\">\n\t\t\t\t\t<div class=\"elementor-heading-title elementor-size-default\">Accueil \/ L'association<\/div>\t\t\t\t<\/div>\n\t\t\t\t<\/div>\n\t\t\t\t\t<\/div>\n\t\t\t\t<\/div>\n\t\t<div class=\"elementor-element elementor-element-4e49016 e-flex e-con-boxed wpr-particle-no wpr-jarallax-no wpr-parallax-no wpr-sticky-section-no e-con e-parent\" data-id=\"4e49016\" data-element_type=\"container\">\n\t\t\t\t\t<div class=\"e-con-inner\">\n\t\t<div class=\"elementor-element elementor-element-294e4e4 elementor-hidden-tablet elementor-hidden-mobile e-flex e-con-boxed wpr-particle-no wpr-jarallax-no wpr-parallax-no wpr-sticky-section-no e-con e-child\" data-id=\"294e4e4\" data-element_type=\"container\">\n\t\t\t\t\t<div class=\"e-con-inner\">\n\t\t\t\t<div class=\"elementor-element elementor-element-c816c7c elementor-widget elementor-widget-image\" data-id=\"c816c7c\" data-element_type=\"widget\" data-widget_type=\"image.default\">\n\t\t\t\t<div class=\"elementor-widget-container\">\n\t\t\t\t\t\t\t\t\t\t\t\t\t\t\t<img alt=\"\" decoding=\"async\" width=\"946\" height=\"1024\" src=\"https:\/\/myagencyinside.com\/maquettes\/son-plus-beau-reve\/wp-content\/uploads\/2025\/09\/son-plus-beau-reve-presidente-anna-6-copie-946x1024.jpg\" class=\"attachment-large size-large wp-image-2496\" alt=\"\" srcset=\"https:\/\/myagencyinside.com\/maquettes\/son-plus-beau-reve\/wp-content\/uploads\/2025\/09\/son-plus-beau-reve-presidente-anna-6-copie-946x1024.jpg 946w, https:\/\/myagencyinside.com\/maquettes\/son-plus-beau-reve\/wp-content\/uploads\/2025\/09\/son-plus-beau-reve-presidente-anna-6-copie-277x300.jpg 277w, https:\/\/myagencyinside.com\/maquettes\/son-plus-beau-reve\/wp-content\/uploads\/2025\/09\/son-plus-beau-reve-presidente-anna-6-copie-768x831.jpg 768w, https:\/\/myagencyinside.com\/maquettes\/son-plus-beau-reve\/wp-content\/uploads\/2025\/09\/son-plus-beau-reve-presidente-anna-6-copie-1419x1536.jpg 1419w, https:\/\/myagencyinside.com\/maquettes\/son-plus-beau-reve\/wp-content\/uploads\/2025\/09\/son-plus-beau-reve-presidente-anna-6-copie-1892x2048.jpg 1892w\" sizes=\"(max-width: 946px) 100vw, 946px\" \/>\t\t\t\t\t\t\t\t\t\t\t\t\t\t\t<\/div>\n\t\t\t\t<\/div>\n\t\t\t\t\t<\/div>\n\t\t\t\t<\/div>\n\t\t<div class=\"elementor-element elementor-element-8288e54 e-flex e-con-boxed wpr-particle-no wpr-jarallax-no wpr-parallax-no wpr-sticky-section-no e-con e-child\" data-id=\"8288e54\" data-element_type=\"container\">\n\t\t\t\t\t<div class=\"e-con-inner\">\n\t\t\t\t<div class=\"elementor-element elementor-element-c0bd059 elementor-widget elementor-widget-heading\" data-id=\"c0bd059\" data-element_type=\"widget\" data-widget_type=\"heading.default\">\n\t\t\t\t<div class=\"elementor-widget-container\">\n\t\t\t\t\t<h2 class=\"elementor-heading-title elementor-size-default\">Story Anna Bernal<\/h2>\t\t\t\t<\/div>\n\t\t\t\t<\/div>\n\t\t\t\t<div class=\"elementor-element elementor-element-87703c9 elementor-widget elementor-widget-heading\" data-id=\"87703c9\" data-element_type=\"widget\" data-widget_type=\"heading.default\">\n\t\t\t\t<div class=\"elementor-widget-container\">\n\t\t\t\t\t<h2 class=\"elementor-heading-title elementor-size-default\">Pr\u00e9sidente de l'association : Anna  Bernal<\/h2>\t\t\t\t<\/div>\n\t\t\t\t<\/div>\n\t\t\t\t<div class=\"elementor-element elementor-element-bff5317 elementor-widget elementor-widget-text-editor\" data-id=\"bff5317\" data-element_type=\"widget\" data-widget_type=\"text-editor.default\">\n\t\t\t\t<div class=\"elementor-widget-container\">\n\t\t\t\t\t\t\t\t\t<p>Fondatrice et pr\u00e9sidente de <em>Son Plus Beau R\u00eave<\/em>, <strong>Anna Bernal<\/strong> est avant tout une femme de c\u0153ur et de conviction.<\/p><p><br \/>Maman de trois enfants, elle a toujours plac\u00e9 la famille, la solidarit\u00e9 et l\u2019entraide au centre de sa vie.Entrepreneuse dans l\u2019\u00e2me, elle a cr\u00e9\u00e9 un site internet de vente de produits de bien-\u00eatre li\u00e9s \u00e0 la sant\u00e9, convaincue que prendre soin des autres est une mission essentielle. Mais au-del\u00e0 de son parcours professionnel, c\u2019est une exp\u00e9rience familiale marquante qui a transform\u00e9 sa vision : sa ni\u00e8ce a \u00e9t\u00e9 touch\u00e9e par une maladie rare et orpheline, tr\u00e8s peu prise en charge. Ce combat difficile lui a fait mesurer \u00e0 quel point les enfants et leurs proches ont besoin de soutien, de r\u00e9confort et de moments de bonheur pour avancer.<br \/>De cette prise de conscience est n\u00e9e une \u00e9vidence : cr\u00e9er une association d\u00e9di\u00e9e \u00e0 offrir des instants magiques aux enfants malades ou d\u00e9favoris\u00e9s.<\/p><p>C\u2019est ainsi qu\u2019est n\u00e9 <em>Son Plus Beau R\u00eave<\/em>.<\/p><p>Aujourd\u2019hui, Anna Bernal s\u2019engage avec passion et d\u00e9termination pour que chaque enfant accompagn\u00e9 par l\u2019association puisse voir son r\u00eave se r\u00e9aliser.<br \/><em>\u00ab Offrir un r\u00eave \u00e0 un enfant, c\u2019est lui donner une force qui peut changer toute son histoire. \u00bb<\/em><\/p>\t\t\t\t\t\t\t\t<\/div>\n\t\t\t\t<\/div>\n\t\t\t\t\t<\/div>\n\t\t\t\t<\/div>\n\t\t\t\t\t<\/div>\n\t\t\t\t<\/div>\n\t\t<div class=\"elementor-element elementor-element-eb4deb6 e-flex e-con-boxed wpr-particle-no wpr-jarallax-no wpr-parallax-no wpr-sticky-section-no e-con e-parent\" data-id=\"eb4deb6\" data-element_type=\"container\">\n\t\t\t\t\t<div class=\"e-con-inner\">\n\t\t\t\t<div class=\"elementor-element elementor-element-33b642e wpr-grid-columns-4 wpr-grid-columns--laptop4 wpr-grid-columns--tablet3 wpr-grid-columns--mobile1 elementor-widget elementor-widget-wpr-media-grid\" data-id=\"33b642e\" data-element_type=\"widget\" data-widget_type=\"wpr-media-grid.default\">\n\t\t\t\t<div class=\"elementor-widget-container\">\n\t\t\t\t\t<section class=\"wpr-grid wpr-media-grid elementor-clearfix\" data-settings=\"{&quot;layout&quot;:&quot;masonry&quot;,&quot;columns_desktop&quot;:4,&quot;gutter_hr&quot;:10,&quot;gutter_hr_mobile&quot;:10,&quot;gutter_hr_mobile_extra&quot;:10,&quot;gutter_hr_tablet&quot;:10,&quot;gutter_hr_tablet_extra&quot;:10,&quot;gutter_hr_laptop&quot;:10,&quot;gutter_hr_widescreen&quot;:10,&quot;gutter_vr&quot;:10,&quot;gutter_vr_mobile&quot;:10,&quot;gutter_vr_mobile_extra&quot;:10,&quot;gutter_vr_tablet&quot;:10,&quot;gutter_vr_tablet_extra&quot;:10,&quot;gutter_vr_laptop&quot;:10,&quot;gutter_vr_widescreen&quot;:10,&quot;animation&quot;:&quot;default&quot;,&quot;animation_duration&quot;:0.3,&quot;animation_delay&quot;:0.1,&quot;deeplinking&quot;:&quot;&quot;,&quot;filters_default_filter&quot;:&quot;&quot;,&quot;filters_linkable&quot;:&quot;no&quot;,&quot;filters_count&quot;:&quot;&quot;,&quot;filters_hide_empty&quot;:&quot;no&quot;,&quot;filters_animation&quot;:&quot;default&quot;,&quot;filters_animation_duration&quot;:0.3,&quot;filters_animation_delay&quot;:0.1,&quot;pagination_type&quot;:&quot;load-more&quot;,&quot;pagination_max_pages&quot;:2,&quot;lightbox&quot;:{&quot;selector&quot;:&quot;.wpr-grid-image-wrap&quot;,&quot;iframeMaxWidth&quot;:&quot;60%&quot;,&quot;hash&quot;:false,&quot;autoplay&quot;:&quot;true&quot;,&quot;pause&quot;:5000,&quot;progressBar&quot;:&quot;true&quot;,&quot;counter&quot;:&quot;true&quot;,&quot;controls&quot;:&quot;true&quot;,&quot;getCaptionFromTitleOrAlt&quot;:&quot;true&quot;,&quot;thumbnail&quot;:&quot;&quot;,&quot;showThumbByDefault&quot;:&quot;&quot;,&quot;share&quot;:&quot;&quot;,&quot;zoom&quot;:&quot;true&quot;,&quot;fullScreen&quot;:&quot;true&quot;,&quot;download&quot;:&quot;true&quot;}}\"><article class=\"wpr-grid-item elementor-clearfix post-2496 attachment type-attachment status-inherit hentry\"><div class=\"wpr-grid-item-inner\"><div class=\"wpr-grid-media-wrap wpr-effect-size-small \"><div class=\"wpr-grid-image-wrap\" data-src=\"https:\/\/myagencyinside.com\/maquettes\/son-plus-beau-reve\/wp-content\/uploads\/2025\/09\/son-plus-beau-reve-presidente-anna-6-copie-scaled.jpg\"><img decoding=\"async\" src=\"https:\/\/myagencyinside.com\/maquettes\/son-plus-beau-reve\/wp-content\/uploads\/2025\/09\/son-plus-beau-reve-presidente-anna-6-copie-946x1024.jpg\" alt=\"sdr\" class=\"wpr-anim-timing-ease-default\"><\/div><div class=\"wpr-grid-media-hover wpr-animation-wrap\"><div class=\"wpr-grid-media-hover-bg  wpr-overlay-fade-in wpr-anim-size-large wpr-anim-timing-ease-default wpr-anim-transparency\" data-url=\"https:\/\/myagencyinside.com\/maquettes\/son-plus-beau-reve\/association-son-plus-beau-reve\/sdr-2\/\"><\/div><div class=\"wpr-cv-container\"><div class=\"wpr-cv-outer\"><div class=\"wpr-cv-inner\"><div class=\"wpr-grid-media-hover-middle elementor-clearfix\"><div class=\"wpr-grid-item-lightbox elementor-repeater-item-341f37a wpr-grid-item-display-block wpr-grid-item-align-center wpr-element-fade-in wpr-anim-size-large wpr-anim-timing-ease-default wpr-anim-transparency\"><div class=\"inner-block\"><span data-src=\"https:\/\/myagencyinside.com\/maquettes\/son-plus-beau-reve\/wp-content\/uploads\/2025\/09\/son-plus-beau-reve-presidente-anna-6-copie-scaled.jpg\"><i class=\"fas fa-search\"><\/i><\/span><div class=\"wpr-grid-lightbox-overlay\"><\/div><\/div><\/div><\/div><\/div><\/div><\/div><\/div><\/div><\/div><\/article><article class=\"wpr-grid-item elementor-clearfix post-2494 attachment type-attachment status-inherit hentry\"><div class=\"wpr-grid-item-inner\"><div class=\"wpr-grid-media-wrap wpr-effect-size-small \"><div class=\"wpr-grid-image-wrap\" data-src=\"https:\/\/myagencyinside.com\/maquettes\/son-plus-beau-reve\/wp-content\/uploads\/2025\/09\/son-plus-beau-reve-presidente-anna-9-scaled.jpg\"><img decoding=\"async\" src=\"https:\/\/myagencyinside.com\/maquettes\/son-plus-beau-reve\/wp-content\/uploads\/2025\/09\/son-plus-beau-reve-presidente-anna-9-1024x768.jpg\" alt=\"dav\" class=\"wpr-anim-timing-ease-default\"><\/div><div class=\"wpr-grid-media-hover wpr-animation-wrap\"><div class=\"wpr-grid-media-hover-bg  wpr-overlay-fade-in wpr-anim-size-large wpr-anim-timing-ease-default wpr-anim-transparency\" data-url=\"https:\/\/myagencyinside.com\/maquettes\/son-plus-beau-reve\/association-son-plus-beau-reve\/dav-3\/\"><\/div><div class=\"wpr-cv-container\"><div class=\"wpr-cv-outer\"><div class=\"wpr-cv-inner\"><div class=\"wpr-grid-media-hover-middle elementor-clearfix\"><div class=\"wpr-grid-item-lightbox elementor-repeater-item-341f37a wpr-grid-item-display-block wpr-grid-item-align-center wpr-element-fade-in wpr-anim-size-large wpr-anim-timing-ease-default wpr-anim-transparency\"><div class=\"inner-block\"><span data-src=\"https:\/\/myagencyinside.com\/maquettes\/son-plus-beau-reve\/wp-content\/uploads\/2025\/09\/son-plus-beau-reve-presidente-anna-9-scaled.jpg\"><i class=\"fas fa-search\"><\/i><\/span><div class=\"wpr-grid-lightbox-overlay\"><\/div><\/div><\/div><\/div><\/div><\/div><\/div><\/div><\/div><\/div><\/article><article class=\"wpr-grid-item elementor-clearfix post-2493 attachment type-attachment status-inherit hentry\"><div class=\"wpr-grid-item-inner\"><div class=\"wpr-grid-media-wrap wpr-effect-size-small \"><div class=\"wpr-grid-image-wrap\" data-src=\"https:\/\/myagencyinside.com\/maquettes\/son-plus-beau-reve\/wp-content\/uploads\/2025\/09\/son-plus-beau-reve-presidente-anna-8-scaled.jpg\"><img decoding=\"async\" src=\"https:\/\/myagencyinside.com\/maquettes\/son-plus-beau-reve\/wp-content\/uploads\/2025\/09\/son-plus-beau-reve-presidente-anna-8-1024x768.jpg\" alt=\"dav\" class=\"wpr-anim-timing-ease-default\"><\/div><div class=\"wpr-grid-media-hover wpr-animation-wrap\"><div class=\"wpr-grid-media-hover-bg  wpr-overlay-fade-in wpr-anim-size-large wpr-anim-timing-ease-default wpr-anim-transparency\" data-url=\"https:\/\/myagencyinside.com\/maquettes\/son-plus-beau-reve\/association-son-plus-beau-reve\/dav-2\/\"><\/div><div class=\"wpr-cv-container\"><div class=\"wpr-cv-outer\"><div class=\"wpr-cv-inner\"><div class=\"wpr-grid-media-hover-middle elementor-clearfix\"><div class=\"wpr-grid-item-lightbox elementor-repeater-item-341f37a wpr-grid-item-display-block wpr-grid-item-align-center wpr-element-fade-in wpr-anim-size-large wpr-anim-timing-ease-default wpr-anim-transparency\"><div class=\"inner-block\"><span data-src=\"https:\/\/myagencyinside.com\/maquettes\/son-plus-beau-reve\/wp-content\/uploads\/2025\/09\/son-plus-beau-reve-presidente-anna-8-scaled.jpg\"><i class=\"fas fa-search\"><\/i><\/span><div class=\"wpr-grid-lightbox-overlay\"><\/div><\/div><\/div><\/div><\/div><\/div><\/div><\/div><\/div><\/div><\/article><article class=\"wpr-grid-item elementor-clearfix post-2492 attachment type-attachment status-inherit hentry\"><div class=\"wpr-grid-item-inner\"><div class=\"wpr-grid-media-wrap wpr-effect-size-small \"><div class=\"wpr-grid-image-wrap\" data-src=\"https:\/\/myagencyinside.com\/maquettes\/son-plus-beau-reve\/wp-content\/uploads\/2025\/09\/son-plus-beau-reve-presidente-anna-7-scaled.jpg\"><img decoding=\"async\" src=\"https:\/\/myagencyinside.com\/maquettes\/son-plus-beau-reve\/wp-content\/uploads\/2025\/09\/son-plus-beau-reve-presidente-anna-7-768x1024.jpg\" alt=\"dav\" class=\"wpr-anim-timing-ease-default\"><\/div><div class=\"wpr-grid-media-hover wpr-animation-wrap\"><div class=\"wpr-grid-media-hover-bg  wpr-overlay-fade-in wpr-anim-size-large wpr-anim-timing-ease-default wpr-anim-transparency\" data-url=\"https:\/\/myagencyinside.com\/maquettes\/son-plus-beau-reve\/association-son-plus-beau-reve\/dav\/\"><\/div><div class=\"wpr-cv-container\"><div class=\"wpr-cv-outer\"><div class=\"wpr-cv-inner\"><div class=\"wpr-grid-media-hover-middle elementor-clearfix\"><div class=\"wpr-grid-item-lightbox elementor-repeater-item-341f37a wpr-grid-item-display-block wpr-grid-item-align-center wpr-element-fade-in wpr-anim-size-large wpr-anim-timing-ease-default wpr-anim-transparency\"><div class=\"inner-block\"><span data-src=\"https:\/\/myagencyinside.com\/maquettes\/son-plus-beau-reve\/wp-content\/uploads\/2025\/09\/son-plus-beau-reve-presidente-anna-7-scaled.jpg\"><i class=\"fas fa-search\"><\/i><\/span><div class=\"wpr-grid-lightbox-overlay\"><\/div><\/div><\/div><\/div><\/div><\/div><\/div><\/div><\/div><\/div><\/article><article class=\"wpr-grid-item elementor-clearfix post-2491 attachment type-attachment status-inherit hentry\"><div class=\"wpr-grid-item-inner\"><div class=\"wpr-grid-media-wrap wpr-effect-size-small \"><div class=\"wpr-grid-image-wrap\" data-src=\"https:\/\/myagencyinside.com\/maquettes\/son-plus-beau-reve\/wp-content\/uploads\/2025\/09\/son-plus-beau-reve-presidente-anna-6-scaled.jpg\"><img decoding=\"async\" src=\"https:\/\/myagencyinside.com\/maquettes\/son-plus-beau-reve\/wp-content\/uploads\/2025\/09\/son-plus-beau-reve-presidente-anna-6-1024x768.jpg\" alt=\"sdr\" class=\"wpr-anim-timing-ease-default\"><\/div><div class=\"wpr-grid-media-hover wpr-animation-wrap\"><div class=\"wpr-grid-media-hover-bg  wpr-overlay-fade-in wpr-anim-size-large wpr-anim-timing-ease-default wpr-anim-transparency\" data-url=\"https:\/\/myagencyinside.com\/maquettes\/son-plus-beau-reve\/association-son-plus-beau-reve\/sdr\/\"><\/div><div class=\"wpr-cv-container\"><div class=\"wpr-cv-outer\"><div class=\"wpr-cv-inner\"><div class=\"wpr-grid-media-hover-middle elementor-clearfix\"><div class=\"wpr-grid-item-lightbox elementor-repeater-item-341f37a wpr-grid-item-display-block wpr-grid-item-align-center wpr-element-fade-in wpr-anim-size-large wpr-anim-timing-ease-default wpr-anim-transparency\"><div class=\"inner-block\"><span data-src=\"https:\/\/myagencyinside.com\/maquettes\/son-plus-beau-reve\/wp-content\/uploads\/2025\/09\/son-plus-beau-reve-presidente-anna-6-scaled.jpg\"><i class=\"fas fa-search\"><\/i><\/span><div class=\"wpr-grid-lightbox-overlay\"><\/div><\/div><\/div><\/div><\/div><\/div><\/div><\/div><\/div><\/div><\/article><article class=\"wpr-grid-item elementor-clearfix post-2486 attachment type-attachment status-inherit hentry\"><div class=\"wpr-grid-item-inner\"><div class=\"wpr-grid-media-wrap wpr-effect-size-small \"><div class=\"wpr-grid-image-wrap\" data-src=\"https:\/\/myagencyinside.com\/maquettes\/son-plus-beau-reve\/wp-content\/uploads\/2025\/09\/son-plus-beau-reve-presidente-anna-1-scaled.jpg\"><img decoding=\"async\" src=\"https:\/\/myagencyinside.com\/maquettes\/son-plus-beau-reve\/wp-content\/uploads\/2025\/09\/son-plus-beau-reve-presidente-anna-1-768x1024.jpg\" alt=\"son-plus-beau-reve-presidente-anna-1\" class=\"wpr-anim-timing-ease-default\"><\/div><div class=\"wpr-grid-media-hover wpr-animation-wrap\"><div class=\"wpr-grid-media-hover-bg  wpr-overlay-fade-in wpr-anim-size-large wpr-anim-timing-ease-default wpr-anim-transparency\" data-url=\"https:\/\/myagencyinside.com\/maquettes\/son-plus-beau-reve\/association-son-plus-beau-reve\/son-plus-beau-reve-presidente-anna-1\/\"><\/div><div class=\"wpr-cv-container\"><div class=\"wpr-cv-outer\"><div class=\"wpr-cv-inner\"><div class=\"wpr-grid-media-hover-middle elementor-clearfix\"><div class=\"wpr-grid-item-lightbox elementor-repeater-item-341f37a wpr-grid-item-display-block wpr-grid-item-align-center wpr-element-fade-in wpr-anim-size-large wpr-anim-timing-ease-default wpr-anim-transparency\"><div class=\"inner-block\"><span data-src=\"https:\/\/myagencyinside.com\/maquettes\/son-plus-beau-reve\/wp-content\/uploads\/2025\/09\/son-plus-beau-reve-presidente-anna-1-scaled.jpg\"><i class=\"fas fa-search\"><\/i><\/span><div class=\"wpr-grid-lightbox-overlay\"><\/div><\/div><\/div><\/div><\/div><\/div><\/div><\/div><\/div><\/div><\/article><article class=\"wpr-grid-item elementor-clearfix post-2487 attachment type-attachment status-inherit hentry\"><div class=\"wpr-grid-item-inner\"><div class=\"wpr-grid-media-wrap wpr-effect-size-small \"><div class=\"wpr-grid-image-wrap\" data-src=\"https:\/\/myagencyinside.com\/maquettes\/son-plus-beau-reve\/wp-content\/uploads\/2025\/09\/son-plus-beau-reve-presidente-anna-2-scaled.jpg\"><img decoding=\"async\" src=\"https:\/\/myagencyinside.com\/maquettes\/son-plus-beau-reve\/wp-content\/uploads\/2025\/09\/son-plus-beau-reve-presidente-anna-2-768x1024.jpg\" alt=\"son-plus-beau-reve-presidente-anna-2\" class=\"wpr-anim-timing-ease-default\"><\/div><div class=\"wpr-grid-media-hover wpr-animation-wrap\"><div class=\"wpr-grid-media-hover-bg  wpr-overlay-fade-in wpr-anim-size-large wpr-anim-timing-ease-default wpr-anim-transparency\" data-url=\"https:\/\/myagencyinside.com\/maquettes\/son-plus-beau-reve\/association-son-plus-beau-reve\/son-plus-beau-reve-presidente-anna-2\/\"><\/div><div class=\"wpr-cv-container\"><div class=\"wpr-cv-outer\"><div class=\"wpr-cv-inner\"><div class=\"wpr-grid-media-hover-middle elementor-clearfix\"><div class=\"wpr-grid-item-lightbox elementor-repeater-item-341f37a wpr-grid-item-display-block wpr-grid-item-align-center wpr-element-fade-in wpr-anim-size-large wpr-anim-timing-ease-default wpr-anim-transparency\"><div class=\"inner-block\"><span data-src=\"https:\/\/myagencyinside.com\/maquettes\/son-plus-beau-reve\/wp-content\/uploads\/2025\/09\/son-plus-beau-reve-presidente-anna-2-scaled.jpg\"><i class=\"fas fa-search\"><\/i><\/span><div class=\"wpr-grid-lightbox-overlay\"><\/div><\/div><\/div><\/div><\/div><\/div><\/div><\/div><\/div><\/div><\/article><article class=\"wpr-grid-item elementor-clearfix post-2489 attachment type-attachment status-inherit hentry\"><div class=\"wpr-grid-item-inner\"><div class=\"wpr-grid-media-wrap wpr-effect-size-small \"><div class=\"wpr-grid-image-wrap\" data-src=\"https:\/\/myagencyinside.com\/maquettes\/son-plus-beau-reve\/wp-content\/uploads\/2025\/09\/son-plus-beau-reve-presidente-anna-4-scaled.jpg\"><img decoding=\"async\" src=\"https:\/\/myagencyinside.com\/maquettes\/son-plus-beau-reve\/wp-content\/uploads\/2025\/09\/son-plus-beau-reve-presidente-anna-4-1024x768.jpg\" alt=\"son-plus-beau-reve-presidente-anna-4\" class=\"wpr-anim-timing-ease-default\"><\/div><div class=\"wpr-grid-media-hover wpr-animation-wrap\"><div class=\"wpr-grid-media-hover-bg  wpr-overlay-fade-in wpr-anim-size-large wpr-anim-timing-ease-default wpr-anim-transparency\" data-url=\"https:\/\/myagencyinside.com\/maquettes\/son-plus-beau-reve\/association-son-plus-beau-reve\/son-plus-beau-reve-presidente-anna-4\/\"><\/div><div class=\"wpr-cv-container\"><div class=\"wpr-cv-outer\"><div class=\"wpr-cv-inner\"><div class=\"wpr-grid-media-hover-middle elementor-clearfix\"><div class=\"wpr-grid-item-lightbox elementor-repeater-item-341f37a wpr-grid-item-display-block wpr-grid-item-align-center wpr-element-fade-in wpr-anim-size-large wpr-anim-timing-ease-default wpr-anim-transparency\"><div class=\"inner-block\"><span data-src=\"https:\/\/myagencyinside.com\/maquettes\/son-plus-beau-reve\/wp-content\/uploads\/2025\/09\/son-plus-beau-reve-presidente-anna-4-scaled.jpg\"><i class=\"fas fa-search\"><\/i><\/span><div class=\"wpr-grid-lightbox-overlay\"><\/div><\/div><\/div><\/div><\/div><\/div><\/div><\/div><\/div><\/div><\/article><article class=\"wpr-grid-item elementor-clearfix post-2488 attachment type-attachment status-inherit hentry\"><div class=\"wpr-grid-item-inner\"><div class=\"wpr-grid-media-wrap wpr-effect-size-small \"><div class=\"wpr-grid-image-wrap\" data-src=\"https:\/\/myagencyinside.com\/maquettes\/son-plus-beau-reve\/wp-content\/uploads\/2025\/09\/son-plus-beau-reve-presidente-anna-3-scaled.jpg\"><img decoding=\"async\" src=\"https:\/\/myagencyinside.com\/maquettes\/son-plus-beau-reve\/wp-content\/uploads\/2025\/09\/son-plus-beau-reve-presidente-anna-3-1024x768.jpg\" alt=\"son-plus-beau-reve-presidente-anna-3\" class=\"wpr-anim-timing-ease-default\"><\/div><div class=\"wpr-grid-media-hover wpr-animation-wrap\"><div class=\"wpr-grid-media-hover-bg  wpr-overlay-fade-in wpr-anim-size-large wpr-anim-timing-ease-default wpr-anim-transparency\" data-url=\"https:\/\/myagencyinside.com\/maquettes\/son-plus-beau-reve\/association-son-plus-beau-reve\/son-plus-beau-reve-presidente-anna-3\/\"><\/div><div class=\"wpr-cv-container\"><div class=\"wpr-cv-outer\"><div class=\"wpr-cv-inner\"><div class=\"wpr-grid-media-hover-middle elementor-clearfix\"><div class=\"wpr-grid-item-lightbox elementor-repeater-item-341f37a wpr-grid-item-display-block wpr-grid-item-align-center wpr-element-fade-in wpr-anim-size-large wpr-anim-timing-ease-default wpr-anim-transparency\"><div class=\"inner-block\"><span data-src=\"https:\/\/myagencyinside.com\/maquettes\/son-plus-beau-reve\/wp-content\/uploads\/2025\/09\/son-plus-beau-reve-presidente-anna-3-scaled.jpg\"><i class=\"fas fa-search\"><\/i><\/span><div class=\"wpr-grid-lightbox-overlay\"><\/div><\/div><\/div><\/div><\/div><\/div><\/div><\/div><\/div><\/div><\/article><article class=\"wpr-grid-item elementor-clearfix post-2344 attachment type-attachment status-inherit hentry\"><div class=\"wpr-grid-item-inner\"><div class=\"wpr-grid-media-wrap wpr-effect-size-small \"><div class=\"wpr-grid-image-wrap\" data-src=\"https:\/\/myagencyinside.com\/maquettes\/son-plus-beau-reve\/wp-content\/uploads\/2025\/01\/468631444_122219134160031430_1210337412725161175_n.jpg\"><img decoding=\"async\" src=\"https:\/\/myagencyinside.com\/maquettes\/son-plus-beau-reve\/wp-content\/uploads\/2025\/01\/468631444_122219134160031430_1210337412725161175_n-821x1024.jpg\" alt=\"468631444_122219134160031430_1210337412725161175_n\" class=\"wpr-anim-timing-ease-default\"><\/div><div class=\"wpr-grid-media-hover wpr-animation-wrap\"><div class=\"wpr-grid-media-hover-bg  wpr-overlay-fade-in wpr-anim-size-large wpr-anim-timing-ease-default wpr-anim-transparency\" data-url=\"https:\/\/myagencyinside.com\/maquettes\/son-plus-beau-reve\/home-school-v1\/468631444_122219134160031430_1210337412725161175_n\/\"><\/div><div class=\"wpr-cv-container\"><div class=\"wpr-cv-outer\"><div class=\"wpr-cv-inner\"><div class=\"wpr-grid-media-hover-middle elementor-clearfix\"><div class=\"wpr-grid-item-lightbox elementor-repeater-item-341f37a wpr-grid-item-display-block wpr-grid-item-align-center wpr-element-fade-in wpr-anim-size-large wpr-anim-timing-ease-default wpr-anim-transparency\"><div class=\"inner-block\"><span data-src=\"https:\/\/myagencyinside.com\/maquettes\/son-plus-beau-reve\/wp-content\/uploads\/2025\/01\/468631444_122219134160031430_1210337412725161175_n.jpg\"><i class=\"fas fa-search\"><\/i><\/span><div class=\"wpr-grid-lightbox-overlay\"><\/div><\/div><\/div><\/div><\/div><\/div><\/div><\/div><\/div><\/div><\/article><\/section>\t\t\t\t<\/div>\n\t\t\t\t<\/div>\n\t\t\t\t\t<\/div>\n\t\t\t\t<\/div>\n\t\t<div class=\"elementor-element elementor-element-cd5a65a e-con-full e-flex wpr-particle-no wpr-jarallax-no wpr-parallax-no wpr-sticky-section-no e-con e-parent\" data-id=\"cd5a65a\" data-element_type=\"container\" data-settings=\"{&quot;background_background&quot;:&quot;gradient&quot;}\">\n\t\t<div class=\"elementor-element elementor-element-541a52e e-flex e-con-boxed wpr-particle-no wpr-jarallax-no wpr-parallax-no wpr-sticky-section-no e-con e-child\" data-id=\"541a52e\" data-element_type=\"container\">\n\t\t\t\t\t<div class=\"e-con-inner\">\n\t\t\t\t<div class=\"elementor-element elementor-element-bbc1918 elementor-widget elementor-widget-heading\" data-id=\"bbc1918\" data-element_type=\"widget\" data-widget_type=\"heading.default\">\n\t\t\t\t<div class=\"elementor-widget-container\">\n\t\t\t\t\t<h2 class=\"elementor-heading-title elementor-size-default\">Faire un don<\/h2>\t\t\t\t<\/div>\n\t\t\t\t<\/div>\n\t\t\t\t<div class=\"elementor-element elementor-element-c65ba62 elementor-widget elementor-widget-heading\" data-id=\"c65ba62\" data-element_type=\"widget\" data-widget_type=\"heading.default\">\n\t\t\t\t<div class=\"elementor-widget-container\">\n\t\t\t\t\t<h2 class=\"elementor-heading-title elementor-size-default\">Je donne pour r\u00e9aliser les r\u00eaves des enfants<\/h2>\t\t\t\t<\/div>\n\t\t\t\t<\/div>\n\t\t\t\t<div class=\"elementor-element elementor-element-3ca676e elementor-align-center elementor-widget elementor-widget-button\" data-id=\"3ca676e\" data-element_type=\"widget\" data-widget_type=\"button.default\">\n\t\t\t\t<div class=\"elementor-widget-container\">\n\t\t\t\t\t\t\t\t\t<div class=\"elementor-button-wrapper\">\n\t\t\t\t\t<a class=\"elementor-button elementor-button-link elementor-size-sm\" href=\"https:\/\/myagencyinside.com\/maquettes\/son-plus-beau-reve\/je-fais-un-don\/\">\n\t\t\t\t\t\t<span class=\"elementor-button-content-wrapper\">\n\t\t\t\t\t\t\t\t\t<span class=\"elementor-button-text\">Je fais un don<\/span>\n\t\t\t\t\t<\/span>\n\t\t\t\t\t<\/a>\n\t\t\t\t<\/div>\n\t\t\t\t\t\t\t\t<\/div>\n\t\t\t\t<\/div>\n\t\t\t\t\t<\/div>\n\t\t\t\t<\/div>\n\t\t\t\t<\/div>\n\t\t\t\t<\/div>\n\t\t","protected":false},"excerpt":{"rendered":"<p>L&rsquo;association Accueil \/ L&rsquo;association A propos L&rsquo;association Lorem ipsum dolor sit amet, consectetur adipiscing elit. Ut elit tellus, luctus nec ullamcorper mattis. Chiffre 1 70 Chiffre 2 0 % Chiffre 3 0 k+ Chiffre 4 0 Story Anna Bernal Pr\u00e9sidente de l&rsquo;association : Anna Bernal Fondatrice et pr\u00e9sidente de Son Plus Beau R\u00eave, Anna Bernal est avant tout une femme de c\u0153ur et de conviction. Maman de trois enfants, elle a toujours plac\u00e9 la famille, la solidarit\u00e9 et l\u2019entraide au centre de sa vie.Entrepreneuse dans l\u2019\u00e2me, elle a cr\u00e9\u00e9 un site internet de vente de produits de bien-\u00eatre li\u00e9s \u00e0 la sant\u00e9, convaincue que prendre soin des autres est une mission essentielle. Mais au-del\u00e0 de son parcours professionnel, c\u2019est une exp\u00e9rience familiale marquante qui a transform\u00e9 sa vision : sa ni\u00e8ce a \u00e9t\u00e9 touch\u00e9e par une maladie rare et orpheline, tr\u00e8s peu prise en charge. Ce combat difficile lui a fait mesurer \u00e0 quel point les enfants et leurs proches ont besoin de soutien, de r\u00e9confort et de moments de bonheur pour avancer.De cette prise de conscience est n\u00e9e une \u00e9vidence : cr\u00e9er une association d\u00e9di\u00e9e \u00e0 offrir des instants magiques aux enfants malades ou d\u00e9favoris\u00e9s. C\u2019est ainsi qu\u2019est n\u00e9 Son Plus Beau R\u00eave. Aujourd\u2019hui, Anna Bernal s\u2019engage avec passion et d\u00e9termination pour que chaque enfant accompagn\u00e9 par l\u2019association puisse voir son r\u00eave se r\u00e9aliser.\u00ab Offrir un r\u00eave \u00e0 un enfant, c\u2019est lui donner une force qui peut changer toute son histoire. \u00bb Faire un don Je donne pour r\u00e9aliser les r\u00eaves des enfants Je fais un don<\/p>\n","protected":false},"author":1,"featured_media":0,"parent":0,"menu_order":0,"comment_status":"closed","ping_status":"closed","template":"elementor_canvas","meta":{"_seopress_robots_primary_cat":"","_seopress_titles_title":"","_seopress_titles_desc":"","_seopress_robots_index":"","footnotes":""},"class_list":["post-10","page","type-page","status-publish","hentry"],"_links":{"self":[{"href":"https:\/\/myagencyinside.com\/maquettes\/son-plus-beau-reve\/wp-json\/wp\/v2\/pages\/10","targetHints":{"allow":["GET"]}}],"collection":[{"href":"https:\/\/myagencyinside.com\/maquettes\/son-plus-beau-reve\/wp-json\/wp\/v2\/pages"}],"about":[{"href":"https:\/\/myagencyinside.com\/maquettes\/son-plus-beau-reve\/wp-json\/wp\/v2\/types\/page"}],"author":[{"embeddable":true,"href":"https:\/\/myagencyinside.com\/maquettes\/son-plus-beau-reve\/wp-json\/wp\/v2\/users\/1"}],"replies":[{"embeddable":true,"href":"https:\/\/myagencyinside.com\/maquettes\/son-plus-beau-reve\/wp-json\/wp\/v2\/comments?post=10"}],"version-history":[{"count":34,"href":"https:\/\/myagencyinside.com\/maquettes\/son-plus-beau-reve\/wp-json\/wp\/v2\/pages\/10\/revisions"}],"predecessor-version":[{"id":2611,"href":"https:\/\/myagencyinside.com\/maquettes\/son-plus-beau-reve\/wp-json\/wp\/v2\/pages\/10\/revisions\/2611"}],"wp:attachment":[{"href":"https:\/\/myagencyinside.com\/maquettes\/son-plus-beau-reve\/wp-json\/wp\/v2\/media?parent=10"}],"curies":[{"name":"wp","href":"https:\/\/api.w.org\/{rel}","templated":true}]}}